{"id":2879,"date":"2025-07-08T09:52:21","date_gmt":"2025-07-08T12:52:21","guid":{"rendered":"https:\/\/portal.pi.gov.br\/agrespi\/?page_id=2879"},"modified":"2026-03-19T15:42:22","modified_gmt":"2026-03-19T18:42:22","slug":"portarias","status":"publish","type":"page","link":"https:\/\/portal.pi.gov.br\/agrespi\/portarias\/","title":{"rendered":"Portarias"},"content":{"rendered":"\n<details class=\"wp-block-stackable-accordion stk-block-accordion stk-inner-blocks stk-block-content stk-block stk-ffc66ef is-style-plain\" data-block-id=\"ffc66ef\"><style>.stk-ffc66ef{padding-bottom:24px !important}<\/style>\n<summary class=\"wp-block-stackable-column stk-block-column stk-column stk-block stk-f6c5078 stk-block-background stk--container-small stk-block-accordion__heading\" data-v=\"4\" data-block-id=\"f6c5078\"><style>.stk-f6c5078{background-color:#034ea2 !important;border-radius:8px !important;overflow:hidden !important;padding-top:8px !important;padding-right:8px !important;padding-bottom:8px !important;padding-left:8px !important}.stk-f6c5078:before{background-color:#034ea2 !important}<\/style><div class=\"stk-column-wrapper stk-block-column__content stk-container stk-f6c5078-container stk--no-background stk--no-padding\"><div class=\"stk-block-content stk-inner-blocks stk-f6c5078-inner-blocks\">\n<div class=\"wp-block-stackable-icon-label stk-block-icon-label stk-block stk-e7ca6f5\" data-block-id=\"e7ca6f5\"><div class=\"stk-row stk-inner-blocks stk-block-content\">\n<div class=\"wp-block-stackable-heading stk-block-heading stk-block-heading--v2 stk-block stk-38a378e\" id=\"2026\" data-block-id=\"38a378e\"><style>.stk-38a378e .stk-block-heading__text{color:#ffffff !important}<\/style><h2 class=\"stk-block-heading__text has-text-color has-white-color has-text-align-center\">2026<\/h2><\/div>\n\n\n\n<div class=\"wp-block-stackable-icon stk-block-icon stk-block stk-63b7154\" data-block-id=\"63b7154\"><style>.stk-63b7154 .stk--svg-wrapper .stk--inner-svg svg:last-child,.stk-63b7154 .stk--svg-wrapper .stk--inner-svg svg:last-child :is(g,path,rect,polygon,ellipse){fill:#ffffff !important}<\/style><span class=\"stk--svg-wrapper\"><div class=\"stk--inner-svg\"><svg style=\"height:0;width:0\"><defs><linearGradient id=\"linear-gradient-63b7154\" x1=\"0\" x2=\"100%\" y1=\"0\" y2=\"0\"><stop offset=\"0%\" style=\"stop-opacity:1;stop-color:var(--linear-gradient-63-b-7154-color-1)\"><\/stop><stop offset=\"100%\" style=\"stop-opacity:1;stop-color:var(--linear-gradient-63-b-7154-color-2)\"><\/stop><\/linearGradient><\/defs><\/svg><svg data-prefix=\"fas\" data-icon=\"chevron-down\" class=\"svg-inline--fa fa-chevron-down fa-w-14\" xmlns=\"http:\/\/www.w3.org\/2000\/svg\" viewBox=\"0 0 448 512\" aria-hidden=\"true\" width=\"32\" height=\"32\"><path fill=\"currentColor\" d=\"M207.029 381.476L12.686 187.132c-9.373-9.373-9.373-24.569 0-33.941l22.667-22.667c9.357-9.357 24.522-9.375 33.901-.04L224 284.505l154.745-154.021c9.379-9.335 24.544-9.317 33.901.04l22.667 22.667c9.373 9.373 9.373 24.569 0 33.941L240.971 381.476c-9.373 9.372-24.569 9.372-33.942 0z\"><\/path><\/svg><\/div><\/span><\/div>\n<\/div><\/div>\n<\/div><\/div><\/summary>\n\n\n\n<div class=\"wp-block-stackable-column stk-block-column stk-column stk-block stk-7a5073c stk-block-accordion__content\" data-v=\"4\" data-block-id=\"7a5073c\"><style>.stk-7a5073c-container{padding-top:0px !important;padding-right:0px !important;padding-bottom:0px !important;padding-left:0px !important}<\/style><div class=\"stk-column-wrapper stk-block-column__content stk-container stk-7a5073c-container stk--no-background stk--no-padding\"><div class=\"stk-block-content stk-inner-blocks stk-7a5073c-inner-blocks\">\n<p>\ud83d\udcd1 17.03.2026 &#8211;<\/p>\n\n\n\n<p><strong><a href=\"https:\/\/portal.pi.gov.br\/agrespi\/wp-content\/uploads\/sites\/66\/2026\/03\/DOEPI_52_2026.pdf\" target=\"_blank\" rel=\"noreferrer noopener\">Portaria n\u00ba 07\/2026<\/a><\/strong><\/p>\n\n\n\n<p>Disp\u00f5e sobre a designa\u00e7\u00e3o da comiss\u00e3o respons\u00e1vel pela gest\u00e3o e fiscaliza\u00e7\u00e3o do contrato n\u00ba 003\/2024, firmado entre a Ag\u00eancia Reguladora dos Servi\u00e7os P\u00fablicos Delegados do Estado do Piau\u00ed &#8211; AGRESPI e a empresa Falconi Consultores S.A, e d\u00e1 outras provid\u00eancias. <\/p>\n\n\n\n<p>\ud83d\udcd1 13.02.2026 &#8211;<\/p>\n\n\n\n<p><strong><a href=\"https:\/\/portal.pi.gov.br\/agrespi\/wp-content\/uploads\/sites\/66\/2026\/02\/PORTARIA-AGRESPI-PI-006.2026.pdf\" target=\"_blank\" rel=\"noreferrer noopener\">Portaria n\u00ba 06\/2026<\/a><\/strong><\/p>\n\n\n\n<p>Altera a Portaria AGRESPI-PI n\u00ba 029, de 19 de dezembro de 2025, que aprova a Agenda Regulat\u00f3ria da AGRESPI para o exerc\u00edcio de 2026, para incluir novos temas regulat\u00f3rios.<\/p>\n\n\n\n<p>\ud83d\udcd1 10.02.2026 &#8211;<\/p>\n\n\n\n<p><strong><a href=\"https:\/\/portal.pi.gov.br\/agrespi\/wp-content\/uploads\/sites\/66\/2026\/02\/PORTARIA-AGRESPI-PI-005.2026-2.pdf\" target=\"_blank\" rel=\"noreferrer noopener\">Portaria n\u00ba 05\/2026<\/a><\/strong><\/p>\n\n\n\n<p>Disp\u00f5e sobre a aprova\u00e7\u00e3o do Plano Estrat\u00e9gico de Comunica\u00e7\u00e3o Institucional, Educativa e Digital da Ag\u00eancia Reguladora dos Servi\u00e7os P\u00fablicos Delegados do Estado do Piau\u00ed \u2013 AGRESPI, para o exerc\u00edcio de 2026.<\/p>\n\n\n\n<p>\ud83d\udcd1 10.02.2026 &#8211;<\/p>\n\n\n\n<p><strong><a href=\"https:\/\/portal.pi.gov.br\/agrespi\/wp-content\/uploads\/sites\/66\/2026\/02\/PORTARIA-AGRESPI-PI-004.2026-2.pdf\" target=\"_blank\" rel=\"noreferrer noopener\">Portaria n\u00ba 04\/2026<\/a><\/strong><\/p>\n\n\n\n<p>Disp\u00f5e sobre a aprova\u00e7\u00e3o do Relat\u00f3rio de Gest\u00e3o Anual da Ag\u00eancia Reguladora dos Servi\u00e7os P\u00fablicos Delegados do Estado do Piau\u00ed \u2013 AGRESPI, referente ao exerc\u00edcio de 2025. <\/p>\n\n\n\n<p>\ud83d\udcd1 10.02.2026 &#8211;<\/p>\n\n\n\n<p><strong><a href=\"https:\/\/portal.pi.gov.br\/agrespi\/wp-content\/uploads\/sites\/66\/2026\/02\/PORTARIA-AGRESPI-PI-003.2026-2.pdf\" target=\"_blank\" rel=\"noreferrer noopener\">Portaria n\u00ba 03\/2026<\/a><\/strong><\/p>\n\n\n\n<p>Disp\u00f5e sobre a aprova\u00e7\u00e3o do Relat\u00f3rio Anual de Fiscaliza\u00e7\u00e3o \u2013 RAF, referente ao exerc\u00edcio de 2025, no \u00e2mbito dos servi\u00e7os de saneamento b\u00e1sico.<\/p>\n\n\n\n<p>\ud83d\udcd1 10.02.2026 &#8211;<\/p>\n\n\n\n<p><strong><a href=\"https:\/\/portal.pi.gov.br\/agrespi\/wp-content\/uploads\/sites\/66\/2026\/02\/PORTARIA-AGRESPI-PI-002.2026-2.pdf\" target=\"_blank\" rel=\"noreferrer noopener\">Portaria n\u00ba 02\/2026<\/a><\/strong><\/p>\n\n\n\n<p>Disp\u00f5e sobre a aprova\u00e7\u00e3o do Relat\u00f3rio Anual da Ouvidoria da Ag\u00eancia Reguladora dos Servi\u00e7os P\u00fablicos Delegados do Estado do Piau\u00ed \u2013 AGRESPI, referente ao exerc\u00edcio de 2025.<\/p>\n\n\n\n<p>\ud83d\udcd1 10.02.2026 &#8211;<\/p>\n\n\n\n<p><strong><a href=\"https:\/\/portal.pi.gov.br\/agrespi\/wp-content\/uploads\/sites\/66\/2026\/02\/PORTARIA-AGRESPI-PI-001.2026.pdf\" target=\"_blank\" rel=\"noreferrer noopener\">Portaria n\u00ba 01\/2026<\/a><\/strong><\/p>\n\n\n\n<p>Disp\u00f5e sobre a aprova\u00e7\u00e3o do Plano Anual de Fiscaliza\u00e7\u00e3o \u2013 PAF para o exerc\u00edcio de 2026, no \u00e2mbito da concess\u00e3o dos servi\u00e7os de remo\u00e7\u00e3o, guarda e realiza\u00e7\u00e3o de leil\u00e3o (hasta p\u00fablica) de ve\u00edculos automotores.<\/p>\n<\/div><\/div><\/div>\n<\/details>\n\n\n\n<details class=\"wp-block-stackable-accordion stk-block-accordion stk-inner-blocks stk-block-content stk-block stk-6d3bb4d is-style-plain\" data-block-id=\"6d3bb4d\"><style>.stk-6d3bb4d{padding-bottom:24px !important}<\/style>\n<summary class=\"wp-block-stackable-column stk-block-column stk-column stk-block stk-2b42a47 stk-block-background stk--container-small stk-block-accordion__heading\" data-v=\"4\" data-block-id=\"2b42a47\"><style>.stk-2b42a47{background-color:#034ea2 !important;border-radius:8px !important;overflow:hidden !important;padding-top:8px !important;padding-right:8px !important;padding-bottom:8px !important;padding-left:8px !important}.stk-2b42a47:before{background-color:#034ea2 !important}<\/style><div class=\"stk-column-wrapper stk-block-column__content stk-container stk-2b42a47-container stk--no-background stk--no-padding\"><div class=\"stk-block-content stk-inner-blocks stk-2b42a47-inner-blocks\">\n<div class=\"wp-block-stackable-icon-label stk-block-icon-label stk-block stk-7fcc09c\" data-block-id=\"7fcc09c\"><div class=\"stk-row stk-inner-blocks stk-block-content\">\n<div class=\"wp-block-stackable-heading stk-block-heading stk-block-heading--v2 stk-block stk-58cb379\" id=\"2025\" data-block-id=\"58cb379\"><style>.stk-58cb379 .stk-block-heading__text{color:#ffffff !important}<\/style><h2 class=\"stk-block-heading__text has-text-color has-white-color has-text-align-center\">2025<\/h2><\/div>\n\n\n\n<div class=\"wp-block-stackable-icon stk-block-icon stk-block stk-62f3af0\" data-block-id=\"62f3af0\"><style>.stk-62f3af0 .stk--svg-wrapper .stk--inner-svg svg:last-child,.stk-62f3af0 .stk--svg-wrapper .stk--inner-svg svg:last-child :is(g,path,rect,polygon,ellipse){fill:#ffffff !important}<\/style><span class=\"stk--svg-wrapper\"><div class=\"stk--inner-svg\"><svg style=\"height:0;width:0\"><defs><linearGradient id=\"linear-gradient-62f3af0\" x1=\"0\" x2=\"100%\" y1=\"0\" y2=\"0\"><stop offset=\"0%\" style=\"stop-opacity:1;stop-color:var(--linear-gradient-62-f-3-af-0-color-1)\"><\/stop><stop offset=\"100%\" style=\"stop-opacity:1;stop-color:var(--linear-gradient-62-f-3-af-0-color-2)\"><\/stop><\/linearGradient><\/defs><\/svg><svg data-prefix=\"fas\" data-icon=\"chevron-down\" class=\"svg-inline--fa fa-chevron-down fa-w-14\" xmlns=\"http:\/\/www.w3.org\/2000\/svg\" viewBox=\"0 0 448 512\" aria-hidden=\"true\" width=\"32\" height=\"32\"><path fill=\"currentColor\" d=\"M207.029 381.476L12.686 187.132c-9.373-9.373-9.373-24.569 0-33.941l22.667-22.667c9.357-9.357 24.522-9.375 33.901-.04L224 284.505l154.745-154.021c9.379-9.335 24.544-9.317 33.901.04l22.667 22.667c9.373 9.373 9.373 24.569 0 33.941L240.971 381.476c-9.373 9.372-24.569 9.372-33.942 0z\"><\/path><\/svg><\/div><\/span><\/div>\n<\/div><\/div>\n<\/div><\/div><\/summary>\n\n\n\n<div class=\"wp-block-stackable-column stk-block-column stk-column stk-block stk-bb8cc97 stk-block-accordion__content\" data-v=\"4\" data-block-id=\"bb8cc97\"><style>.stk-bb8cc97-container{padding-top:0px !important;padding-right:0px !important;padding-bottom:0px !important;padding-left:0px !important}<\/style><div class=\"stk-column-wrapper stk-block-column__content stk-container stk-bb8cc97-container stk--no-background stk--no-padding\"><div class=\"stk-block-content stk-inner-blocks stk-bb8cc97-inner-blocks\">\n<p>\ud83d\udcd1 19.12.2025 &#8211;<\/p>\n\n\n\n<p><strong><a href=\"https:\/\/portal.pi.gov.br\/agrespi\/wp-content\/uploads\/sites\/66\/2025\/12\/portaria-036.2025.pdf\" target=\"_blank\" rel=\"noreferrer noopener\">Portaria n\u00ba 36\/2025<\/a><\/strong><\/p>\n\n\n\n<p>Disp\u00f5e sobre a aprova\u00e7\u00e3o do Plano de Gest\u00e3o Anual \u2013 PGA 2026 da Ag\u00eancia de Regula\u00e7\u00e3o dos Servi\u00e7os P\u00fablicos Delegados do Estado do Piau\u00ed \u2013 AGRESPI.<\/p>\n\n\n\n<p>\ud83d\udcd1 19.12.2025 &#8211;<\/p>\n\n\n\n<p><strong><a href=\"https:\/\/portal.pi.gov.br\/agrespi\/wp-content\/uploads\/sites\/66\/2026\/01\/portaria-035.2025.pdf\" target=\"_blank\" rel=\"noreferrer noopener\">Portaria n\u00ba 35\/2025<\/a><\/strong><\/p>\n\n\n\n<p>Disp\u00f5e sobre a aprova\u00e7\u00e3o do Plano Anual de Contrata\u00e7\u00f5es \u2013 PAC da Ag\u00eancia Reguladora dos Servi\u00e7os P\u00fablicos Delegados do Estado do Piau\u00ed \u2013 AGRESPI para o exerc\u00edcio de 2026, na forma doAnexo \u00danico desta Portaria.<\/p>\n\n\n\n<p>\ud83d\udcd1 19.12.2025 &#8211;<\/p>\n\n\n\n<p><strong><a href=\"https:\/\/portal.pi.gov.br\/agrespi\/wp-content\/uploads\/sites\/66\/2025\/12\/portaria-034.2025.pdf\" target=\"_blank\" rel=\"noreferrer noopener\">Portaria n\u00ba 34\/2025<\/a><\/strong><\/p>\n\n\n\n<p>Disp\u00f5e sobre a aprova\u00e7\u00e3o do Plano Anual de Fiscaliza\u00e7\u00e3o \u2013 PAF para o exerc\u00edcio de 2026, no \u00e2mbito dos servi\u00e7os p\u00fablicos delegados relacionados \u00e0 Rodovia Transcerrados.<\/p>\n\n\n\n<p>\ud83d\udcd1 19.12.2025 &#8211;<\/p>\n\n\n\n<p><strong><a href=\"https:\/\/portal.pi.gov.br\/agrespi\/wp-content\/uploads\/sites\/66\/2025\/12\/portaria-033.2025.pdf\" target=\"_blank\" rel=\"noreferrer noopener\">Portaria n\u00ba 33\/2025<\/a><\/strong><\/p>\n\n\n\n<p>Disp\u00f5e sobre a aprova\u00e7\u00e3o do Plano Anual de Fiscaliza\u00e7\u00e3o \u2013 PAF para o exerc\u00edcio de 2026 no \u00e2mbito dos servi\u00e7os p\u00fablicos delegados relacionados aos terminais rodovi\u00e1rios do Estado do Piau\u00ed. <\/p>\n\n\n\n<p>\ud83d\udcd1 19.12.2025 &#8211;<\/p>\n\n\n\n<p><strong><a href=\"https:\/\/portal.pi.gov.br\/agrespi\/wp-content\/uploads\/sites\/66\/2025\/12\/portaria-032.2025.pdf\" target=\"_blank\" rel=\"noreferrer noopener\">Portaria n\u00ba 32\/2025<\/a><\/strong><\/p>\n\n\n\n<p>Disp\u00f5e sobre a aprova\u00e7\u00e3o do Plano Anual de Fiscaliza\u00e7\u00e3o \u2013 PAF para o exerc\u00edcio de 2026 no \u00e2mbito do Sistema de Transporte Rodovi\u00e1rio Intermunicipal de Passageiros do Piau\u00ed (STRIP\/PI). <\/p>\n\n\n\n<p>\ud83d\udcd1 19.12.2025 &#8211;<\/p>\n\n\n\n<p><strong><a href=\"https:\/\/portal.pi.gov.br\/agrespi\/wp-content\/uploads\/sites\/66\/2025\/12\/portaria-031.2025.pdf\" target=\"_blank\" rel=\"noreferrer noopener\">Portaria n\u00ba 31\/2025<\/a><\/strong><\/p>\n\n\n\n<p>Disp\u00f5e sobre a aprova\u00e7\u00e3o do Plano Anual de Fiscaliza\u00e7\u00e3o \u2013 PAF para o exerc\u00edcio de 2026, no \u00e2mbito dos servi\u00e7os de Energia El\u00e9trica.<\/p>\n\n\n\n<p>\ud83d\udcd1 19.12.2025 &#8211;<\/p>\n\n\n\n<p><strong><a href=\"https:\/\/portal.pi.gov.br\/agrespi\/wp-content\/uploads\/sites\/66\/2025\/12\/portaria-030.2025-1.pdf\" target=\"_blank\" rel=\"noreferrer noopener\">Portaria n\u00ba 30\/2025<\/a><\/strong><\/p>\n\n\n\n<p>Disp\u00f5e sobre a aprova\u00e7\u00e3o do Plano Anual de Fiscaliza\u00e7\u00e3o \u2013 PAF para o exerc\u00edcio de 2026 no \u00e2mbito dos servi\u00e7os de saneamento b\u00e1sico.<\/p>\n\n\n\n<p>\ud83d\udcd1 19.12.2025 &#8211;<\/p>\n\n\n\n<p><strong><a href=\"https:\/\/portal.pi.gov.br\/agrespi\/wp-content\/uploads\/sites\/66\/2025\/12\/portaria-029.2025.pdf\" target=\"_blank\" rel=\"noreferrer noopener\">Portaria n\u00ba 29\/2025<\/a><\/strong><\/p>\n\n\n\n<p>Disp\u00f5e sobre a aprova\u00e7\u00e3o da Agenda Regulat\u00f3ria da Ag\u00eancia Reguladora dos Servi\u00e7os P\u00fablicos Delegados do Estado do Piau\u00ed \u2013 AGRESPI para o exerc\u00edcio de 2026.<\/p>\n\n\n\n<p>\ud83d\udcd1 17.12.2025 &#8211;<\/p>\n\n\n\n<p><strong><a href=\"https:\/\/portal.pi.gov.br\/agrespi\/wp-content\/uploads\/sites\/66\/2025\/12\/Portaria-028.2025.pdf\" target=\"_blank\" rel=\"noreferrer noopener\">Portaria n\u00ba 28\/2025<\/a><\/strong><\/p>\n\n\n\n<p>Disp\u00f5e sobre designa\u00e7\u00e3o de comiss\u00e3o respons\u00e1vel pela gest\u00e3o e fiscaliza\u00e7\u00e3o do Contrato N\u00ba 08\/2025, firmado entre a Ag\u00eancia Reguladora dos Servi\u00e7os P\u00fablicos Delegados do Estado do Piau\u00ed \u2013 AGRESPI e a EMPRESA TEIXEIRA E LEITE LTD .<\/p>\n\n\n\n<p>\ud83d\udcd1 01.12.2025 &#8211;<\/p>\n\n\n\n<p><strong><a href=\"https:\/\/portal.pi.gov.br\/agrespi\/wp-content\/uploads\/sites\/66\/2025\/12\/PORTARIA-PLANEJAMENTO-ESTRATEGICO-2025-2027.pdf\" target=\"_blank\" rel=\"noreferrer noopener\">Portaria n\u00ba 27\/2025<\/a><\/strong><\/p>\n\n\n\n<p>Disp\u00f5e sobre a aprova\u00e7\u00e3o do Planejamento Estrat\u00e9gico da Ag\u00eancia Reguladora dos Servi\u00e7os P\u00fablicos Delegados do Estado do Piau\u00ed \u2013 AGRESPI para o per\u00edodo de 2025 a 2027.<\/p>\n\n\n\n<p>\ud83d\udcd1 26.11.2025 &#8211;<\/p>\n\n\n\n<p><strong><a href=\"https:\/\/portal.pi.gov.br\/agrespi\/wp-content\/uploads\/sites\/66\/2025\/12\/Portaria-Gestora-do-FUNREFI.pdf\" target=\"_blank\" rel=\"noreferrer noopener\">Portaria n\u00ba 26\/2025<\/a><\/strong><\/p>\n\n\n\n<p>Disp\u00f5e sobre a designa\u00e7\u00e3o do(a) servidor(a) para atuar como Gestor do Fundo de Regula\u00e7\u00e3o e Fiscaliza\u00e7\u00e3o do Estado do Piau\u00ed \u2013 FUNREFI da Ag\u00eancia Reguladora dos Servi\u00e7os P\u00fablicos Delegados do Estado do Piau\u00ed \u2013 AGRESPI e d\u00e1 outras provid\u00eancias.<\/p>\n\n\n\n<p>\ud83d\udcd1 11.11.2025 &#8211;<\/p>\n\n\n\n<p><strong><a href=\"https:\/\/portal.pi.gov.br\/agrespi\/wp-content\/uploads\/sites\/66\/2025\/11\/025_PORTARIA-AGRESPI-PI-N\u00b0-025.2025-Gestor-de-contrato.pdf\" target=\"_blank\" rel=\"noreferrer noopener\">Portaria n\u00ba 25\/2025<\/a><\/strong><\/p>\n\n\n\n<p>Disp\u00f5e sobre a designa\u00e7\u00e3o de servidores para atuarem como Agente de Contrata\u00e7\u00e3o e membros da Comiss\u00e3o Permanente de Contrata\u00e7\u00e3o, nos termos da Lei no 14.133, de 1o de abril de 2021, para atua\u00e7\u00e3o dos procedimentos Licitat\u00f3rios indicados pela Ag\u00eancia Reguladora dos Servi\u00e7os P\u00fablicos Delegados do Estado do Piau\u00ed \u2013 AGRESPI.<\/p>\n\n\n\n<p>\ud83d\udcd1 03.11.2025 &#8211;<\/p>\n\n\n\n<p><strong><a href=\"https:\/\/portal.pi.gov.br\/agrespi\/wp-content\/uploads\/sites\/66\/2025\/11\/024_PORTARIA-AGRESPI-PI-N\u00b0-024.2025-COMITE-DO-FUNDO-DE-REGULACAO.pdf\" target=\"_blank\" rel=\"noreferrer noopener\">Portaria n\u00ba 24\/2025<\/a><\/strong><\/p>\n\n\n\n<p>Disp\u00f5e sobre a designa\u00e7\u00e3o dos membros do Comit\u00ea Gestor do Fundo de Regula\u00e7\u00e3o e Fiscaliza\u00e7\u00e3o do Estado do Piau\u00ed \u2013 FUNREFI da Ag\u00eancia Reguladora dos Servi\u00e7os P\u00fablicos Delegados do Estado do Piau\u00ed \u2013 AGRESPI e d\u00e1 outras provid\u00eancias.<\/p>\n\n\n\n<p>\ud83d\udcd1 03.11.2025 &#8211;<\/p>\n\n\n\n<p><strong><a href=\"https:\/\/portal.pi.gov.br\/agrespi\/wp-content\/uploads\/sites\/66\/2025\/11\/023_PORTARIA-AGRESPI-PI-N\u00b0-023.2025-GESTOR-DO-FUNDO-DE-REGULACAO.pdf\" target=\"_blank\" rel=\"noreferrer noopener\">Portaria n\u00ba 23\/2025<\/a><\/strong><\/p>\n\n\n\n<p>Disp\u00f5e sobre a designa\u00e7\u00e3o do(a) servidor(a) para atuar como Gestor do Fundo de Regula\u00e7\u00e3o e Fiscaliza\u00e7\u00e3o do Estado do Piau\u00ed \u2013 FUNREFI da Ag\u00eancia Reguladora dos Servi\u00e7os P\u00fablicos Delegados do Estado do Piau\u00ed \u2013 AGRESPI e d\u00e1 outras provid\u00eancias.<\/p>\n\n\n\n<p>\ud83d\udcd1 14.10.2025 &#8211;<\/p>\n\n\n\n<p><strong><a href=\"https:\/\/portal.pi.gov.br\/agrespi\/wp-content\/uploads\/sites\/66\/2025\/10\/022_PORTARIA-AGRESPI-PI-N\u00b0-022.2025-AGENTE-DE-CONTRATACAO.pdf\" target=\"_blank\" rel=\"noreferrer noopener\">Portaria n\u00ba 22\/2025<\/a><\/strong><\/p>\n\n\n\n<p>Disp\u00f5e sobre a designa\u00e7\u00e3o de servidores para atuarem como Agente de Contrata\u00e7\u00e3o e membros da Comiss\u00e3o Permanente de Contrata\u00e7\u00e3o, nos termos da Lei no 14.133, de 1o de abril de 2021, para atua\u00e7\u00e3o dos procedimentos Licitat\u00f3rios indicados pela Ag\u00eancia Reguladora dos Servi\u00e7os P\u00fablicos Delegados do Estado do Piau\u00ed \u2013 AGRESPI.<\/p>\n\n\n\n<p>\ud83d\udcd1 14.10.2025 &#8211;<\/p>\n\n\n\n<p><strong><a href=\"https:\/\/portal.pi.gov.br\/agrespi\/wp-content\/uploads\/sites\/66\/2025\/10\/021_PORTARIA-AGRESPI-PI-N\u00b0-021.2025-AGENDA-REGULATORIA.pdf\" target=\"_blank\" rel=\"noreferrer noopener\">Portaria n\u00ba 21\/2025<\/a><\/strong><\/p>\n\n\n\n<p>Disp\u00f5e sobre a aprova\u00e7\u00e3o da Agenda Regulat\u00f3ria da Ag\u00eancia Reguladora dos Servi\u00e7os P\u00fablicos Delegados do Estado do Piau\u00ed \u2013 AGRESPI para o exerc\u00edcio de 2025.<\/p>\n\n\n\n<p>\ud83d\udcd1 09.10.2025 &#8211;<\/p>\n\n\n\n<p><strong><a href=\"https:\/\/portal.pi.gov.br\/agrespi\/wp-content\/uploads\/sites\/66\/2025\/10\/PORTARIA-AGRESPI-PI-0202025.pdf\" target=\"_blank\" rel=\"noreferrer noopener\">Portaria n\u00ba 20\/2025<\/a><\/strong><\/p>\n\n\n\n<p>Disp\u00f5e sobre a aprova\u00e7\u00e3o do Plano Anual de Fiscaliza\u00e7\u00e3o \u2013 PAF para o exerc\u00edcio de 2025 no \u00e2mbito do Sistema de Transporte Rodovi\u00e1rio Intermunicipal de Passageiros do Estado do Piau\u00ed &#8211; STRIP\/PI<\/p>\n\n\n\n<p>\ud83d\udcd1 01.10.2025 &#8211;<\/p>\n\n\n\n<p><strong><a href=\"https:\/\/portal.pi.gov.br\/agrespi\/wp-content\/uploads\/sites\/66\/2025\/10\/019_PORTARIA-AGRESPI-PI-N\u00b0-019.2025-SUPRIMENTO-DE-FUNDOS.pdf\" target=\"_blank\" rel=\"noreferrer noopener\">Portaria n\u00ba 19\/2025<\/a><\/strong><\/p>\n\n\n\n<p>Disp\u00f5e sobre a designa\u00e7\u00e3o do(a) servidor(a) para atuar como tomador(a) de Suprimento de Fundos no \u00e2mbito da Ag\u00eancia<br>Reguladora dos Servi\u00e7os P\u00fablicos Delegados do Estado do Piau\u00ed \u2013 AGRESPI e d\u00e1 outras provid\u00eancias.<\/p>\n\n\n\n<p>\ud83d\udcd1 04.09.2025 &#8211;<\/p>\n\n\n\n<p><strong><a href=\"https:\/\/portal.pi.gov.br\/agrespi\/wp-content\/uploads\/sites\/66\/2025\/09\/018_PORTARIA-AGRESPI-PI-N\u00b0-018.2025-GESTOR-E-FISCAL-DE-CONTRATO.pdf\" target=\"_blank\" rel=\"noreferrer noopener\">Portaria n\u00ba 18\/2025<\/a><\/strong><\/p>\n\n\n\n<p>Disp\u00f5e sobre a designa\u00e7\u00e3o da comiss\u00e3o respons\u00e1vel pela gest\u00e3o e fiscaliza\u00e7\u00e3o do contrato n\u00ba 007\/2025, firmado entre a Ag\u00eancia Reguladora dos Servi\u00e7os P\u00fablicos Delegados do Estado do Piau\u00ed \u2013 AGRESPI e a empresa Auto Leste Ltda., e d\u00e1 outras provid\u00eancias.<\/p>\n\n\n\n<p>\ud83d\udcd1 26.08.2025 &#8211;<\/p>\n\n\n\n<p><strong><a href=\"https:\/\/portal.pi.gov.br\/agrespi\/wp-content\/uploads\/sites\/66\/2025\/09\/017_PORTARIA-AGRESPI-PI-N\u00b0-017.2025-GESTOR-E-FISCAL-DE-CONTRATO.pdf\" target=\"_blank\" rel=\"noreferrer noopener\">Portaria n\u00ba 17\/2025<\/a><\/strong><\/p>\n\n\n\n<p>Disp\u00f5e sobre a designa\u00e7\u00e3o de comiss\u00e3o respons\u00e1vel pela gest\u00e3o e fiscaliza\u00e7\u00e3o de contratos relacionados a inscri\u00e7\u00f5es em congressos, cursos, capacita\u00e7\u00f5es e eventos similares pela Ag\u00eancia Reguladora dos Servi\u00e7os P\u00fablicos Delegados do Estado do Piau\u00ed &#8211; AGRESPI e d\u00e1 outras provid\u00eancias.<\/p>\n\n\n\n<p>\ud83d\udcd1 26.08.2025 &#8211;<\/p>\n\n\n\n<p><strong><a rel=\"noreferrer noopener\" href=\"https:\/\/portal.pi.gov.br\/agrespi\/wp-content\/uploads\/sites\/66\/2025\/08\/016_PORTARIA-AGRESPI-PI-N\u00b0-016.2025-PLANO-DE-COMUNICACAO-1.pdf\" target=\"_blank\">Portaria n\u00ba 16\/2025<\/a><\/strong><\/p>\n\n\n\n<p>Disp\u00f5e sobre a aprova\u00e7\u00e3o do Plano Estrat\u00e9gico de Comunica\u00e7\u00e3o Institucional, Educativa e Digital para o exerc\u00edcio de 2025. <\/p>\n\n\n\n<p>\ud83d\udcd1 13.08.2025 &#8211;<\/p>\n\n\n\n<p><strong><a href=\"https:\/\/portal.pi.gov.br\/agrespi\/wp-content\/uploads\/sites\/66\/2025\/08\/015_PORTARIA-AGRESPI-PI-N\u00b0-015.2025-Gestor-e-Fiscais-de-Contrato.pdf\" target=\"_blank\" rel=\"noreferrer noopener\">Portaria n\u00ba 15\/2025<\/a><\/strong><\/p>\n\n\n\n<p>Disp\u00f5e sobre designa\u00e7\u00e3o de comiss\u00e3o respons\u00e1vel pela gest\u00e3o e fiscaliza\u00e7\u00e3o do Contrato N\u00ba 05\/2025, firmado entre a Ag\u00eancia Reguladora dos Servi\u00e7os P\u00fablicos Delegados do Estado do Piau\u00ed \u2013 AGRESPI e a EMPRESA TEIXEIRA E LEITE LTDA.<\/p>\n\n\n\n<p>\ud83d\udcd1 10.07.2025 &#8211;<\/p>\n\n\n\n<p><strong><a href=\"https:\/\/portal.pi.gov.br\/agrespi\/wp-content\/uploads\/sites\/66\/2025\/07\/014_PORTARIA-AGRESPI-PI-N\u00b0-014.2025-Gestor-e-Fiscais-de-Contrato.pdf\" target=\"_blank\" rel=\"noreferrer noopener\">Portaria n\u00ba 14\/2025<\/a><\/strong><\/p>\n\n\n\n<p>Disp\u00f5e sobre a designa\u00e7\u00e3o de comiss\u00e3o respons\u00e1vel pela gest\u00e3o e fiscaliza\u00e7\u00e3o dos contratos firmados pela Ag\u00eancia Reguladora<br>dos Servi\u00e7os P\u00fablicos Delegados do Estado do Piau\u00ed \u2013 AGRESPI e d\u00e1 outras provid\u00eancias.<\/p>\n\n\n\n<p>\ud83d\udcd1 09.07.2025 &#8211;<\/p>\n\n\n\n<p><strong><a href=\"https:\/\/portal.pi.gov.br\/agrespi\/wp-content\/uploads\/sites\/66\/2025\/07\/013_PORTARIA-AGRESPI-PI-N\u00b0-013.2025-NUCLEO-DE-CONTROLE-INTERNO.pdf\" target=\"_blank\" rel=\"noreferrer noopener\">Portaria n\u00ba 13\/2025<\/a><\/strong><\/p>\n\n\n\n<p>Disp\u00f5e sobre a composi\u00e7\u00e3o do N\u00facleo de Controle Interno (NCI) da Ag\u00eancia Reguladora dos Servi\u00e7os P\u00fablicos Delegados do Estado do Piau\u00ed \u2013 AGRESPI.<\/p>\n\n\n\n<p>\ud83d\udcd1 06.06.2025 &#8211; <\/p>\n\n\n\n<p><strong><a rel=\"noreferrer noopener\" href=\"https:\/\/portal.pi.gov.br\/agrespi\/wp-content\/uploads\/sites\/66\/2025\/06\/012_PORTARIA-AGRESPI-PI-N\u00b0-012.2025-SECRETARIA-DO-CONSELHO.pdf\" target=\"_blank\">Portaria n\u00ba 12\/2025<\/a> <\/strong><\/p>\n\n\n\n<p>Disp\u00f5e sobre a designa\u00e7\u00e3o de servidor(a) para exercer a fun\u00e7\u00e3o de Secret\u00e1rio(a) do Conselho Diretor da Ag\u00eancia Reguladora dos Servi\u00e7os P\u00fablicos Delegados do Estado do Piau\u00ed \u2013 AGRESPI e d\u00e1 outras provid\u00eancias.<\/p>\n\n\n\n<p>\ud83d\udcd1 05.06.2025 &#8211;<\/p>\n\n\n\n<p><strong><a href=\"https:\/\/portal.pi.gov.br\/agrespi\/wp-content\/uploads\/sites\/66\/2025\/06\/011_PORTARIA-AGRESPI-PI-N\u00b0-011.2025-SUPRIMENTO-DE-FUNDOS.pdf\" target=\"_blank\" rel=\"noreferrer noopener\">Portaria n\u00ba 11\/2025<\/a> <\/strong><\/p>\n\n\n\n<p>Disp\u00f5e sobre a designa\u00e7\u00e3o do(a) servidor(a) para atuar como tomador(a) de Suprimento de Fundos no \u00e2mbito da Ag\u00eancia Reguladora dos Servi\u00e7os P\u00fablicos Delegados do Estado do Piau\u00ed \u2013 AGRESPI e d\u00e1 outras provid\u00eancias.<\/p>\n\n\n\n<p>\ud83d\udcd1 13.05.2025 &#8211;<\/p>\n\n\n\n<p><strong><a href=\"https:\/\/portal.pi.gov.br\/agrespi\/wp-content\/uploads\/sites\/66\/2025\/05\/010_PORTARIA-AGRESPI-PI-N\u00b0-010.2025-AGENTE-DE-CONTRATACAO.pdf\" target=\"_blank\" rel=\"noreferrer noopener\">Portaria n\u00ba 10\/2025<\/a><\/strong> <\/p>\n\n\n\n<p><em>Disp\u00f5e sobre a designa\u00e7\u00e3o de servidores para atuarem como Agente de Contrata\u00e7\u00e3o e membros da Comiss\u00e3o Permanente de Contrata\u00e7\u00e3o, nos termos da Lei n\u00ba 14.133, de 1\u00ba de abril de 2021, para atua\u00e7\u00e3o dos procedimentos Licitat\u00f3rios indicados pela Ag\u00eancia Reguladora dos Servi\u00e7os P\u00fablicos Delegados do Estado do Piau\u00ed \u2013 AGRESPI.<\/em><\/p>\n\n\n\n<p>\ud83d\udcd1 13.05.2025 &#8211;<\/p>\n\n\n\n<p><strong><a href=\"https:\/\/portal.pi.gov.br\/agrespi\/wp-content\/uploads\/sites\/66\/2025\/05\/009_PORTARIA-AGRESPI-PI-N\u00b0-009.2025-GESTOR-E-FISCAL-DE-CONTRATO.pdf\" target=\"_blank\" rel=\"noreferrer noopener\">Portaria n\u00ba 09\/2025<\/a><\/strong> <\/p>\n\n\n\n<p><em>Disp\u00f5e sobre designa\u00e7\u00e3o de comiss\u00e3o respons\u00e1vel pela gest\u00e3o e fiscaliza\u00e7\u00e3o do Contrato N\u00ba 01\/2023, N\u00ba 02\/2023 e N\u00ba03\/2023, firmado entre a Ag\u00eancia Reguladora dos Servi\u00e7os P\u00fablicos Delegados do Estado do Piau\u00ed \u2013 AGRESPI e as empresas NATAL COMPUTER, FORTE.COM e NTECH, respectivamente.<\/em><\/p>\n\n\n\n<p>\ud83d\udcd1 13.05.2025 &#8211;<\/p>\n\n\n\n<p><strong><a href=\"https:\/\/portal.pi.gov.br\/agrespi\/wp-content\/uploads\/sites\/66\/2025\/05\/008_PORTARIA-AGRESPI-PI-N\u00b0-008.2025-GESTOR-E-FISCAL-DE-CONTRATO.pdf\" target=\"_blank\" rel=\"noreferrer noopener\">Portaria n\u00ba 08\/2025<\/a> <\/strong><\/p>\n\n\n\n<p><em>Disp\u00f5e sobre a designa\u00e7\u00e3o de comiss\u00e3o respons\u00e1vel pela gest\u00e3o e fiscaliza\u00e7\u00e3o do Contrato n\u00ba 004\/2023, firmado entre a Ag\u00eancia Reguladora dos Servi\u00e7os P\u00fablicos Delegados do Estado do Piau\u00ed \u2013 AGRESPI e a empresa MIRACEU TURISMO LTDA.<\/em><\/p>\n\n\n\n<p>\ud83d\udcd1 13.05.2025 &#8211;<\/p>\n\n\n\n<p><strong><a href=\"https:\/\/portal.pi.gov.br\/agrespi\/wp-content\/uploads\/sites\/66\/2025\/05\/007_PORTARIA-AGRESPI-PI-N\u00b0-007.2025-GESTOR-E-FISCAL-DE-CONTRATO.pdf\" target=\"_blank\" rel=\"noreferrer noopener\">Portaria n\u00ba 07\/2025<\/a><\/strong> <\/p>\n\n\n\n<p><em>Disp\u00f5e sobre a designa\u00e7\u00e3o de comiss\u00e3o respons\u00e1vel pela gest\u00e3o e fiscaliza\u00e7\u00e3o do Contrato n\u00ba 004\/2025, firmado entre a Ag\u00eancia Reguladora dos Servi\u00e7os P\u00fablicos Delegados do Estado do Piau\u00ed \u2013 AGRESPI e a empresa GRALHA ELEVADORES.<\/em><\/p>\n\n\n\n<p>\ud83d\udcd1 13.05.2025 &#8211;<\/p>\n\n\n\n<p><strong><a href=\"https:\/\/portal.pi.gov.br\/agrespi\/wp-content\/uploads\/sites\/66\/2025\/05\/006_PORTARIA-AGRESPI-PI-N\u00b0-006.2025-GESTOR-E-FISCAL-DE-CONTRATO.pdf\" target=\"_blank\" rel=\"noreferrer noopener\">Portaria n\u00ba 06\/2025<\/a><\/strong><\/p>\n\n\n\n<p><em>Disp\u00f5e sobre a designa\u00e7\u00e3o de comiss\u00e3o respons\u00e1vel pela gest\u00e3o e fiscaliza\u00e7\u00e3o do Contrato n\u00ba 002\/2023, firmado entre a Ag\u00eancia Reguladora dos Servi\u00e7os P\u00fablicos Delegados do Estado do Piau\u00ed \u2013AGRESPI e a empresa Auto Leste Ltda.<\/em><\/p>\n\n\n\n<p>\ud83d\udcd1 12.05.2025 &#8211;<\/p>\n\n\n\n<p><strong><a href=\"https:\/\/portal.pi.gov.br\/agrespi\/wp-content\/uploads\/sites\/66\/2025\/05\/005_PORTARIA-AGRESPI-PI-N\u00b0-005.2025-FERIAS-THAIS-.pdf\" target=\"_blank\" rel=\"noreferrer noopener\">Portaria n\u00ba 05\/2025<\/a><\/strong><\/p>\n\n\n\n<p><em>Disp\u00f5e sobre a designa\u00e7\u00e3o de servidora para responder pela fun\u00e7\u00e3o de Diretora-Geral da Ag\u00eancia Reguladora dos Servi\u00e7os P\u00fablicos Delegados do Estado do Piau\u00ed \u2013 AGRESPI, no per\u00edodo de 14 a 23 de maio de 2025.<\/em><\/p>\n\n\n\n<p>\ud83d\udcd1 30.04.2025 &#8211;<\/p>\n\n\n\n<p><a href=\"https:\/\/portal.pi.gov.br\/agrespi\/wp-content\/uploads\/sites\/66\/2025\/05\/PORTARIA-AGRESPI-PI-N\u00b0-004.2025-SIC-e-Fala-BR.pdf\" target=\"_blank\" rel=\"noreferrer noopener\"><strong>Portaria n\u00ba 04\/2025<\/strong> <\/a><\/p>\n\n\n\n<p><em>Designa servidor que ficar\u00e1 respons\u00e1vel pelo Sistema de Informa\u00e7\u00e3o ao Cidad\u00e3o \u2013 SIC, bem como pelas demandas de Acesso \u00e0 Informa\u00e7\u00e3o, oriundas do Sistema Fala.br na Ag\u00eancia Reguladora de Servi\u00e7os Delegados do Piau\u00ed<\/em><\/p>\n\n\n\n<p>\ud83d\udcd1 30.04.2025 &#8211;<\/p>\n\n\n\n<p><strong><a href=\"https:\/\/portal.pi.gov.br\/agrespi\/wp-content\/uploads\/sites\/66\/2025\/05\/PORTARIA-AGRESPI-PI-N\u00b0-003.2025-LAI.pdf\" target=\"_blank\" rel=\"noreferrer noopener\">Portaria n\u00ba 03\/2025<\/a><\/strong><\/p>\n\n\n\n<p><em>Designa servidor que ficar\u00e1 respons\u00e1vel pelo Monitoramento da Lei de Acesso \u00e0 Informa\u00e7\u00e3o (LAI) na Ag\u00eancia Reguladora dos Servi\u00e7os P\u00fablicos Delegados do Piau\u00ed (AGRESPI).<\/em><\/p>\n\n\n\n<p>\ud83d\udcd1 25.04.2025 &#8211;<\/p>\n\n\n\n<p><strong><a href=\"https:\/\/portal.pi.gov.br\/agrespi\/wp-content\/uploads\/sites\/66\/2025\/06\/002_PORTARIA-AGRESPI-PI-N\u00b0-002.2025-PLANO-DE-FISCALIZACAO-DISAN.pdf\" target=\"_blank\" rel=\"noreferrer noopener\">Portaria n\u00ba 02\/2025<\/a><\/strong> <\/p>\n\n\n\n<p><em>Disp\u00f5e sobre a aprova\u00e7\u00e3o do Plano Anual de Fiscaliza\u00e7\u00e3o \u2013 PAF para o exerc\u00edcio de 2025 no \u00e2mbito dos servi\u00e7os de saneamento b\u00e1sico.<\/em><\/p>\n\n\n\n<p>\ud83d\udcd1 25.04.2025 &#8211;<\/p>\n\n\n\n<p><strong><a href=\"https:\/\/portal.pi.gov.br\/agrespi\/wp-content\/uploads\/sites\/66\/2025\/05\/PORTARIA-AGRESPI-PI-N\u00b0-001.2025-COMISSAO-DE-ETICA-E-CONDUTA-1.pdf\" target=\"_blank\" rel=\"noreferrer noopener\">Portaria n\u00ba 01\/2025<\/a><\/strong><\/p>\n\n\n\n<p><em>DISP\u00d5E SOBRE A COMPOSI\u00c7\u00c3O DA COMISS\u00c3O DE \u00c9TICA E CONDUTA NO \u00c2MBITO DA AG\u00caNCIA REGULADORA DOS SERVI\u00c7OS P\u00daBLICOS DELEGADOS DO ESTADO DO PIAU\u00cd \u2013 AGRESPI E D\u00c1 OUTRAS PROVID\u00caNCIAS.<\/em><\/p>\n<\/div><\/div><\/div>\n<\/details>\n\n\n\n<details class=\"wp-block-stackable-accordion stk-block-accordion stk-inner-blocks stk-block-content stk-block stk-6502ce1 is-style-plain\" data-block-id=\"6502ce1\"><style>.stk-6502ce1{padding-bottom:24px !important}<\/style>\n<summary class=\"wp-block-stackable-column stk-block-column stk-column stk-block stk-bdacd5d stk-block-background stk--container-small stk-block-accordion__heading\" data-v=\"4\" data-block-id=\"bdacd5d\"><style>.stk-bdacd5d{background-color:#034ea2 !important;border-radius:8px !important;overflow:hidden !important;padding-top:8px !important;padding-right:8px !important;padding-bottom:8px !important;padding-left:8px !important}.stk-bdacd5d:before{background-color:#034ea2 !important}<\/style><div class=\"stk-column-wrapper stk-block-column__content stk-container stk-bdacd5d-container stk--no-background stk--no-padding\"><div class=\"stk-block-content stk-inner-blocks stk-bdacd5d-inner-blocks\">\n<div class=\"wp-block-stackable-icon-label stk-block-icon-label stk-block stk-8de58ba\" data-block-id=\"8de58ba\"><div class=\"stk-row stk-inner-blocks stk-block-content\">\n<div class=\"wp-block-stackable-heading stk-block-heading stk-block-heading--v2 stk-block stk-562ff2d\" id=\"portarias-anteriores-a-2025\" data-block-id=\"562ff2d\"><style>.stk-562ff2d .stk-block-heading__text{color:#ffffff !important}<\/style><h2 class=\"stk-block-heading__text has-text-color has-white-color has-text-align-left\">Portarias (anteriores a 2025)<\/h2><\/div>\n\n\n\n<div class=\"wp-block-stackable-icon stk-block-icon stk-block stk-a0d70b2\" data-block-id=\"a0d70b2\"><style>.stk-a0d70b2 .stk--svg-wrapper .stk--inner-svg svg:last-child,.stk-a0d70b2 .stk--svg-wrapper .stk--inner-svg svg:last-child :is(g,path,rect,polygon,ellipse){fill:#ffffff !important}<\/style><span class=\"stk--svg-wrapper\"><div class=\"stk--inner-svg\"><svg style=\"height:0;width:0\"><defs><linearGradient id=\"linear-gradient-a0d70b2\" x1=\"0\" x2=\"100%\" y1=\"0\" y2=\"0\"><stop offset=\"0%\" style=\"stop-opacity:1;stop-color:var(--linear-gradient-a-0-d-70-b-2-color-1)\"><\/stop><stop offset=\"100%\" style=\"stop-opacity:1;stop-color:var(--linear-gradient-a-0-d-70-b-2-color-2)\"><\/stop><\/linearGradient><\/defs><\/svg><svg data-prefix=\"fas\" data-icon=\"chevron-down\" class=\"svg-inline--fa fa-chevron-down fa-w-14\" xmlns=\"http:\/\/www.w3.org\/2000\/svg\" viewBox=\"0 0 448 512\" aria-hidden=\"true\" width=\"32\" height=\"32\"><path fill=\"currentColor\" d=\"M207.029 381.476L12.686 187.132c-9.373-9.373-9.373-24.569 0-33.941l22.667-22.667c9.357-9.357 24.522-9.375 33.901-.04L224 284.505l154.745-154.021c9.379-9.335 24.544-9.317 33.901.04l22.667 22.667c9.373 9.373 9.373 24.569 0 33.941L240.971 381.476c-9.373 9.372-24.569 9.372-33.942 0z\"><\/path><\/svg><\/div><\/span><\/div>\n<\/div><\/div>\n<\/div><\/div><\/summary>\n\n\n\n<div class=\"wp-block-stackable-column stk-block-column stk-column stk-block stk-ebc3f1b stk-block-accordion__content\" data-v=\"4\" data-block-id=\"ebc3f1b\"><style>.stk-ebc3f1b-container{padding-top:0px !important;padding-right:0px !important;padding-bottom:0px !important;padding-left:0px !important}<\/style><div class=\"stk-column-wrapper stk-block-column__content stk-container stk-ebc3f1b-container stk--no-background stk--no-padding\"><div class=\"stk-block-content stk-inner-blocks stk-ebc3f1b-inner-blocks\">\n<div class=\"wp-block-stackable-text stk-block-text stk-block stk-e9c58ac\" data-block-id=\"e9c58ac\"><p class=\"stk-block-text__text\"><\/p><\/div>\n<\/div><\/div><\/div>\n<\/details>\n","protected":false},"excerpt":{"rendered":"<p>2026 \ud83d\udcd1 17.03.2026 &#8211; Portaria n\u00ba 07\/2026 Disp\u00f5e sobre a designa\u00e7\u00e3o da comiss\u00e3o respons\u00e1vel pela gest\u00e3o e fiscaliza\u00e7\u00e3o do contrato n\u00ba 003\/2024, firmado entre a Ag\u00eancia Reguladora dos Servi\u00e7os P\u00fablicos [&hellip;]<\/p>\n","protected":false},"author":1832,"featured_media":0,"parent":0,"menu_order":0,"comment_status":"closed","ping_status":"closed","template":"template-fullwidth.php","meta":[],"featured_image_urls":{"full":"","thumbnail":"","medium":"","medium_large":"","large":"","sgg-420":"","sgg-540":"","sgg-780":"","1536x1536":"","2048x2048":"","homepage-slider":"","homepage-slider-small":"","page-top":"","page-small":"","loop-main":"","thumb-gallery-widget":""},"post_excerpt_stackable":"<p>2026 \ud83d\udcd1 17.03.2026 &#8211; Portaria n\u00ba 07\/2026 Disp\u00f5e sobre a designa\u00e7\u00e3o da comiss\u00e3o respons\u00e1vel pela gest\u00e3o e fiscaliza\u00e7\u00e3o do contrato n\u00ba 003\/2024, firmado entre a Ag\u00eancia Reguladora dos Servi\u00e7os P\u00fablicos Delegados do Estado do Piau\u00ed &#8211; AGRESPI e a empresa Falconi Consultores S.A, e d\u00e1 outras provid\u00eancias. \ud83d\udcd1 13.02.2026 &#8211; Portaria n\u00ba 06\/2026 Altera a Portaria AGRESPI-PI n\u00ba 029, de 19 de dezembro de 2025, que aprova a Agenda Regulat\u00f3ria da AGRESPI para o exerc\u00edcio de 2026, para incluir novos temas regulat\u00f3rios. \ud83d\udcd1 10.02.2026 &#8211; Portaria n\u00ba 05\/2026 Disp\u00f5e sobre a aprova\u00e7\u00e3o do Plano Estrat\u00e9gico de Comunica\u00e7\u00e3o Institucional, Educativa e&hellip;<\/p>\n","category_list":"","author_info":{"name":"ETIPI","url":"https:\/\/portal.pi.gov.br\/agrespi\/author\/pallomagualter\/"},"comments_num":"0 coment\u00e1rio","featured_image_urls_v2":{"full":"","thumbnail":"","medium":"","medium_large":"","large":"","sgg-420":"","sgg-540":"","sgg-780":"","1536x1536":"","2048x2048":"","homepage-slider":"","homepage-slider-small":"","page-top":"","page-small":"","loop-main":"","thumb-gallery-widget":""},"post_excerpt_stackable_v2":"<p>2026 \ud83d\udcd1 17.03.2026 &#8211; Portaria n\u00ba 07\/2026 Disp\u00f5e sobre a designa\u00e7\u00e3o da comiss\u00e3o respons\u00e1vel pela gest\u00e3o e fiscaliza\u00e7\u00e3o do contrato n\u00ba 003\/2024, firmado entre a Ag\u00eancia Reguladora dos Servi\u00e7os P\u00fablicos Delegados do Estado do Piau\u00ed &#8211; AGRESPI e a empresa Falconi Consultores S.A, e d\u00e1 outras provid\u00eancias. \ud83d\udcd1 13.02.2026 &#8211; Portaria n\u00ba 06\/2026 Altera a Portaria AGRESPI-PI n\u00ba 029, de 19 de dezembro de 2025, que aprova a Agenda Regulat\u00f3ria da AGRESPI para o exerc\u00edcio de 2026, para incluir novos temas regulat\u00f3rios. \ud83d\udcd1 10.02.2026 &#8211; Portaria n\u00ba 05\/2026 Disp\u00f5e sobre a aprova\u00e7\u00e3o do Plano Estrat\u00e9gico de Comunica\u00e7\u00e3o Institucional, Educativa e&hellip;<\/p>\n","category_list_v2":"","author_info_v2":{"name":"ETIPI","url":"https:\/\/portal.pi.gov.br\/agrespi\/author\/pallomagualter\/"},"comments_num_v2":"0 coment\u00e1rio","_links":{"self":[{"href":"https:\/\/portal.pi.gov.br\/agrespi\/wp-json\/wp\/v2\/pages\/2879"}],"collection":[{"href":"https:\/\/portal.pi.gov.br\/agrespi\/wp-json\/wp\/v2\/pages"}],"about":[{"href":"https:\/\/portal.pi.gov.br\/agrespi\/wp-json\/wp\/v2\/types\/page"}],"author":[{"embeddable":true,"href":"https:\/\/portal.pi.gov.br\/agrespi\/wp-json\/wp\/v2\/users\/1832"}],"replies":[{"embeddable":true,"href":"https:\/\/portal.pi.gov.br\/agrespi\/wp-json\/wp\/v2\/comments?post=2879"}],"version-history":[{"count":35,"href":"https:\/\/portal.pi.gov.br\/agrespi\/wp-json\/wp\/v2\/pages\/2879\/revisions"}],"predecessor-version":[{"id":3914,"href":"https:\/\/portal.pi.gov.br\/agrespi\/wp-json\/wp\/v2\/pages\/2879\/revisions\/3914"}],"wp:attachment":[{"href":"https:\/\/portal.pi.gov.br\/agrespi\/wp-json\/wp\/v2\/media?parent=2879"}],"curies":[{"name":"wp","href":"https:\/\/api.w.org\/{rel}","templated":true}]}}