{"id":2881,"date":"2025-07-08T09:52:43","date_gmt":"2025-07-08T12:52:43","guid":{"rendered":"https:\/\/portal.pi.gov.br\/agrespi\/?page_id=2881"},"modified":"2026-03-25T13:21:12","modified_gmt":"2026-03-25T16:21:12","slug":"atos","status":"publish","type":"page","link":"https:\/\/portal.pi.gov.br\/agrespi\/atos\/","title":{"rendered":"Atos"},"content":{"rendered":"\n<details class=\"wp-block-stackable-accordion stk-block-accordion stk-inner-blocks stk-block-content stk-block stk-cb1b25b is-style-plain\" data-block-id=\"cb1b25b\"><style>.stk-cb1b25b{padding-bottom:24px !important}<\/style>\n<summary class=\"wp-block-stackable-column stk-block-column stk-column stk-block stk-187aa12 stk-block-background stk--container-small stk-block-accordion__heading\" data-v=\"4\" data-block-id=\"187aa12\"><style>.stk-187aa12{background-color:#034ea2 !important;border-radius:8px !important;overflow:hidden !important;padding-top:8px !important;padding-right:8px !important;padding-bottom:8px !important;padding-left:8px !important}.stk-187aa12:before{background-color:#034ea2 !important}.stk-187aa12-container{max-width:100% !important}<\/style><div class=\"stk-column-wrapper stk-block-column__content stk-container stk-187aa12-container stk--no-background stk--no-padding\"><div class=\"stk-block-content stk-inner-blocks stk-187aa12-inner-blocks\">\n<div class=\"wp-block-stackable-icon-label stk-block-icon-label stk-block stk-aa9a447\" data-block-id=\"aa9a447\"><div class=\"stk-row stk-inner-blocks stk-block-content\">\n<div class=\"wp-block-stackable-heading stk-block-heading stk-block-heading--v2 stk-block stk-438ff72\" id=\"2026\" data-block-id=\"438ff72\"><style>.stk-438ff72 .stk-block-heading__text{color:#ffffff !important}<\/style><h2 class=\"stk-block-heading__text has-text-color has-white-color has-text-align-center\">2026<\/h2><\/div>\n\n\n\n<div class=\"wp-block-stackable-icon stk-block-icon stk-block stk-061c4c4\" data-block-id=\"061c4c4\"><style>.stk-061c4c4 .stk--svg-wrapper .stk--inner-svg svg:last-child,.stk-061c4c4 .stk--svg-wrapper .stk--inner-svg svg:last-child :is(g,path,rect,polygon,ellipse){fill:#ffffff !important}<\/style><span class=\"stk--svg-wrapper\"><div class=\"stk--inner-svg\"><svg style=\"height:0;width:0\"><defs><linearGradient id=\"linear-gradient-061c4c4\" x1=\"0\" x2=\"100%\" y1=\"0\" y2=\"0\"><stop offset=\"0%\" style=\"stop-opacity:1;stop-color:var(--linear-gradient-061-c-4-c-4-color-1)\"><\/stop><stop offset=\"100%\" style=\"stop-opacity:1;stop-color:var(--linear-gradient-061-c-4-c-4-color-2)\"><\/stop><\/linearGradient><\/defs><\/svg><svg data-prefix=\"fas\" data-icon=\"chevron-down\" class=\"svg-inline--fa fa-chevron-down fa-w-14\" xmlns=\"http:\/\/www.w3.org\/2000\/svg\" viewBox=\"0 0 448 512\" aria-hidden=\"true\" width=\"32\" height=\"32\"><path fill=\"currentColor\" d=\"M207.029 381.476L12.686 187.132c-9.373-9.373-9.373-24.569 0-33.941l22.667-22.667c9.357-9.357 24.522-9.375 33.901-.04L224 284.505l154.745-154.021c9.379-9.335 24.544-9.317 33.901.04l22.667 22.667c9.373 9.373 9.373 24.569 0 33.941L240.971 381.476c-9.373 9.372-24.569 9.372-33.942 0z\"><\/path><\/svg><\/div><\/span><\/div>\n<\/div><\/div>\n<\/div><\/div><\/summary>\n\n\n\n<div class=\"wp-block-stackable-column stk-block-column stk-column stk-block stk-8fe6202 stk-block-accordion__content\" data-v=\"4\" data-block-id=\"8fe6202\"><style>.stk-8fe6202-container{padding-top:0px !important;padding-right:0px !important;padding-bottom:0px !important;padding-left:0px !important}<\/style><div class=\"stk-column-wrapper stk-block-column__content stk-container stk-8fe6202-container stk--no-background stk--no-padding\"><div class=\"stk-block-content stk-inner-blocks stk-8fe6202-inner-blocks\">\n<p>\ud83d\udcd1 25.03.2026 &#8211;<\/p>\n\n\n\n<p><strong><a href=\"https:\/\/portal.pi.gov.br\/agrespi\/wp-content\/uploads\/sites\/66\/2026\/03\/Acordo-AGRESPI_MPPI.pdf\" target=\"_blank\" rel=\"noreferrer noopener\">EXTRATO DE ACORDO DE COOPERA\u00c7\u00c3O T\u00c9CNICA N\u00ba 001\/2026<\/a><\/strong><\/p>\n\n\n\n<p>Acordo de Coopera\u00e7\u00e3o T\u00e9cnica que entre si celebram a Ag\u00eancia Reguladora dos Servi\u00e7os P\u00fablicos Delegados do Estado do Piau\u00ed \u2013 AGRESPI e o Minist\u00e9rio P\u00fablico do Estado do Piau\u00ed \u2013 MPPI, por meio do Programa Estadual de Prote\u00e7\u00e3o e Defesa do Consumidor \u2013 PROCON\/MPPI.<\/p>\n<\/div><\/div><\/div>\n<\/details>\n\n\n\n<details class=\"wp-block-stackable-accordion stk-block-accordion stk-inner-blocks stk-block-content stk-block stk-97b2162 is-style-plain\" data-block-id=\"97b2162\"><style>.stk-97b2162{padding-bottom:24px !important}<\/style>\n<summary class=\"wp-block-stackable-column stk-block-column stk-column stk-block stk-80617f9 stk-block-background stk--container-small stk-block-accordion__heading\" data-v=\"4\" data-block-id=\"80617f9\"><style>.stk-80617f9{background-color:#034ea2 !important;border-radius:8px !important;overflow:hidden !important;padding-top:8px !important;padding-right:8px !important;padding-bottom:8px !important;padding-left:8px !important}.stk-80617f9:before{background-color:#034ea2 !important}.stk-80617f9-container{max-width:100% !important}<\/style><div class=\"stk-column-wrapper stk-block-column__content stk-container stk-80617f9-container stk--no-background stk--no-padding\"><div class=\"stk-block-content stk-inner-blocks stk-80617f9-inner-blocks\">\n<div class=\"wp-block-stackable-icon-label stk-block-icon-label stk-block stk-8d0a7b9\" data-block-id=\"8d0a7b9\"><div class=\"stk-row stk-inner-blocks stk-block-content\">\n<div class=\"wp-block-stackable-heading stk-block-heading stk-block-heading--v2 stk-block stk-f6d1af1\" id=\"2025\" data-block-id=\"f6d1af1\"><style>.stk-f6d1af1 .stk-block-heading__text{color:#ffffff !important}<\/style><h2 class=\"stk-block-heading__text has-text-color has-white-color has-text-align-center\">2025<\/h2><\/div>\n\n\n\n<div class=\"wp-block-stackable-icon stk-block-icon stk-block stk-1d8a5fa\" data-block-id=\"1d8a5fa\"><style>.stk-1d8a5fa .stk--svg-wrapper .stk--inner-svg svg:last-child,.stk-1d8a5fa .stk--svg-wrapper .stk--inner-svg svg:last-child :is(g,path,rect,polygon,ellipse){fill:#ffffff !important}<\/style><span class=\"stk--svg-wrapper\"><div class=\"stk--inner-svg\"><svg style=\"height:0;width:0\"><defs><linearGradient id=\"linear-gradient-1d8a5fa\" x1=\"0\" x2=\"100%\" y1=\"0\" y2=\"0\"><stop offset=\"0%\" style=\"stop-opacity:1;stop-color:var(--linear-gradient-1-d-8-a-5-fa-color-1)\"><\/stop><stop offset=\"100%\" style=\"stop-opacity:1;stop-color:var(--linear-gradient-1-d-8-a-5-fa-color-2)\"><\/stop><\/linearGradient><\/defs><\/svg><svg data-prefix=\"fas\" data-icon=\"chevron-down\" class=\"svg-inline--fa fa-chevron-down fa-w-14\" xmlns=\"http:\/\/www.w3.org\/2000\/svg\" viewBox=\"0 0 448 512\" aria-hidden=\"true\" width=\"32\" height=\"32\"><path fill=\"currentColor\" d=\"M207.029 381.476L12.686 187.132c-9.373-9.373-9.373-24.569 0-33.941l22.667-22.667c9.357-9.357 24.522-9.375 33.901-.04L224 284.505l154.745-154.021c9.379-9.335 24.544-9.317 33.901.04l22.667 22.667c9.373 9.373 9.373 24.569 0 33.941L240.971 381.476c-9.373 9.372-24.569 9.372-33.942 0z\"><\/path><\/svg><\/div><\/span><\/div>\n<\/div><\/div>\n<\/div><\/div><\/summary>\n\n\n\n<div class=\"wp-block-stackable-column stk-block-column stk-column stk-block stk-f154c70 stk-block-accordion__content\" data-v=\"4\" data-block-id=\"f154c70\"><style>.stk-f154c70-container{padding-top:0px !important;padding-right:0px !important;padding-bottom:0px !important;padding-left:0px !important}<\/style><div class=\"stk-column-wrapper stk-block-column__content stk-container stk-f154c70-container stk--no-background stk--no-padding\"><div class=\"stk-block-content stk-inner-blocks stk-f154c70-inner-blocks\">\n<p>\ud83d\udcd1 07.11.2025 &#8211;<\/p>\n\n\n\n<p><strong><a href=\"https:\/\/portal.pi.gov.br\/agrespi\/wp-content\/uploads\/sites\/66\/2025\/11\/Extrato-de-Acordo-de-Cooperacao-002.2025-CREA-e-AGRESPI.pdf\" target=\"_blank\" rel=\"noreferrer noopener\">EXTRATO DE ACORDO DE COOPERA\u00c7\u00c3O T\u00c9CNICA N\u00ba 002\/2025<\/a><\/strong><\/p>\n\n\n\n<p>Acordo de Coopera\u00e7\u00e3o T\u00e9cnica que entre si celebram a Ag\u00eancia Reguladora dos Servi\u00e7os P\u00fablicos Delegados do Estado do Piau\u00ed \u2013 AGRESPI e o Conselho Regional de Engenharia e Agronomia do Piau\u00ed \u2013 CREA-PI.<\/p>\n\n\n\n<p>\ud83d\udcd1 07.11.2025 &#8211;<\/p>\n\n\n\n<p><strong><a href=\"https:\/\/portal.pi.gov.br\/agrespi\/wp-content\/uploads\/sites\/66\/2025\/11\/EXTRATO-ACORDO-DE-COOPERACAO-FUNASA.pdf\" target=\"_blank\" rel=\"noreferrer noopener\">EXTRATO DE ACORDO DE COOPERA\u00c7\u00c3O T\u00c9CNICA N\u00ba 001\/2025<\/a><\/strong><\/p>\n\n\n\n<p>Acordo de Coopera\u00e7\u00e3o T\u00e9cnica que entre si celebram a Ag\u00eancia Reguladora dos Servi\u00e7os P\u00fablicos Delegados do Estado do Piau\u00ed \u2013 AGRESPI e a Superintend\u00eancia Estadual da Funda\u00e7\u00e3o Nacional de Sa\u00fade do Piau\u00ed \u2013 FUNASA\/PI.<\/p>\n\n\n\n<p>\ud83d\udcd1 21.10.2025 &#8211;<\/p>\n\n\n\n<p><strong><a href=\"https:\/\/portal.pi.gov.br\/agrespi\/wp-content\/uploads\/sites\/66\/2025\/11\/Acordo-de-cooperacao-CGPPP.pdf\" target=\"_blank\" rel=\"noreferrer noopener\">TERMO DE COOPERA\u00c7\u00c3O T\u00c9CNICA N\u00ba 20\/2025<\/a><\/strong><\/p>\n\n\n\n<p>Delega\u00e7\u00e3o \u00e0 AGRESPI do exerc\u00edcio de fun\u00e7\u00f5es t\u00e9cnicas e de apoio \u00e0 regula\u00e7\u00e3o e fiscaliza\u00e7\u00e3o do Contrato de Concess\u00e3o Patrocinada no 003\/2021-SUPARC\/SEAD, celebrado entre o Departamento de Estradas de Rodagem do Estado do Piau\u00ed \u2013 DER e a Gr\u00e3os do Piau\u00ed Concession\u00e1ria de Rodovias S.A., no \u00e2mbito da Parceria P\u00fablico-Privada da Rodovia Transcerrados.<\/p>\n\n\n\n<p>\ud83d\udcd1 15.10.2025 &#8211;<\/p>\n\n\n\n<p><strong><a href=\"https:\/\/portal.pi.gov.br\/agrespi\/wp-content\/uploads\/sites\/66\/2025\/10\/EXTRATO-de-ACORDO-DE-COOPERACAO-TECNICA-No-2_2024-EXTRATO-de-ACORDO-DE-COOPERACAO-TECNICA-No-2_2024-DOU-Imprensa-Nacional.pdf\" target=\"_blank\" rel=\"noreferrer noopener\">Extrato de Acordo de Coopera\u00e7\u00e3o T\u00e9cnica<\/a><\/strong><\/p>\n\n\n\n<p>Ades\u00e3o da Ag\u00eancia Reguladora dos Servi\u00e7os P\u00fablicos Delegados do Estado do Piau\u00ed &#8211; Agrespi Ao Acordo de Coopera\u00e7\u00e3o T\u00e9cnica Que Entre Si Celebram A Ag\u00eancia Nacional de Transportes Terrestres &#8211; Antt. <\/p>\n\n\n\n<p>\ud83d\udcd1 14.08.2025 &#8211;<\/p>\n\n\n\n<p><strong><a href=\"https:\/\/portal.pi.gov.br\/agrespi\/wp-content\/uploads\/sites\/66\/2025\/08\/Publicacao_Convenio_ANEEL_DOE_15.08.25.pdf\" target=\"_blank\" rel=\"noreferrer noopener\">Conv\u00eanio de Coopera\u00e7\u00e3o n\u00ba 01\/2025 &#8211; Aneel<\/a><\/strong><\/p>\n\n\n\n<p>Conv\u00eanio de Coopera\u00e7\u00e3o que entre si celebram a Uni\u00e3o e o Estado do Piau\u00ed, com o objetivo de delegar compet\u00eancias para a execu\u00e7\u00e3o de atividades descentralizadas em regime de gest\u00e3o associada de servi\u00e7os p\u00fablicos. <\/p>\n\n\n\n<p>\ud83d\udcd1 30.04.2025 &#8211;<\/p>\n\n\n\n<p><strong><a href=\"https:\/\/portal.pi.gov.br\/agrespi\/wp-content\/uploads\/sites\/66\/2025\/05\/ATO-DO-CONSELHO-DIRETOR-N\u00b0001.2025-APRECIACAO.pdf\" target=\"_blank\" rel=\"noreferrer noopener\">Ato do Conselho Diretor n\u00ba 01\/2025<\/a><\/strong><\/p>\n\n\n\n<p><\/p>\n<\/div><\/div><\/div>\n<\/details>\n\n\n\n<details class=\"wp-block-stackable-accordion stk-block-accordion stk-inner-blocks stk-block-content stk-block stk-39d104e is-style-plain\" data-block-id=\"39d104e\"><style>.stk-39d104e{padding-bottom:24px !important}<\/style>\n<summary class=\"wp-block-stackable-column stk-block-column stk-column stk-block stk-e3e944d stk-block-background stk--container-small stk-block-accordion__heading\" data-v=\"4\" data-block-id=\"e3e944d\"><style>.stk-e3e944d{background-color:#034ea2 !important;border-radius:8px !important;overflow:hidden !important;padding-top:8px !important;padding-right:8px !important;padding-bottom:8px !important;padding-left:8px !important}.stk-e3e944d:before{background-color:#034ea2 !important}.stk-e3e944d-container{max-width:100% !important}<\/style><div class=\"stk-column-wrapper stk-block-column__content stk-container stk-e3e944d-container stk--no-background stk--no-padding\"><div class=\"stk-block-content stk-inner-blocks stk-e3e944d-inner-blocks\">\n<div class=\"wp-block-stackable-icon-label stk-block-icon-label stk-block stk-b86fe83\" data-block-id=\"b86fe83\"><div class=\"stk-row stk-inner-blocks stk-block-content\">\n<div class=\"wp-block-stackable-heading stk-block-heading stk-block-heading--v2 stk-block stk-3e631fe\" id=\"atos-anteriores-a-2025\" data-block-id=\"3e631fe\"><style>.stk-3e631fe .stk-block-heading__text{color:#ffffff !important}<\/style><h2 class=\"stk-block-heading__text has-text-color has-white-color has-text-align-left\">Atos (anteriores a 2025)<\/h2><\/div>\n\n\n\n<div class=\"wp-block-stackable-icon stk-block-icon stk-block stk-e4da536\" data-block-id=\"e4da536\"><style>.stk-e4da536 .stk--svg-wrapper .stk--inner-svg svg:last-child,.stk-e4da536 .stk--svg-wrapper .stk--inner-svg svg:last-child :is(g,path,rect,polygon,ellipse){fill:#ffffff !important}<\/style><span class=\"stk--svg-wrapper\"><div class=\"stk--inner-svg\"><svg style=\"height:0;width:0\"><defs><linearGradient id=\"linear-gradient-e4da536\" x1=\"0\" x2=\"100%\" y1=\"0\" y2=\"0\"><stop offset=\"0%\" style=\"stop-opacity:1;stop-color:var(--linear-gradient-e-4-da-536-color-1)\"><\/stop><stop offset=\"100%\" style=\"stop-opacity:1;stop-color:var(--linear-gradient-e-4-da-536-color-2)\"><\/stop><\/linearGradient><\/defs><\/svg><svg data-prefix=\"fas\" data-icon=\"chevron-down\" class=\"svg-inline--fa fa-chevron-down fa-w-14\" xmlns=\"http:\/\/www.w3.org\/2000\/svg\" viewBox=\"0 0 448 512\" aria-hidden=\"true\" width=\"32\" height=\"32\"><path fill=\"currentColor\" d=\"M207.029 381.476L12.686 187.132c-9.373-9.373-9.373-24.569 0-33.941l22.667-22.667c9.357-9.357 24.522-9.375 33.901-.04L224 284.505l154.745-154.021c9.379-9.335 24.544-9.317 33.901.04l22.667 22.667c9.373 9.373 9.373 24.569 0 33.941L240.971 381.476c-9.373 9.372-24.569 9.372-33.942 0z\"><\/path><\/svg><\/div><\/span><\/div>\n<\/div><\/div>\n<\/div><\/div><\/summary>\n\n\n\n<div class=\"wp-block-stackable-column stk-block-column stk-column stk-block stk-465a8ae stk-block-accordion__content\" data-v=\"4\" data-block-id=\"465a8ae\"><style>.stk-465a8ae-container{padding-top:0px !important;padding-right:0px !important;padding-bottom:0px !important;padding-left:0px !important}<\/style><div class=\"stk-column-wrapper stk-block-column__content stk-container stk-465a8ae-container stk--no-background stk--no-padding\"><div class=\"stk-block-content stk-inner-blocks stk-465a8ae-inner-blocks\">\n<p>\ud83d\udcd1 29.05.2024 &#8211;<\/p>\n\n\n\n<p><strong><a href=\"https:\/\/portal.pi.gov.br\/agrespi\/wp-content\/uploads\/sites\/66\/2025\/09\/CONVENIO-AGRESPI-E-MRAE.pdf\" target=\"_blank\" rel=\"noreferrer noopener\">Conv\u00eanio de Coopera\u00e7\u00e3o n\u00ba 01\/2024 &#8211; MRAE<\/a><\/strong><\/p>\n\n\n\n<p>Conv\u00eanio de Coopera\u00e7\u00e3o que celebram a Ag\u00eancia Reguladora dos Servi\u00e7os P\u00fablicos Delegados do Estado do Piau\u00ed \u2013 AGRESPI e a Microrregi\u00e3o de \u00c1gua e Esgoto do Piau\u00ed \u2013 MRAE para delega\u00e7\u00e3o das fun\u00e7\u00f5es de regula\u00e7\u00e3o e fiscaliza\u00e7\u00e3o dos servi\u00e7os p\u00fablicos de abastecimento de \u00e1gua e de esgotamento sanit\u00e1rio.<\/p>\n<\/div><\/div><\/div>\n<\/details>\n","protected":false},"excerpt":{"rendered":"<p>2026 \ud83d\udcd1 25.03.2026 &#8211; EXTRATO DE ACORDO DE COOPERA\u00c7\u00c3O T\u00c9CNICA N\u00ba 001\/2026 Acordo de Coopera\u00e7\u00e3o T\u00e9cnica que entre si celebram a Ag\u00eancia Reguladora dos Servi\u00e7os P\u00fablicos Delegados do Estado do [&hellip;]<\/p>\n","protected":false},"author":1832,"featured_media":0,"parent":0,"menu_order":0,"comment_status":"closed","ping_status":"closed","template":"template-fullwidth.php","meta":[],"featured_image_urls":{"full":"","thumbnail":"","medium":"","medium_large":"","large":"","sgg-420":"","sgg-540":"","sgg-780":"","1536x1536":"","2048x2048":"","homepage-slider":"","homepage-slider-small":"","page-top":"","page-small":"","loop-main":"","thumb-gallery-widget":""},"post_excerpt_stackable":"<p>2026 \ud83d\udcd1 25.03.2026 &#8211; EXTRATO DE ACORDO DE COOPERA\u00c7\u00c3O T\u00c9CNICA N\u00ba 001\/2026 Acordo de Coopera\u00e7\u00e3o T\u00e9cnica que entre si celebram a Ag\u00eancia Reguladora dos Servi\u00e7os P\u00fablicos Delegados do Estado do Piau\u00ed \u2013 AGRESPI e o Minist\u00e9rio P\u00fablico do Estado do Piau\u00ed \u2013 MPPI, por meio do Programa Estadual de Prote\u00e7\u00e3o e Defesa do Consumidor \u2013 PROCON\/MPPI. 2025 \ud83d\udcd1 07.11.2025 &#8211; EXTRATO DE ACORDO DE COOPERA\u00c7\u00c3O T\u00c9CNICA N\u00ba 002\/2025 Acordo de Coopera\u00e7\u00e3o T\u00e9cnica que entre si celebram a Ag\u00eancia Reguladora dos Servi\u00e7os P\u00fablicos Delegados do Estado do Piau\u00ed \u2013 AGRESPI e o Conselho Regional de Engenharia e Agronomia do Piau\u00ed \u2013&hellip;<\/p>\n","category_list":"","author_info":{"name":"ETIPI","url":"https:\/\/portal.pi.gov.br\/agrespi\/author\/pallomagualter\/"},"comments_num":"0 coment\u00e1rio","featured_image_urls_v2":{"full":"","thumbnail":"","medium":"","medium_large":"","large":"","sgg-420":"","sgg-540":"","sgg-780":"","1536x1536":"","2048x2048":"","homepage-slider":"","homepage-slider-small":"","page-top":"","page-small":"","loop-main":"","thumb-gallery-widget":""},"post_excerpt_stackable_v2":"<p>2026 \ud83d\udcd1 25.03.2026 &#8211; EXTRATO DE ACORDO DE COOPERA\u00c7\u00c3O T\u00c9CNICA N\u00ba 001\/2026 Acordo de Coopera\u00e7\u00e3o T\u00e9cnica que entre si celebram a Ag\u00eancia Reguladora dos Servi\u00e7os P\u00fablicos Delegados do Estado do Piau\u00ed \u2013 AGRESPI e o Minist\u00e9rio P\u00fablico do Estado do Piau\u00ed \u2013 MPPI, por meio do Programa Estadual de Prote\u00e7\u00e3o e Defesa do Consumidor \u2013 PROCON\/MPPI. 2025 \ud83d\udcd1 07.11.2025 &#8211; EXTRATO DE ACORDO DE COOPERA\u00c7\u00c3O T\u00c9CNICA N\u00ba 002\/2025 Acordo de Coopera\u00e7\u00e3o T\u00e9cnica que entre si celebram a Ag\u00eancia Reguladora dos Servi\u00e7os P\u00fablicos Delegados do Estado do Piau\u00ed \u2013 AGRESPI e o Conselho Regional de Engenharia e Agronomia do Piau\u00ed \u2013&hellip;<\/p>\n","category_list_v2":"","author_info_v2":{"name":"ETIPI","url":"https:\/\/portal.pi.gov.br\/agrespi\/author\/pallomagualter\/"},"comments_num_v2":"0 coment\u00e1rio","_links":{"self":[{"href":"https:\/\/portal.pi.gov.br\/agrespi\/wp-json\/wp\/v2\/pages\/2881"}],"collection":[{"href":"https:\/\/portal.pi.gov.br\/agrespi\/wp-json\/wp\/v2\/pages"}],"about":[{"href":"https:\/\/portal.pi.gov.br\/agrespi\/wp-json\/wp\/v2\/types\/page"}],"author":[{"embeddable":true,"href":"https:\/\/portal.pi.gov.br\/agrespi\/wp-json\/wp\/v2\/users\/1832"}],"replies":[{"embeddable":true,"href":"https:\/\/portal.pi.gov.br\/agrespi\/wp-json\/wp\/v2\/comments?post=2881"}],"version-history":[{"count":14,"href":"https:\/\/portal.pi.gov.br\/agrespi\/wp-json\/wp\/v2\/pages\/2881\/revisions"}],"predecessor-version":[{"id":3913,"href":"https:\/\/portal.pi.gov.br\/agrespi\/wp-json\/wp\/v2\/pages\/2881\/revisions\/3913"}],"wp:attachment":[{"href":"https:\/\/portal.pi.gov.br\/agrespi\/wp-json\/wp\/v2\/media?parent=2881"}],"curies":[{"name":"wp","href":"https:\/\/api.w.org\/{rel}","templated":true}]}}