{"id":1504,"date":"2026-03-18T17:50:24","date_gmt":"2026-03-18T20:50:24","guid":{"rendered":"https:\/\/portal.pi.gov.br\/pc\/?page_id=1504"},"modified":"2026-03-18T17:50:26","modified_gmt":"2026-03-18T20:50:26","slug":"delegacias-do-interior","status":"publish","type":"page","link":"https:\/\/portal.pi.gov.br\/pc\/delegacias-do-interior\/","title":{"rendered":"Unidades da Diretoria de Pol\u00edcia do Interior (DPI)"},"content":{"rendered":"\n<div class=\"wp-block-ugb-accordion ugb-accordion ugb-d76dd4a ugb-accordion--v2 ugb-accordion--design-basic ugb-main-block\" aria-expanded=\"false\"><div class=\"ugb-inner-block\"><div class=\"ugb-block-content\"><div class=\"ugb-accordion__item\"><div class=\"ugb-accordion__heading\" role=\"button\" tabindex=\"0\"><h4 class=\"ugb-accordion__title\">1\u00aa DELEGACIA SECCIONAL DE PARNA\u00cdBA <\/h4><svg xmlns=\"http:\/\/www.w3.org\/2000\/svg\" viewBox=\"0 0 20 20\" class=\"ugb-accordion__arrow\" width=\"20\" height=\"20\"><path d=\"M16.7 3.3L10 10 3.3 3.4 0 6.7l10 10v-.1l10-9.9z\"><\/path><\/svg><\/div><div class=\"ugb-accordion__content\" role=\"region\"><div class=\"ugb-accordion__content-inner\">\n<p><strong>DELEGADO SECCIONAL: <\/strong>Abimael de Sousa Silva<\/p>\n\n\n\n<p><strong>CIRCUNSCRI\u00c7\u00c3O:<\/strong> <strong>Ilha Grande e Parna\u00edba, quando a ocorr\u00eancia tenha se dado ao lado esquerdo da BR-343<\/strong><\/p>\n\n\n\n<p>EMAIL: 1seccional.parnaiba@pc.pi.gov.br<\/p>\n\n\n\n<p><\/p>\n\n\n\n<p>Abrange:<\/p>\n\n\n\n<p><strong><em>1\u00aa Delegacia de Pol\u00edcia Civil de Parna\u00edba<\/em><\/strong><\/p>\n\n\n\n<p>DELEGADO: Willams de Sousa Pinheiro<\/p>\n\n\n\n<p>ENDERE\u00c7O: Rua Francisco Severiano, s\/n, S\u00e3o Francisco, Parna\u00edba-PI, CEP 64200-000<\/p>\n\n\n\n<p>EMAIL: 1dp.phb@pc.pi.gov.br<\/p>\n\n\n\n<p>&#8212;&#8212;&#8212;&#8212;&#8212;&#8212;&#8212;&#8212;&#8212;&#8212;&#8212;&#8212;&#8212;&#8212;&#8212;&#8212;&#8212;&#8212;&#8212;&#8212;&#8212;&#8212;&#8212;&#8212;&#8212;&#8212;&#8212;&#8212;&#8212;&#8212;&#8212;<\/p>\n\n\n\n<p><strong><em>1\u00aa <\/em><\/strong><em><strong>Delegacia Especializada em Crimes contra o Patrim\u00f4nio (1\u00aa Depatri\/PHB<\/strong>)<\/em><\/p>\n\n\n\n<p>DELEGADO: Aldely Fontineli de Sousa<\/p>\n\n\n\n<p>ENDERE\u00c7O: Rua Francisco Severiano, S\/N, S\u00e3o Francisco, Parna\u00edba-PI, CEP 64200-000<\/p>\n\n\n\n<p>EMAILS: 1depatri.parnaiba@pc.pi.gov.br&nbsp; \/ depatri.phb@pc.pi.gov.br<\/p>\n\n\n\n<p>&#8212;&#8212;&#8212;&#8212;&#8212;&#8212;&#8212;&#8212;&#8212;&#8212;&#8212;&#8212;&#8212;&#8212;&#8212;&#8212;&#8212;&#8212;&#8212;&#8212;&#8212;&#8212;&#8212;&#8212;&#8212;&#8212;&#8212;&#8212;&#8212;&#8212;&#8212;<\/p>\n\n\n\n<p><strong><em>1\u00aa Divis\u00e3o de Homic\u00eddios e Prote\u00e7\u00e3o \u00e0 Pessoa de Parna\u00edba (1\u00aa DHPP\/PHB)<\/em><\/strong><\/p>\n\n\n\n<p>DELEGADO: Abimael de Sousa Silva<\/p>\n\n\n\n<p>ENDERE\u00c7O: Rua Francisco Severiano, S\/N, S\u00e3o Francisco, Parna\u00ed<\/p>\n\n\n\n<p>EMAIL: 1div.homicidio.parnaiba@pc.pi.gov.br<\/p>\n\n\n\n<p>&#8212;&#8212;&#8212;&#8212;&#8212;&#8212;&#8212;&#8212;&#8212;&#8212;&#8212;&#8212;&#8212;&#8212;&#8212;&#8212;&#8212;&#8212;&#8212;&#8212;&#8212;&#8212;&#8212;&#8212;&#8212;&#8212;&#8212;&#8212;&#8212;&#8212;&#8212;&#8212;&#8211;<\/p>\n\n\n\n<p><strong><em>1\u00aa Divis\u00e3o de Repress\u00e3o e Combate ao Tr\u00e1fico de Drogas <\/em><\/strong><em><strong>de Parna\u00edba<\/strong><\/em> <strong><em>(1\u00aa DRCT\/PHB)<\/em><\/strong><\/p>\n\n\n\n<p>DELEGADO: Ayslan Magalh\u00e3es <\/p>\n\n\n\n<p>ENDERE\u00c7O: Rua Francisco Severiano, S\/N, S\u00e3o Francisco, Parna\u00edba-PI, CEP 64200-000<\/p>\n\n\n\n<p>EMAILS: 1phb-trafico@pc.pi.gov.br \/ 1drct.parnaiba@pc.pi.gov.br<\/p>\n\n\n\n<p>&#8212;&#8212;&#8212;&#8212;&#8212;&#8212;&#8212;&#8212;&#8212;&#8212;&#8212;&#8212;&#8212;&#8212;&#8212;&#8212;&#8212;&#8212;&#8212;&#8212;&#8212;&#8212;&#8212;&#8212;&#8212;&#8212;&#8212;&#8212;&#8212;&#8212;&#8212;&#8212;&#8211;<\/p>\n\n\n\n<p><strong><em>1\u00aa Delegacia Especializada no Atendimento \u00e0 Mulher e aos Grupos Vulner\u00e1veis<\/em><\/strong> <em>(<strong>1\u00aa<\/strong> <strong>DEAMGV\/PHB)<\/strong><\/em><\/p>\n\n\n\n<p>DELEGADA: Rafaela Bezerra Silva Dourado<\/p>\n\n\n\n<p>ENDERE\u00c7O.: Rua Francisco Severiano, S\/N, S\u00e3o Francisco, Parna\u00edba-PI, CEP 64200-000<\/p>\n\n\n\n<p>EMAILS: 1deamgv.parnaiba@pc.pi.gov.br \/ deam.phb@pc.pi.gov.br<\/p>\n\n\n\n<p>&#8212;&#8212;&#8212;&#8212;&#8212;&#8212;&#8212;&#8212;&#8212;&#8212;&#8212;&#8212;&#8212;&#8212;&#8212;&#8212;&#8212;&#8212;&#8212;&#8212;&#8212;&#8212;&#8212;&#8212;&#8212;&#8212;&#8212;&#8212;&#8212;&#8212;&#8212;&#8212;&#8211;<\/p>\n\n\n\n<p><strong><em>Central de Flagrantes de Parna\u00edba<\/em><\/strong><\/p>\n\n\n\n<p>DELEGADOS: Renato Pinheiro\/ Rodrigo Mello Marinho\/ Jo\u00e3o Rodrigo de Luna e Silva<\/p>\n\n\n\n<p>ENDERE\u00c7O: &nbsp;Avenida \u00c1lvaro Mendes, Nova Parna\u00edba, Parna\u00edba &#8211; PI, CEP 64218-350<\/p>\n\n\n\n<p>EMAIL: 1cf.parnaiba@pc.pi.gov.br<\/p>\n<\/div><\/div><\/div><\/div><\/div><\/div>\n\n\n\n<div class=\"wp-block-ugb-accordion ugb-accordion ugb-80fd0ca ugb-accordion--v2 ugb-accordion--design-basic ugb-main-block\" aria-expanded=\"false\"><div class=\"ugb-inner-block\"><div class=\"ugb-block-content\"><div class=\"ugb-accordion__item\"><div class=\"ugb-accordion__heading\" role=\"button\" tabindex=\"0\"><h4 class=\"ugb-accordion__title\">2\u00aa DELEGACIA SECCIONAL DE PARNA\u00cdBA<\/h4><svg xmlns=\"http:\/\/www.w3.org\/2000\/svg\" viewBox=\"0 0 20 20\" class=\"ugb-accordion__arrow\" width=\"20\" height=\"20\"><path d=\"M16.7 3.3L10 10 3.3 3.4 0 6.7l10 10v-.1l10-9.9z\"><\/path><\/svg><\/div><div class=\"ugb-accordion__content\" role=\"region\"><div class=\"ugb-accordion__content-inner\">\n<p><strong>DELEGADO SECCIONAL:<\/strong> Ayslan Magalh\u00e3es de Brito <\/p>\n\n\n\n<p><strong>CIRCUNSCRI\u00c7\u00c3O:  Parna\u00edba, quando a ocorr\u00eancia tenha se dado ao lado direito da BR-343<\/strong><\/p>\n\n\n\n<p>EMAIL: 2seccional.parnaiba@pc.pi.gov.br<\/p>\n\n\n\n<p><\/p>\n\n\n\n<p>Abrange:<\/p>\n\n\n\n<p><strong><em>2\u00aa Delegacia de Pol\u00edcia Civil de Parna\u00edba<\/em><\/strong><\/p>\n\n\n\n<p>DELEGADO: Christian Castro Mascarenhas<\/p>\n\n\n\n<p>ENDERE\u00c7O: Rua Francisco Severiano, S\/N, S\u00e3o Francisco, Parna\u00edba-PI, CEP 64200-000<\/p>\n\n\n\n<p>EMAIL: 2dp.parnaiba@pc.pi.gov.br<\/p>\n\n\n\n<p>&#8212;&#8212;&#8212;&#8212;&#8212;&#8212;&#8212;&#8212;&#8212;&#8212;&#8212;&#8212;&#8212;&#8212;&#8212;&#8212;&#8212;&#8212;&#8212;&#8212;&#8212;&#8212;&#8212;&#8212;&#8212;&#8212;&#8212;&#8212;&#8212;&#8212;&#8212;<\/p>\n\n\n\n<p><em><strong>2\u00aa Delegacia Especializada em Crimes contra o Patrim\u00f4nio<\/strong><\/em><strong> (<em>2\u00aa Depatri\/<\/em><\/strong><em><strong>PHB<\/strong>)<\/em><\/p>\n\n\n\n<p>DELEGADO: Igor Rocha Gadelha<\/p>\n\n\n\n<p>ENDERE\u00c7O.: Rua Francisco Severiano, S\/N, S\u00e3o Francisco, Parna\u00edba-PI, CEP 64200-000<\/p>\n\n\n\n<p>EMAIL: 2depatri.parnaiba@pc.pi.gov.br<\/p>\n\n\n\n<p>&#8212;&#8212;&#8212;&#8212;&#8212;&#8212;&#8212;&#8212;&#8212;&#8212;&#8212;&#8212;&#8212;&#8212;&#8212;&#8212;&#8212;&#8212;&#8212;&#8212;&#8212;&#8212;&#8212;&#8212;&#8212;&#8212;&#8212;&#8212;&#8212;&#8212;&#8212;<\/p>\n\n\n\n<p><strong><em>2\u00aa Divis\u00e3o de Homic\u00eddios e Prote\u00e7\u00e3o \u00e0 Pessoa de Parna\u00edba (2\u00aa DHPP\/PHB)<\/em><\/strong><\/p>\n\n\n\n<p>DELEGADO: Maikon Kaestner <\/p>\n\n\n\n<p>ENDERE\u00c7O: Rua Francisco Severiano, S\/N, S\u00e3o Francisco, Parna\u00edba-PI, CEP 64200-000<\/p>\n\n\n\n<p>EMAIL: 2div.homicidio.parnaiba@pc.pi.gov.br<\/p>\n\n\n\n<p>&#8212;&#8212;&#8212;&#8212;&#8212;&#8212;&#8212;&#8212;&#8212;&#8212;&#8212;&#8212;&#8212;&#8212;&#8212;&#8212;&#8212;&#8212;&#8212;&#8212;&#8212;&#8212;&#8212;&#8212;&#8212;&#8212;&#8212;&#8212;&#8212;&#8212;&#8212;<\/p>\n\n\n\n<p><strong><em>2\u00aa Divis\u00e3o de Repress\u00e3o e Combate ao Tr\u00e1fico de Drogas <\/em><\/strong><em><strong>de Parna\u00edba<\/strong><\/em> <strong><em>(2\u00aa DRCT\/PHB)<\/em><\/strong><\/p>\n\n\n\n<p>DELEGADO: Ayslan Magalh\u00e3es <\/p>\n\n\n\n<p>ENDERE\u00c7O: Rua Francisco Severiano, S\/N, S\u00e3o Francisco, Parna\u00edba-PI, CEP 64200-000<\/p>\n\n\n\n<p>EMAILS: 2dfht.parnaiba@pc.pi.gov.br \/ 2drct.parnaiba@pc.pi.gov.br<\/p>\n\n\n\n<p>&#8212;&#8212;&#8212;&#8212;&#8212;&#8212;&#8212;&#8212;&#8212;&#8212;&#8212;&#8212;&#8212;&#8212;&#8212;&#8212;&#8212;&#8212;&#8212;&#8212;&#8212;&#8212;&#8212;&#8212;&#8212;&#8212;&#8212;&#8212;&#8212;&#8212;&#8212;&#8212;<\/p>\n\n\n\n<p><strong><em>2\u00aa Delegacia Especializada no Atendimento \u00e0 Mulher e aos Grupos Vulner\u00e1veis<\/em><\/strong> <em>(<strong>2\u00aa<\/strong> <strong>DEAMGV\/PHB)<\/strong><\/em><\/p>\n\n\n\n<p>DELEGADA: Ilana Barbosa<\/p>\n\n\n\n<p>ENDERE\u00c7O: Rua Francisco Severiano, S\/N, S\u00e3o Francisco, Parna\u00edba-PI. CEP 64200-000<\/p>\n\n\n\n<p>EMAIL: 2deamgv.parnaiba@pc.pi.gov.br<\/p>\n\n\n\n<p>&#8212;&#8212;&#8212;&#8212;&#8212;&#8212;&#8212;&#8212;&#8212;&#8212;&#8212;&#8212;&#8212;&#8212;&#8212;&#8212;&#8212;&#8212;&#8212;&#8212;&#8212;&#8212;&#8212;&#8212;&#8212;&#8212;&#8212;&#8212;&#8212;&#8212;&#8212;&#8212;&#8211;<\/p>\n\n\n\n<p><strong><em>Delegacia de Pol\u00edcia Civil de Cocal<\/em><\/strong><\/p>\n\n\n\n<p>DELEGADO: Mayson Carvalho Soares<\/p>\n\n\n\n<p>ENDERE\u00c7O: Rua Reinaldo Marques, 398, Centro, Cocal-PI, CEP: 64235-000<\/p>\n\n\n\n<p>EMAIL: dp.cocal@pc.pi.gov.br<\/p>\n\n\n\n<p>CIRCUNSCRI\u00c7\u00c3O: Cocal-PI e Cocal dos Alves-PI<\/p>\n\n\n\n<p>&#8212;&#8212;&#8212;&#8212;&#8212;&#8212;&#8212;&#8212;&#8212;&#8212;&#8212;&#8212;&#8212;&#8212;&#8212;&#8212;&#8212;&#8212;&#8212;&#8212;&#8212;&#8212;&#8212;&#8212;&#8212;&#8212;&#8212;&#8212;&#8212;&#8212;&#8212;-<\/p>\n\n\n\n<p><em><strong>Delegacia de Pol\u00edcia Civil de Buriti dos Lopes<\/strong><\/em><\/p>\n\n\n\n<p>DELEGADO: Antonio Herbster Pereira Santos<\/p>\n\n\n\n<p>ENDERE\u00c7O: Av. Josias Le\u00f3dido, 957, Centro, Buriti dos Lopes-PI, CEP 64230-000<\/p>\n\n\n\n<p>EMAIL: dp.buritidoslopes@pc.pi.gov.br<\/p>\n\n\n\n<p>CIRCUNSCRI\u00c7\u00c3O: Buriti dos Lopes-PI, Bom Princ\u00edpio do Piau\u00ed-PI, Cara\u00fabas do Piau\u00ed-PI, Caxing\u00f3-PI e Murici dos Portelas-PI<\/p>\n<\/div><\/div><\/div><\/div><\/div><\/div>\n\n\n\n<div class=\"wp-block-ugb-accordion ugb-accordion ugb-ce2a9bd ugb-accordion--v2 ugb-accordion--design-basic ugb-main-block\" aria-expanded=\"false\"><div class=\"ugb-inner-block\"><div class=\"ugb-block-content\"><div class=\"ugb-accordion__item\"><div class=\"ugb-accordion__heading\" role=\"button\" tabindex=\"0\"><h4 class=\"ugb-accordion__title\">DELEGACIA SECCIONAL DE PIRIPIRI <\/h4><svg xmlns=\"http:\/\/www.w3.org\/2000\/svg\" viewBox=\"0 0 20 20\" class=\"ugb-accordion__arrow\" width=\"20\" height=\"20\"><path d=\"M16.7 3.3L10 10 3.3 3.4 0 6.7l10 10v-.1l10-9.9z\"><\/path><\/svg><\/div><div class=\"ugb-accordion__content\" role=\"region\"><div class=\"ugb-accordion__content-inner\">\n<p><strong>DELEGADO SECCIONAL<\/strong>: Ricardo Freitas Oliveira<\/p>\n\n\n\n<p><strong>CIRCUNSCRI\u00c7\u00c3O: Piripiri-PI, Brasileira-PI, Capit\u00e3o de Campos-PI, Boqueir\u00e3o do Piau\u00ed-PI e Cocal de Telha-PI<\/strong><\/p>\n\n\n\n<p>EMAIL: seccional.piripiri@pc.pi.gov.br<\/p>\n\n\n\n<p><\/p>\n\n\n\n<p>Abrange:<\/p>\n\n\n\n<p><strong><em>Delegacia de Pol\u00edcia Civil de Piripiri<\/em><\/strong><\/p>\n\n\n\n<p>DELEGADO: Ricardo Freitas Oliveira<\/p>\n\n\n\n<p>ENDERE\u00c7O: Rua Jo\u00e3o Damasceno, s\/n, Centro, Piripiri-PI, CEP 64260-000<\/p>\n\n\n\n<p>EMAIL: dp.piripiri@pc.pi.gov.br<\/p>\n\n\n\n<p>&#8212;&#8212;&#8212;&#8212;&#8212;&#8212;&#8212;&#8212;&#8212;&#8212;&#8212;&#8212;&#8212;&#8212;&#8212;&#8212;&#8212;&#8212;&#8212;&#8212;&#8212;&#8212;&#8212;&#8212;&#8212;&#8212;&#8212;&#8212;&#8212;&#8212;&#8212;&#8212;-<\/p>\n\n\n\n<p><em><strong>Delegacia Especializada em Crimes contra o Patrim\u00f4nio<\/strong><\/em><strong> <em>(Depatri\/Piripiri<\/em><\/strong>)<\/p>\n\n\n\n<p>DELEGADO: Maycon Anderson Nascimento Rodrigues<\/p>\n\n\n\n<p>ENDERE\u00c7O: Rua Jo\u00e3o Damasceno, s\/n, Centro, Piripiri-PI, CEP 64260-000<\/p>\n\n\n\n<p>EMAIL: depatri.piripiri@pc.pi.gov.br<\/p>\n\n\n\n<p>&#8212;&#8212;&#8212;&#8212;&#8212;&#8212;&#8212;&#8212;&#8212;&#8212;&#8212;&#8212;&#8212;&#8212;&#8212;&#8212;&#8212;&#8212;&#8212;&#8212;&#8212;&#8212;&#8212;&#8212;&#8212;&#8212;&#8212;&#8212;&#8212;&#8212;&#8212;&#8211;<\/p>\n\n\n\n<p><strong><em>Delegacia Especializada no Combate \u00e0s Fac\u00e7\u00f5es Criminosas, Homic\u00eddios e Tr\u00e1fico de Drogas <\/em><\/strong><em><strong>(DFHT<\/strong>\/<strong>Piripiri)<\/strong><\/em><\/p>\n\n\n\n<p>DELEGADO: Lucas Klinger Marinho Leit\u00e3o<\/p>\n\n\n\n<p>ENDERE\u00c7O: Rua Jo\u00e3o Damasceno, s\/n, Centro, Piripiri-PI, CEP 64260-000<\/p>\n\n\n\n<p>EMAIL: dfht.piripiri@pc.pi.gov.br<\/p>\n\n\n\n<p>&#8212;&#8212;&#8212;&#8212;&#8212;&#8212;&#8212;&#8212;&#8212;&#8212;&#8212;&#8212;&#8212;&#8212;&#8212;&#8212;&#8212;&#8212;&#8212;&#8212;&#8212;&#8212;&#8212;&#8212;&#8212;&#8212;&#8212;&#8212;&#8212;&#8212;&#8212;&#8212;<\/p>\n\n\n\n<p><strong><em>Delegacia Especializada no Atendimento \u00e0 Mulher e aos Grupos Vulner\u00e1veis<\/em><\/strong> <em>(<strong>DEAMGV<\/strong>\/<strong>Piripiri)<\/strong><\/em><\/p>\n\n\n\n<p>DELEGADA: Antonia Kamila Martins Braga<\/p>\n\n\n\n<p>ENDERE\u00c7O: Rua Jo\u00e3o Damasceno, s\/n, Centro, Piripiri-PI, CEP 64260-000<\/p>\n\n\n\n<p>EMAIL: deamgv.piripiri@pc.pi.gov.br<\/p>\n\n\n\n<p>&#8212;&#8212;&#8212;&#8212;&#8212;&#8212;&#8212;&#8212;&#8212;&#8212;&#8212;&#8212;&#8212;&#8212;&#8212;&#8212;&#8212;&#8212;&#8212;&#8212;&#8212;&#8212;&#8212;&#8212;&#8212;&#8212;&#8212;&#8212;&#8212;&#8212;&#8212;-<\/p>\n\n\n\n<p><strong><em>Delegacia de Pol\u00edcia Civil de Pedro II<\/em><\/strong><\/p>\n\n\n\n<p>DELEGADO: Julio Vieira de Carvalho Junior<\/p>\n\n\n\n<p>ENDERE\u00c7O: Rua Lauro Cordeiro, 314, Centro, Pedro II-PI, CEP 64255-000<\/p>\n\n\n\n<p>EMAIL: dp.pedroii@pc.pi.gov.br<\/p>\n\n\n\n<p>&#8212;&#8212;&#8212;&#8212;&#8212;&#8212;&#8212;&#8212;&#8212;&#8212;&#8212;&#8212;&#8212;&#8212;&#8212;&#8212;&#8212;&#8212;&#8212;&#8212;&#8212;&#8212;&#8212;&#8212;&#8212;&#8212;&#8212;&#8212;&#8212;&#8212;&#8212;&#8212;<\/p>\n\n\n\n<p><strong><em>Delegacia de Pol\u00edcia Civil de Piracuruca<\/em><\/strong><\/p>\n\n\n\n<p>DELEGADO: Francisco Marcus Santiago Franklin<\/p>\n\n\n\n<p>ENDERE\u00c7O: BR-343, S\/N, Baixa da Ema, Piracuruca-PI, CEP 64240-000<\/p>\n\n\n\n<p>EMAIL: dp.piracuruca@pc.pi.gov.br<\/p>\n\n\n\n<p>CIRCUNSCRI\u00c7\u00c3O: Piracuruca-PI, S\u00e3o Jo\u00e3o da Fronteira-PI e S\u00e3o Jos\u00e9 do Divino-PI<\/p>\n<\/div><\/div><\/div><\/div><\/div><\/div>\n\n\n\n<div class=\"wp-block-ugb-accordion ugb-accordion ugb-6952080 ugb-accordion--v2 ugb-accordion--design-basic ugb-main-block\" aria-expanded=\"false\"><div class=\"ugb-inner-block\"><div class=\"ugb-block-content\"><div class=\"ugb-accordion__item\"><div class=\"ugb-accordion__heading\" role=\"button\" tabindex=\"0\"><h4 class=\"ugb-accordion__title\">DELEGACIA SECCIONAL DE PICOS <\/h4><svg xmlns=\"http:\/\/www.w3.org\/2000\/svg\" viewBox=\"0 0 20 20\" class=\"ugb-accordion__arrow\" width=\"20\" height=\"20\"><path d=\"M16.7 3.3L10 10 3.3 3.4 0 6.7l10 10v-.1l10-9.9z\"><\/path><\/svg><\/div><div class=\"ugb-accordion__content\" role=\"region\"><div class=\"ugb-accordion__content-inner\">\n<p><strong>DELEGADA SECCIONAL: <\/strong>Maria Francineide da Silva Fontes <\/p>\n\n\n\n<p><strong>CIRCUNSCRI\u00c7\u00c3O: Picos\/PI, Aroeiras do Itaim-PI, Dom Expedito Lopes-PI, Geminiano-PI, Santana do Piau\u00ed-PI, S\u00e3o Jos\u00e9 do Piau\u00ed-PI, Sussuapara-PI, Bocaina-PI, S\u00e3o Jo\u00e3o da Canabrava-PI, S\u00e3o Luiz do Piau\u00ed-PI, Francisco Santos-PI,&nbsp; Monsenhor Hip\u00f3lito-PI, Santo Ant\u00f4nio de Lisboa-PI, Itain\u00f3polis-PI, Vera Mendes-PI e Isa\u00edas Coelho-PI<\/strong><\/p>\n\n\n\n<p>EMAIL: seccional.picos@pc.pi.gov.br<\/p>\n\n\n\n<p><\/p>\n\n\n\n<p>Abrange:<\/p>\n\n\n\n<p><strong><em>1\u00aa Delegacia de Pol\u00edcia Civil de Picos<\/em><\/strong><\/p>\n\n\n\n<p>DELEGADO: Rodrigo Morais Matos<\/p>\n\n\n\n<p>ENDERE\u00c7O: Rua Hilda Policarpo, 661, Canto da V\u00e1rzea, Picos-PI, CEP 64600-000<\/p>\n\n\n\n<p>EMAIL: 1dp.picos@pc.pi.gov.br<\/p>\n\n\n\n<p>&#8212;&#8212;&#8212;&#8212;&#8212;&#8212;&#8212;&#8212;&#8212;&#8212;&#8212;&#8212;&#8212;&#8212;&#8212;&#8212;&#8212;&#8212;&#8212;&#8212;&#8212;&#8212;&#8212;&#8212;&#8212;&#8212;&#8212;&#8212;&#8212;&#8212;&#8212;-<\/p>\n\n\n\n<p><strong><em>2\u00aa Delegacia de Pol\u00edcia Civil de Picos<\/em><\/strong><\/p>\n\n\n\n<p>DELEGADOS: Regime de Plant\u00e3o<\/p>\n\n\n\n<p>ENDERE\u00c7O: Rua Hilda Policarpo, 661, Canto da V\u00e1rzea, Picos-PI, CEP 64600-000<\/p>\n\n\n\n<p>EMAIL: 2dp.picos@pc.pi.gov.br<\/p>\n\n\n\n<p>&#8212;&#8212;&#8212;&#8212;&#8212;&#8212;&#8212;&#8212;&#8212;&#8212;&#8212;&#8212;&#8212;&#8212;&#8212;&#8212;&#8212;&#8212;&#8212;&#8212;&#8212;&#8212;&#8212;&#8212;&#8212;&#8212;&#8212;&#8212;&#8212;&#8212;&#8212;<\/p>\n\n\n\n<p><strong><em>3\u00aa Delegacia de Pol\u00edcia de Picos<\/em><\/strong><\/p>\n\n\n\n<p>DELEGADO: Jos\u00e9 Eul\u00e1lio Martins Neto<\/p>\n\n\n\n<p>ENDERE\u00c7O: Rua Hilda Policarpo, 661, Canto da V\u00e1rzea, Picos-PI, CEP 64600-000<\/p>\n\n\n\n<p>EMAIL: 3dp.picos@pc.pi.gov.br<\/p>\n\n\n\n<p>&#8212;&#8212;&#8212;&#8212;&#8212;&#8212;&#8212;&#8212;&#8212;&#8212;&#8212;&#8212;&#8212;&#8212;&#8212;&#8212;&#8212;&#8212;&#8212;&#8212;&#8212;&#8212;&#8212;&#8212;&#8212;&#8212;&#8212;&#8212;&#8212;&#8212;&#8212;&#8211;<\/p>\n\n\n\n<p><em><strong>Delegacia Especializada em Crimes contra o Patrim\u00f4nio<\/strong><\/em><strong> <em>(Depatri\/Picos)<\/em><\/strong><\/p>\n\n\n\n<p>DELEGADOS: J\u00f4natas Felix Brasil (titular) \/ Maria Robianne Nunes Bel\u00e9m (adjunta)<\/p>\n\n\n\n<p>ENDERE\u00c7O: Rua Hilda Policarpo, 661, Canto da V\u00e1rzea, Picos-PI, CEP 64600-000<\/p>\n\n\n\n<p>EMAIL: depatri.picos@pc.pi.gov.br<\/p>\n\n\n\n<p>&#8212;&#8212;&#8212;&#8212;&#8212;&#8212;&#8212;&#8212;&#8212;&#8212;&#8212;&#8212;&#8212;&#8212;&#8212;&#8212;&#8212;&#8212;&#8212;&#8212;&#8212;&#8212;&#8212;&#8212;&#8212;&#8212;&#8212;&#8212;&#8212;&#8212;&#8212;&#8211;<\/p>\n\n\n\n<p><strong><em>Divis\u00e3o de Homic\u00eddios e Prote\u00e7\u00e3o \u00e0 Pessoa de Picos<\/em><\/strong><\/p>\n\n\n\n<p>DELEGADA: Maria Francineide da Silva Fontes <\/p>\n\n\n\n<p>ENDERE\u00c7O: Rua Hilda Policarpo, 661, Canto da V\u00e1rzea, Picos-PI, CEP 64600-000<\/p>\n\n\n\n<p>EMAIL: dhtl.picos@pc.pi.gov.br<\/p>\n\n\n\n<p>&#8212;&#8212;&#8212;&#8212;&#8212;&#8212;&#8212;&#8212;&#8212;&#8212;&#8212;&#8212;&#8212;&#8212;&#8212;&#8212;&#8212;&#8212;&#8212;&#8212;&#8212;&#8212;&#8212;&#8212;&#8212;&#8212;&#8212;&#8212;&#8212;&#8212;&#8212;&#8212;&#8211;<\/p>\n\n\n\n<p><strong><em>Divis\u00e3o <strong><em>de Repress\u00e3o e Combate ao Tr\u00e1fico de Drogas <\/em><\/strong><em><strong>de P<\/strong><\/em>i<\/em><\/strong><em><strong>cos<\/strong><\/em><\/p>\n\n\n\n<p>DELEGADO: Alexandre de Alcantara Aguiar Coelho<\/p>\n\n\n\n<p>ENDERE\u00c7O: Rua Hilda Policarpo, 661, Canto da V\u00e1rzea, Picos-PI, CEP 64600-000<\/p>\n\n\n\n<p>EMAIL: dhtl.picos@pc.pi.gov.br<\/p>\n\n\n\n<p>&#8212;&#8212;&#8212;&#8212;&#8212;&#8212;&#8212;&#8212;&#8212;&#8212;&#8212;&#8212;&#8212;&#8212;&#8212;&#8212;&#8212;&#8212;&#8212;&#8212;&#8212;&#8212;&#8212;&#8212;&#8212;&#8212;&#8212;&#8212;&#8212;&#8212;&#8212;&#8212;&#8211;<\/p>\n\n\n\n<p><strong><em>Delegacia Especializada no Atendimento \u00e0 Mulher e aos Grupos Vulner\u00e1veis<\/em><\/strong> <em>(<strong>DEAMGV<\/strong>\/<strong>Picos)<\/strong><\/em><\/p>\n\n\n\n<p>DELEGADA: Amanda Estevam Barbosa<\/p>\n\n\n\n<p>ENDERE\u00c7O: Rua Hilda Policarpo, 661, Canto da V\u00e1rzea, Picos-PI, CEP 64600-000<\/p>\n\n\n\n<p>EMAIL: deamgv.picos@pc.pi.gov.br<\/p>\n\n\n\n<p>&#8212;&#8212;&#8212;&#8212;&#8212;&#8212;&#8212;&#8212;&#8212;&#8212;&#8212;&#8212;&#8212;&#8212;&#8212;&#8212;&#8212;&#8212;&#8212;&#8212;&#8212;&#8212;&#8212;&#8212;&#8212;&#8212;&#8212;&#8212;&#8212;&#8212;&#8212;&#8212;&#8211;<\/p>\n\n\n\n<p><strong><em>Central de Flagrantes de Picos<\/em><\/strong><\/p>\n\n\n\n<p>DELEGADOS: Regime de Plant\u00e3o<\/p>\n\n\n\n<p>ENDERE\u00c7O: Rua S\u00e3o Sebasti\u00e3o, 1311, Canto da V\u00e1rzea, Picos-PI, CEP 64600-000<\/p>\n\n\n\n<p>EMAIL: cf.picos@pc.pi.gov.br<\/p>\n\n\n\n<p>&#8212;&#8212;&#8212;&#8212;&#8212;&#8212;&#8212;&#8212;&#8212;&#8212;&#8212;&#8212;&#8212;&#8212;&#8212;&#8212;&#8212;&#8212;&#8212;&#8212;&#8212;&#8212;&#8212;&#8212;&#8212;&#8212;&#8212;&#8212;&#8212;&#8212;&#8212;&#8212;&#8211;<\/p>\n\n\n\n<p><strong><em>Delegacia de Pol\u00edcia Civil de Pio IX<\/em><\/strong><\/p>\n\n\n\n<p>DELEGADO: Carlos Henrique Brito Pereira<\/p>\n\n\n\n<p>ENDERE\u00c7O: Rua S\u00e3o Miguel, n\u00ba 01, Centro Pio IX-PI, CEP 64660-000<\/p>\n\n\n\n<p>EMAIL: dp.pioix@pc.pi.gov.br<\/p>\n\n\n\n<p>CIRCUNSCRI\u00c7\u00c3O: Pio IX-PI e Alagoinha-PI<\/p>\n\n\n\n<p>&#8212;&#8212;&#8212;&#8212;&#8212;&#8212;&#8212;&#8212;&#8212;&#8212;&#8212;&#8212;&#8212;&#8212;&#8212;&#8212;&#8212;&#8212;&#8212;&#8212;&#8212;&#8212;&#8212;&#8212;&#8212;&#8212;&#8212;&#8212;&#8212;&#8212;&#8212;&#8212;&#8212;<\/p>\n\n\n\n<p><strong><em>Delegacia de Pol\u00edcia Civil de Fronteiras<\/em><\/strong><\/p>\n\n\n\n<p>DELEGADO: Carlos Henrique Brito Pereira<\/p>\n\n\n\n<p>ENDERE\u00c7O: Av. Sete de Setembro, S\/N, Centro, Fronteiras, CEP: 64690-000<\/p>\n\n\n\n<p>EMAIL: dp.fronteiras@pc.pi.gov.br<\/p>\n\n\n\n<p>CIRCUNSCRI\u00c7\u00c3O: Fronteiras-PI, S\u00e3o Juli\u00e3o-PI, Alegrete do Piau\u00ed-PI e Alagoinha do Piau\u00ed-PI<\/p>\n<\/div><\/div><\/div><\/div><\/div><\/div>\n\n\n\n<div class=\"wp-block-ugb-accordion ugb-accordion ugb-909c698 ugb-accordion--v2 ugb-accordion--design-basic ugb-main-block\" aria-expanded=\"false\"><div class=\"ugb-inner-block\"><div class=\"ugb-block-content\"><div class=\"ugb-accordion__item\"><div class=\"ugb-accordion__heading\" role=\"button\" tabindex=\"0\"><h4 class=\"ugb-accordion__title\">DELEGACIA SECCIONAL DE FLORIANO<\/h4><svg xmlns=\"http:\/\/www.w3.org\/2000\/svg\" viewBox=\"0 0 20 20\" class=\"ugb-accordion__arrow\" width=\"20\" height=\"20\"><path d=\"M16.7 3.3L10 10 3.3 3.4 0 6.7l10 10v-.1l10-9.9z\"><\/path><\/svg><\/div><div class=\"ugb-accordion__content\" role=\"region\"><div class=\"ugb-accordion__content-inner\">\n<p><strong>DELEGADO SECCIONAL:<\/strong> Wanderlan Nunes da Silva<\/p>\n\n\n\n<p>EMAIL: seccional.floriano@pc.pi.gov.br<\/p>\n\n\n\n<p><strong>CIRCUNSCRI\u00c7\u00c3O: Floriano-PI, Arraial-PI, Francisco Ayres-PI, Nazar\u00e9 do Piau\u00ed-PI, S\u00e3o Jos\u00e9 do Peixe-PI<\/strong><\/p>\n\n\n\n<p><\/p>\n\n\n\n<p>Abrange:<\/p>\n\n\n\n<p><em><strong>Delegacia de Pol\u00edcia Civil de Floriano<\/strong><\/em><\/p>\n\n\n\n<p>DELEGADO: Wanderlan Nunes da Silva<\/p>\n\n\n\n<p>ENDERE\u00c7O: Av. Jo\u00e3o Luiz Ferreira, 450, Centro, Floriano-PI, CEP 64800-000<\/p>\n\n\n\n<p>EMAIL: dp.floriano@pc.pi.gov.br<\/p>\n\n\n\n<p>&#8212;&#8212;&#8212;&#8212;&#8212;&#8212;&#8212;&#8212;&#8212;&#8212;&#8212;&#8212;&#8212;&#8212;&#8212;&#8212;&#8212;&#8212;&#8212;&#8212;&#8212;&#8212;&#8212;&#8212;&#8212;&#8212;&#8212;&#8212;&#8212;&#8212;&#8212;&#8212;&#8212;<\/p>\n\n\n\n<p><em><strong>Delegacia Especializada em Crimes contra o Patrim\u00f4nio (Depatri\/Floriano<\/strong>)<\/em><\/p>\n\n\n\n<p>DELEGADO: Rafael Cordeiro <\/p>\n\n\n\n<p>ENDERE\u00c7O: Av. Jo\u00e3o Luiz Ferreira, 450, Centro, Floriano-PI, CEP 64800-000<\/p>\n\n\n\n<p>EMAIL: depatri.floriano@pc.pi.gov.br<\/p>\n\n\n\n<p>&#8212;&#8212;&#8212;&#8212;&#8212;&#8212;&#8212;&#8212;&#8212;&#8212;&#8212;&#8212;&#8212;&#8212;&#8212;&#8212;&#8212;&#8212;&#8212;&#8212;&#8212;&#8212;&#8212;&#8212;&#8212;&#8212;&#8212;&#8212;&#8212;&#8212;&#8212;&#8211;<\/p>\n\n\n\n<p><strong><em>Delegacia Especializada no Combate \u00e0s Fac\u00e7\u00f5es Criminosas, Homic\u00eddios e Tr\u00e1fico de Drogas (DFHT\/Floriano<\/em><\/strong>)<\/p>\n\n\n\n<p>DELEGADO: Claudio Henrique da Silva<\/p>\n\n\n\n<p>ENEDERE\u00c7O: Av. Jo\u00e3o Luiz Ferreira, 450, Centro, Floriano-PI, CEP 64800-000<\/p>\n\n\n\n<p>EMAIL: dfht.floriano@pc.pi.gov.br<\/p>\n\n\n\n<p>&#8212;&#8212;&#8212;&#8212;&#8212;&#8212;&#8212;&#8212;&#8212;&#8212;&#8212;&#8212;&#8212;&#8212;&#8212;&#8212;&#8212;&#8212;&#8212;&#8212;&#8212;&#8212;&#8212;&#8212;&#8212;&#8212;&#8212;&#8212;&#8212;&#8212;&#8212;&#8212;-<\/p>\n\n\n\n<p><strong><em>Delegacia Especializada no Atendimento \u00e0 Mulher e aos Grupos Vulner\u00e1veis<\/em><\/strong><em> (<strong>DEAMGV\/Floriano<\/strong><\/em>)<\/p>\n\n\n\n<p>DELEGADA: Anna L\u00edvia Freire Tavares<\/p>\n\n\n\n<p>ENDERE\u00c7O:  Rua Gen\u00e9sio Rosado, s\/n, Conjunto Pedro Simpl\u00edcio, Floriano-PI, CEP 64800-000<\/p>\n\n\n\n<p>EMAIL: deamgv.floriano@pc.pi.gov.br<\/p>\n<\/div><\/div><\/div><\/div><\/div><\/div>\n\n\n\n<div class=\"wp-block-ugb-accordion ugb-accordion ugb-6cefe07 ugb-accordion--v2 ugb-accordion--design-basic ugb-main-block\" aria-expanded=\"false\"><div class=\"ugb-inner-block\"><div class=\"ugb-block-content\"><div class=\"ugb-accordion__item\"><div class=\"ugb-accordion__heading\" role=\"button\" tabindex=\"0\"><h4 class=\"ugb-accordion__title\">DELEGACIA SECCIONAL DE URU\u00c7U\u00cd<\/h4><svg xmlns=\"http:\/\/www.w3.org\/2000\/svg\" viewBox=\"0 0 20 20\" class=\"ugb-accordion__arrow\" width=\"20\" height=\"20\"><path d=\"M16.7 3.3L10 10 3.3 3.4 0 6.7l10 10v-.1l10-9.9z\"><\/path><\/svg><\/div><div class=\"ugb-accordion__content\" role=\"region\"><div class=\"ugb-accordion__content-inner\">\n<p>DELEGADO SECCIONAL: Jo\u00e3o \u00canio Coimbra Barbosa<\/p>\n\n\n\n<p><strong>CIRCUNSCRI\u00c7\u00c3O: Uru\u00e7u\u00ed-PI, Bertol\u00ednia-PI, Ribeiro Gon\u00e7alves-PI e Baixa Grande do Ribeiro-PI<\/strong><\/p>\n\n\n\n<p>EMAIL: seccional.urucui@pc.pi.gov.br<\/p>\n\n\n\n<p><\/p>\n\n\n\n<p>Abrange:<\/p>\n\n\n\n<p><strong><em>1\u00aa Delegacia de Pol\u00edcia Civil de Uru\u00e7u\u00ed<\/em><\/strong><\/p>\n\n\n\n<p>DELEGADO: Marcos Halan Marinho Alves<\/p>\n\n\n\n<p>ENDERE\u00c7O: Av. Pista de Pouso, S\/N, Aeroporto, Uru\u00e7u\u00ed-PI, CEP 64860-000<\/p>\n\n\n\n<p>EMAIL: 1dp.urucui@pc.pi.gov.br<\/p>\n\n\n\n<p>&#8212;&#8212;&#8212;&#8212;&#8212;&#8212;&#8212;&#8212;&#8212;&#8212;&#8212;&#8212;&#8212;&#8212;&#8212;&#8212;&#8212;&#8212;&#8212;&#8212;&#8212;&#8212;&#8212;&#8212;&#8212;&#8212;&#8212;&#8212;<\/p>\n\n\n\n<p><strong><em>2\u00aa Delegacia de Pol\u00edcia Civil de Uru\u00e7u\u00ed<\/em><\/strong><\/p>\n\n\n\n<p>DELEGADO: Jo\u00e3o \u00canio Coimbra Barbosa<\/p>\n\n\n\n<p>ENDERE\u00c7O: Av. Pista de Pouso, S\/N, Aeroporto, Uru\u00e7u\u00ed \u2013 PI, CEP 64860-000<\/p>\n\n\n\n<p>EMAIL: 2dp.urucui@pc.pi.gov.br<\/p>\n\n\n\n<p>&#8212;&#8212;&#8212;&#8212;&#8212;&#8212;&#8212;&#8212;&#8212;&#8212;&#8212;&#8212;&#8212;&#8212;&#8212;&#8212;&#8212;&#8212;&#8212;&#8212;&#8212;&#8212;&#8212;&#8212;&#8212;&#8212;&#8212;&#8211;<\/p>\n\n\n\n<p><strong><em>Divis\u00e3o de Atendimento \u00e0 Mulher e aos Grupos Vulner\u00e1veis &#8211; Uru\u00e7u\u00ed<\/em><\/strong><\/p>\n\n\n\n<p>DELEGADO: Jo\u00e3o \u00canio Coimbra Barbosa<\/p>\n\n\n\n<p>ENDERE\u00c7O: Av. Pista de Pouso, S\/N, Aeroporto, Uru\u00e7u\u00ed \u2013 PI, CEP 64860-000<\/p>\n\n\n\n<p>EMAIL: deamgv.urucui@pc.pi.gov.br<\/p>\n\n\n\n<p>&#8212;&#8212;&#8212;&#8212;&#8212;&#8212;&#8212;&#8212;&#8212;&#8212;&#8212;&#8212;&#8212;&#8212;&#8212;&#8212;&#8212;&#8212;&#8212;&#8212;&#8212;&#8212;&#8212;&#8212;&#8212;&#8212;&#8212;&#8212;&#8212;&#8212;&#8211;<\/p>\n\n\n\n<p><strong><em>Delegacia de Pol\u00edcia Civil de Guadalupe<\/em><\/strong><\/p>\n\n\n\n<p>DELEGADO: Wanderlan Nunes da Silva<\/p>\n\n\n\n<p>ENDERE\u00c7O: Travessa Piau\u00ed, S\/N, Bairro S\u00e3o F\u00e9lix, Guadalupe-PI, CEP 64840-000<\/p>\n\n\n\n<p>EMAIL: dp.guadalupe@pc.pi.gov.br<\/p>\n\n\n\n<p>CIRCUNSCRI\u00c7\u00c3O: Guadalupe-PI, Ant\u00f4nio Almeida-PI, Porto Alegre do Piau\u00ed-PI, Jerumenha-PI, Canavieira-PI, Marcos Parente-PI, Landri Sales-PI<\/p>\n\n\n\n<p>&#8212;&#8212;&#8212;&#8212;&#8212;&#8212;&#8212;&#8212;&#8212;&#8212;&#8212;&#8212;&#8212;&#8212;&#8212;&#8212;&#8212;&#8212;&#8212;&#8212;&#8212;&#8212;&#8212;&#8212;&#8212;&#8212;&#8212;&#8212;&#8212;&#8212;&#8212;&#8211;<\/p>\n\n\n\n<p><strong><em>Delegacia de Pol\u00edcia Civil de Baixa Grande do Ribeiro<\/em><\/strong><\/p>\n\n\n\n<p>DELEGADO: Marcos Halan Marinho Alves<\/p>\n\n\n\n<p>ENDERE\u00c7O: Rua Julia Rocha, n-1291, Bairro Centro, CEP 64868-000<\/p>\n\n\n\n<p>EMAIL: dp.bgr@pc.pi.gov.br<\/p>\n\n\n\n<p>CIRCUNSCRI\u00c7\u00c3O: Baixa Grande do Ribeiro-PI e Ribeiro Gon\u00e7alves-PI<\/p>\n\n\n\n<p><\/p>\n<\/div><\/div><\/div><\/div><\/div><\/div>\n\n\n\n<div class=\"wp-block-ugb-accordion ugb-accordion ugb-a6652a7 ugb-accordion--v2 ugb-accordion--design-basic ugb-main-block\" aria-expanded=\"false\"><div class=\"ugb-inner-block\"><div class=\"ugb-block-content\"><div class=\"ugb-accordion__item\"><div class=\"ugb-accordion__heading\" role=\"button\" tabindex=\"0\"><h4 class=\"ugb-accordion__title\">DELEGACIA SECCIONAL DE BOM JESUS<\/h4><svg xmlns=\"http:\/\/www.w3.org\/2000\/svg\" viewBox=\"0 0 20 20\" class=\"ugb-accordion__arrow\" width=\"20\" height=\"20\"><path d=\"M16.7 3.3L10 10 3.3 3.4 0 6.7l10 10v-.1l10-9.9z\"><\/path><\/svg><\/div><div class=\"ugb-accordion__content\" role=\"region\"><div class=\"ugb-accordion__content-inner\">\n<p><strong>DELEGADO SECCIONAL: <\/strong>Diogo Fernando dos Santos Noronha<\/p>\n\n\n\n<p><strong>CIRCUNSCRI\u00c7\u00c3O: Bom Jesus-PI, Currais-PI, Reden\u00e7\u00e3o do Gurgu\u00e9ia-PI, Cristino Castro-PI, Palmeira do Piau\u00ed-PI, Santa Luz-PI e Alvorada do Gurgu\u00e9ia-PI<\/strong><\/p>\n\n\n\n<p>EMAIL: seccional.bomjesus@pc.pi.gov.br<\/p>\n\n\n\n<p><\/p>\n\n\n\n<p>Abrange:<\/p>\n\n\n\n<p><em><strong>Delegacia de Pol\u00edcia Civil de Bom Jesus<\/strong><\/em><\/p>\n\n\n\n<p>DELEGADO: Jucier Alyson Alves dos Santos<\/p>\n\n\n\n<p>ENDERE\u00c7O: Pra\u00e7a Gilson Coelho, S\/N, Bairro Penitenci\u00e1ria, Bom Jesus-PI, CEP 64900-000<\/p>\n\n\n\n<p>EMAIL: dp.bomjesus@pc.pi.gov.br<\/p>\n\n\n\n<p>&#8212;&#8212;&#8212;&#8212;&#8212;&#8212;&#8212;&#8212;&#8212;&#8212;&#8212;&#8212;&#8212;&#8212;&#8212;&#8212;&#8212;&#8212;&#8212;&#8212;&#8212;&#8212;&#8212;&#8212;&#8212;&#8212;&#8212;&#8212;&#8212;<\/p>\n\n\n\n<p><strong><em>Delegacia Especializada no Combate \u00e0s Fac\u00e7\u00f5es Criminosas, Homic\u00eddios e Tr\u00e1fico de Drogas (DFHT\/Bom Jesus)<\/em><\/strong><\/p>\n\n\n\n<p>DELEGADO: Diogo Fernando dos Santos Noronha<\/p>\n\n\n\n<p>ENDERE\u00c7O: Pra\u00e7a Gilson Coelho, S\/N, Bairro Penitenci\u00e1ria, Bom Jesus-PI, CEP 64900-000<\/p>\n\n\n\n<p>EMAIL: dfht.bomjesus@pc.pi.gov.br<\/p>\n\n\n\n<p>&#8212;&#8212;&#8212;&#8212;&#8212;&#8212;&#8212;&#8212;&#8212;&#8212;&#8212;&#8212;&#8212;&#8212;&#8212;&#8212;&#8212;&#8212;&#8212;&#8212;&#8212;&#8212;&#8212;&#8212;&#8212;&#8212;&#8212;&#8212;-<\/p>\n\n\n\n<p><strong><em>Delegacia Especializada no Atendimento \u00e0 Mulher e aos Grupos Vulner\u00e1veis<\/em><\/strong><em> (<strong>DEAMGV\/Bom Jesus<\/strong>)<\/em><\/p>\n\n\n\n<p>DELEGADO: Jucier Alyson Alves dos Santos<\/p>\n\n\n\n<p>ENDERE\u00c7O: Pra\u00e7a Gilson Coelho, S\/N, Bairro Penitenci\u00e1ria, Bom Jesus-PI, CEP 64900-000<\/p>\n\n\n\n<p>EMAIL: deamgv.bomjesus@pc.pi.gov.br <\/p>\n\n\n\n<p>&#8212;&#8212;&#8212;&#8212;&#8212;&#8212;&#8212;&#8212;&#8212;&#8212;&#8212;&#8212;&#8212;&#8212;&#8212;&#8212;&#8212;&#8212;&#8212;&#8212;&#8212;&#8212;&#8212;&#8212;&#8212;&#8212;&#8212;&#8212;&#8212;&#8212;&#8212;&#8211;<\/p>\n\n\n\n<p><strong><em>Delegacia de Pol\u00edcia Civil de Manoel Em\u00eddio<\/em><\/strong><\/p>\n\n\n\n<p>DELEGADO: Diogo Fernando dos Santos Noronha<\/p>\n\n\n\n<p>ENDERE\u00c7O: Rua Azarias Belchior, S\/N, Centro, Manoel Em\u00eddio-PI<\/p>\n\n\n\n<p>EMAIL: dp.manoelemidio@pc.pi.gov.br<\/p>\n\n\n\n<p>CIRCUNSCRI\u00c7\u00c3O: Manoel Em\u00eddio-PI, Col\u00f4nia do Gurgu\u00e9ia-PI, Elizeu Martins-PI e Alvorada do Gurgu\u00e9ia-PI<\/p>\n<\/div><\/div><\/div><\/div><\/div><\/div>\n\n\n\n<div class=\"wp-block-ugb-accordion ugb-accordion ugb-edbfe62 ugb-accordion--v2 ugb-accordion--design-basic ugb-main-block\" aria-expanded=\"false\"><div class=\"ugb-inner-block\"><div class=\"ugb-block-content\"><div class=\"ugb-accordion__item\"><div class=\"ugb-accordion__heading\" role=\"button\" tabindex=\"0\"><h4 class=\"ugb-accordion__title\">DELEGACIA SECCIONAL DE LU\u00cdS CORREIA <\/h4><svg xmlns=\"http:\/\/www.w3.org\/2000\/svg\" viewBox=\"0 0 20 20\" class=\"ugb-accordion__arrow\" width=\"20\" height=\"20\"><path d=\"M16.7 3.3L10 10 3.3 3.4 0 6.7l10 10v-.1l10-9.9z\"><\/path><\/svg><\/div><div class=\"ugb-accordion__content\" role=\"region\"><div class=\"ugb-accordion__content-inner\">\n<p><strong>DELEGADA SECCIONAL: <\/strong>J\u00falia Teresa Sousa Leite<\/p>\n\n\n\n<p><strong>CIRCUNSCRI\u00c7\u00c3O: Lu\u00eds Correia-PI e Cajueiro da Praia-PI<\/strong><\/p>\n\n\n\n<p>EMAIL: seccional.luiscorreia@pc.pi.gov.br<\/p>\n\n\n\n<p><\/p>\n\n\n\n<p>Abrange<\/p>\n\n\n\n<p><strong><em>Delegacia de Pol\u00edcia Civil de Lu\u00eds Correia<\/em><\/strong><\/p>\n\n\n\n<p>DELEGADA: J\u00falia Teresa Sousa Leite<\/p>\n\n\n\n<p>ENDERE\u00c7O: Rua Cel. Josias Correia, S\/N, Centro, Lu\u00eds Correia-PI, CEP 64220-000<\/p>\n\n\n\n<p>EMAIL: dp.luiscorreia@pc.pi.gov.br<\/p>\n\n\n\n<p>&#8212;&#8212;&#8212;&#8212;&#8212;&#8212;&#8212;&#8212;&#8212;&#8212;&#8212;&#8212;&#8212;&#8212;&#8212;&#8212;&#8212;&#8212;&#8212;&#8212;&#8212;&#8212;&#8212;&#8212;&#8212;&#8212;&#8212;&#8212;&#8212;-<\/p>\n\n\n\n<p><strong><em>Delegacia Especializada no Combate \u00e0s Fac\u00e7\u00f5es Criminosas, Homic\u00eddios e Tr\u00e1fico de Drogas<\/em><\/strong><em><strong> (DFHT<\/strong>\/<strong>Lu\u00eds Correia<\/strong>)<\/em><\/p>\n\n\n\n<p>DELEGADO: Jo\u00e3o Filipe de Ara\u00fajo Sampaio Leite<\/p>\n\n\n\n<p>ENDERE\u00c7O: Rua Cel. Josias Correia, S\/N, Centro, Lu\u00eds Correia-PI, CEP 64220-000<\/p>\n\n\n\n<p>EMAIL: div.homi.luiscorreia@pc.pi.gov.br<\/p>\n\n\n\n<p>&#8212;&#8212;&#8212;&#8212;&#8212;&#8212;&#8212;&#8212;&#8212;&#8212;&#8212;&#8212;&#8212;&#8212;&#8212;&#8212;&#8212;&#8212;&#8212;&#8212;&#8212;&#8212;&#8212;&#8212;&#8212;&#8212;&#8212;&#8212;&#8212;<\/p>\n\n\n\n<p><strong><em>Delegacia de Pol\u00edcia Civil de Cajueiro da Praia<\/em><\/strong><\/p>\n\n\n\n<p>DELEGADO: Jo\u00e3o Filipe de Ara\u00fajo Sampaio Leite<\/p>\n\n\n\n<p>ENDERE\u00c7O: Rua Cel. Josias Correia, S\/N, Centro, Lu\u00eds Correia-PI, CEP 64220-000<\/p>\n\n\n\n<p>EMAIL: dp.cajueiro@pc.pi.gov.br<\/p>\n\n\n\n<p>CIRCUSNCRI\u00c7\u00c3O: Cajueiro da Praia-PI<\/p>\n<\/div><\/div><\/div><\/div><\/div><\/div>\n\n\n\n<div class=\"wp-block-ugb-accordion ugb-accordion ugb-e4efa36 ugb-accordion--v2 ugb-accordion--design-basic ugb-main-block\" aria-expanded=\"false\"><div class=\"ugb-inner-block\"><div class=\"ugb-block-content\"><div class=\"ugb-accordion__item\"><div class=\"ugb-accordion__heading\" role=\"button\" tabindex=\"0\"><h4 class=\"ugb-accordion__title\">DELEGACIA SECCIONAL DE CORRENTE<\/h4><svg xmlns=\"http:\/\/www.w3.org\/2000\/svg\" viewBox=\"0 0 20 20\" class=\"ugb-accordion__arrow\" width=\"20\" height=\"20\"><path d=\"M16.7 3.3L10 10 3.3 3.4 0 6.7l10 10v-.1l10-9.9z\"><\/path><\/svg><\/div><div class=\"ugb-accordion__content\" role=\"region\"><div class=\"ugb-accordion__content-inner\">\n<p><strong>DELEGADO SECCIONAL:<\/strong> Yure Saulo de Oliveira Aranha<\/p>\n\n\n\n<p><strong>CIRCUNSCRI\u00c7\u00c3O: Corrente-PI, Sebasti\u00e3o Barros-PI, Cristal\u00e2ndia do Piau\u00ed-PI Parnagu\u00e1-PI, Riacho Frio-PI<\/strong><\/p>\n\n\n\n<p>EMAIL: seccional.corrente@pc.pi.gov.br<\/p>\n\n\n\n<p><\/p>\n\n\n\n<p>Abrange:<\/p>\n\n\n\n<p><strong><em>1\u00aa Delegacia de Pol\u00edcia Civil de Corrente<\/em><\/strong><\/p>\n\n\n\n<p>DELEGADO: Janilson Jos\u00e9 Silva Coutinho<\/p>\n\n\n\n<p>ENDERE\u00c7O: Rua Benjamin Nogueira-PI, 25, Centro, Corrente-PI, CEP: 64980-000<\/p>\n\n\n\n<p>EMAIL: 1dp.corrente@pc.pi.gov.br<\/p>\n\n\n\n<p>&#8212;&#8212;&#8212;&#8212;&#8212;&#8212;&#8212;&#8212;&#8212;&#8212;&#8212;&#8212;&#8212;&#8212;&#8212;&#8212;&#8212;&#8212;&#8212;&#8212;&#8212;&#8212;&#8212;&#8212;&#8212;&#8212;&#8212;&#8212;&#8212;-<\/p>\n\n\n\n<p><strong><em>2\u00aa Delegacia de Pol\u00edcia Civil de Corrente<\/em><\/strong><\/p>\n\n\n\n<p>DELEGADO: Yure Saulo de Oliveira Aranha<\/p>\n\n\n\n<p>ENDERE\u00c7O: Rua Benjamin Nogueira-PI, 25, Centro, Corrente-PI, CEP: 64980-000<\/p>\n\n\n\n<p>EMAIL: 2dp.corrente@pc.pi.gov.br<\/p>\n\n\n\n<p>&#8212;&#8212;&#8212;&#8212;&#8212;&#8212;&#8212;&#8212;&#8212;&#8212;&#8212;&#8212;&#8212;&#8212;&#8212;&#8212;&#8212;&#8212;&#8212;&#8212;&#8212;&#8212;&#8212;&#8212;&#8212;&#8212;&#8212;&#8212;&#8212;&#8211;<\/p>\n\n\n\n<p><strong><em>Divis\u00e3o de Atendimento \u00e0 Mulher e aos Grupos Vulner\u00e1veis &#8211; Corrente<\/em><\/strong><\/p>\n\n\n\n<p>DELEGADO: Yure Saulo de Oliveira Aranha<\/p>\n\n\n\n<p>ENDERE\u00c7O: Rua Benjamin Nogueira-PI, 25, Centro, Corrente-PI, CEP: 64980-000<\/p>\n\n\n\n<p>EMAIL: deamgv.corrente@pc.pi.gov.br<\/p>\n\n\n\n<p>&#8212;&#8212;&#8212;&#8212;&#8212;&#8212;&#8212;&#8212;&#8212;&#8212;&#8212;&#8212;&#8212;&#8212;&#8212;&#8212;&#8212;&#8212;&#8212;&#8212;&#8212;&#8212;&#8212;&#8212;&#8212;&#8212;&#8212;&#8212;&#8212;&#8212;<\/p>\n\n\n\n<p><strong><em>Delegacia de Pol\u00edcia Civil de Curimat\u00e1<\/em><\/strong><\/p>\n\n\n\n<p>DELEGADO: C\u00e9sar Ribeiro Gomes J\u00fanior<\/p>\n\n\n\n<p>ENDERE\u00c7O: Rua Jos\u00e9 Albuquerque, 63, Centro, Curimat\u00e1 \u2013 PI, CEP 64960-000<\/p>\n\n\n\n<p>EMAIL: dp.curimata@pc.pi.gov.br<\/p>\n\n\n\n<p>CIRCUNSCRI\u00c7\u00c3O: Curimat\u00e1-PI, J\u00falio Borges-PI, Avelino Lopes-PI e Morro Cabe\u00e7a no Tempo-PI<\/p>\n\n\n\n<p>&#8212;&#8212;&#8212;&#8212;&#8212;&#8212;&#8212;&#8212;&#8212;&#8212;&#8212;&#8212;&#8212;&#8212;&#8212;&#8212;&#8212;&#8212;&#8212;&#8212;&#8212;&#8212;&#8212;&#8212;&#8212;&#8212;&#8212;&#8212;&#8212;&#8212;&#8212;<\/p>\n\n\n\n<p><strong><em>Delegacia de Pol\u00edcia Civil de Gilbu\u00e9s<\/em><\/strong><\/p>\n\n\n\n<p>DELEGADO: Janilson Jos\u00e9 Silva Coutinho<\/p>\n\n\n\n<p>ENDERE\u00c7O: Rua 03 de Outubro, s\/n, Centro, Gilbu\u00e9s \u2013 PI, CEP 64930-000.<\/p>\n\n\n\n<p>EMAIL: dp.gilbues@pc.pi.gov.br<\/p>\n\n\n\n<p>CIRCUNSCRI\u00c7\u00c3O: Gilbu\u00e9s-PI, S\u00e3o Gon\u00e7alo do Gurgu\u00e9ia-PI, Barreira do Piau\u00ed-PI, Monte Alegre-PI e Santa Filomena-PI<\/p>\n\n\n\n<p><\/p>\n<\/div><\/div><\/div><\/div><\/div><\/div>\n\n\n\n<div class=\"wp-block-ugb-accordion ugb-accordion ugb-2f764db ugb-accordion--v2 ugb-accordion--design-basic ugb-main-block\" aria-expanded=\"false\"><div class=\"ugb-inner-block\"><div class=\"ugb-block-content\"><div class=\"ugb-accordion__item\"><div class=\"ugb-accordion__heading\" role=\"button\" tabindex=\"0\"><h4 class=\"ugb-accordion__title\">DELEGACIA SECCIONAL DE S\u00c3O RAIMUNDO NONATO<\/h4><svg xmlns=\"http:\/\/www.w3.org\/2000\/svg\" viewBox=\"0 0 20 20\" class=\"ugb-accordion__arrow\" width=\"20\" height=\"20\"><path d=\"M16.7 3.3L10 10 3.3 3.4 0 6.7l10 10v-.1l10-9.9z\"><\/path><\/svg><\/div><div class=\"ugb-accordion__content\" role=\"region\"><div class=\"ugb-accordion__content-inner\">\n<p><strong>DELEGADO SECCIONAL:<\/strong> Georgio Mac\u00eado do Nascimento e Negreiros <\/p>\n\n\n\n<p><strong>CIRCUNSCRI\u00c7\u00c3O: S\u00e3o Raimundo Nonato-PI, Bonfim do Piau\u00ed-PI, Coronel Jos\u00e9 Dias-PI, Dirceu Arcoverde-PI, Dom Inoc\u00eancio-PI, Fartura do Piau\u00ed-PI, S\u00e3o Braz do Piau\u00ed-PI, S\u00e3o Louren\u00e7o do Piau\u00ed-PI e V\u00e1rzea Branca-PI<\/strong><\/p>\n\n\n\n<p>EMAIL: seccional.srn@pc.pi.gov.br<\/p>\n\n\n\n<p><\/p>\n\n\n\n<p>Abrange:<\/p>\n\n\n\n<p><strong><em>1\u00aa Delegacia de Pol\u00edcia Civil de S\u00e3o Raimundo Nonato<\/em><\/strong><\/p>\n\n\n\n<p>DELEGADO: Jos\u00e9 Wellington Rodrigues da Silva<\/p>\n\n\n\n<p>ENDERE\u00c7O: Rua Casimiro de Abreu, s\/n, Bairro Centro, S\u00e3o Raimundo Nonato-PI, CEP 64770-000<\/p>\n\n\n\n<p>EMAIL: 1dp.srn@pc.pi.gov.br<\/p>\n\n\n\n<p>&#8212;&#8212;&#8212;&#8212;&#8212;&#8212;&#8212;&#8212;&#8212;&#8212;&#8212;&#8212;&#8212;&#8212;&#8212;&#8212;&#8212;&#8212;&#8212;&#8212;&#8212;&#8212;&#8212;&#8212;&#8212;&#8212;&#8212;&#8212;&#8212;&#8212;&#8212;&#8211;<\/p>\n\n\n\n<p><strong><em>2\u00aa Delegacia de Pol\u00edcia Civil de S\u00e3o Raimundo Nonato<\/em><\/strong><\/p>\n\n\n\n<p>DELEGADO: Georgio Mac\u00eado do Nascimento e Negreiros <\/p>\n\n\n\n<p>ENDERE\u00c7O: Rua Ant\u00f4nio Carvalho, s\/n, Bairro Milonga, S\u00e3o Raimundo Nonato-PI, CEP 64770-000<\/p>\n\n\n\n<p>EMAIL: 2dp.srn@pc.pi.gov.br<\/p>\n\n\n\n<p>&#8212;&#8212;&#8212;&#8212;&#8212;&#8212;&#8212;&#8212;&#8212;&#8212;&#8212;&#8212;&#8212;&#8212;&#8212;&#8212;&#8212;&#8212;&#8212;&#8212;&#8212;&#8212;&#8212;&#8212;&#8212;&#8212;&#8212;&#8212;&#8212;&#8212;&#8212;&#8211;<\/p>\n\n\n\n<p><strong><em>Delegacia Especializada no Atendimento \u00e0 Mulher e aos Grupos Vulner\u00e1vei<\/em><\/strong><em><strong>s<\/strong> (<strong>DEAMGV<\/strong>\/<strong>S\u00e3o Raimundo Nonato<\/strong>)<\/em><\/p>\n\n\n\n<p>DELEGADA: Cynthia Verena Nascimento de Vasconcellos<\/p>\n\n\n\n<p>ENDERE\u00c7O: Rua Ant\u00f4nio Carvalho, s\/n, Bairro Milonga, S\u00e3o Raimundo Nonato-PI, CEP 64770-000<\/p>\n\n\n\n<p>EMAIL: deamgv.srn@pc.pi.gov.br<\/p>\n\n\n\n<p>&#8212;&#8212;&#8212;&#8212;&#8212;&#8212;&#8212;&#8212;&#8212;&#8212;&#8212;&#8212;&#8212;&#8212;&#8212;&#8212;&#8212;&#8212;&#8212;&#8212;&#8212;&#8212;&#8212;&#8212;&#8212;&#8212;&#8212;&#8212;&#8212;&#8212;&#8212;-<\/p>\n\n\n\n<p><em><strong>Delegacia de Pol\u00edcia Civil de S\u00e3o Jo\u00e3o do Piau\u00ed<\/strong><\/em><\/p>\n\n\n\n<p>DELEGADO: Fagner Silva Cassa<\/p>\n\n\n\n<p>ENDERE\u00c7O: Rua C\u00e2ndido Coelho, S\/N, Bairro Vermelha, S\u00e3o Jo\u00e3o do Piau\u00ed-PI, CEP 64760-000<\/p>\n\n\n\n<p>EMAIL: dp.sjp@pc.pi.gov.br<\/p>\n\n\n\n<p>CIRCUNSCRI\u00c7\u00c3O: S\u00e3o Jo\u00e3o do Piau\u00ed-PI, Campo Alegre do Fidalgo-PI, Capit\u00e3o Gerv\u00e1sio Oliveira-PI, Jo\u00e3o Costa-PI, Lagoa do Barro-PI, Nova Santa Rita-PI e Pedro Laurentino-PI<\/p>\n\n\n\n<p><\/p>\n<\/div><\/div><\/div><\/div><\/div><\/div>\n\n\n\n<div class=\"wp-block-ugb-accordion ugb-accordion ugb-4f253a4 ugb-accordion--v2 ugb-accordion--design-basic ugb-main-block\" aria-expanded=\"false\"><div class=\"ugb-inner-block\"><div class=\"ugb-block-content\"><div class=\"ugb-accordion__item\"><div class=\"ugb-accordion__heading\" role=\"button\" tabindex=\"0\"><h4 class=\"ugb-accordion__title\">DELEGACIA SECCIONAL DE OEIRAS<\/h4><svg xmlns=\"http:\/\/www.w3.org\/2000\/svg\" viewBox=\"0 0 20 20\" class=\"ugb-accordion__arrow\" width=\"20\" height=\"20\"><path d=\"M16.7 3.3L10 10 3.3 3.4 0 6.7l10 10v-.1l10-9.9z\"><\/path><\/svg><\/div><div class=\"ugb-accordion__content\" role=\"region\"><div class=\"ugb-accordion__content-inner\">\n<p><strong>DELEGADO SECCIONAL:<\/strong> Luciano Santana dos Santos<\/p>\n\n\n\n<p><strong>CIRCUNSCRI\u00c7\u00c3O: Oeiras-PI, Cajazeiras do Piau\u00ed-PI, Col\u00f4nia do Piau\u00ed-PI, S\u00e3o Francisco do Piau\u00ed-PI, Santa Rosa do Piau\u00ed-PI, S\u00e3o Jo\u00e3o da Varjota-PI, S\u00e3o Miguel do Fidalgo-PI, Santa Cruz do Piau\u00ed-PI, Paquet\u00e1-PI e Wall Ferraz-PI<\/strong><\/p>\n\n\n\n<p>EMAIL: seccional.oeiras@pc.pi.gov.br<\/p>\n\n\n\n<p><\/p>\n\n\n\n<p>Abrange:<\/p>\n\n\n\n<p><strong><em>1\u00aa Delegacia de Pol\u00edcia Civil de Oeiras<\/em><\/strong><\/p>\n\n\n\n<p>DELEGADO: Guilherme Escobar<\/p>\n\n\n\n<p>ENDERE\u00c7O: Av. C\u00f4nego Carvalho, S\/N, Bairro Nova Oeiras, Oeiras-PI, CEP 64500-000<\/p>\n\n\n\n<p>EMAIL: 1dp.oeiras@pc.pi.gov.br<\/p>\n\n\n\n<p>&#8212;&#8212;&#8212;&#8212;&#8212;&#8212;&#8212;&#8212;&#8212;&#8212;&#8212;&#8212;&#8212;&#8212;&#8212;&#8212;&#8212;&#8212;&#8212;&#8212;&#8212;&#8212;&#8212;&#8212;&#8212;&#8212;&#8212;&#8212;&#8212;&#8212;&#8212;&#8212;&#8211;<\/p>\n\n\n\n<p><strong><em>2\u00aa Delegacia de Pol\u00edcia Civil de Oeiras<\/em><\/strong><\/p>\n\n\n\n<p>DELEGADO: Luciano Santana dos Santos<\/p>\n\n\n\n<p>ENDERE\u00c7O: Av. C\u00f4nego Carvalho, S\/N, Bairro Nova Oeiras, Oeiras-PI, CEP 64.500-000<\/p>\n\n\n\n<p>EMAIL: 2dp.oeiras@pc.pi.gov.br<\/p>\n\n\n\n<p>&#8212;&#8212;&#8212;&#8212;&#8212;&#8212;&#8212;&#8212;&#8212;&#8212;&#8212;&#8212;&#8212;&#8212;&#8212;&#8212;&#8212;&#8212;&#8212;&#8212;&#8212;&#8212;&#8212;&#8212;&#8212;&#8212;&#8212;&#8212;&#8212;&#8212;&#8212;&#8212;<\/p>\n\n\n\n<p><strong><em>Divis\u00e3o de Atendimento \u00e0 Mulher e aos Grupos Vulner\u00e1veis &#8211; <\/em><\/strong><strong><em>Oeiras<\/em><\/strong><\/p>\n\n\n\n<p>DELEGADO: Luciano Santana dos Santos<\/p>\n\n\n\n<p>ENDERE\u00c7O: Av. C\u00f4nego Carvalho, S\/N, Bairro Nova Oeiras, Oeiras-PI, CEP 64500-000<\/p>\n\n\n\n<p>EMAIL: deamgv.oeiras@pc.pi.gov.br<\/p>\n\n\n\n<p>&#8212;&#8212;&#8212;&#8212;&#8212;&#8212;&#8212;&#8212;&#8212;&#8212;&#8212;&#8212;&#8212;&#8212;&#8212;&#8212;&#8212;&#8212;&#8212;&#8212;&#8212;&#8212;&#8212;&#8212;&#8212;&#8212;&#8212;&#8212;&#8212;&#8212;&#8212;&#8212;-<\/p>\n\n\n\n<p><strong><em>Delegacia de Pol\u00edcia Civil de Simpl\u00edcio Mendes <\/em><\/strong><\/p>\n\n\n\n<p>DELEGADO: Anderson de Almeida Guerra<\/p>\n\n\n\n<p>ENDERE\u00c7O: Av. Manoel de Moura F\u00e9, 235, Centro, Simpl\u00edcio Mendes-PI, CEP 64700-000<\/p>\n\n\n\n<p>EMAIL: dp.simpliciomendes@pc.pi.gov.br<\/p>\n\n\n\n<p>CIRCUNSCRI\u00c7\u00c3O: Simpl\u00edcio Mendes-PI, Bela Vista do Piau\u00ed-PI, Paes Landim-PI, Campinas do Piau\u00ed-PI, Floresta do Piau\u00ed-PI, Santo In\u00e1cio do Piau\u00ed-PI, Concei\u00e7\u00e3o do Canind\u00e9-PI, S\u00e3o Francisco de Assis do Piau\u00ed-PI, Socorro do Piau\u00ed-PI e Ribeira do Piau\u00ed-PI<\/p>\n\n\n\n<p><\/p>\n<\/div><\/div><\/div><\/div><\/div><\/div>\n\n\n\n<div class=\"wp-block-ugb-accordion ugb-accordion ugb-f19a0ab ugb-accordion--v2 ugb-accordion--design-basic ugb-main-block\" aria-expanded=\"false\"><div class=\"ugb-inner-block\"><div class=\"ugb-block-content\"><div class=\"ugb-accordion__item\"><div class=\"ugb-accordion__heading\" role=\"button\" tabindex=\"0\"><h4 class=\"ugb-accordion__title\">DELEGACIA SECCIONAL DE CAMPO MAIOR<\/h4><svg xmlns=\"http:\/\/www.w3.org\/2000\/svg\" viewBox=\"0 0 20 20\" class=\"ugb-accordion__arrow\" width=\"20\" height=\"20\"><path d=\"M16.7 3.3L10 10 3.3 3.4 0 6.7l10 10v-.1l10-9.9z\"><\/path><\/svg><\/div><div class=\"ugb-accordion__content\" role=\"region\"><div class=\"ugb-accordion__content-inner\">\n<p><strong>DELEGADO SECCIONAL: <\/strong>Carlos Alberto Jorge Junior<\/p>\n\n\n\n<p><strong>CIRCUNSCRI\u00c7\u00c3O: Campo Maior-PI, Jatob\u00e1 do Piau\u00ed-PI, Nossa Senhora de Nazar\u00e9-PI, Sigefredo Pacheco-PI<\/strong><\/p>\n\n\n\n<p>EMAIL: seccional.campomaior@pc.pi.gov.br<\/p>\n\n\n\n<p><\/p>\n\n\n\n<p>Abrange:<\/p>\n\n\n\n<p><strong><em>1\u00aa Delegacia de Pol\u00edcia Civil de Campo Maior<\/em><\/strong><\/p>\n\n\n\n<p>DELEGADO: Francisco Herdeson de Oliveira Bernardo<\/p>\n\n\n\n<p>ENDERE\u00c7O: Rua Padre Galileu, S\/N, Bairro de F\u00e1tima, Campo Maior-PI, CEP 64280-000<\/p>\n\n\n\n<p>EMAIL: 1dp.campomaior@pc.pi.gov.br<\/p>\n\n\n\n<p>&#8212;&#8212;&#8212;&#8212;&#8212;&#8212;&#8212;&#8212;&#8212;&#8212;&#8212;&#8212;&#8212;&#8212;&#8212;&#8212;&#8212;&#8212;&#8212;&#8212;&#8212;&#8212;&#8212;&#8212;&#8212;&#8212;&#8212;&#8212;&#8212;&#8212;&#8211;<\/p>\n\n\n\n<p><strong>2<em>\u00aa Delegacia de Pol\u00edcia Civil de Campo Maior<\/em><\/strong><\/p>\n\n\n\n<p>DELEGADO: Carlos Alberto Jorge Junior<\/p>\n\n\n\n<p>ENDERE\u00c7O: Rua Padre Galileu, S\/N, Bairro de F\u00e1tima, Campo Maior-PI, CEP 64280-000<\/p>\n\n\n\n<p>EMAIL: 2dp.campomaior@pc.pi.gov.br<\/p>\n\n\n\n<p>&#8212;&#8212;&#8212;&#8212;&#8212;&#8212;&#8212;&#8212;&#8212;&#8212;&#8212;&#8212;&#8212;&#8212;&#8212;&#8212;&#8212;&#8212;&#8212;&#8212;&#8212;&#8212;&#8212;&#8212;&#8212;&#8212;&#8212;&#8212;&#8212;&#8212;&#8212;<\/p>\n\n\n\n<p><strong><em>Delegacia Especializada no Atendimento \u00e0 Mulher e aos Grupos Vulner\u00e1veis<\/em><\/strong> <em>(<strong>DEAMGV\/C<\/strong><\/em><strong><em>ampo Maior<\/em><\/strong>)<\/p>\n\n\n\n<p>DELEGADA: Emylle Kaynar Lopes da Silva Pires<\/p>\n\n\n\n<p>ENDERE\u00c7O: Rua Padre Galileu, S\/N, Bairro de F\u00e1tima, Campo Maior-PI, CEP 64280-000<\/p>\n\n\n\n<p>EMAIL: deamgv.campomaior@pc.pi.gov.br<\/p>\n\n\n\n<p>&#8212;&#8212;&#8212;&#8212;&#8212;&#8212;&#8212;&#8212;&#8212;&#8212;&#8212;&#8212;&#8212;&#8212;&#8212;&#8212;&#8212;&#8212;&#8212;&#8212;&#8212;&#8212;&#8212;&#8212;&#8212;&#8212;&#8212;&#8212;&#8212;&#8212;&#8212;&#8211;<\/p>\n\n\n\n<p><strong><em>Delegacia de Pol\u00edcia Civil de Castelo do Piau\u00ed<\/em><\/strong><\/p>\n\n\n\n<p>DELEGADO: La\u00e9cio Pontes dos Santos<\/p>\n\n\n\n<p>ENDERE\u00c7O: Rua Ant\u00f4nio Freire, 288, Centro, Castelo do Piau\u00ed, CEP 64340-000.<\/p>\n\n\n\n<p>EMAIL: dp.castelodopiaui@pc.pi.gov.br<\/p>\n\n\n\n<p>CIRCUNSCRI\u00c7\u00c3O: Castelo do Piau\u00ed-PI, Buriti dos Montes-PI, Juazeiro do Piau\u00ed-PI, S\u00e3o Jo\u00e3o da Serra-PI<\/p>\n\n\n\n<p>&#8212;&#8212;&#8212;&#8212;&#8212;&#8212;&#8212;&#8212;&#8212;&#8212;&#8212;&#8212;&#8212;&#8212;&#8212;&#8212;&#8212;&#8212;&#8212;&#8212;&#8212;&#8212;&#8212;&#8212;&#8212;&#8212;&#8212;&#8212;<\/p>\n\n\n\n<p><strong><em>Delegacia de Pol\u00edcia Civil <\/em><\/strong><em><strong>de S\u00e3o Miguel do Tapuio<\/strong><\/em><\/p>\n\n\n\n<p>DELEGADO: Isac Navarro Carvalho Borges Martins<\/p>\n\n\n\n<p>ENDERE\u00c7O: Avenida Dinha Arag\u00e3o, 304, Centro, S\u00e3o Miguel do Tapuio-PI<\/p>\n\n\n\n<p>EMAIL: dp.smt@pc.pi.gov.br<\/p>\n\n\n\n<p>CIRCUNSCRI\u00c7\u00c3O: S\u00e3o Miguel do Tapuio-PI e Assun\u00e7\u00e3o do Piau\u00ed-PI<\/p>\n\n\n\n<p>&#8212;&#8212;&#8212;&#8212;&#8212;&#8212;&#8212;&#8212;&#8212;&#8212;&#8212;&#8212;&#8212;&#8212;&#8212;&#8212;&#8212;&#8212;&#8212;&#8212;&#8212;&#8212;&#8212;&#8212;&#8212;&#8212;&#8212;&#8212;&#8212;&#8212;&#8211;<\/p>\n\n\n\n<p><strong><em>Delegacia de Pol\u00edcia Civil de Capit\u00e3o de Campos<\/em><\/strong><\/p>\n\n\n\n<p>DELEGADO: Carlos Alberto Jorge Junior<\/p>\n\n\n\n<p>ENDERE\u00c7O: Avenida Santos Drumond, 351, Centro, Capit\u00e3o de Campos-PI<\/p>\n\n\n\n<p>EMAIL: dp.capitaodecampos@pc.pi.gov.br<\/p>\n\n\n\n<p>CIRCUNSCRI\u00c7\u00c3O: Capit\u00e3o de Campos-PI  e Cocal de Telha-PI<\/p>\n\n\n\n<p><\/p>\n<\/div><\/div><\/div><\/div><\/div><\/div>\n\n\n\n<div class=\"wp-block-ugb-accordion ugb-accordion ugb-90911b1 ugb-accordion--v2 ugb-accordion--design-basic ugb-main-block\" aria-expanded=\"false\"><div class=\"ugb-inner-block\"><div class=\"ugb-block-content\"><div class=\"ugb-accordion__item\"><div class=\"ugb-accordion__heading\" role=\"button\" tabindex=\"0\"><h4 class=\"ugb-accordion__title\">DELEGACIA SECCIONAL DE BARRAS<\/h4><svg xmlns=\"http:\/\/www.w3.org\/2000\/svg\" viewBox=\"0 0 20 20\" class=\"ugb-accordion__arrow\" width=\"20\" height=\"20\"><path d=\"M16.7 3.3L10 10 3.3 3.4 0 6.7l10 10v-.1l10-9.9z\"><\/path><\/svg><\/div><div class=\"ugb-accordion__content\" role=\"region\"><div class=\"ugb-accordion__content-inner\">\n<p><strong>DELEGADO SECCIONAL: <\/strong>Welder Paulo de Melo Lima<\/p>\n\n\n\n<p><strong>CIRCUNSCRI\u00c7\u00c3O: Barras-PI, Boa Hora-PI e Cabeceiras do Piau\u00ed-PI<\/strong><\/p>\n\n\n\n<p>EMAIL: seccional.barras@pc.pi.gov.br<\/p>\n\n\n\n<p><\/p>\n\n\n\n<p>Abrange:<\/p>\n\n\n\n<p><em><strong>1\u00aa Delegacia de Pol\u00edcia Civil de Barras<\/strong><\/em><\/p>\n\n\n\n<p>DELEGADA: Elaine da Silva Costa<\/p>\n\n\n\n<p>ENDERE\u00c7O: Av. Pinheiro Machado, S\/N, Centro, Barras-PI, CEP 64100-000.<\/p>\n\n\n\n<p>EMAIL: 1dp.barras@pc.pi.gov.br<\/p>\n\n\n\n<p>&#8212;&#8212;&#8212;&#8212;&#8212;&#8212;&#8212;&#8212;&#8212;&#8212;&#8212;&#8212;&#8212;&#8212;&#8212;&#8212;&#8212;&#8212;&#8212;&#8212;&#8212;&#8212;&#8212;&#8212;&#8212;&#8212;&#8212;&#8212;-<\/p>\n\n\n\n<p><strong><em>2\u00aa <\/em><\/strong><em><strong>Delegacia de Pol\u00edcia Civil de Barras<\/strong><\/em><\/p>\n\n\n\n<p>DELEGADO: Welder Paulo de Melo Lima<\/p>\n\n\n\n<p>ENDERE\u00c7O: Av. Pinheiro Machado, S\/N, Centro, Barras-PI, CEP: 64100-000<\/p>\n\n\n\n<p>EMAIL: 2dp.barras@pc.pi.gov.br<\/p>\n\n\n\n<p>&#8212;&#8212;&#8212;&#8212;&#8212;&#8212;&#8212;&#8212;&#8212;&#8212;&#8212;&#8212;&#8212;&#8212;&#8212;&#8212;&#8212;&#8212;&#8212;&#8212;&#8212;&#8212;&#8212;&#8212;&#8212;&#8212;&#8212;<\/p>\n\n\n\n<p><em style=\"font-weight: bold\">Divis\u00e3o de Atendimento \u00e0 Mulher e aos Grupos Vulner\u00e1veis<\/em> <strong><em>&#8211; Barras<\/em><\/strong><\/p>\n\n\n\n<p>DELEGADA: Elaine da Silva Costa<\/p>\n\n\n\n<p>ENDERE\u00c7O: Av. Pinheiro Machado, S\/N, Centro, Barras-PI, CEP: 64100-000<\/p>\n\n\n\n<p>EMAIL: deamgv.barras@pc.pi.gov.br<\/p>\n\n\n\n<p>&#8212;&#8212;&#8212;&#8212;&#8212;&#8212;&#8212;&#8212;&#8212;&#8212;&#8212;&#8212;&#8212;&#8212;&#8212;&#8212;&#8212;&#8212;&#8212;&#8212;&#8212;&#8212;&#8212;&#8212;&#8212;&#8212;&#8212;<\/p>\n\n\n\n<p><em><strong>Delegacia de Pol\u00edcia Civil de Porto<\/strong><\/em><\/p>\n\n\n\n<p>DELEGADO: Antonio Alves de Sousa<\/p>\n\n\n\n<p>ENDERE\u00c7O: Pra\u00e7a Afonso Silva, 278, Centro, Porto-PI, CEP 64145-000.<\/p>\n\n\n\n<p>EMAIL: dp.porto@pc.pi.gov.br<\/p>\n\n\n\n<p>CIRCUNSCRI\u00c7\u00c3O: Porto-PI, Campo Largo-PI e Nossa Senhora dos Rem\u00e9dios-PI<\/p>\n<\/div><\/div><\/div><\/div><\/div><\/div>\n\n\n\n<div class=\"wp-block-ugb-accordion ugb-accordion ugb-699abc1 ugb-accordion--v2 ugb-accordion--design-basic ugb-main-block\" aria-expanded=\"false\"><div class=\"ugb-inner-block\"><div class=\"ugb-block-content\"><div class=\"ugb-accordion__item\"><div class=\"ugb-accordion__heading\" role=\"button\" tabindex=\"0\"><h4 class=\"ugb-accordion__title\">DELEGACIA SECCIONAL DE ESPERANTINA<\/h4><svg xmlns=\"http:\/\/www.w3.org\/2000\/svg\" viewBox=\"0 0 20 20\" class=\"ugb-accordion__arrow\" width=\"20\" height=\"20\"><path d=\"M16.7 3.3L10 10 3.3 3.4 0 6.7l10 10v-.1l10-9.9z\"><\/path><\/svg><\/div><div class=\"ugb-accordion__content\" role=\"region\"><div class=\"ugb-accordion__content-inner\">\n<p><strong>DELEGADO SECCIONAL: <\/strong>Ar\u00e3o Lob\u00e3o Veras Neto<\/p>\n\n\n\n<p><strong>CIRCUNSCRI\u00c7\u00c3O: <\/strong>Esperantina-PI e Morro do Chap\u00e9u-PI<\/p>\n\n\n\n<p>EMAIL: seccional.esperantina@pc.pi.gov.br<\/p>\n\n\n\n<p><\/p>\n\n\n\n<p>Abrange:<\/p>\n\n\n\n<p><strong><em>Delegacia de Pol\u00edcia Civil de Esperantina<\/em><\/strong><\/p>\n\n\n\n<p>DELEGADO: Ar\u00e3o Lob\u00e3o Veras Neto<\/p>\n\n\n\n<p>ENDERE\u00c7O: Av. Petr\u00f4nio Portela, 1179, Centro, Esperantina-PI, CEP 64180-000<\/p>\n\n\n\n<p>EMAIL: dp.esperantina@pc.pi.gov.br<\/p>\n\n\n\n<p>&#8212;&#8212;&#8212;&#8212;&#8212;&#8212;&#8212;&#8212;&#8212;&#8212;&#8212;&#8212;&#8212;&#8212;&#8212;&#8212;&#8212;&#8212;&#8212;&#8212;&#8212;&#8212;&#8212;&#8212;&#8212;&#8212;&#8212;<\/p>\n\n\n\n<p><strong><em>Delegacia Especializada no Atendimento \u00e0 Mulher e aos Grupos Vulner\u00e1veis<\/em><\/strong> <strong><em>(DEAMGV\/Esperantina)<\/em><\/strong><\/p>\n\n\n\n<p>DELEGADO: Ar\u00e3o Lob\u00e3o Veras Neto<\/p>\n\n\n\n<p>ENDERE\u00c7O: Av. Petr\u00f4nio Portela, 1179, Centro, Esperantina-PI, CEP 64180-000<\/p>\n\n\n\n<p>EMAIL: deamgv.esperantina@pc.pi.gov.br<\/p>\n\n\n\n<p>&#8212;&#8212;&#8212;&#8212;&#8212;&#8212;&#8212;&#8212;&#8212;&#8212;&#8212;&#8212;&#8212;&#8212;&#8212;&#8212;&#8212;&#8212;&#8212;&#8212;&#8212;&#8212;&#8212;&#8212;&#8212;&#8212;&#8212;<\/p>\n\n\n\n<p><strong><em>Delegacia de Pol\u00edcia Civil de Luzil\u00e2ndia<\/em><\/strong><\/p>\n\n\n\n<p>DELEGADO: Erivando de Mendon\u00e7a Silva<\/p>\n\n\n\n<p>ENDERE\u00c7O: Rua Hugo de Castro, S\/N, Centro, Luzil\u00e2ndia-PI, CEP 64160-000<\/p>\n\n\n\n<p>EMAIL: dp.luzilandia@pc.pi.gov.br<\/p>\n\n\n\n<p>CIRCUNSCRI\u00c7\u00c3O: Luzil\u00e2ndia-PI, Madeiro-PI, Joca Marques-PI e Joaquim Pires-PI<\/p>\n\n\n\n<p>&#8212;&#8212;&#8212;&#8212;&#8212;&#8212;&#8212;&#8212;&#8212;&#8212;&#8212;&#8212;&#8212;&#8212;&#8212;&#8212;&#8212;&#8212;&#8212;&#8212;&#8212;&#8212;&#8212;&#8212;&#8212;&#8212;&#8212;<\/p>\n\n\n\n<p><strong><em>Delegacia de Pol\u00edcia Civil de Matias Ol\u00edmpio<\/em><\/strong><\/p>\n\n\n\n<p>DELEGADO: Leandro Damasceno e Silva<\/p>\n\n\n\n<p>ENDERE\u00c7O: Rua Manoel Oliveira, S\/N, Centro, Matias Ol\u00edmpio-PI, CEP 64150-000<\/p>\n\n\n\n<p>EMAIL: dp.matiasolimpio@pc.pi.gov.br<\/p>\n\n\n\n<p>CIRCUNSCRI\u00c7\u00c3O: Matias Ol\u00edmpio-PI e S\u00e3o Jo\u00e3o do Arraial-PI<\/p>\n\n\n\n<p><\/p>\n\n\n\n<p>&#8212;&#8212;&#8212;&#8212;&#8212;&#8212;&#8212;&#8212;&#8212;&#8212;&#8212;&#8212;&#8212;&#8212;&#8212;&#8212;&#8212;&#8212;&#8212;&#8212;&#8212;&#8212;&#8212;&#8212;&#8212;&#8212;&#8212;<\/p>\n\n\n\n<p><strong><em>Delegacia de Pol\u00edcia Civil de Batalha<\/em><\/strong><\/p>\n\n\n\n<p>DELEGADO: Welder Paulo de Melo Lima<\/p>\n\n\n\n<p>ENDERE\u00c7O: Av. Get\u00falio Vargas, 270, Centro, Batalha-PI, CEP 64190-000<\/p>\n\n\n\n<p>EMAIL: dp.batalha@pc.pi.gov.br<\/p>\n\n\n\n<p>CIRCUNSCRI\u00c7\u00c3O: Batalha-PI<\/p>\n<\/div><\/div><\/div><\/div><\/div><\/div>\n\n\n\n<div class=\"wp-block-ugb-accordion ugb-accordion ugb-62f219d ugb-accordion--v2 ugb-accordion--design-basic ugb-main-block\" aria-expanded=\"false\"><div class=\"ugb-inner-block\"><div class=\"ugb-block-content\"><div class=\"ugb-accordion__item\"><div class=\"ugb-accordion__heading\" role=\"button\" tabindex=\"0\"><h4 class=\"ugb-accordion__title\">DELEGACIA SECCIONAL DE PAULISTANA<\/h4><svg xmlns=\"http:\/\/www.w3.org\/2000\/svg\" viewBox=\"0 0 20 20\" class=\"ugb-accordion__arrow\" width=\"20\" height=\"20\"><path d=\"M16.7 3.3L10 10 3.3 3.4 0 6.7l10 10v-.1l10-9.9z\"><\/path><\/svg><\/div><div class=\"ugb-accordion__content\" role=\"region\"><div class=\"ugb-accordion__content-inner\">\n<p><strong>DELEGADO SECCIONAL: <\/strong>Juarez Paiva Ribeiro Neto<\/p>\n\n\n\n<p><strong>CIRCUNSCRI\u00c7\u00c3O: Paulistana-PI, Acau\u00e3-PI, Bet\u00e2nia do Piau\u00ed-PI, Jacobina do Piau\u00ed-PI, Queimada Nova-PI<\/strong><\/p>\n\n\n\n<p>EMAIL: seccional.paulistana@pc.pi.gov.br<\/p>\n\n\n\n<p><\/p>\n\n\n\n<p>Abrange:<\/p>\n\n\n\n<p><strong><em>Delegacia de Pol\u00edcia Civil de Paulistana<\/em><\/strong><\/p>\n\n\n\n<p>DELEGADO: Juarez Paiva Ribeiro Neto<\/p>\n\n\n\n<p>ENDERE\u00c7O: Av. Marechal Deodoro, 159, Centro, Paulistana-PI, CEP 64750-000<\/p>\n\n\n\n<p>EMAIL: dp.paulistana@pc.pi.gov.br<\/p>\n\n\n\n<p>&#8212;&#8212;&#8212;&#8212;&#8212;&#8212;&#8212;&#8212;&#8212;&#8212;&#8212;&#8212;&#8212;&#8212;&#8212;&#8212;&#8212;&#8212;&#8212;&#8212;&#8212;&#8212;&#8212;&#8212;&#8212;&#8212;&#8212;<\/p>\n\n\n\n<p><strong><em><strong><em>Delegacia Especializada no Atendimento \u00e0 Mulher e aos Grupos Vulner\u00e1veis<\/em><\/strong> (<strong>DEAMGV<\/strong><\/em><\/strong>\/<strong><em>Paulistana)<\/em><\/strong><\/p>\n\n\n\n<p>DELEGADA: T\u00e2nia Gon\u00e7alves de Miranda<\/p>\n\n\n\n<p>ENDERE\u00c7O: Av. Marechal Deodoro, 159, Centro, Paulistana-PI, CEP 64750-000<\/p>\n\n\n\n<p>EMAIL: deamgv.paulistana@pc.pi.gov.br<\/p>\n\n\n\n<p>&#8212;&#8212;&#8212;&#8212;&#8212;&#8212;&#8212;&#8212;&#8212;&#8212;&#8212;&#8212;&#8212;&#8212;&#8212;&#8212;&#8212;&#8212;&#8212;&#8212;&#8212;&#8212;&#8212;&#8212;&#8212;&#8212;&#8212;<\/p>\n\n\n\n<p><strong><em>Delegacia de Pol\u00edcia Civil de Sim\u00f5es<\/em><\/strong><\/p>\n\n\n\n<p>DELEGADO: Juarez Paiva Ribeiro Neto<\/p>\n\n\n\n<p>ENDERE\u00c7O: Rua Jos\u00e9 Dias, 299, Centro, Sim\u00f5es-PI, CEP 64585-000<\/p>\n\n\n\n<p>EMAIL: dp.simoes@pc.pi.gov.br<\/p>\n\n\n\n<p>CIRCUNSCRI\u00c7\u00c3O: Sim\u00f5es-PI, Caridade do Piau\u00ed-PI e Curral Novo do Piau\u00ed-PI<\/p>\n\n\n\n<p>&#8212;&#8212;&#8212;&#8212;&#8212;&#8212;&#8212;&#8212;&#8212;&#8212;&#8212;&#8212;&#8212;&#8212;&#8212;&#8212;&#8212;&#8212;&#8212;&#8212;&#8212;&#8212;&#8212;&#8212;&#8212;&#8212;&#8212;<\/p>\n\n\n\n<p><strong><em>Delegacia de Pol\u00edcia Civil <\/em><\/strong><em><strong>de Jaic\u00f3s<\/strong><\/em><\/p>\n\n\n\n<p>DELEGADO: Marcelo Barreto Bastos Filho<\/p>\n\n\n\n<p>ENDERE\u00c7O: Av. Aristides Mendes, 536, Bairro Serran\u00f3polis, Jaic\u00f3s-PI, CEP 64575-000<\/p>\n\n\n\n<p>EMAIL: dp.jaicos@pc.pi.gov.br<\/p>\n\n\n\n<p>CIRCUNSCRI\u00c7\u00c3O: Jaic\u00f3s-PI, Massap\u00ea do Piau\u00ed-PI, Patos do Piau\u00ed-PI, Padre Marcos-PI e Bel\u00e9m do Piau\u00ed-PI<\/p>\n\n\n\n<p>&#8212;&#8212;&#8212;&#8212;&#8212;&#8212;&#8212;&#8212;&#8212;&#8212;&#8212;&#8212;&#8212;&#8212;&#8212;&#8212;&#8212;&#8212;&#8212;&#8212;&#8212;&#8212;&#8212;&#8212;&#8212;&#8212;&#8212;<\/p>\n\n\n\n<p><strong><em>Delegacia de Pol\u00edcia Civil <\/em><\/strong><em><strong>de Marcol\u00e2ndia<\/strong><\/em><\/p>\n\n\n\n<p>DELEGADA: Thainah de Souza Teixeira<\/p>\n\n\n\n<p>ENDERE\u00c7O: Rua Jo\u00e3o Gabriel de Oliveira, S\/N, Centro, Marcol\u00e2ndia-PI<\/p>\n\n\n\n<p>EMAIL: dp.marcolandia@pc.pi.gov.br<\/p>\n\n\n\n<p>CIRCUNSCRI\u00c7\u00c3O: Marcol\u00e2ndia-PI, Caldeir\u00e3o Grande do Piau\u00ed-PI e Francisco Macedo-PI<\/p>\n<\/div><\/div><\/div><\/div><\/div><\/div>\n\n\n\n<div class=\"wp-block-ugb-accordion ugb-accordion ugb-1488552 ugb-accordion--v2 ugb-accordion--design-basic ugb-main-block\" aria-expanded=\"false\"><div class=\"ugb-inner-block\"><div class=\"ugb-block-content\"><div class=\"ugb-accordion__item\"><div class=\"ugb-accordion__heading\" role=\"button\" tabindex=\"0\"><h4 class=\"ugb-accordion__title\">DELEGACIA SECCIONAL DE VALEN\u00c7A<\/h4><svg xmlns=\"http:\/\/www.w3.org\/2000\/svg\" viewBox=\"0 0 20 20\" class=\"ugb-accordion__arrow\" width=\"20\" height=\"20\"><path d=\"M16.7 3.3L10 10 3.3 3.4 0 6.7l10 10v-.1l10-9.9z\"><\/path><\/svg><\/div><div class=\"ugb-accordion__content\" role=\"region\"><div class=\"ugb-accordion__content-inner\">\n<p><strong>DELEGADO SECCIONAL: <\/strong>Maycon Jesus Silva Braga<\/p>\n\n\n\n<p><strong>CIRCUNSCRI\u00c7\u00c3O: Valen\u00e7a do Piau\u00ed-PI, Lagoa do S\u00edtio-PI, Novo Oriente do Piau\u00ed-PI e Aroazes-PI<\/strong><\/p>\n\n\n\n<p><\/p>\n\n\n\n<p><strong><em>Delegacia de Pol\u00edcia Civil de Valen\u00e7a<\/em><\/strong><\/p>\n\n\n\n<p>DELEGADO: Maycon Jesus Silva Braga<\/p>\n\n\n\n<p>ENDERE\u00c7O: Rua Epaminondas Nogueira, S\/N, Centro, Valen\u00e7a-PI, CEP 64300-000<\/p>\n\n\n\n<p>EMAIL: dp.valenca@pc.pi.gov.br<\/p>\n\n\n\n<p>&#8212;&#8212;&#8212;&#8212;&#8212;&#8212;&#8212;&#8212;&#8212;&#8212;&#8212;&#8212;&#8212;&#8212;&#8212;&#8212;&#8212;&#8212;&#8212;&#8212;&#8212;&#8212;&#8212;&#8212;&#8212;&#8212;&#8212;<\/p>\n\n\n\n<p><strong><em><strong><em>Delegacia Especializada no Atendimento \u00e0 Mulher e aos Grupos Vulner\u00e1veis<\/em><\/strong> (<strong>DEAMGV<\/strong><\/em><\/strong>\/<strong><em>Valen\u00e7a)<\/em><\/strong><\/p>\n\n\n\n<p>DELEGADO: Fabio Vieira Rodrigues<\/p>\n\n\n\n<p>ENDERE\u00c7O: Rua Epaminondas Nogueira, S\/N, Centro, Valen\u00e7a-PI, CEP 64300-000<\/p>\n\n\n\n<p>EMAIL: deamgv.valenca@pc.pi.gov.br<\/p>\n\n\n\n<p>&#8212;&#8212;&#8212;&#8212;&#8212;&#8212;&#8212;&#8212;&#8212;&#8212;&#8212;&#8212;&#8212;&#8212;&#8212;&#8212;&#8212;&#8212;&#8212;&#8212;&#8212;&#8212;&#8212;&#8212;&#8212;&#8212;&#8212;<\/p>\n\n\n\n<p><strong><em>Delegacia de Pol\u00edcia Civil de Inhuma<\/em><\/strong><\/p>\n\n\n\n<p>DELEGADO: Fabio Vieira Rodrigues<\/p>\n\n\n\n<p>ENDERE\u00c7O: Rua Duque de Caxias, 846, Centro, Inhuma-PI, CEP 64305-000<\/p>\n\n\n\n<p>EMAIL: dp.inhuma@pc.pi.gov.br<\/p>\n\n\n\n<p>CIRCUNSCRI\u00c7\u00c3O: Inhuma-PI, Pimenteiras-PI e Ipiranga do Piau\u00ed-PI.<\/p>\n\n\n\n<p>&#8212;&#8212;&#8212;&#8212;&#8212;&#8212;&#8212;&#8212;&#8212;&#8212;&#8212;&#8212;&#8212;&#8212;&#8212;&#8212;&#8212;&#8212;&#8212;&#8212;&#8212;&#8212;&#8212;&#8212;&#8212;&#8212;&#8212;<\/p>\n\n\n\n<p><strong><em>Delegacia de Pol\u00edcia Civil de Elesb\u00e3o Veloso<\/em><\/strong><\/p>\n\n\n\n<p>DELEGADO: Felipe Emanuel de Queiroz Britto Andrade<\/p>\n\n\n\n<p>ENDERE\u00c7O: Rua Costa Alvarenga, S\/N, Pi\u00e7arra,&nbsp;Elesb\u00e3o Veloso-PI, CEP 64325-000<\/p>\n\n\n\n<p>EMAIL: dp.elesbaoveloso@pc.pi.gov.br<\/p>\n\n\n\n<p>CIRCUNSCRI\u00c7\u00c3O: Elesb\u00e3o Veloso-PI, &nbsp;Francin\u00f3polis-PI, V\u00e1rzea Grande-PI, Barra D\u2019Alc\u00e2ntara-PI e Tanque do Piau\u00ed-PI<\/p>\n<\/div><\/div><\/div><\/div><\/div><\/div>\n\n\n\n<div class=\"wp-block-ugb-accordion ugb-accordion ugb-16ed601 ugb-accordion--v2 ugb-accordion--design-basic ugb-main-block\" aria-expanded=\"false\"><div class=\"ugb-inner-block\"><div class=\"ugb-block-content\"><div class=\"ugb-accordion__item\"><div class=\"ugb-accordion__heading\" role=\"button\" tabindex=\"0\"><h4 class=\"ugb-accordion__title\">DELEGACIA SECCIONAL DE CANTO DO BURITI<\/h4><svg xmlns=\"http:\/\/www.w3.org\/2000\/svg\" viewBox=\"0 0 20 20\" class=\"ugb-accordion__arrow\" width=\"20\" height=\"20\"><path d=\"M16.7 3.3L10 10 3.3 3.4 0 6.7l10 10v-.1l10-9.9z\"><\/path><\/svg><\/div><div class=\"ugb-accordion__content\" role=\"region\"><div class=\"ugb-accordion__content-inner\">\n<p><strong>DELEGADO SECCIONAL: <\/strong>Vinicius de Sousa Araujo<\/p>\n\n\n\n<p><strong>CIRCUNSCRI\u00c7\u00c3O: Canto do Buriti-PI, Brejo do Piau\u00ed-PI, Tamboril do Piau\u00ed-PI e Paje\u00fa do Piau\u00ed-PI<\/strong><\/p>\n\n\n\n<p>EMAIL: seccional.cantodoburiti@pc.pi.gov.br<\/p>\n\n\n\n<p><\/p>\n\n\n\n<p>Abrange:<\/p>\n\n\n\n<p><strong><em>Delegacia de Pol\u00edcia Civil de Canto do Buriti<\/em><\/strong><\/p>\n\n\n\n<p>DELEGADO: Vinicius de Sousa Araujo<\/p>\n\n\n\n<p>ENDERE\u00c7O: Av. Get\u00falio Vargas, S\/N, Santa Luzia, Canto do Buriti-PI, CEP 64840-000<\/p>\n\n\n\n<p>EMAIL: dp.cantodoburiti@pc.pi.gov.br<\/p>\n\n\n\n<p>&#8212;&#8212;&#8212;&#8212;&#8212;&#8212;&#8212;&#8212;&#8212;&#8212;&#8212;&#8212;&#8212;&#8212;&#8212;&#8212;&#8212;&#8212;&#8212;&#8212;&#8212;&#8212;&#8212;&#8212;&#8212;&#8212;&#8212;<\/p>\n\n\n\n<p><strong><em><strong><em>Delegacia Especializada no Atendimento \u00e0 Mulher e aos Grupos Vulner\u00e1veis<\/em><\/strong> (<strong>DEAMGV<\/strong><\/em><\/strong>\/<strong><em>Canto do Buriti<\/em><\/strong>)<\/p>\n\n\n\n<p>DELEGADA: Am\u00e1ria da Silva Sousa<\/p>\n\n\n\n<p>ENDERE\u00c7O: Av. Get\u00falio Vargas, S\/N, Santa Luzia, Canto do Buriti-PI, CEP 64840-000<\/p>\n\n\n\n<p>EMAIL: deamgv.cantodoburiti@pc.pi.gov.br<\/p>\n\n\n\n<p>&#8212;&#8212;&#8212;&#8212;&#8212;&#8212;&#8212;&#8212;&#8212;&#8212;&#8212;&#8212;&#8212;&#8212;&#8212;&#8212;&#8212;&#8212;&#8212;&#8212;&#8212;&#8212;&#8212;&#8212;&#8212;&#8212;&#8212;<\/p>\n\n\n\n<p><strong><em>Delegacia de Pol\u00edcia Civil de Itaueira<\/em><\/strong><\/p>\n\n\n\n<p>DELEGADO: Vinicius de Sousa Araujo<\/p>\n\n\n\n<p>ENDERE\u00c7O: Travessa Marcos Gomes, S\/N, Centro, Itaueira-PI, CEP 64820-000<\/p>\n\n\n\n<p>EMAIL: dp.itaueira@pc.pi.gov.br<\/p>\n\n\n\n<p>CIRCUNSCRI\u00c7\u00c3O: Itaueira-PI, Rio Grande do Piau\u00ed-PI, Flores do Piau\u00ed-PI e Pavuss\u00fa-PI<\/p>\n<\/div><\/div><\/div><\/div><\/div><\/div>\n\n\n\n<p><\/p>\n\n\n\n<p><\/p>\n\n\n\n<p><\/p>\n","protected":false},"excerpt":{"rendered":"<p>DELEGADO SECCIONAL: Abimael de Sousa Silva CIRCUNSCRI\u00c7\u00c3O: Ilha Grande e Parna\u00edba, quando a ocorr\u00eancia tenha se dado ao lado esquerdo da BR-343 EMAIL: 1seccional.parnaiba@pc.pi.gov.br Abrange: 1\u00aa Delegacia de Pol\u00edcia Civil [&hellip;]<\/p>\n","protected":false},"author":1,"featured_media":0,"parent":0,"menu_order":0,"comment_status":"closed","ping_status":"closed","template":"template-fullwidth.php","meta":[],"featured_image_urls":{"full":"","thumbnail":"","medium":"","medium_large":"","large":"","sgg-420":"","sgg-540":"","sgg-780":"","1536x1536":"","2048x2048":"","homepage-slider":"","homepage-slider-small":"","page-top":"","page-small":"","loop-main":"","thumb-gallery-widget":""},"post_excerpt_stackable":"<p>1\u00aa DELEGACIA SECCIONAL DE PARNA\u00cdBA DELEGADO SECCIONAL: Abimael de Sousa Silva CIRCUNSCRI\u00c7\u00c3O: Ilha Grande e Parna\u00edba, quando a ocorr\u00eancia tenha se dado ao lado esquerdo da BR-343 EMAIL: 1seccional.parnaiba@pc.pi.gov.br Abrange: 1\u00aa Delegacia de Pol\u00edcia Civil de Parna\u00edba DELEGADO: Willams de Sousa Pinheiro ENDERE\u00c7O: Rua Francisco Severiano, s\/n, S\u00e3o Francisco, Parna\u00edba-PI, CEP 64200-000 EMAIL: 1dp.phb@pc.pi.gov.br &#8212;&#8212;&#8212;&#8212;&#8212;&#8212;&#8212;&#8212;&#8212;&#8212;&#8212;&#8212;&#8212;&#8212;&#8212;&#8212;&#8212;&#8212;&#8212;&#8212;&#8212;&#8212;&#8212;&#8212;&#8212;&#8212;&#8212;&#8212;&#8212;&#8212;&#8212; 1\u00aa Delegacia Especializada em Crimes contra o Patrim\u00f4nio (1\u00aa Depatri\/PHB) DELEGADO: Aldely Fontineli de Sousa ENDERE\u00c7O: Rua Francisco Severiano, S\/N, S\u00e3o Francisco, Parna\u00edba-PI, CEP 64200-000 EMAILS: 1depatri.parnaiba@pc.pi.gov.br&nbsp; \/ depatri.phb@pc.pi.gov.br &#8212;&#8212;&#8212;&#8212;&#8212;&#8212;&#8212;&#8212;&#8212;&#8212;&#8212;&#8212;&#8212;&#8212;&#8212;&#8212;&#8212;&#8212;&#8212;&#8212;&#8212;&#8212;&#8212;&#8212;&#8212;&#8212;&#8212;&#8212;&#8212;&#8212;&#8212; 1\u00aa Divis\u00e3o de Homic\u00eddios e Prote\u00e7\u00e3o \u00e0 Pessoa de Parna\u00edba (1\u00aa DHPP\/PHB) DELEGADO: Abimael de&hellip;<\/p>\n","category_list":"","author_info":{"name":"admin","url":"https:\/\/portal.pi.gov.br\/pc\/author\/admin\/"},"comments_num":"0 coment\u00e1rio","featured_image_urls_v2":{"full":"","thumbnail":"","medium":"","medium_large":"","large":"","sgg-420":"","sgg-540":"","sgg-780":"","1536x1536":"","2048x2048":"","homepage-slider":"","homepage-slider-small":"","page-top":"","page-small":"","loop-main":"","thumb-gallery-widget":""},"post_excerpt_stackable_v2":"<p>1\u00aa DELEGACIA SECCIONAL DE PARNA\u00cdBA DELEGADO SECCIONAL: Abimael de Sousa Silva CIRCUNSCRI\u00c7\u00c3O: Ilha Grande e Parna\u00edba, quando a ocorr\u00eancia tenha se dado ao lado esquerdo da BR-343 EMAIL: 1seccional.parnaiba@pc.pi.gov.br Abrange: 1\u00aa Delegacia de Pol\u00edcia Civil de Parna\u00edba DELEGADO: Willams de Sousa Pinheiro ENDERE\u00c7O: Rua Francisco Severiano, s\/n, S\u00e3o Francisco, Parna\u00edba-PI, CEP 64200-000 EMAIL: 1dp.phb@pc.pi.gov.br &#8212;&#8212;&#8212;&#8212;&#8212;&#8212;&#8212;&#8212;&#8212;&#8212;&#8212;&#8212;&#8212;&#8212;&#8212;&#8212;&#8212;&#8212;&#8212;&#8212;&#8212;&#8212;&#8212;&#8212;&#8212;&#8212;&#8212;&#8212;&#8212;&#8212;&#8212; 1\u00aa Delegacia Especializada em Crimes contra o Patrim\u00f4nio (1\u00aa Depatri\/PHB) DELEGADO: Aldely Fontineli de Sousa ENDERE\u00c7O: Rua Francisco Severiano, S\/N, S\u00e3o Francisco, Parna\u00edba-PI, CEP 64200-000 EMAILS: 1depatri.parnaiba@pc.pi.gov.br&nbsp; \/ depatri.phb@pc.pi.gov.br &#8212;&#8212;&#8212;&#8212;&#8212;&#8212;&#8212;&#8212;&#8212;&#8212;&#8212;&#8212;&#8212;&#8212;&#8212;&#8212;&#8212;&#8212;&#8212;&#8212;&#8212;&#8212;&#8212;&#8212;&#8212;&#8212;&#8212;&#8212;&#8212;&#8212;&#8212; 1\u00aa Divis\u00e3o de Homic\u00eddios e Prote\u00e7\u00e3o \u00e0 Pessoa de Parna\u00edba (1\u00aa DHPP\/PHB) DELEGADO: Abimael de&hellip;<\/p>\n","category_list_v2":"","author_info_v2":{"name":"admin","url":"https:\/\/portal.pi.gov.br\/pc\/author\/admin\/"},"comments_num_v2":"0 coment\u00e1rio","_links":{"self":[{"href":"https:\/\/portal.pi.gov.br\/pc\/wp-json\/wp\/v2\/pages\/1504"}],"collection":[{"href":"https:\/\/portal.pi.gov.br\/pc\/wp-json\/wp\/v2\/pages"}],"about":[{"href":"https:\/\/portal.pi.gov.br\/pc\/wp-json\/wp\/v2\/types\/page"}],"author":[{"embeddable":true,"href":"https:\/\/portal.pi.gov.br\/pc\/wp-json\/wp\/v2\/users\/1"}],"replies":[{"embeddable":true,"href":"https:\/\/portal.pi.gov.br\/pc\/wp-json\/wp\/v2\/comments?post=1504"}],"version-history":[{"count":246,"href":"https:\/\/portal.pi.gov.br\/pc\/wp-json\/wp\/v2\/pages\/1504\/revisions"}],"predecessor-version":[{"id":17000,"href":"https:\/\/portal.pi.gov.br\/pc\/wp-json\/wp\/v2\/pages\/1504\/revisions\/17000"}],"wp:attachment":[{"href":"https:\/\/portal.pi.gov.br\/pc\/wp-json\/wp\/v2\/media?parent=1504"}],"curies":[{"name":"wp","href":"https:\/\/api.w.org\/{rel}","templated":true}]}}