{"id":953,"date":"2023-06-26T08:37:01","date_gmt":"2023-06-26T11:37:01","guid":{"rendered":"https:\/\/portal.pi.gov.br\/sada\/?page_id=953"},"modified":"2026-08-19T10:42:14","modified_gmt":"2026-08-19T13:42:14","slug":"licitacoes","status":"publish","type":"page","link":"https:\/\/portal.pi.gov.br\/sada\/licitacoes\/","title":{"rendered":"Licita\u00e7\u00f5es"},"content":{"rendered":"\n<p><\/p>\n\n\n\n<p class=\"has-text-align-center\"><strong>19\/08\/2026<\/strong><\/p>\n\n\n\n<p class=\"has-text-align-center\"><a rel=\"noreferrer noopener\" href=\"https:\/\/portal.pi.gov.br\/sada\/wp-content\/uploads\/sites\/80\/2026\/08\/SEI_0025909894_Aviso_15.pdf\" target=\"_blank\"><strong><span style=\"color: #f70819\" class=\"stk-highlight\">AVISO DE CONVOCA\u00c7\u00c3O DE INTERESSADOS<\/span><\/strong><\/a><\/p>\n\n\n\n<p><\/p>\n\n\n\n<p><strong>PROCESSO:<\/strong> 00240.003702\/2025-89<\/p>\n\n\n\n<p><strong>OBJETO<\/strong>: Aquisi\u00e7\u00e3o de 09 (nove)\u00a0Notebook.<\/p>\n\n\n\n<p><strong>PRAZO DA CONVOCA\u00c7\u00c3O:<\/strong> DE 19\/08\/2026 AT\u00c9 25\/08\/2026<\/p>\n\n\n\n<p><\/p>\n\n\n\n<p class=\"has-text-align-center\"><strong>12\/08\/2026<\/strong><\/p>\n\n\n\n<p><strong>PROCESSO:<\/strong> 00240.001206\/2026-71<\/p>\n\n\n\n<p><strong>OBJETO<\/strong>:  Contrata\u00e7\u00e3o de empresa para a execu\u00e7\u00e3o da\u00a0OBRA de\u00a0<strong>4.894,20 m\u00b2 Pavimenta\u00e7\u00e3o em Paralelep\u00edpedo<\/strong>, referente \u00e0\u00a0zona rural do\u00a0<strong>munic\u00edpio de AN\u00cdSIO DE ABREU &#8211; P<\/strong>I.<\/p>\n\n\n\n<p><a href=\"https:\/\/portal.pi.gov.br\/sada\/wp-content\/uploads\/sites\/80\/2026\/08\/SEI_0025805173_Edital_01.pdf\" target=\"_blank\" rel=\"noreferrer noopener\">EDITAL<\/a><\/p>\n\n\n\n<p><a href=\"https:\/\/portal.pi.gov.br\/sada\/wp-content\/uploads\/sites\/80\/2026\/08\/SEI_0025812508_Termo_de_Referencia.pdf\" target=\"_blank\" rel=\"noreferrer noopener\">TERMO DE REFER\u00caNCIA<\/a><\/p>\n\n\n\n<p><a href=\"https:\/\/portal.pi.gov.br\/sada\/wp-content\/uploads\/sites\/80\/2026\/08\/SEI_0024639218_Minuta_de_Contrato.pdf\" target=\"_blank\" rel=\"noreferrer noopener\">MINUTA DE CONTRATO<\/a><\/p>\n\n\n\n<p><a href=\"https:\/\/portal.pi.gov.br\/sada\/wp-content\/uploads\/sites\/80\/2026\/08\/SEI_0024063306_Justificativa_127.pdf\" target=\"_blank\" rel=\"noreferrer noopener\">CADERNO DE JUSTIFICATIVAS<\/a><\/p>\n\n\n\n<p><a href=\"https:\/\/portal.pi.gov.br\/sada\/wp-content\/uploads\/sites\/80\/2026\/08\/SEI_0025805306_Edital_anexos.pdf\" target=\"_blank\" rel=\"noreferrer noopener\">ANEXOS DO EDITAL<\/a><\/p>\n\n\n\n<p><a rel=\"noreferrer noopener\" href=\"https:\/\/portal.pi.gov.br\/sada\/wp-content\/uploads\/sites\/80\/2026\/08\/PROJETO-BASICO.pdf\" target=\"_blank\">PROJETO B\u00c1SICO<\/a><\/p>\n\n\n\n<p><\/p>\n\n\n\n<p class=\"has-text-align-center\"><strong>11\/08\/2026<\/strong><\/p>\n\n\n\n<p><strong>PROCESSO:<\/strong> 00240.002382\/2025-40<\/p>\n\n\n\n<p><strong>OBJETO<\/strong>:  Contrata\u00e7\u00e3o de empresa para a execu\u00e7\u00e3o da obra de&nbsp;constru\u00e7\u00e3o de&nbsp;<strong>1 CAMPO DE FUTEBOL n<\/strong>o munic\u00edpio de&nbsp;<strong>CURRALINHO- PI.<\/strong><\/p>\n\n\n\n<p><a href=\"https:\/\/portal.pi.gov.br\/sada\/wp-content\/uploads\/sites\/80\/2026\/08\/Edital-16.pdf\" target=\"_blank\" rel=\"noreferrer noopener\">EDITAL<\/a><\/p>\n\n\n\n<p><a href=\"https:\/\/portal.pi.gov.br\/sada\/wp-content\/uploads\/sites\/80\/2026\/08\/PB-2.pdf\" target=\"_blank\" rel=\"noreferrer noopener\">PROJETO B\u00c1SICO<\/a><\/p>\n\n\n\n<p><a href=\"https:\/\/portal.pi.gov.br\/sada\/wp-content\/uploads\/sites\/80\/2026\/08\/TR-13.pdf\" target=\"_blank\" rel=\"noreferrer noopener\">TERMO DE REFER\u00caNCIA<\/a><\/p>\n\n\n\n<p><a href=\"https:\/\/portal.pi.gov.br\/sada\/wp-content\/uploads\/sites\/80\/2026\/08\/minuta-de-contrato-27.pdf\" target=\"_blank\" rel=\"noreferrer noopener\">MINUTA DE CONTRATO<\/a><\/p>\n\n\n\n<p><a href=\"https:\/\/portal.pi.gov.br\/sada\/wp-content\/uploads\/sites\/80\/2026\/08\/ORCAMENTO_CAMPO_SOCIETY_CURRALINHOS___SEM_DESONERACAO.xlsx\" target=\"_blank\" rel=\"noreferrer noopener\">PLANILHA OR\u00c7AMENT\u00c1RIA<\/a><\/p>\n\n\n\n<p><\/p>\n\n\n\n<p class=\"has-text-align-center\"><strong>07\/08\/2026<\/strong><\/p>\n\n\n\n<p><strong>PROCESSO:<\/strong> 00240.001208\/2026-61<\/p>\n\n\n\n<p><strong>OBJETO<\/strong>:  Contrata\u00e7\u00e3o de empresa para a execu\u00e7\u00e3o da&nbsp;OBRA de&nbsp;<strong>4.734,00 m\u00b2 Pavimenta\u00e7\u00e3o em Paralelep\u00edpedo<\/strong>, referente \u00e0&nbsp;zona rural do&nbsp;<strong>munic\u00edpio de BONFIM DO PIAU\u00cd &#8211; PI.<\/strong><\/p>\n\n\n\n<p><a href=\"https:\/\/portal.pi.gov.br\/sada\/wp-content\/uploads\/sites\/80\/2026\/08\/Edital-15.pdf\" target=\"_blank\" rel=\"noreferrer noopener\">EDITAL<\/a><\/p>\n\n\n\n<p><a href=\"https:\/\/portal.pi.gov.br\/sada\/wp-content\/uploads\/sites\/80\/2026\/08\/TR-12.pdf\" target=\"_blank\" rel=\"noreferrer noopener\">TERMO DE REFER\u00caNCIA<\/a><\/p>\n\n\n\n<p><a href=\"https:\/\/portal.pi.gov.br\/sada\/wp-content\/uploads\/sites\/80\/2026\/08\/PB-1.pdf\" target=\"_blank\" rel=\"noreferrer noopener\">PROJETO B\u00c1SICO<\/a><\/p>\n\n\n\n<p><a href=\"https:\/\/portal.pi.gov.br\/sada\/wp-content\/uploads\/sites\/80\/2026\/08\/minuta-de-contrato-26.pdf\" target=\"_blank\" rel=\"noreferrer noopener\">MINUTA DE CONTRATO<\/a><\/p>\n\n\n\n<p><a href=\"https:\/\/portal.pi.gov.br\/sada\/wp-content\/uploads\/sites\/80\/2026\/08\/anexos-do-edital-17.pdf\" target=\"_blank\" rel=\"noreferrer noopener\">ANEXOS DO EDITAL<\/a><\/p>\n\n\n\n<p><a rel=\"noreferrer noopener\" href=\"https:\/\/portal.pi.gov.br\/sada\/wp-content\/uploads\/sites\/80\/2026\/08\/ORCAMENTO_PAVIMENTACAO_EM_PARALELEPIPERO_BONFIM_DO_PIAUI___ONERADO.xls\" target=\"_blank\">PLANILHAS OR\u00c7AMENT\u00c1RIA<\/a><\/p>\n\n\n\n<p><\/p>\n\n\n\n<p class=\"has-text-align-center\"><strong>06\/08\/2026<\/strong><\/p>\n\n\n\n<p><strong>PROCESSO:<\/strong> 00240.003563\/2025-93<\/p>\n\n\n\n<p><strong>OBJETO<\/strong>:  Contrata\u00e7\u00e3o de empresa para a execu\u00e7\u00e3o da&nbsp;obra de&nbsp;<strong>6.985,00<\/strong>&nbsp;<strong>m\u00b2 Pavimenta\u00e7\u00e3o em Paralelep\u00edpedo<\/strong>, referente \u00e0&nbsp;zona rural do&nbsp;<strong>munic\u00edpio de S\u00e3o Jo\u00e3o da Fronteira &#8211; PI.<\/strong><\/p>\n\n\n\n<p><a href=\"https:\/\/portal.pi.gov.br\/sada\/wp-content\/uploads\/sites\/80\/2026\/08\/edital-17.pdf\" target=\"_blank\" rel=\"noreferrer noopener\">EDITAL<\/a><\/p>\n\n\n\n<p><a href=\"https:\/\/portal.pi.gov.br\/sada\/wp-content\/uploads\/sites\/80\/2026\/08\/TR-11.pdf\" target=\"_blank\" rel=\"noreferrer noopener\">TERMO DE REFER\u00caNCIA<\/a><\/p>\n\n\n\n<p><a href=\"https:\/\/portal.pi.gov.br\/sada\/wp-content\/uploads\/sites\/80\/2026\/08\/PB.pdf\" target=\"_blank\" rel=\"noreferrer noopener\">PROJETO B\u00c1SICO<\/a><\/p>\n\n\n\n<p><a href=\"https:\/\/portal.pi.gov.br\/sada\/wp-content\/uploads\/sites\/80\/2026\/08\/minuta-de-contrato-25.pdf\" target=\"_blank\" rel=\"noreferrer noopener\">MINUTA DE CONTRATO<\/a><\/p>\n\n\n\n<p><a href=\"https:\/\/portal.pi.gov.br\/sada\/wp-content\/uploads\/sites\/80\/2026\/08\/02___Orcamento_sem_e_com_desoneracao-1.xlsx\" target=\"_blank\" rel=\"noreferrer noopener\">PLANILHAS OR\u00c7AMENT\u00c1RIAS<\/a><\/p>\n\n\n\n<p><a href=\"https:\/\/portal.pi.gov.br\/sada\/wp-content\/uploads\/sites\/80\/2026\/08\/anexos-do-edital-16.pdf\" target=\"_blank\" rel=\"noreferrer noopener\">ANEXOS DO EDITAL<\/a><\/p>\n\n\n\n<p><\/p>\n\n\n\n<p class=\"has-text-align-center\"><strong>31\/07\/2026<\/strong><\/p>\n\n\n\n<p><strong>PROCESSO:<\/strong> 00240.000438\/2026-11<\/p>\n\n\n\n<p><strong>OBJETO<\/strong>:  Contrata\u00e7\u00e3o de empresa para a execu\u00e7\u00e3o da&nbsp;obra de&nbsp;<strong>3.853,00 m\u00b2 Pavimenta\u00e7\u00e3o em Paralelep\u00edpedo,&nbsp;<\/strong>referente \u00e0 zona rural do munic\u00edpio de&nbsp;<strong>TERESINA &#8211; PI.<\/strong><\/p>\n\n\n\n<p><a href=\"https:\/\/portal.pi.gov.br\/sada\/wp-content\/uploads\/sites\/80\/2026\/08\/edital-16.pdf\" target=\"_blank\" rel=\"noreferrer noopener\">EDITAL<\/a><\/p>\n\n\n\n<p><a href=\"https:\/\/portal.pi.gov.br\/sada\/wp-content\/uploads\/sites\/80\/2026\/08\/TR-10.pdf\" target=\"_blank\" rel=\"noreferrer noopener\">TERMO DE REFER\u00caNCIA<\/a><\/p>\n\n\n\n<p><a href=\"https:\/\/portal.pi.gov.br\/sada\/wp-content\/uploads\/sites\/80\/2026\/08\/projeto-basico-7.pdf\" target=\"_blank\" rel=\"noreferrer noopener\">PROJETO B\u00c1SICO<\/a><\/p>\n\n\n\n<p><a href=\"https:\/\/portal.pi.gov.br\/sada\/wp-content\/uploads\/sites\/80\/2026\/08\/minuta-de-contrato-24.pdf\" target=\"_blank\" rel=\"noreferrer noopener\">MINUTA DE CONTRATO<\/a><\/p>\n\n\n\n<p><a href=\"https:\/\/portal.pi.gov.br\/sada\/wp-content\/uploads\/sites\/80\/2026\/08\/02___Orcamento_sem_e_com_desoneracao.xlsx\" target=\"_blank\" rel=\"noreferrer noopener\">PLANILHAS OR\u00c7AMENT\u00c1RIAS<\/a><\/p>\n\n\n\n<p><a href=\"https:\/\/portal.pi.gov.br\/sada\/wp-content\/uploads\/sites\/80\/2026\/08\/anexos-2.pdf\" target=\"_blank\" rel=\"noreferrer noopener\">ANEXOS DO EDITAL<\/a><\/p>\n\n\n\n<p><\/p>\n\n\n\n<p class=\"has-text-align-center\"><strong>15\/07\/2026<\/strong><\/p>\n\n\n\n<p><strong>PROCESSO:<\/strong> 00240.001789\/2026-31<\/p>\n\n\n\n<p><strong>OBJETO<\/strong>:  Contrata\u00e7\u00e3o de empresa para a execu\u00e7\u00e3o da&nbsp;obra de&nbsp;<strong>3.452,00 m\u00b2 Pavimenta\u00e7\u00e3o em Paralelep\u00edpedo<\/strong>, referente \u00e0&nbsp;zona rural do&nbsp;<strong>munic\u00edpio de NAZARIA &#8211; PI.<\/strong><\/p>\n\n\n\n<p><a href=\"https:\/\/portal.pi.gov.br\/sada\/wp-content\/uploads\/sites\/80\/2026\/08\/Edital-14.pdf\" target=\"_blank\" rel=\"noreferrer noopener\">EDITAL<\/a><\/p>\n\n\n\n<p><a href=\"https:\/\/portal.pi.gov.br\/sada\/wp-content\/uploads\/sites\/80\/2026\/08\/Termo-de-ReferEncia-1.pdf\" target=\"_blank\" rel=\"noreferrer noopener\">TERMO DE REFER\u00caNCIA<\/a><\/p>\n\n\n\n<p><a href=\"https:\/\/portal.pi.gov.br\/sada\/wp-content\/uploads\/sites\/80\/2026\/08\/Microsoft-Word-PROJETO-BASICO-2.pdf\" target=\"_blank\" rel=\"noreferrer noopener\">PROJETO B\u00c1SICO<\/a><\/p>\n\n\n\n<p><a href=\"https:\/\/portal.pi.gov.br\/sada\/wp-content\/uploads\/sites\/80\/2026\/08\/minuta-de-contrato-23.pdf\" target=\"_blank\" rel=\"noreferrer noopener\">MINUTA DE CONTRATO<\/a><\/p>\n\n\n\n<p><a href=\"https:\/\/portal.pi.gov.br\/sada\/wp-content\/uploads\/sites\/80\/2026\/08\/anexos-do-edital-15.pdf\" target=\"_blank\" rel=\"noreferrer noopener\">ANEXOS DO EDITAL<\/a><\/p>\n\n\n\n<p><a rel=\"noreferrer noopener\" href=\"https:\/\/portal.pi.gov.br\/sada\/wp-content\/uploads\/sites\/80\/2026\/08\/ORCAMENTO_COM_DESONERACAO.xlsx\" target=\"_blank\">PLANILHAS OR\u00c7AMENT\u00c1RIAS<\/a><\/p>\n\n\n\n<p class=\"has-text-align-center\"><strong>15\/07\/2026<\/strong><\/p>\n\n\n\n<p><strong>PROCESSO:<\/strong> 00240.001315\/2025-16<\/p>\n\n\n\n<p><strong>OBJETO<\/strong>:  Contrata\u00e7\u00e3o de empresa para a execu\u00e7\u00e3o da&nbsp;obra de&nbsp;<strong>4.980,00<\/strong>&nbsp;<strong>m\u00b2 Pavimenta\u00e7\u00e3o em Paralelep\u00edpedo<\/strong>, referente \u00e0&nbsp;zona rural do&nbsp;<strong>munic\u00edpio de Caracol &#8211; PI.<\/strong><\/p>\n\n\n\n<p><a href=\"https:\/\/portal.pi.gov.br\/sada\/wp-content\/uploads\/sites\/80\/2026\/08\/Edital-13.pdf\" target=\"_blank\" rel=\"noreferrer noopener\">EDITAL<\/a><\/p>\n\n\n\n<p><a href=\"https:\/\/portal.pi.gov.br\/sada\/wp-content\/uploads\/sites\/80\/2026\/08\/Termo-de-Referencia-9.pdf\" target=\"_blank\" rel=\"noreferrer noopener\">TERMO DE REFER\u00caNCIA<\/a><\/p>\n\n\n\n<p><a href=\"https:\/\/portal.pi.gov.br\/sada\/wp-content\/uploads\/sites\/80\/2026\/08\/Microsoft-Word-PROJETO-BA\u2020SICO.pdf\" target=\"_blank\" rel=\"noreferrer noopener\">PROJETO B\u00c1SICO<\/a><\/p>\n\n\n\n<p><a href=\"https:\/\/portal.pi.gov.br\/sada\/wp-content\/uploads\/sites\/80\/2026\/08\/minuta-de-contrato-22.pdf\" target=\"_blank\" rel=\"noreferrer noopener\">MINUTA DE CONTRATO<\/a><\/p>\n\n\n\n<p><a href=\"https:\/\/portal.pi.gov.br\/sada\/wp-content\/uploads\/sites\/80\/2026\/08\/anexos-do-edital-14.pdf\" target=\"_blank\" rel=\"noreferrer noopener\">ANEXOS DO EDITAL<\/a><\/p>\n\n\n\n<p><a href=\"https:\/\/portal.pi.gov.br\/sada\/wp-content\/uploads\/sites\/80\/2026\/08\/ORCAMENTO_SEM_DESONERACAO-3.xlsx\" target=\"_blank\" rel=\"noreferrer noopener\">PLANILHAS OR\u00c7AMENT\u00c1RIAS<\/a><\/p>\n\n\n\n<p><\/p>\n\n\n\n<p class=\"has-text-align-center\"><strong>08\/07\/2026<\/strong><\/p>\n\n\n\n<p><strong>PROCESSO:<\/strong> 00240.001606\/2026-87<\/p>\n\n\n\n<p><strong>OBJETO<\/strong>:  Contrata\u00e7\u00e3o de empresa para a execu\u00e7\u00e3o da&nbsp;obra de&nbsp;<strong>2.118,00<\/strong>&nbsp;<strong>m\u00b2 Pavimenta\u00e7\u00e3o em Paralelep\u00edpedo<\/strong>, referente \u00e0&nbsp;zona rural do&nbsp;<strong>munic\u00edpio de Bom Jesus &#8211; PI.<\/strong><\/p>\n\n\n\n<p><a href=\"https:\/\/portal.pi.gov.br\/sada\/wp-content\/uploads\/sites\/80\/2026\/08\/Edital-12.pdf\" target=\"_blank\" rel=\"noreferrer noopener\">EDITAL<\/a><\/p>\n\n\n\n<p><a href=\"https:\/\/portal.pi.gov.br\/sada\/wp-content\/uploads\/sites\/80\/2026\/08\/projeto-basico-6.pdf\" target=\"_blank\" rel=\"noreferrer noopener\">PROJETO B\u00c1SICO<\/a><\/p>\n\n\n\n<p><a href=\"https:\/\/portal.pi.gov.br\/sada\/wp-content\/uploads\/sites\/80\/2026\/08\/Termo-de-ReferEncia.pdf\" target=\"_blank\" rel=\"noreferrer noopener\">TERMO DE REFER\u00caNCIA<\/a><\/p>\n\n\n\n<p><a href=\"https:\/\/portal.pi.gov.br\/sada\/wp-content\/uploads\/sites\/80\/2026\/08\/minuta-de-contrato-21.pdf\" target=\"_blank\" rel=\"noreferrer noopener\">MINUTA DE CONTRATO<\/a><\/p>\n\n\n\n<p><a href=\"https:\/\/portal.pi.gov.br\/sada\/wp-content\/uploads\/sites\/80\/2026\/08\/anexos-do-edital-13.pdf\" target=\"_blank\" rel=\"noreferrer noopener\">ANEXOS DO EDITAL<\/a><\/p>\n\n\n\n<p><a href=\"https:\/\/portal.pi.gov.br\/sada\/wp-content\/uploads\/sites\/80\/2026\/08\/ORCAMENTO_PAVIMENTACAO_BOM_JESUS___COM_DESONERACAO.xlsx\" target=\"_blank\" rel=\"noreferrer noopener\">PLANILHAS OR\u00c7AMENT\u00c1RIAS<\/a><\/p>\n\n\n\n<p><\/p>\n\n\n\n<p class=\"has-text-align-center\"><strong>08\/07\/2026<\/strong><\/p>\n\n\n\n<p><strong>PROCESSO:<\/strong> 00240.001312\/2026-55<\/p>\n\n\n\n<p><strong>OBJETO<\/strong>:  Contrata\u00e7\u00e3o de empresa para a execu\u00e7\u00e3o da obra de&nbsp;<strong>3.913,00<\/strong>&nbsp;<strong>m\u00b2 de pavimenta\u00e7\u00e3o em paralelep\u00edpedo<\/strong>, referente \u00e0&nbsp;zona rural do&nbsp;<strong>munic\u00edpio de Curimat\u00e1 &#8211; PI e&nbsp;3.672,20<\/strong>&nbsp;<strong>m\u00b2 de pavimenta\u00e7\u00e3o em paralelep\u00edpedo<\/strong>, referente \u00e0&nbsp;zona rural do&nbsp;<strong>munic\u00edpio de Ribeiro Gon\u00e7alves &#8211; PI<\/strong>.<\/p>\n\n\n\n<p><a href=\"https:\/\/portal.pi.gov.br\/sada\/wp-content\/uploads\/sites\/80\/2026\/08\/edital-15.pdf\" target=\"_blank\" rel=\"noreferrer noopener\">EDITAL<\/a><\/p>\n\n\n\n<p><a href=\"https:\/\/portal.pi.gov.br\/sada\/wp-content\/uploads\/sites\/80\/2026\/08\/termo-de-referencia-7.pdf\" target=\"_blank\" rel=\"noreferrer noopener\">TERMO DE REFER\u00caNCIA<\/a><\/p>\n\n\n\n<p><a href=\"https:\/\/portal.pi.gov.br\/sada\/wp-content\/uploads\/sites\/80\/2026\/08\/PROJETO_BASICO_COMPLETO___CURIMATA_E_RIBEIRO_GONCALVES__2_.pdf\" target=\"_blank\" rel=\"noreferrer noopener\">PROJETO B\u00c1SICO<\/a><\/p>\n\n\n\n<p><a href=\"https:\/\/portal.pi.gov.br\/sada\/wp-content\/uploads\/sites\/80\/2026\/08\/minuta-de-contrato-20.pdf\" target=\"_blank\" rel=\"noreferrer noopener\">MINUTA DE CONTRATO<\/a><\/p>\n\n\n\n<p><a href=\"https:\/\/portal.pi.gov.br\/sada\/wp-content\/uploads\/sites\/80\/2026\/08\/anexos-do-edital-12.pdf\" target=\"_blank\" rel=\"noreferrer noopener\">ANEXOS DO EDITAL<\/a><\/p>\n\n\n\n<p><a href=\"https:\/\/portal.pi.gov.br\/sada\/wp-content\/uploads\/sites\/80\/2026\/08\/ORCAMENTO_PAVIMENTACAO_CURIMATA_E_RIBEIRO_GONCALVES___SEM_DESONERACAO.xlsx\" target=\"_blank\" rel=\"noreferrer noopener\">PLANILHA OR\u00c7AMENT\u00c1RIA<\/a><\/p>\n\n\n\n<p><\/p>\n\n\n\n<p class=\"has-text-align-center\"><strong>07\/07\/2026<\/strong><\/p>\n\n\n\n<p><strong>PROCESSO:<\/strong> 00240.001632\/2026-13<\/p>\n\n\n\n<p><strong>OBJETO<\/strong>:  Contrata\u00e7\u00e3o de empresa para a execu\u00e7\u00e3o da obra de&nbsp;<strong>3.785,60<\/strong>&nbsp;<strong>m\u00b2 Pavimenta\u00e7\u00e3o em Paralelep\u00edpedo<\/strong>, referente \u00e0&nbsp;zona rural do&nbsp;<strong>munic\u00edpio de Canavieira &#8211; PI<\/strong><\/p>\n\n\n\n<p><a href=\"https:\/\/portal.pi.gov.br\/sada\/wp-content\/uploads\/sites\/80\/2026\/08\/SEI_0025134102_Edital_01.pdf\" target=\"_blank\" rel=\"noreferrer noopener\">EDITAL<\/a><\/p>\n\n\n\n<p><a href=\"https:\/\/portal.pi.gov.br\/sada\/wp-content\/uploads\/sites\/80\/2026\/08\/SEI_0025133495_Termo_de_Referencia.pdf\" target=\"_blank\" rel=\"noreferrer noopener\">TERMO DE REFER\u00caNCIA<\/a><\/p>\n\n\n\n<p><a href=\"https:\/\/portal.pi.gov.br\/sada\/wp-content\/uploads\/sites\/80\/2026\/08\/projeto-basico-5.pdf\" target=\"_blank\" rel=\"noreferrer noopener\">PROJETO B\u00c1SICO<\/a><\/p>\n\n\n\n<p><a href=\"https:\/\/portal.pi.gov.br\/sada\/wp-content\/uploads\/sites\/80\/2026\/08\/minuta-de-contrato-19.pdf\" target=\"_blank\" rel=\"noreferrer noopener\">MINUTA DE CONTRATO<\/a><\/p>\n\n\n\n<p><a href=\"https:\/\/portal.pi.gov.br\/sada\/wp-content\/uploads\/sites\/80\/2026\/08\/ORCAMENTO_PAVIMENTACAO_CANAVIEIRA___COM_DESONERACAO.xlsx\" target=\"_blank\" rel=\"noreferrer noopener\">PLANILHA OR\u00c7AMENT\u00c1RIA<\/a><\/p>\n\n\n\n<p><a rel=\"noreferrer noopener\" href=\"https:\/\/portal.pi.gov.br\/sada\/wp-content\/uploads\/sites\/80\/2026\/08\/anexos-do-edital-11.pdf\" target=\"_blank\">ANEXOS DO EDITAL<\/a><\/p>\n\n\n\n<p class=\"has-text-align-center\"><strong>24\/06\/2026<\/strong><\/p>\n\n\n\n<p><strong>PROCESSO:<\/strong> 00240.001306\/2026-06<\/p>\n\n\n\n<p><strong>OBJETO<\/strong>:  Contrata\u00e7\u00e3o de empresa para a execu\u00e7\u00e3o da&nbsp;<strong>o<\/strong>bra de&nbsp;<strong>2.864,50<\/strong>&nbsp;<strong>m\u00b2 Pavimenta\u00e7\u00e3o em Paralelep\u00edpedo<\/strong>, referente \u00e0&nbsp;zona rural do&nbsp;<strong>munic\u00edpio de Inhuma &#8211; PI.<\/strong><\/p>\n\n\n\n<p><a href=\"https:\/\/portal.pi.gov.br\/sada\/wp-content\/uploads\/sites\/80\/2026\/08\/edital-14.pdf\" target=\"_blank\" rel=\"noreferrer noopener\">EDITAL<\/a><\/p>\n\n\n\n<p><a href=\"https:\/\/portal.pi.gov.br\/sada\/wp-content\/uploads\/sites\/80\/2026\/08\/termo-de-referencia-6.pdf\" target=\"_blank\" rel=\"noreferrer noopener\">TERMO DE REFERENCIA<\/a><\/p>\n\n\n\n<p><a href=\"https:\/\/portal.pi.gov.br\/sada\/wp-content\/uploads\/sites\/80\/2026\/08\/Projeto-Basico-3.pdf\" target=\"_blank\" rel=\"noreferrer noopener\">PROJETO B\u00c1SICO<\/a><\/p>\n\n\n\n<p><a href=\"https:\/\/portal.pi.gov.br\/sada\/wp-content\/uploads\/sites\/80\/2026\/08\/minuta-contrato-5.pdf\" target=\"_blank\" rel=\"noreferrer noopener\">MINUTA DE CONTRATO<\/a><\/p>\n\n\n\n<p><a href=\"https:\/\/portal.pi.gov.br\/sada\/wp-content\/uploads\/sites\/80\/2026\/08\/ORCAMENTO_PAVIMENTACAO_PARALELEPIPEDO_INHUMA_PI___COM_DESONERACAO.xlsx\" target=\"_blank\" rel=\"noreferrer noopener\">PLANILHA OR\u00c7AMENT\u00c1RIA<\/a><\/p>\n\n\n\n<p><a rel=\"noreferrer noopener\" href=\"https:\/\/portal.pi.gov.br\/sada\/wp-content\/uploads\/sites\/80\/2026\/08\/Anexos-do-edital.pdf\" target=\"_blank\">ANEXOS DO EDITAL<\/a><\/p>\n\n\n\n<p class=\"has-text-align-center\"><strong>23\/06\/2026<\/strong><\/p>\n\n\n\n<p><strong>PROCESSO:<\/strong> 00240.001385\/2026-47<\/p>\n\n\n\n<p><strong>OBJETO<\/strong>:  Contrata\u00e7\u00e3o de empresa para a execu\u00e7\u00e3o da&nbsp;obra de&nbsp;<strong>9.914,000<\/strong>&nbsp;<strong>m\u00b2 Pavimenta\u00e7\u00e3o em Paralelep\u00edpedo<\/strong>, referente \u00e0&nbsp;zona rural e urbana do&nbsp;<strong>munic\u00edpio de Capit\u00e3o de Campos &#8211; PI<\/strong>.<\/p>\n\n\n\n<p><a href=\"https:\/\/portal.pi.gov.br\/sada\/wp-content\/uploads\/sites\/80\/2026\/08\/edital-13.pdf\" target=\"_blank\" rel=\"noreferrer noopener\">EDITAL<\/a><\/p>\n\n\n\n<p><a href=\"https:\/\/portal.pi.gov.br\/sada\/wp-content\/uploads\/sites\/80\/2026\/08\/projeto-basico-4.pdf\" target=\"_blank\" rel=\"noreferrer noopener\">PROJETO B\u00c1SICO<\/a><\/p>\n\n\n\n<p><a href=\"https:\/\/portal.pi.gov.br\/sada\/wp-content\/uploads\/sites\/80\/2026\/08\/termo-de-referencia-5.pdf\" target=\"_blank\" rel=\"noreferrer noopener\">TERMO DE REFER\u00caNCIA<\/a><\/p>\n\n\n\n<p><a href=\"https:\/\/portal.pi.gov.br\/sada\/wp-content\/uploads\/sites\/80\/2026\/08\/minuta-de-contrato-18.pdf\" target=\"_blank\" rel=\"noreferrer noopener\">MINUTA DE CONTRATO<\/a><\/p>\n\n\n\n<p><a href=\"https:\/\/portal.pi.gov.br\/sada\/wp-content\/uploads\/sites\/80\/2026\/08\/Anexo_ORCAMENTO_COM_DESONERACAO.xls\" target=\"_blank\" rel=\"noreferrer noopener\">PLANILHA OR\u00c7AMENT\u00c1RIA<\/a><\/p>\n\n\n\n<p><a rel=\"noreferrer noopener\" href=\"https:\/\/portal.pi.gov.br\/sada\/wp-content\/uploads\/sites\/80\/2026\/08\/anexos-do-edital-10.pdf\" target=\"_blank\">ANEXOS DO EDITAL<\/a><\/p>\n\n\n\n<p><\/p>\n\n\n\n<p class=\"has-text-align-center\"><strong>22\/06\/2026<\/strong><\/p>\n\n\n\n<p><strong>PROCESSO:<\/strong> 00240.001266\/2026-94<\/p>\n\n\n\n<p><strong>OBJETO<\/strong>:  Contrata\u00e7\u00e3o de empresa para a execu\u00e7\u00e3o da&nbsp;Obra de&nbsp;<strong>1.792,20<\/strong>&nbsp;<strong>m\u00b2 Pavimenta\u00e7\u00e3o em Paralelep\u00edpedo<\/strong>, referente \u00e0&nbsp;zona urbana do&nbsp;<strong>munic\u00edpio de Capit\u00e3o de campos &#8211; PI.<\/strong><\/p>\n\n\n\n<p><a href=\"https:\/\/portal.pi.gov.br\/sada\/wp-content\/uploads\/sites\/80\/2026\/08\/edital-12.pdf\" target=\"_blank\" rel=\"noreferrer noopener\">EDITAL<\/a><\/p>\n\n\n\n<p><a href=\"https:\/\/portal.pi.gov.br\/sada\/wp-content\/uploads\/sites\/80\/2026\/08\/PROJETO_BASICO_COMPLETO_CAPITAO_DE_CAMPOS.pdf\" target=\"_blank\" rel=\"noreferrer noopener\">PROJETO B\u00c1SICO<\/a><\/p>\n\n\n\n<p><a href=\"https:\/\/portal.pi.gov.br\/sada\/wp-content\/uploads\/sites\/80\/2026\/08\/termo-de-referencia-4.pdf\" target=\"_blank\" rel=\"noreferrer noopener\">TERMO DE REFER\u00caNCIA<\/a><\/p>\n\n\n\n<p><a href=\"https:\/\/portal.pi.gov.br\/sada\/wp-content\/uploads\/sites\/80\/2026\/08\/minuta-do-contrato.pdf\" target=\"_blank\" rel=\"noreferrer noopener\">MINUTA DE CONTRATO<\/a><\/p>\n\n\n\n<p><a href=\"https:\/\/portal.pi.gov.br\/sada\/wp-content\/uploads\/sites\/80\/2026\/08\/anexos-do-edital-9.pdf\" target=\"_blank\" rel=\"noreferrer noopener\">ANEXOS DO EDITAL<\/a><\/p>\n\n\n\n<p><a href=\"https:\/\/portal.pi.gov.br\/sada\/wp-content\/uploads\/sites\/80\/2026\/08\/ORCAMENTO_PAVIMENTACAO_PARALELEPIPEDO_CAPITAO_DE_CAMPOS_PI___COM_DESONERACAO.xlsx\" target=\"_blank\" rel=\"noreferrer noopener\">PLANILHAS OR\u00c7AMENT\u00c1RIAS<\/a><\/p>\n\n\n\n<p class=\"has-text-align-center\"><strong>17\/06\/2026<\/strong><\/p>\n\n\n\n<p><strong>PROCESSO:<\/strong> 00240.001143\/2026-53<\/p>\n\n\n\n<p><strong>OBJETO<\/strong>:  Contrata\u00e7\u00e3o de empresa para a execu\u00e7\u00e3o da&nbsp;Obra&nbsp;<strong>de execu\u00e7\u00e3o de 3.402,00 m\u00b2 Pavimenta\u00e7\u00e3o em Paralelep\u00edpedo<\/strong>, referente \u00e0&nbsp;zona urbana do&nbsp;<strong>munic\u00edpio de Col\u00f4nia do Gurgu\u00e9ia &#8211; PI.<\/strong><\/p>\n\n\n\n<p><a href=\"https:\/\/portal.pi.gov.br\/sada\/wp-content\/uploads\/sites\/80\/2026\/08\/Edital-11.pdf\" target=\"_blank\" rel=\"noreferrer noopener\">EDITAL<\/a><\/p>\n\n\n\n<p><a href=\"https:\/\/portal.pi.gov.br\/sada\/wp-content\/uploads\/sites\/80\/2026\/08\/TR-9.pdf\" target=\"_blank\" rel=\"noreferrer noopener\">TERMO DE REFER\u00caNCIA<\/a><\/p>\n\n\n\n<p><a href=\"https:\/\/portal.pi.gov.br\/sada\/wp-content\/uploads\/sites\/80\/2026\/08\/Microsoft-Word-PROJETO-BASICO-1.pdf\" target=\"_blank\" rel=\"noreferrer noopener\">PROJETO B\u00c1SICO<\/a><\/p>\n\n\n\n<p><a href=\"https:\/\/portal.pi.gov.br\/sada\/wp-content\/uploads\/sites\/80\/2026\/08\/minuta-contrato-4.pdf\" target=\"_blank\" rel=\"noreferrer noopener\">MINUTA DE CONTRATO<\/a><\/p>\n\n\n\n<p><a href=\"https:\/\/portal.pi.gov.br\/sada\/wp-content\/uploads\/sites\/80\/2026\/08\/anexos-1.pdf\" target=\"_blank\" rel=\"noreferrer noopener\">ANEXOS DO EDITAL<\/a><\/p>\n\n\n\n<p><a rel=\"noreferrer noopener\" href=\"https:\/\/portal.pi.gov.br\/sada\/wp-content\/uploads\/sites\/80\/2026\/08\/ORCAMENTO_CALCAMENTO_COLONIA_DO_GURGUEIA___DESONERADO-1.xls\" target=\"_blank\">PLANILHAS OR\u00c7AMENT\u00c1RIAS<\/a><\/p>\n\n\n\n<p><\/p>\n\n\n\n<p class=\"has-text-align-center\"><strong>09\/06\/2026<\/strong><\/p>\n\n\n\n<p><strong>PROCESSO:<\/strong> 00240.000272\/2026-24<\/p>\n\n\n\n<p><strong>OBJETO<\/strong>:  Contrata\u00e7\u00e3o de empresa para a execu\u00e7\u00e3o da obra&nbsp;<strong>de execu\u00e7\u00e3o de 2.478,00 m\u00b2 Pavimenta\u00e7\u00e3o em Paralelep\u00edpedo<\/strong>, referente \u00e0&nbsp;zona rural do&nbsp;<strong>munic\u00edpio de An\u00edsio de Abreu-PI.<\/strong><\/p>\n\n\n\n<p><a href=\"https:\/\/portal.pi.gov.br\/sada\/wp-content\/uploads\/sites\/80\/2026\/08\/edital-11.pdf\" target=\"_blank\" rel=\"noreferrer noopener\">EDITAL<\/a><\/p>\n\n\n\n<p><a href=\"https:\/\/portal.pi.gov.br\/sada\/wp-content\/uploads\/sites\/80\/2026\/08\/TR-8.pdf\" target=\"_blank\" rel=\"noreferrer noopener\">TERMO DE REFER\u00caNCIA<\/a><\/p>\n\n\n\n<p><a href=\"https:\/\/portal.pi.gov.br\/sada\/wp-content\/uploads\/sites\/80\/2026\/08\/Microsoft-Word-PROJETO-BASICO.pdf\" target=\"_blank\" rel=\"noreferrer noopener\">PROJETO B\u00c1SICO<\/a><\/p>\n\n\n\n<p><a href=\"https:\/\/portal.pi.gov.br\/sada\/wp-content\/uploads\/sites\/80\/2026\/08\/Microsoft-Word-PROJETO-BASICO.pdf\" target=\"_blank\" rel=\"noreferrer noopener\">MINUTA DO CONTRATO<\/a><\/p>\n\n\n\n<p><a href=\"https:\/\/portal.pi.gov.br\/sada\/wp-content\/uploads\/sites\/80\/2026\/08\/ORCAMENTO_CALCAMENTO_ANISIO_DE_ABREU___DESONERADO-1.xls\" target=\"_blank\" rel=\"noreferrer noopener\">PLANILHA OR\u00c7AMENT\u00c1RIA<\/a><\/p>\n\n\n\n<p><a rel=\"noreferrer noopener\" href=\"https:\/\/portal.pi.gov.br\/sada\/wp-content\/uploads\/sites\/80\/2026\/08\/anexos-do-edital-8.pdf\" target=\"_blank\">ANEXOS DO EDITAL<\/a><\/p>\n\n\n\n<p><\/p>\n\n\n\n<p class=\"has-text-align-center\"><strong>08\/06\/2026<\/strong><\/p>\n\n\n\n<p><strong>PROCESSO:<\/strong> 00240.002646\/2025-65<\/p>\n\n\n\n<p><strong>OBJETO<\/strong>:  Contrata\u00e7\u00e3o de empresa para a execu\u00e7\u00e3o da&nbsp;<strong>Obra de Implanta\u00e7\u00e3o de 5 (cinco) sistemas de Abastecimento de \u00e1gua<\/strong>&nbsp;em comunidades rurais nos munic\u00edpios de&nbsp;<strong>S\u00e3o Raimundo Nonato e Rio Grande do Piau\u00ed<\/strong>.<\/p>\n\n\n\n<p><a href=\"https:\/\/portal.pi.gov.br\/sada\/wp-content\/uploads\/sites\/80\/2026\/08\/Edital-10.pdf\" target=\"_blank\" rel=\"noreferrer noopener\">EDITAL<\/a><\/p>\n\n\n\n<p><a href=\"https:\/\/portal.pi.gov.br\/sada\/wp-content\/uploads\/sites\/80\/2026\/08\/projeto-executivo.pdf\" target=\"_blank\" rel=\"noreferrer noopener\">PLANTA BAIXA<\/a><\/p>\n\n\n\n<p><a href=\"https:\/\/portal.pi.gov.br\/sada\/wp-content\/uploads\/sites\/80\/2026\/08\/minuta-de-contrato-16.pdf\" target=\"_blank\" rel=\"noreferrer noopener\">MINUTA DE CONTRATO<\/a><\/p>\n\n\n\n<p><a href=\"https:\/\/portal.pi.gov.br\/sada\/wp-content\/uploads\/sites\/80\/2026\/08\/Microsoft-Word-PROJETO-BASICO-DE-ENGENHARIA.pdf\" target=\"_blank\" rel=\"noreferrer noopener\">PROJETO B\u00c1SICO<\/a><\/p>\n\n\n\n<p><a href=\"https:\/\/portal.pi.gov.br\/sada\/wp-content\/uploads\/sites\/80\/2026\/08\/anexos-do-edital-7.pdf\" target=\"_blank\" rel=\"noreferrer noopener\">ANEXOS DO EDITAL<\/a><\/p>\n\n\n\n<p><a rel=\"noreferrer noopener\" href=\"https:\/\/portal.pi.gov.br\/sada\/wp-content\/uploads\/sites\/80\/2026\/08\/ORCAMENTO_SEM_DESONERACAO-2.xls\" target=\"_blank\">PLANILHA OR\u00c7AMENT\u00c1RIA<\/a><\/p>\n\n\n\n<p><\/p>\n\n\n\n<p class=\"has-text-align-center\"><strong>08\/06\/2026<\/strong><\/p>\n\n\n\n<p><strong>PROCESSO:<\/strong> 00240.002348\/2024-94<\/p>\n\n\n\n<p><strong>OBJETO<\/strong>:  Contrata\u00e7\u00e3o de empresa para a execu\u00e7\u00e3o da&nbsp;<strong>Obra de Implanta\u00e7\u00e3o de 5 (cinco) sistemas de Abastecimento de \u00e1gua<\/strong>&nbsp;em comunidades rurais nos munic\u00edpios de&nbsp;<strong>S\u00e3o Raimundo Nonato e Rio Grande do Piau\u00ed<\/strong>.<\/p>\n\n\n\n<p><a href=\"https:\/\/portal.pi.gov.br\/sada\/wp-content\/uploads\/sites\/80\/2026\/08\/edital-10.pdf\" target=\"_blank\" rel=\"noreferrer noopener\">EDITAL<\/a><\/p>\n\n\n\n<p><a href=\"https:\/\/portal.pi.gov.br\/sada\/wp-content\/uploads\/sites\/80\/2026\/08\/projeto-basico-3.pdf\" target=\"_blank\" rel=\"noreferrer noopener\">PROJETO B\u00c1SICO<\/a><\/p>\n\n\n\n<p><a href=\"https:\/\/portal.pi.gov.br\/sada\/wp-content\/uploads\/sites\/80\/2026\/08\/minuta-de-contrato-15.pdf\" target=\"_blank\" rel=\"noreferrer noopener\">MINUTA DE CONTRATO<\/a><\/p>\n\n\n\n<p><a href=\"https:\/\/portal.pi.gov.br\/sada\/wp-content\/uploads\/sites\/80\/2026\/08\/TR-7.pdf\" target=\"_blank\" rel=\"noreferrer noopener\">TERMO DE REFER\u00caNCIA<\/a><\/p>\n\n\n\n<p><a href=\"https:\/\/portal.pi.gov.br\/sada\/wp-content\/uploads\/sites\/80\/2026\/08\/anexos-do-edital-6.pdf\" target=\"_blank\" rel=\"noreferrer noopener\">ANEXOS DO EDITAL<\/a><\/p>\n\n\n\n<p class=\"has-text-align-center\"><strong>08\/06\/2026<\/strong><\/p>\n\n\n\n<p><strong>PROCESSO:<\/strong> 00240.001926\/2025-56<\/p>\n\n\n\n<p><strong>OBJETO<\/strong>:  Contrata\u00e7\u00e3o de empresa para a execu\u00e7\u00e3o da obra&nbsp;<strong>de execu\u00e7\u00e3o de 7.074,00&nbsp;m\u00b2 Pavimenta\u00e7\u00e3o em Paralelep\u00edpedo<\/strong>, referente \u00e0&nbsp;zona urbana&nbsp;do&nbsp;<strong>munic\u00edpio de S\u00c3O RAIMUNDO NONATO&nbsp;&#8211; PI.<\/strong><\/p>\n\n\n\n<p><a href=\"https:\/\/portal.pi.gov.br\/sada\/wp-content\/uploads\/sites\/80\/2026\/08\/edital-9.pdf\" target=\"_blank\" rel=\"noreferrer noopener\">EDITAL<\/a><\/p>\n\n\n\n<p><a href=\"https:\/\/portal.pi.gov.br\/sada\/wp-content\/uploads\/sites\/80\/2026\/08\/TR-6.pdf\" target=\"_blank\" rel=\"noreferrer noopener\">TERMO DE REFERENCIA<\/a><\/p>\n\n\n\n<p><a href=\"https:\/\/portal.pi.gov.br\/sada\/wp-content\/uploads\/sites\/80\/2026\/08\/minuta-de-contrato-14.pdf\" target=\"_blank\" rel=\"noreferrer noopener\">MINUTA DE CONTRATO<\/a><\/p>\n\n\n\n<p><a href=\"https:\/\/portal.pi.gov.br\/sada\/wp-content\/uploads\/sites\/80\/2026\/08\/Anexo_PROJETO_BASICO-6.pdf\" target=\"_blank\" rel=\"noreferrer noopener\">PROJETO B\u00c1SICO<\/a><\/p>\n\n\n\n<p><a href=\"https:\/\/portal.pi.gov.br\/sada\/wp-content\/uploads\/sites\/80\/2026\/08\/Anexo_ORCAMENTO___DESONERADO.xlsx\" target=\"_blank\" rel=\"noreferrer noopener\">PLANILHA OR\u00c7AMENT\u00c1RIA<\/a><\/p>\n\n\n\n<p><a href=\"https:\/\/portal.pi.gov.br\/sada\/wp-content\/uploads\/sites\/80\/2026\/08\/anexos.pdf\" target=\"_blank\" rel=\"noreferrer noopener\">ANEXOS DO EDITAL<\/a><\/p>\n\n\n\n<p><\/p>\n\n\n\n<p><\/p>\n\n\n\n<p class=\"has-text-align-center\"><strong>05\/06\/2026<\/strong><\/p>\n\n\n\n<p><strong>PROCESSO:<\/strong> 00240.002129\/2025-96<\/p>\n\n\n\n<p><strong>OBJETO<\/strong>:  Contrata\u00e7\u00e3o de empresa para a execu\u00e7\u00e3o da obra&nbsp;<strong>de execu\u00e7\u00e3o de 4.998,00 m\u00b2&nbsp;Pavimenta\u00e7\u00e3o em Paralelep\u00edpedo, referente \u00e0s ruas na zona urbana do munic\u00edpio de S\u00c3O JULI\u00c3O&nbsp; &#8211; PI.<\/strong><\/p>\n\n\n\n<p><a href=\"https:\/\/portal.pi.gov.br\/sada\/wp-content\/uploads\/sites\/80\/2026\/08\/Edital-9.pdf\" target=\"_blank\" rel=\"noreferrer noopener\">EDITAL<\/a><\/p>\n\n\n\n<p><a href=\"https:\/\/portal.pi.gov.br\/sada\/wp-content\/uploads\/sites\/80\/2026\/08\/Projeto-Basico-2.pdf\" target=\"_blank\" rel=\"noreferrer noopener\">PROJETO B\u00c1SICO<\/a><\/p>\n\n\n\n<p><a href=\"https:\/\/portal.pi.gov.br\/sada\/wp-content\/uploads\/sites\/80\/2026\/08\/minuta-contrato-3.pdf\" target=\"_blank\" rel=\"noreferrer noopener\">MINUTA DE CONTRATO<\/a><\/p>\n\n\n\n<p><a href=\"https:\/\/portal.pi.gov.br\/sada\/wp-content\/uploads\/sites\/80\/2026\/08\/TR-5.pdf\" target=\"_blank\" rel=\"noreferrer noopener\">TERMO DE REFER\u00caNCIA<\/a><\/p>\n\n\n\n<p><a href=\"https:\/\/portal.pi.gov.br\/sada\/wp-content\/uploads\/sites\/80\/2026\/08\/orcamento.pdf\" target=\"_blank\" rel=\"noreferrer noopener\">PLANILHA OR\u00c7AMENT\u00c1RIA<\/a><\/p>\n\n\n\n<p><a href=\"https:\/\/portal.pi.gov.br\/sada\/wp-content\/uploads\/sites\/80\/2026\/08\/anexos-do-edital-5.pdf\" target=\"_blank\" rel=\"noreferrer noopener\">ANEXOS DO EDITAL<\/a><\/p>\n\n\n\n<p><\/p>\n\n\n\n<p class=\"has-text-align-center\"><strong>01\/06\/2026<\/strong><\/p>\n\n\n\n<p><strong>PROCESSO:<\/strong> 00240.002345\/2024-51<\/p>\n\n\n\n<p><strong>OBJETO<\/strong>:  Contrata\u00e7\u00e3o de empresa para a execu\u00e7\u00e3o do servi\u00e7o de engenharia para a OBRA de&nbsp;<strong>IMPLANTA\u00c7\u00c3O DE 6 (SEIS) SISTEMAS DE ABASTECIMENTO DE \u00c1GUA EM COMUNIDADES RURAIS DOS MUNIC\u00cdPIOS DE BREJO DO PIAU\u00cd, CARACOL E SOCORRO DO PIAU\u00cd NO ESTADO DO PIAU\u00cd<\/strong><\/p>\n\n\n\n<p><a href=\"https:\/\/portal.pi.gov.br\/sada\/wp-content\/uploads\/sites\/80\/2026\/08\/EDital-3.pdf\" target=\"_blank\" rel=\"noreferrer noopener\">EDITAL<\/a><\/p>\n\n\n\n<p><a href=\"https:\/\/portal.pi.gov.br\/sada\/wp-content\/uploads\/sites\/80\/2026\/08\/TR-4.pdf\" target=\"_blank\" rel=\"noreferrer noopener\">TERMO DE REFER\u00caNCIA<\/a><\/p>\n\n\n\n<p><a href=\"https:\/\/portal.pi.gov.br\/sada\/wp-content\/uploads\/sites\/80\/2026\/08\/minuta-de-contrato-13.pdf\" target=\"_blank\" rel=\"noreferrer noopener\">MINUTA DE CONTRATO<\/a><\/p>\n\n\n\n<p><a href=\"https:\/\/portal.pi.gov.br\/sada\/wp-content\/uploads\/sites\/80\/2026\/08\/projeto-basico-2.pdf\" target=\"_blank\" rel=\"noreferrer noopener\">PROJETO B\u00c1SICO<\/a><\/p>\n\n\n\n<p><a href=\"https:\/\/portal.pi.gov.br\/sada\/wp-content\/uploads\/sites\/80\/2026\/08\/ORCAMENTO_SEM_DESONERACAO-1.xls\" target=\"_blank\" rel=\"noreferrer noopener\">PLANILHA OR\u00c7AMENT\u00c1RIA<\/a><\/p>\n\n\n\n<p><\/p>\n\n\n\n<p class=\"has-text-align-center\"><strong>01\/06\/2026<\/strong><\/p>\n\n\n\n<p><strong>PROCESSO:<\/strong>00240.002422\/2025-53<\/p>\n\n\n\n<p><strong>OBJETO<\/strong>: Contrata\u00e7\u00e3o de empresa para a execu\u00e7\u00e3o da obra de&nbsp;<strong>900,00 m\u00b2 de cal\u00e7ada \/ passeio em concreto<\/strong>, no&nbsp;<strong>munic\u00edpio de TERESINA &#8211; PI.<\/strong><\/p>\n\n\n\n<p><a href=\"https:\/\/portal.pi.gov.br\/sada\/wp-content\/uploads\/sites\/80\/2026\/08\/EDital-2.pdf\" target=\"_blank\" rel=\"noreferrer noopener\">EDITAL<\/a><\/p>\n\n\n\n<p><a href=\"https:\/\/portal.pi.gov.br\/sada\/wp-content\/uploads\/sites\/80\/2026\/08\/minuta-contrato-2.pdf\" target=\"_blank\" rel=\"noreferrer noopener\">MINUTA DE CONTRATO<\/a><\/p>\n\n\n\n<p><a href=\"https:\/\/portal.pi.gov.br\/sada\/wp-content\/uploads\/sites\/80\/2026\/08\/TR-3.pdf\" target=\"_blank\" rel=\"noreferrer noopener\">TERMO DE REFER\u00caNCIA<\/a><\/p>\n\n\n\n<p><a href=\"https:\/\/portal.pi.gov.br\/sada\/wp-content\/uploads\/sites\/80\/2026\/08\/Projeto-Basico-1.pdf\" target=\"_blank\" rel=\"noreferrer noopener\">PROJETO B\u00c1SICO<\/a><\/p>\n\n\n\n<p><a rel=\"noreferrer noopener\" href=\"https:\/\/portal.pi.gov.br\/sada\/wp-content\/uploads\/sites\/80\/2026\/08\/CALCADA_NO_POVOADO_BOA_HORA___SEM_DESONERACAO.xlsx\" target=\"_blank\">PLANILHA OR\u00c7AMENT\u00c1RIA<\/a><\/p>\n\n\n\n<p class=\"has-text-align-center\"><strong>28\/05\/2026<\/strong><\/p>\n\n\n\n<p><strong>PROCESSO:<\/strong>00240.001204\/2026-82<\/p>\n\n\n\n<p><strong>OBJETO<\/strong>: Contrata\u00e7\u00e3o de empresa para a execu\u00e7\u00e3o da&nbsp;Obra&nbsp;<strong>de execu\u00e7\u00e3o de 6.242,96 m\u00b2 de Pavimenta\u00e7\u00e3o em Paralelep\u00edpedo<\/strong>, referente \u00e0&nbsp;zona urbana do&nbsp;<strong>munic\u00edpio de ALTOS &#8211; PI.<\/strong><\/p>\n\n\n\n<p><a href=\"https:\/\/portal.pi.gov.br\/sada\/wp-content\/uploads\/sites\/80\/2026\/08\/edital-8.pdf\" target=\"_blank\" rel=\"noreferrer noopener\">EDITAL<\/a><\/p>\n\n\n\n<p><a rel=\"noreferrer noopener\" href=\"https:\/\/portal.pi.gov.br\/sada\/wp-content\/uploads\/sites\/80\/2026\/08\/TR-2.pdf\" target=\"_blank\">TERMO DE REFER\u00caNCIA<\/a><\/p>\n\n\n\n<p><a href=\"https:\/\/portal.pi.gov.br\/sada\/wp-content\/uploads\/sites\/80\/2026\/08\/minuta-de-contrato-12.pdf\" target=\"_blank\" rel=\"noreferrer noopener\">MINUTA DE CONTRATO<\/a><\/p>\n\n\n\n<p><a href=\"https:\/\/portal.pi.gov.br\/sada\/wp-content\/uploads\/sites\/80\/2026\/08\/projeto-basico-1.pdf\" target=\"_blank\" rel=\"noreferrer noopener\">PROJETO B\u00c1SICO<\/a><\/p>\n\n\n\n<p><a rel=\"noreferrer noopener\" href=\"https:\/\/portal.pi.gov.br\/sada\/wp-content\/uploads\/sites\/80\/2026\/08\/Anexo_ORCAMENTO_SEM_DESONERACAO.xlsx\" target=\"_blank\">PLANILHA OR\u00c7AMENT\u00c1RIA<\/a><\/p>\n\n\n\n<p class=\"has-text-align-center\"><strong>26\/05\/2026<\/strong><\/p>\n\n\n\n<p><strong>PROCESSO:<\/strong> 00240.000174\/2026-97<\/p>\n\n\n\n<p><strong>OBJETO<\/strong>: Contrata\u00e7\u00e3o de empresa para a execu\u00e7\u00e3o&nbsp;da obra de<strong>&nbsp;<\/strong>constru\u00e7\u00e3o de&nbsp;<strong>1 CAMPO SOCIETY NO BAIRRO BAIXA DAS CARNA\u00daBAS&nbsp;<\/strong>no munic\u00edpio de&nbsp;<strong>ALTO LONG\u00c1 &#8211; PI.<\/strong><\/p>\n\n\n\n<p><a href=\"https:\/\/portal.pi.gov.br\/sada\/wp-content\/uploads\/sites\/80\/2026\/08\/edital-7.pdf\" target=\"_blank\" rel=\"noreferrer noopener\">EDITAL<\/a><\/p>\n\n\n\n<p><a href=\"https:\/\/portal.pi.gov.br\/sada\/wp-content\/uploads\/sites\/80\/2026\/08\/tr.pdf\" target=\"_blank\" rel=\"noreferrer noopener\">TERMO DE REFER\u00caNCIA<\/a><\/p>\n\n\n\n<p><a href=\"https:\/\/portal.pi.gov.br\/sada\/wp-content\/uploads\/sites\/80\/2026\/08\/minuta-de-contrato-11.pdf\" target=\"_blank\" rel=\"noreferrer noopener\">MINUTA DE CONTRATO<\/a><\/p>\n\n\n\n<p><a href=\"https:\/\/portal.pi.gov.br\/sada\/wp-content\/uploads\/sites\/80\/2026\/08\/Anexo_PROJETO_BASICO-5.pdf\" target=\"_blank\" rel=\"noreferrer noopener\">PROJETO B\u00c1SICO<\/a><\/p>\n\n\n\n<p><a rel=\"noreferrer noopener\" href=\"https:\/\/portal.pi.gov.br\/sada\/wp-content\/uploads\/sites\/80\/2026\/08\/ORCAMENTO_ONERADO.xlsx\" target=\"_blank\">PLANILHA OR\u00c7AMENT\u00c1RIA<\/a><\/p>\n\n\n\n<p><a href=\"https:\/\/portal.pi.gov.br\/sada\/wp-content\/uploads\/sites\/80\/2026\/08\/anexos-do-edital-4.pdf\" target=\"_blank\" rel=\"noreferrer noopener\">ANEXOS DO EDITAL<\/a><\/p>\n\n\n\n<p><\/p>\n\n\n\n<p class=\"has-text-align-center\"><strong>25\/05\/2026<\/strong><\/p>\n\n\n\n<p><strong>PROCESSO:<\/strong> 00240.001169\/2026-00<\/p>\n\n\n\n<p><strong>OBJETO<\/strong>: Contrata\u00e7\u00e3o de empresa para a execu\u00e7\u00e3o da Obra&nbsp;<strong>de execu\u00e7\u00e3o de 6.188,00 m\u00b2 de pavimenta\u00e7\u00e3o em paralelep\u00edpedo,&nbsp;<\/strong>referente \u00e0 zona urbana do<strong>&nbsp;<\/strong>mun\u00edcipio de<strong>&nbsp;Piripiri-PI.<\/strong><\/p>\n\n\n\n<p><a href=\"https:\/\/portal.pi.gov.br\/sada\/wp-content\/uploads\/sites\/80\/2026\/08\/edital-6.pdf\" target=\"_blank\" rel=\"noreferrer noopener\">EDITAL<\/a><\/p>\n\n\n\n<p><a href=\"https:\/\/portal.pi.gov.br\/sada\/wp-content\/uploads\/sites\/80\/2026\/08\/minuta-de-contrato-10.pdf\" target=\"_blank\" rel=\"noreferrer noopener\">MINUTA DE CONTRATO<\/a><\/p>\n\n\n\n<p><a href=\"https:\/\/portal.pi.gov.br\/sada\/wp-content\/uploads\/sites\/80\/2026\/08\/termo.pdf\" target=\"_blank\" rel=\"noreferrer noopener\">TERMO DE REFERENCIA<\/a><\/p>\n\n\n\n<p><a href=\"https:\/\/portal.pi.gov.br\/sada\/wp-content\/uploads\/sites\/80\/2026\/08\/Anexo_PROJETO_BASICO-4.pdf\" target=\"_blank\" rel=\"noreferrer noopener\">PROJETO B\u00c1SICO<\/a><\/p>\n\n\n\n<p><a href=\"https:\/\/portal.pi.gov.br\/sada\/wp-content\/uploads\/sites\/80\/2026\/08\/Anexo_ORCAMENTO_COM_DESONERACAO.xlsx\" target=\"_blank\" rel=\"noreferrer noopener\">PLANILHA OR\u00c7AMENT\u00c1RIA<\/a><\/p>\n\n\n\n<p><\/p>\n\n\n\n<p class=\"has-text-align-center\"><strong>22\/05\/2026<\/strong><\/p>\n\n\n\n<p><strong>PROCESSO:<\/strong> 00240.002824\/2025-58<\/p>\n\n\n\n<p><strong>OBJETO<\/strong>: Contrata\u00e7\u00e3o de empresa para a execu\u00e7\u00e3o da&nbsp;Obra de<strong>&nbsp;11.610,00 m\u00b2 de&nbsp;Pavimenta\u00e7\u00e3o em Paralelep\u00edpedo na zona rural e urbana de Canto do Buriti-PI.<\/strong><\/p>\n\n\n\n<p><a href=\"https:\/\/portal.pi.gov.br\/sada\/wp-content\/uploads\/sites\/80\/2026\/08\/edital-5.pdf\" target=\"_blank\" rel=\"noreferrer noopener\">EDITAL<\/a><\/p>\n\n\n\n<p><a href=\"https:\/\/portal.pi.gov.br\/sada\/wp-content\/uploads\/sites\/80\/2026\/08\/TR-1.pdf\" target=\"_blank\" rel=\"noreferrer noopener\">TERMO DE REFER\u00caNCIA<\/a><\/p>\n\n\n\n<p><a href=\"https:\/\/portal.pi.gov.br\/sada\/wp-content\/uploads\/sites\/80\/2026\/08\/PROJETO_BASICO_COMPLETO___CANTO_DO_BURITI.pdf\" target=\"_blank\" rel=\"noreferrer noopener\">PROJETO B\u00c1SICO<\/a><\/p>\n\n\n\n<p><a href=\"https:\/\/portal.pi.gov.br\/sada\/wp-content\/uploads\/sites\/80\/2026\/08\/minuta-de-contrato-9.pdf\" target=\"_blank\" rel=\"noreferrer noopener\">MINUTA DE CONTRATO<\/a><\/p>\n\n\n\n<p><a href=\"https:\/\/portal.pi.gov.br\/sada\/wp-content\/uploads\/sites\/80\/2026\/08\/ORCAMENTO__-2.xlsx\" target=\"_blank\" rel=\"noreferrer noopener\">PLANILHA OR\u00c7AMENT\u00c1RIA<\/a><\/p>\n\n\n\n<p><\/p>\n\n\n\n<p class=\"has-text-align-center\"><strong>22\/05\/2026<\/strong><\/p>\n\n\n\n<p><strong>PROCESSO:<\/strong> 00240.000143\/2026-36<\/p>\n\n\n\n<p><strong>OBJETO<\/strong>: Contrata\u00e7\u00e3o de empresa para a execu\u00e7\u00e3o do servi\u00e7o de engenharia para a&nbsp;<strong>implanta\u00e7\u00e3o de 3 (TR\u00caS) SISTEMAS SIMPLIFICADOS DE ABASTECIMENTO DE \u00c1GUA NAS LOCALIDADES CANAF\u00cdSTULA, VILA S\u00c3O MIGUEL E MORRO DA VISTA, NA ZONA RURAL DO MUNIC\u00cdPIO DE MONSENHOR GIL\u2013 PI<\/strong>.<\/p>\n\n\n\n<p><a href=\"https:\/\/portal.pi.gov.br\/sada\/wp-content\/uploads\/sites\/80\/2026\/08\/Edital-8.pdf\" target=\"_blank\" rel=\"noreferrer noopener\">EDITAL<\/a><\/p>\n\n\n\n<p><a href=\"https:\/\/portal.pi.gov.br\/sada\/wp-content\/uploads\/sites\/80\/2026\/08\/minuta-de-contrato-8.pdf\" target=\"_blank\" rel=\"noreferrer noopener\">MINUTA DE CONTRATO<\/a><\/p>\n\n\n\n<p><a href=\"https:\/\/portal.pi.gov.br\/sada\/wp-content\/uploads\/sites\/80\/2026\/08\/TR.pdf\" target=\"_blank\" rel=\"noreferrer noopener\">TERMO DE REFER\u00caNCIATERMO DE REFER\u00caNCIA<\/a><\/p>\n\n\n\n<p><a href=\"https:\/\/portal.pi.gov.br\/sada\/wp-content\/uploads\/sites\/80\/2026\/08\/PROJETO_BASICO_DE_ENGENHARIA-4.pdf\" target=\"_blank\" rel=\"noreferrer noopener\">PROJETO B\u00c1SICO<\/a><\/p>\n\n\n\n<p><a rel=\"noreferrer noopener\" href=\"https:\/\/portal.pi.gov.br\/sada\/wp-content\/uploads\/sites\/80\/2026\/08\/ORCAMENTO_SEM_DESONERACAO.xls\" target=\"_blank\">PLANILHA OR\u00c7AMENT\u00c1RIA<\/a><\/p>\n\n\n\n<p><\/p>\n\n\n\n<p class=\"has-text-align-center\"><strong>15\/05\/2026<\/strong><\/p>\n\n\n\n<p><strong>PROCESSO:<\/strong> 00240.000225\/2026-81<\/p>\n\n\n\n<p><strong>OBJETO<\/strong>: OBRA de&nbsp;<strong>8.172,00 m\u00b2 Pavimenta\u00e7\u00e3o em Paralelep\u00edpedo<\/strong>, referente \u00e0 zona rural do&nbsp;<strong>munic\u00edpio de JOS\u00c9 DE FREITAS &#8211; PI.<\/strong><\/p>\n\n\n\n<p><a href=\"https:\/\/portal.pi.gov.br\/sada\/wp-content\/uploads\/sites\/80\/2026\/08\/Edital-7.pdf\" target=\"_blank\" rel=\"noreferrer noopener\">EDITAL<\/a><\/p>\n\n\n\n<p><a href=\"https:\/\/portal.pi.gov.br\/sada\/wp-content\/uploads\/sites\/80\/2026\/08\/Termo-de-Referencia-8.pdf\" target=\"_blank\" rel=\"noreferrer noopener\">TERMO DE REFER\u00caNCIA<\/a><\/p>\n\n\n\n<p><a href=\"https:\/\/portal.pi.gov.br\/sada\/wp-content\/uploads\/sites\/80\/2026\/08\/minuta-de-contrato-7.pdf\" target=\"_blank\" rel=\"noreferrer noopener\">MINUTA DE CONTRATO<\/a><\/p>\n\n\n\n<p><a href=\"https:\/\/portal.pi.gov.br\/sada\/wp-content\/uploads\/sites\/80\/2026\/08\/projeto-engenharia.pdf\" target=\"_blank\" rel=\"noreferrer noopener\">PROJETO B\u00c1SICO<\/a><\/p>\n\n\n\n<p><a href=\"https:\/\/portal.pi.gov.br\/sada\/wp-content\/uploads\/sites\/80\/2026\/08\/ORCAMENTO_PAVIMENTACAO_EM_PARALELEPIPERO_JF___DESONERADO.xls\" target=\"_blank\" rel=\"noreferrer noopener\">PLANILHA OR\u00c7AMENT\u00c1RIA<\/a><\/p>\n\n\n\n<p><\/p>\n\n\n\n<p class=\"has-text-align-center\"><strong>15\/05\/2026<\/strong><\/p>\n\n\n\n<p><strong>PROCESSO:<\/strong> 00240.003496\/2025-15<\/p>\n\n\n\n<p><strong>OBJETO<\/strong>: Contrata\u00e7\u00e3o de empresa para a execu\u00e7\u00e3o da Obra&nbsp;<strong>de execu\u00e7\u00e3o de&nbsp;6.307,80&nbsp;m\u00b2 Pavimenta\u00e7\u00e3o em Paralelep\u00edpedo<\/strong>, referente \u00e0 zona rural do&nbsp;<strong>munic\u00edpio de S\u00c3O RAIMUNDO NONATO E &nbsp;GUADALUPE &#8211; PI.<\/strong><\/p>\n\n\n\n<p><a href=\"https:\/\/portal.pi.gov.br\/sada\/wp-content\/uploads\/sites\/80\/2026\/08\/Edital-6.pdf\" target=\"_blank\" rel=\"noreferrer noopener\">EDITAL<\/a><\/p>\n\n\n\n<p><a href=\"https:\/\/portal.pi.gov.br\/sada\/wp-content\/uploads\/sites\/80\/2026\/08\/PROJETO_BASICO_DE_ENGENHARIA-3.pdf\" target=\"_blank\" rel=\"noreferrer noopener\">PROJETO B\u00c1SICO<\/a><\/p>\n\n\n\n<p><a href=\"https:\/\/portal.pi.gov.br\/sada\/wp-content\/uploads\/sites\/80\/2026\/08\/minuta-contrato-1.pdf\" target=\"_blank\" rel=\"noreferrer noopener\">MINUTA DE CONTRATO<\/a><\/p>\n\n\n\n<p><a href=\"https:\/\/portal.pi.gov.br\/sada\/wp-content\/uploads\/sites\/80\/2026\/08\/anexos-do-edital-3.pdf\" target=\"_blank\" rel=\"noreferrer noopener\">ANEXOS DO EDITAL<\/a><\/p>\n\n\n\n<p><a rel=\"noreferrer noopener\" href=\"https:\/\/portal.pi.gov.br\/sada\/wp-content\/uploads\/sites\/80\/2026\/08\/ORCAMENTO_CALCAMENTO_SAO_RAIMUNDO_NONATO_E_GUADALUPE___DESONERADO.xlsx\" target=\"_blank\">PLANILHA OR\u00c7AMENT\u00c1RIA<\/a><\/p>\n\n\n\n<p><\/p>\n\n\n\n<p class=\"has-text-align-center\"><strong>08\/05\/2026<\/strong><\/p>\n\n\n\n<p><strong>PROCESSO:<\/strong> 00240.000224\/2026-36<\/p>\n\n\n\n<p><strong>OBJETO<\/strong>: OBRA de&nbsp;<strong>7.273,30 m\u00b2 Pavimenta\u00e7\u00e3o em Paralelep\u00edpedo<\/strong>, referente \u00e0 zona rural do&nbsp;<strong>munic\u00edpio de PRATA DO PIAU\u00cd &#8211; PI.<\/strong><\/p>\n\n\n\n<p><a href=\"https:\/\/portal.pi.gov.br\/sada\/wp-content\/uploads\/sites\/80\/2026\/08\/EDital-1.pdf\" target=\"_blank\" rel=\"noreferrer noopener\">EDITAL<\/a><\/p>\n\n\n\n<p><a href=\"https:\/\/portal.pi.gov.br\/sada\/wp-content\/uploads\/sites\/80\/2026\/08\/Termo-de-Referencia-7.pdf\" target=\"_blank\" rel=\"noreferrer noopener\">TERMO DE REFER\u00caNCIA<\/a><\/p>\n\n\n\n<p><a href=\"https:\/\/portal.pi.gov.br\/sada\/wp-content\/uploads\/sites\/80\/2026\/08\/Minuta-de-Contrato-3.pdf\" target=\"_blank\" rel=\"noreferrer noopener\">MINUTA DE CONTRATO<\/a><\/p>\n\n\n\n<p><a href=\"https:\/\/portal.pi.gov.br\/sada\/wp-content\/uploads\/sites\/80\/2026\/08\/Projeto-Basico.pdf\" target=\"_blank\" rel=\"noreferrer noopener\">PROJETO B\u00c1SICO<\/a><\/p>\n\n\n\n<p><a rel=\"noreferrer noopener\" href=\"https:\/\/portal.pi.gov.br\/sada\/wp-content\/uploads\/sites\/80\/2026\/08\/ORCAMENTO_PAVIMENTACAO_EM_PARALELEPIPERO_PRATA___DESONERADO.xls\" target=\"_blank\">PLANILHA OR\u00c7AMENT\u00c1RIA<\/a><\/p>\n\n\n\n<p><\/p>\n\n\n\n<p class=\"has-text-align-center\"><strong>05\/05\/2026<\/strong><\/p>\n\n\n\n<p><strong>PROCESSO:<\/strong> 00240.000757\/2026-18<\/p>\n\n\n\n<p><strong>OBJETO<\/strong>: Contrata\u00e7\u00e3o de empresa para a execu\u00e7\u00e3o da&nbsp;Obra de<strong>&nbsp;2.276,00 m\u00b2 de Pavimenta\u00e7\u00e3o em Paralelep\u00edpedo<\/strong>, referente \u00e0 zona rural do&nbsp;<strong>munic\u00edpio de AN\u00cdSIO DE ABREU.<\/strong><\/p>\n\n\n\n<p><a href=\"https:\/\/portal.pi.gov.br\/sada\/wp-content\/uploads\/sites\/80\/2026\/08\/EDital.pdf\" target=\"_blank\" rel=\"noreferrer noopener\">EDITAL<\/a><\/p>\n\n\n\n<p><a href=\"https:\/\/portal.pi.gov.br\/sada\/wp-content\/uploads\/sites\/80\/2026\/08\/Minuta-de-Contrato-2.pdf\" target=\"_blank\" rel=\"noreferrer noopener\">MINUTA DE CONTRATO<\/a><\/p>\n\n\n\n<p><a href=\"https:\/\/portal.pi.gov.br\/sada\/wp-content\/uploads\/sites\/80\/2026\/08\/Termo-de-Referencia-6.pdf\" target=\"_blank\" rel=\"noreferrer noopener\">TERMO DE REFER\u00caNCIA<\/a><\/p>\n\n\n\n<p><a href=\"https:\/\/portal.pi.gov.br\/sada\/wp-content\/uploads\/sites\/80\/2026\/08\/PROJETO_BASICO-5.pdf\" target=\"_blank\" rel=\"noreferrer noopener\">PROJETO B\u00c1SICO<\/a><\/p>\n\n\n\n<p><a href=\"https:\/\/portal.pi.gov.br\/sada\/wp-content\/uploads\/sites\/80\/2026\/08\/ORCAMENTO_COM_DESONERACAO.pdf\" target=\"_blank\" rel=\"noreferrer noopener\">PLANILHA OR\u00c7AMENT\u00c1RIA<\/a><\/p>\n\n\n\n<p><\/p>\n\n\n\n<p class=\"has-text-align-center\"><strong>05\/05\/2026<\/strong><\/p>\n\n\n\n<p><strong>PROCESSO:<\/strong> 00240.003496\/2025-15<\/p>\n\n\n\n<p><strong>OBJETO<\/strong>: Contrata\u00e7\u00e3o de empresa para a execu\u00e7\u00e3o da&nbsp;Obra&nbsp;<strong>de execu\u00e7\u00e3o de 5.490,00 m\u00b2 de pavimenta\u00e7\u00e3o em paralelep\u00edpedo, na localidade S\u00e3o Francisco II, no Munic\u00edpio de pau D&#8217;arco\/PI.<\/strong><\/p>\n\n\n\n<p><a href=\"https:\/\/portal.pi.gov.br\/sada\/wp-content\/uploads\/sites\/80\/2026\/08\/Edital-5.pdf\" target=\"_blank\" rel=\"noreferrer noopener\">EDITAL<\/a><\/p>\n\n\n\n<p><a href=\"https:\/\/portal.pi.gov.br\/sada\/wp-content\/uploads\/sites\/80\/2026\/08\/TErmo-de-Referencia-1.pdf\" target=\"_blank\" rel=\"noreferrer noopener\">TERMO DE REFER\u00caNCIA<\/a><\/p>\n\n\n\n<p><a href=\"https:\/\/portal.pi.gov.br\/sada\/wp-content\/uploads\/sites\/80\/2026\/08\/Minuta-de-Contrato-1.pdf\" target=\"_blank\" rel=\"noreferrer noopener\">MINUTA DE CONTRATO<\/a><\/p>\n\n\n\n<p><a href=\"https:\/\/portal.pi.gov.br\/sada\/wp-content\/uploads\/sites\/80\/2026\/08\/PROJETO_COMPLETO_PAU_D_ARCO.pdf\" target=\"_blank\" rel=\"noreferrer noopener\">PROJETO B\u00c1SICO<\/a><\/p>\n\n\n\n<p><a href=\"https:\/\/portal.pi.gov.br\/sada\/wp-content\/uploads\/sites\/80\/2026\/08\/ORCAMENTO_PAVIMENTACAO_EM_PARALELEPIPEDO_PAU_DARCO___COM_DESONERACAO.xlsx\" target=\"_blank\" rel=\"noreferrer noopener\">PLANILHA OR\u00c7AMENT\u00c1RIA<\/a><\/p>\n\n\n\n<p><\/p>\n\n\n\n<p><\/p>\n\n\n\n<p class=\"has-text-align-center\"><strong>27\/04\/2026<\/strong><\/p>\n\n\n\n<p><strong>PROCESSO:<\/strong> 00240.002349\/2024-39<\/p>\n\n\n\n<p><strong>OBJETO<\/strong>: Contrata\u00e7\u00e3o de empresa para a execu\u00e7\u00e3o da&nbsp;Obra de Implanta\u00e7\u00e3o de 5 (cinco) sistemas de Abastecimento de \u00e1gua em comunidades rurais nos munic\u00edpios de Pedro Laurentino e Ribeiro Gon\u00e7alves.<\/p>\n\n\n\n<p><a href=\"https:\/\/portal.pi.gov.br\/sada\/wp-content\/uploads\/sites\/80\/2026\/08\/Edital-4.pdf\" target=\"_blank\" rel=\"noreferrer noopener\">EDITAL<\/a><\/p>\n\n\n\n<p><a href=\"https:\/\/portal.pi.gov.br\/sada\/wp-content\/uploads\/sites\/80\/2026\/08\/Termo-de-Referencia-5.pdf\" target=\"_blank\" rel=\"noreferrer noopener\">TERMO DE REFER\u00caNCIA<\/a><\/p>\n\n\n\n<p><a href=\"https:\/\/portal.pi.gov.br\/sada\/wp-content\/uploads\/sites\/80\/2026\/08\/minuta-de-contrato-6.pdf\" target=\"_blank\" rel=\"noreferrer noopener\">MINUTA DE CONTRATO<\/a><\/p>\n\n\n\n<p><a href=\"https:\/\/portal.pi.gov.br\/sada\/wp-content\/uploads\/sites\/80\/2026\/08\/PROJETO_BASICO_DE_ENGENHARIA__PEDRO_LAURENTINO_E_RIBEIRO_GONCALVES_assinado.pdf\" target=\"_blank\" rel=\"noreferrer noopener\">PROJETO B\u00c1SICO<\/a><\/p>\n\n\n\n<p><a rel=\"noreferrer noopener\" href=\"https:\/\/portal.pi.gov.br\/sada\/wp-content\/uploads\/sites\/80\/2026\/08\/ORA_u2021AMENTO_SEM_DESONERAA_u2021A_u0192O___PEDRO_LAURENTINO_E_RIBEIRO_GONA_u2021ALVES-1.xlsx\" target=\"_blank\">PLANILHA OR\u00c7AMENT\u00c1RIA<\/a><\/p>\n\n\n\n<p><\/p>\n\n\n\n<p class=\"has-text-align-center\"><strong>27\/04\/2026<\/strong><\/p>\n\n\n\n<p><strong>PROCESSO:<\/strong> 00240.002347\/2024-40<\/p>\n\n\n\n<p><strong>OBJETO<\/strong>: Contrata\u00e7\u00e3o de empresa para a execu\u00e7\u00e3o da&nbsp;Obra de<strong>&nbsp;<\/strong>implanta\u00e7\u00e3o de&nbsp;<strong>5 SISTEMAS DE ABASTECIMENTO DE \u00c1GUA<\/strong>&nbsp;no munic\u00edpio de&nbsp;<strong>GILBU\u00c9S &#8211; PI.<\/strong><\/p>\n\n\n\n<p><a href=\"https:\/\/portal.pi.gov.br\/sada\/wp-content\/uploads\/sites\/80\/2026\/08\/edital-4.pdf\" target=\"_blank\" rel=\"noreferrer noopener\">EDITAL<\/a><\/p>\n\n\n\n<p><a href=\"https:\/\/portal.pi.gov.br\/sada\/wp-content\/uploads\/sites\/80\/2026\/08\/termo-de-referencia-3.pdf\" target=\"_blank\" rel=\"noreferrer noopener\">TERMO DE REFER\u00caNCIA<\/a><\/p>\n\n\n\n<p><a href=\"https:\/\/portal.pi.gov.br\/sada\/wp-content\/uploads\/sites\/80\/2026\/08\/minuta-de-contrato-5.pdf\" target=\"_blank\" rel=\"noreferrer noopener\">MINUTA DE CONTRATO<\/a><\/p>\n\n\n\n<p><a href=\"https:\/\/portal.pi.gov.br\/sada\/wp-content\/uploads\/sites\/80\/2026\/08\/PROJETO_BASICO_DE_ENGENHARIA___GILBUES__1_.pdf\" target=\"_blank\" rel=\"noreferrer noopener\">PROJETO B\u00c1SICO<\/a><\/p>\n\n\n\n<p><a href=\"https:\/\/portal.pi.gov.br\/sada\/wp-content\/uploads\/sites\/80\/2026\/08\/ORCAMENTO_SEM_DESONERACAO-2.xlsx\" target=\"_blank\" rel=\"noreferrer noopener\">PLANILHA OR\u00c7AMENT\u00c1RIA<\/a><\/p>\n\n\n\n<p><\/p>\n\n\n\n<p><\/p>\n\n\n\n<p class=\"has-text-align-center\"><strong>24\/04\/2026<\/strong><\/p>\n\n\n\n<p><strong>PROCESSO:<\/strong> 00240.002326\/2025-13<\/p>\n\n\n\n<p><strong>OBJETO<\/strong>: Contrata\u00e7\u00e3o de empresa para a execu\u00e7\u00e3o da&nbsp;Obra&nbsp;<strong>de&nbsp;execu\u00e7\u00e3o de 5.452,50 m\u00b2 de pavimenta\u00e7\u00e3o em paralelep\u00edpedo no Munic\u00edpio de Barro Duro\/PI<\/strong>.<\/p>\n\n\n\n<p><a href=\"https:\/\/portal.pi.gov.br\/sada\/wp-content\/uploads\/sites\/80\/2026\/08\/Edital-3.pdf\" target=\"_blank\" rel=\"noreferrer noopener\">EDITAL<\/a><\/p>\n\n\n\n<p><a href=\"https:\/\/portal.pi.gov.br\/sada\/wp-content\/uploads\/sites\/80\/2026\/08\/Termo-de-Referencia-4.pdf\" target=\"_blank\" rel=\"noreferrer noopener\">TERMO DE REFER\u00caNCIA<\/a><\/p>\n\n\n\n<p><a href=\"https:\/\/portal.pi.gov.br\/sada\/wp-content\/uploads\/sites\/80\/2026\/08\/Minutas-de-Contrato.pdf\" target=\"_blank\" rel=\"noreferrer noopener\">MINUTA DE CONTRATO<\/a><\/p>\n\n\n\n<p><a href=\"https:\/\/portal.pi.gov.br\/sada\/wp-content\/uploads\/sites\/80\/2026\/08\/PROJETO_BASICO_DE_ENGENHARIA-2.pdf\" target=\"_blank\" rel=\"noreferrer noopener\">PROJETO B\u00c1SICO<\/a><\/p>\n\n\n\n<p><a rel=\"noreferrer noopener\" href=\"https:\/\/portal.pi.gov.br\/sada\/wp-content\/uploads\/sites\/80\/2026\/08\/ORCAMENTO.xlsx\" target=\"_blank\">PLANILHA OR\u00c7AMENT\u00c1RIA<\/a><\/p>\n\n\n\n<p class=\"has-text-align-center\"><strong>23\/04\/2026<\/strong><\/p>\n\n\n\n<p><strong>PROCESSO:<\/strong> 00240.000218\/2026-89<\/p>\n\n\n\n<p><strong>OBJETO<\/strong>: Contrata\u00e7\u00e3o de empresa para a execu\u00e7\u00e3o da&nbsp;Obra de Implanta\u00e7\u00e3o de 15 (quinze) sistemas de Abastecimento de \u00e1gua no munic\u00edpio de S\u00e3o Raimundo Nonato.<\/p>\n\n\n\n<p><a href=\"https:\/\/portal.pi.gov.br\/sada\/wp-content\/uploads\/sites\/80\/2026\/08\/Edital-2.pdf\" target=\"_blank\" rel=\"noreferrer noopener\">EDITAL<\/a><\/p>\n\n\n\n<p><a href=\"https:\/\/portal.pi.gov.br\/sada\/wp-content\/uploads\/sites\/80\/2026\/08\/Termo-de-Referencia-3.pdf\" target=\"_blank\" rel=\"noreferrer noopener\">TERMO DE REFER\u00caNCIA<\/a><\/p>\n\n\n\n<p><a href=\"https:\/\/portal.pi.gov.br\/sada\/wp-content\/uploads\/sites\/80\/2026\/08\/minuta-de-contrato-4.pdf\" target=\"_blank\" rel=\"noreferrer noopener\">MINUTA DE CONTRATO<\/a><\/p>\n\n\n\n<p><a href=\"https:\/\/portal.pi.gov.br\/sada\/wp-content\/uploads\/sites\/80\/2026\/08\/PROJETO_COMPLETO.pdf\" target=\"_blank\" rel=\"noreferrer noopener\">PROJETO B\u00c1SICO<\/a><\/p>\n\n\n\n<p><a href=\"https:\/\/portal.pi.gov.br\/sada\/wp-content\/uploads\/sites\/80\/2026\/08\/anexos-do-edital-2.pdf\" target=\"_blank\" rel=\"noreferrer noopener\">ANEXOS DO EDITAL<\/a><\/p>\n\n\n\n<p><a rel=\"noreferrer noopener\" href=\"https:\/\/portal.pi.gov.br\/sada\/wp-content\/uploads\/sites\/80\/2026\/08\/ORCAMENTO_POCOS_SAO_RAIMUNDO_NONATO___SEM_DESONERACAO.xlsx\" target=\"_blank\">PLANILHAS OR\u00c7AMENT\u00c1RIAS<\/a><\/p>\n\n\n\n<p><\/p>\n\n\n\n<p class=\"has-text-align-center\"><strong>23\/04\/2026<\/strong><\/p>\n\n\n\n<p><strong>PROCESSO:<\/strong> 00240.000435\/2025-98<\/p>\n\n\n\n<p><strong>OBJETO<\/strong>: Contrata\u00e7\u00e3o de empresa para a execu\u00e7\u00e3o da&nbsp;Obra de&nbsp;<strong>3.900,00 m\u00b2 de&nbsp;PAVIMENTA\u00c7\u00c3O EM PARALELEP\u00cdPEDO,&nbsp;<\/strong>na zona rural do munic\u00edpio de&nbsp;<strong>Pedro Laurentino &#8211; PI<\/strong>.<\/p>\n\n\n\n<p><a href=\"https:\/\/portal.pi.gov.br\/sada\/wp-content\/uploads\/sites\/80\/2026\/08\/edital-3.pdf\" target=\"_blank\" rel=\"noreferrer noopener\">EDITAL<\/a><\/p>\n\n\n\n<p><a href=\"https:\/\/portal.pi.gov.br\/sada\/wp-content\/uploads\/sites\/80\/2026\/08\/termo-de-referencia-2.pdf\" target=\"_blank\" rel=\"noreferrer noopener\">TERMO DE REFER\u00caNCIA<\/a><\/p>\n\n\n\n<p><a href=\"https:\/\/portal.pi.gov.br\/sada\/wp-content\/uploads\/sites\/80\/2026\/08\/minuta-de-contrato-3.pdf\" target=\"_blank\" rel=\"noreferrer noopener\">MINUTA DE CONTRATO<\/a><\/p>\n\n\n\n<p><a href=\"https:\/\/portal.pi.gov.br\/sada\/wp-content\/uploads\/sites\/80\/2026\/08\/projeto-basico.pdf\" target=\"_blank\" rel=\"noreferrer noopener\">PROJETO B\u00c1SICO<\/a><\/p>\n\n\n\n<p><a href=\"https:\/\/portal.pi.gov.br\/sada\/wp-content\/uploads\/sites\/80\/2026\/08\/ORCAMENTO_PAV._PEDRO_LAURENTINO.xlsx\" target=\"_blank\" rel=\"noreferrer noopener\">PLANILHAS OR\u00c7AMENT\u00c1RIAS<\/a><\/p>\n\n\n\n<p><a href=\"https:\/\/portal.pi.gov.br\/sada\/wp-content\/uploads\/sites\/80\/2026\/08\/anexos-do-edital-1.pdf\" target=\"_blank\" rel=\"noreferrer noopener\">ANEXOS DO EDITAL<\/a><\/p>\n\n\n\n<p><\/p>\n\n\n\n<p class=\"has-text-align-center\"><strong>22\/04\/2026<\/strong><\/p>\n\n\n\n<p><strong>PROCESSO:<\/strong> 00240.002387\/2025-72<\/p>\n\n\n\n<p><strong>OBJETO<\/strong>: Contrata\u00e7\u00e3o de empresa para a execu\u00e7\u00e3o da&nbsp;Obra de&nbsp;<strong>4.972,00 m\u00b2 de&nbsp;PAVIMENTA\u00c7\u00c3O EM PARALELEP\u00cdPEDO,&nbsp;<\/strong>na zona rural do munic\u00edpio de&nbsp;<strong>Campo Largo-PI<\/strong>.<\/p>\n\n\n\n<p><a href=\"https:\/\/portal.pi.gov.br\/sada\/wp-content\/uploads\/sites\/80\/2026\/08\/edital-2.pdf\" target=\"_blank\" rel=\"noreferrer noopener\">EDITAL<\/a><\/p>\n\n\n\n<p><a rel=\"noreferrer noopener\" href=\"https:\/\/portal.pi.gov.br\/sada\/wp-content\/uploads\/sites\/80\/2026\/08\/termo-de-referencia-1.pdf\" target=\"_blank\">TERMO DE REFER<\/a><a href=\"https:\/\/portal.pi.gov.br\/sada\/wp-content\/uploads\/sites\/80\/2026\/08\/termo-de-referencia-1.pdf\" target=\"_blank\" rel=\"noreferrer noopener\">\u00ca<\/a><a rel=\"noreferrer noopener\" href=\"https:\/\/portal.pi.gov.br\/sada\/wp-content\/uploads\/sites\/80\/2026\/08\/termo-de-referencia-1.pdf\" target=\"_blank\">NCIA<\/a><\/p>\n\n\n\n<p><a href=\"https:\/\/portal.pi.gov.br\/sada\/wp-content\/uploads\/sites\/80\/2026\/08\/minuta-de-contrato-2.pdf\" target=\"_blank\" rel=\"noreferrer noopener\">MINUTA DE CONTRATO<\/a><\/p>\n\n\n\n<p><a rel=\"noreferrer noopener\" href=\"https:\/\/portal.pi.gov.br\/sada\/wp-content\/uploads\/sites\/80\/2026\/08\/Anexo_PROJETO_BASICO-3.pdf\" target=\"_blank\">PROJETO B\u00c1SICO<\/a><\/p>\n\n\n\n<p><a href=\"https:\/\/portal.pi.gov.br\/sada\/wp-content\/uploads\/sites\/80\/2026\/08\/Anexo_ORCAMENTO___COM_DESONERACAO___CL.xlsx\" target=\"_blank\" rel=\"noreferrer noopener\">PLANILHA OR\u00c7AMENT\u00c1RIA<\/a><\/p>\n\n\n\n<p><\/p>\n\n\n\n<p class=\"has-text-align-center\"><strong>20\/04\/2026<\/strong><\/p>\n\n\n\n<p><strong>PROCESSO:<\/strong> 00240.000904\/2023-15<\/p>\n\n\n\n<p><strong>OBJETO<\/strong>: Contrata\u00e7\u00e3o de empresa para a execu\u00e7\u00e3o da&nbsp;Obra de<strong>&nbsp;<\/strong>implanta\u00e7\u00e3o de&nbsp;<strong>4.998,00 m\u00b2 Pavimenta\u00e7\u00e3o em Paralelep\u00edpedo&nbsp;<\/strong>referente \u00e0s ruas na zona rural do&nbsp;munic\u00edpio de&nbsp;<strong>CURRALINHOS &#8211; PI.<\/strong><\/p>\n\n\n\n<p><a href=\"https:\/\/portal.pi.gov.br\/sada\/wp-content\/uploads\/sites\/80\/2026\/08\/edital-1.pdf\" target=\"_blank\" rel=\"noreferrer noopener\">EDITAL<\/a><\/p>\n\n\n\n<p><a href=\"https:\/\/portal.pi.gov.br\/sada\/wp-content\/uploads\/sites\/80\/2026\/08\/termo-de-referencia.pdf\" target=\"_blank\" rel=\"noreferrer noopener\">TERMO DE REFER\u00caNCIA<\/a><\/p>\n\n\n\n<p><a href=\"https:\/\/portal.pi.gov.br\/sada\/wp-content\/uploads\/sites\/80\/2026\/08\/minuta-contrato.pdf\" target=\"_blank\" rel=\"noreferrer noopener\">MINUTA DE CONTRATO<\/a><\/p>\n\n\n\n<p><a href=\"https:\/\/portal.pi.gov.br\/sada\/wp-content\/uploads\/sites\/80\/2026\/08\/PROJETO_COMPLETO_CURRALINHOS.pdf\" target=\"_blank\" rel=\"noreferrer noopener\">PROJETO B\u00c1SICO<\/a><\/p>\n\n\n\n<p><a rel=\"noreferrer noopener\" href=\"https:\/\/portal.pi.gov.br\/sada\/wp-content\/uploads\/sites\/80\/2026\/08\/ORCAMENTO_PAV_PARALELEPIPEDO_CURRALINHOS___COM_DESONERACAO.xlsx\" target=\"_blank\">PLANILHA OR\u00c7AMENT\u00c1RIA<\/a><\/p>\n\n\n\n<p><\/p>\n\n\n\n<p class=\"has-text-align-center\"><strong>20\/04\/2026<\/strong><\/p>\n\n\n\n<p><strong>PROCESSO:<\/strong> 00240.000641\/2026-89<\/p>\n\n\n\n<p><strong>OBJETO<\/strong>: Contrata\u00e7\u00e3o de empresa para a execu\u00e7\u00e3o da&nbsp;Obra de<strong>&nbsp;<\/strong>implanta\u00e7\u00e3o de&nbsp;<strong>7.638,00 m\u00b2 Pavimenta\u00e7\u00e3o em Paralelep\u00edpedo&nbsp;<\/strong>referente \u00e0s ruas na zona rural do&nbsp;munic\u00edpio de&nbsp;<strong>TAMBORIL &#8211; PI.<\/strong><\/p>\n\n\n\n<p><a href=\"https:\/\/portal.pi.gov.br\/sada\/wp-content\/uploads\/sites\/80\/2026\/08\/edital.pdf\" target=\"_blank\" rel=\"noreferrer noopener\">EDITAL<\/a><\/p>\n\n\n\n<p><a href=\"https:\/\/portal.pi.gov.br\/sada\/wp-content\/uploads\/sites\/80\/2026\/08\/Termo-de-Referencia-2.pdf\" target=\"_blank\" rel=\"noreferrer noopener\">TERMO DE REFER\u00caNCIA<\/a><\/p>\n\n\n\n<p><a href=\"https:\/\/portal.pi.gov.br\/sada\/wp-content\/uploads\/sites\/80\/2026\/08\/minuta-de-contrato-1.pdf\" target=\"_blank\" rel=\"noreferrer noopener\">MINUTA DE CONTRATO<\/a><\/p>\n\n\n\n<p><a href=\"https:\/\/portal.pi.gov.br\/sada\/wp-content\/uploads\/sites\/80\/2026\/08\/PROJETO_BASICO_DE_ENGENHARIA-1.pdf\" target=\"_blank\" rel=\"noreferrer noopener\">PROJETO B\u00c1SICO<\/a><\/p>\n\n\n\n<p><a rel=\"noreferrer noopener\" href=\"https:\/\/portal.pi.gov.br\/sada\/wp-content\/uploads\/sites\/80\/2026\/08\/ORCAMENTO_CALCAMENTO_TAMBORIL_DO_PIAUI___DESONERADO.xls\" target=\"_blank\">PLANILHA OR\u00c7AMENT\u00c1RIA<\/a><\/p>\n\n\n\n<p><\/p>\n\n\n\n<p class=\"has-text-align-center\"><strong>20\/04\/2026<\/strong><\/p>\n\n\n\n<p><strong>PROCESSO:<\/strong> 00240.003257\/2025-57<\/p>\n\n\n\n<p><strong>OBJETO<\/strong>: Contrata\u00e7\u00e3o de empresa para a execu\u00e7\u00e3o da&nbsp;Obra de<strong>&nbsp;<\/strong>implanta\u00e7\u00e3o de&nbsp;<strong>5.973,00 m\u00b2 Pavimenta\u00e7\u00e3o em Paralelep\u00edpedo&nbsp;<\/strong>referente \u00e0s ruas na zona rural do&nbsp;munic\u00edpio de&nbsp;<strong>PAVUSSU &#8211; PI.<\/strong><\/p>\n\n\n\n<p><a href=\"https:\/\/portal.pi.gov.br\/sada\/wp-content\/uploads\/sites\/80\/2026\/08\/Edital-1.pdf\" target=\"_blank\" rel=\"noreferrer noopener\">EDITAL<\/a><\/p>\n\n\n\n<p><a href=\"https:\/\/portal.pi.gov.br\/sada\/wp-content\/uploads\/sites\/80\/2026\/08\/Termo-de-Referencia-1.pdf\" target=\"_blank\" rel=\"noreferrer noopener\">TERMO DE REFER\u00caNCIA<\/a><\/p>\n\n\n\n<p><a href=\"https:\/\/portal.pi.gov.br\/sada\/wp-content\/uploads\/sites\/80\/2026\/08\/minuta-de-contrato.pdf\" target=\"_blank\" rel=\"noreferrer noopener\">MINUTA DE CONTRATO<\/a><\/p>\n\n\n\n<p><a href=\"https:\/\/portal.pi.gov.br\/sada\/wp-content\/uploads\/sites\/80\/2026\/08\/anexos-do-edital.pdf\" target=\"_blank\" rel=\"noreferrer noopener\">ANEXOS DO EDITAL<\/a><\/p>\n\n\n\n<p><a href=\"https:\/\/portal.pi.gov.br\/sada\/wp-content\/uploads\/sites\/80\/2026\/08\/PROJETO_BASICO_DE_ENGENHARIA.pdf\" target=\"_blank\" rel=\"noreferrer noopener\">PROJETO B\u00c1SICO<\/a><\/p>\n\n\n\n<p><a href=\"https:\/\/portal.pi.gov.br\/sada\/wp-content\/uploads\/sites\/80\/2026\/08\/ORCAMENTO_CALCAMENTO_PAVUSSU___DESONERADO.xlsx\" target=\"_blank\" rel=\"noreferrer noopener\">PLANILHA OR\u00c7AMENT\u00c1RIA<\/a><\/p>\n\n\n\n<p><\/p>\n\n\n\n<p><\/p>\n\n\n\n<p class=\"has-text-align-center\"><strong>16\/04\/2026<\/strong><\/p>\n\n\n\n<p><strong>PROCESSO:<\/strong> 00240.002549\/2025-72<\/p>\n\n\n\n<p><strong>OBJETO<\/strong>: Contrata\u00e7\u00e3o de empresa para a execu\u00e7\u00e3o da&nbsp;Obra de&nbsp;<strong>10.625,00 m\u00b2 de&nbsp;PAVIMENTA\u00c7\u00c3O EM PARALELEP\u00cdPEDO,&nbsp;<\/strong>na zona rural do munic\u00edpio de&nbsp;<strong>Barras-PI<\/strong>.<\/p>\n\n\n\n<p><a href=\"https:\/\/portal.pi.gov.br\/sada\/wp-content\/uploads\/sites\/80\/2026\/08\/Edital.pdf\" target=\"_blank\" rel=\"noreferrer noopener\">EDITAL<\/a><\/p>\n\n\n\n<p><a href=\"https:\/\/portal.pi.gov.br\/sada\/wp-content\/uploads\/sites\/80\/2026\/08\/Termo-de-Referencia.pdf\" target=\"_blank\" rel=\"noreferrer noopener\">TERMO DE REFER\u00caNCIA<\/a><\/p>\n\n\n\n<p><a href=\"https:\/\/portal.pi.gov.br\/sada\/wp-content\/uploads\/sites\/80\/2026\/08\/Minuta-de-Contrato.pdf\" target=\"_blank\" rel=\"noreferrer noopener\">MIUNTA DE CONTRATO<\/a><\/p>\n\n\n\n<p><a href=\"https:\/\/portal.pi.gov.br\/sada\/wp-content\/uploads\/sites\/80\/2026\/08\/Anexos-do-Edital.pdf\" target=\"_blank\" rel=\"noreferrer noopener\">ANEXOS DO EDITAL<\/a><\/p>\n\n\n\n<p><a href=\"https:\/\/portal.pi.gov.br\/sada\/wp-content\/uploads\/sites\/80\/2026\/08\/Anexo_ORCAMENTO___COM_DESONERACAO___BARRAS.xlsx\" target=\"_blank\" rel=\"noreferrer noopener\">PLANILHA OR\u00c7AMENT\u00c1RIA<\/a><\/p>\n\n\n\n<p><a href=\"https:\/\/portal.pi.gov.br\/sada\/wp-content\/uploads\/sites\/80\/2026\/08\/Anexo_PROJETO_BASICO-2.pdf\" target=\"_blank\" rel=\"noreferrer noopener\">PROJETO B\u00c1SICO<\/a><\/p>\n\n\n\n<p><\/p>\n\n\n\n<p class=\"has-text-align-center\"><strong>01\/04\/2026<\/strong><\/p>\n\n\n\n<p><strong>PROCESSO:<\/strong> 00240.002701\/2025-17<\/p>\n\n\n\n<p><strong>OBJETO<\/strong>: Contrata\u00e7\u00e3o de empresa para a execu\u00e7\u00e3o da&nbsp;Obra de<strong>&nbsp;<\/strong>implanta\u00e7\u00e3o de&nbsp;<strong>5 SISTEMAS DE ABASTECIMENTO DE \u00c1GUA<\/strong>&nbsp;no munic\u00edpio de&nbsp;<strong>REDEN\u00c7\u00c3O DO GURGU\u00c9IA &#8211; PI.<\/strong><\/p>\n\n\n\n<p><a href=\"https:\/\/portal.pi.gov.br\/sada\/wp-content\/uploads\/sites\/80\/2026\/08\/SEI_GOV-PI-0023225711-Edital.pdf\" target=\"_blank\" rel=\"noreferrer noopener\">EDITAL<\/a><\/p>\n\n\n\n<p><a href=\"https:\/\/portal.pi.gov.br\/sada\/wp-content\/uploads\/sites\/80\/2026\/08\/SEI_GOV-PI-0023219950-Termo-de-Referencia.pdf\" target=\"_blank\" rel=\"noreferrer noopener\">TERMO DE REFERENCIA<\/a><\/p>\n\n\n\n<p><a href=\"https:\/\/portal.pi.gov.br\/sada\/wp-content\/uploads\/sites\/80\/2026\/08\/SEI_GOV-PI-0023252975-Minuta-de-Contrato.pdf\" target=\"_blank\" rel=\"noreferrer noopener\">MINUTA DE CONTRATO<\/a><\/p>\n\n\n\n<p><a href=\"https:\/\/portal.pi.gov.br\/sada\/wp-content\/uploads\/sites\/80\/2026\/08\/SEI_GOV-PI-0023253168-Anexos-Edital.pdf\" target=\"_blank\" rel=\"noreferrer noopener\">ANEXOS DO EDITAL<\/a><\/p>\n\n\n\n<p><a href=\"https:\/\/portal.pi.gov.br\/sada\/wp-content\/uploads\/sites\/80\/2026\/08\/Anexo_PROJETO_BASICO_DE_ENGENHARIA.pdf\" target=\"_blank\" rel=\"noreferrer noopener\">PROJETO B\u00c1SICO<\/a><\/p>\n\n\n\n<p><a href=\"https:\/\/portal.pi.gov.br\/sada\/wp-content\/uploads\/sites\/80\/2026\/08\/ORCAMENTO_SEM_DESONERACAO___RENDENCAO_DO_GURGUEIA__MENOR_PRECO_-1.xlsx\" target=\"_blank\" rel=\"noreferrer noopener\">PLANILHA OR\u00c7AMENT\u00c1RIA<\/a><\/p>\n\n\n\n<p><\/p>\n\n\n\n<p><\/p>\n\n\n\n<p class=\"has-text-align-center\"><strong>26\/03\/2026<\/strong><\/p>\n\n\n\n<p><strong>PROCESSO:<\/strong> 00240.001694\/2023-74<\/p>\n\n\n\n<p><strong>OBJETO<\/strong>: Contrata\u00e7\u00e3o de empresa para a execu\u00e7\u00e3o da&nbsp;Obra de<strong>&nbsp;5.850,00 m\u00b2<\/strong>&nbsp;em ruas do munic\u00edpio de&nbsp;<strong>UNI\u00c3O &#8211; PI.<\/strong><\/p>\n\n\n\n<p><a href=\"https:\/\/portal.pi.gov.br\/sada\/wp-content\/uploads\/sites\/80\/2026\/08\/SEI_GOV-PI-0023168376-Edital.pdf\" target=\"_blank\" rel=\"noreferrer noopener\">EDITAL<\/a><\/p>\n\n\n\n<p><a href=\"https:\/\/portal.pi.gov.br\/sada\/wp-content\/uploads\/sites\/80\/2026\/08\/SEI_GOV-PI-0023053821-Termo-de-Referencia.pdf\" target=\"_blank\" rel=\"noreferrer noopener\">TERMO DE REFER\u00caNCIA<\/a><\/p>\n\n\n\n<p><a href=\"https:\/\/portal.pi.gov.br\/sada\/wp-content\/uploads\/sites\/80\/2026\/08\/SEI_GOV-PI-0023059858-Minuta-de-Contrato.pdf\" target=\"_blank\" rel=\"noreferrer noopener\">MINUTA DE CONTRATO<\/a><\/p>\n\n\n\n<p><a href=\"https:\/\/portal.pi.gov.br\/sada\/wp-content\/uploads\/sites\/80\/2026\/08\/SEI_GOV-PI-0023060074-Anexos-Edital.pdf\" target=\"_blank\" rel=\"noreferrer noopener\">ANEXOS DO EDITAL<\/a><\/p>\n\n\n\n<p><a href=\"https:\/\/portal.pi.gov.br\/sada\/wp-content\/uploads\/sites\/80\/2026\/08\/PROJETO_BASICO-4.pdf\" target=\"_blank\" rel=\"noreferrer noopener\">PROJETO B\u00c1SICO<\/a><\/p>\n\n\n\n<p><a href=\"https:\/\/portal.pi.gov.br\/sada\/wp-content\/uploads\/sites\/80\/2026\/08\/ORCAMENTO_CALCAMENTO_UNIAO___DESONERADO.xls\" target=\"_blank\" rel=\"noreferrer noopener\">PLANILHA OR\u00c7AMENT\u00c1RIA<\/a><\/p>\n\n\n\n<p><\/p>\n\n\n\n<p><\/p>\n\n\n\n<p class=\"has-text-align-center\"><strong>26\/03\/2026<\/strong><\/p>\n\n\n\n<p><strong>PROCESSO:<\/strong> 00240.001035\/2025-08<\/p>\n\n\n\n<p><strong>OBJETO<\/strong>: Contrata\u00e7\u00e3o de empresa para a execu\u00e7\u00e3o de&nbsp;<strong>&nbsp;6.396,00 m\u00b2de Pavimenta\u00e7\u00e3o em Paralelep\u00edpedo&nbsp;<\/strong>em ruas do munic\u00edpio de&nbsp;<strong>\u00c1GUA BRANCA &#8211; PI<\/strong><\/p>\n\n\n\n<p><a href=\"https:\/\/portal.pi.gov.br\/sada\/wp-content\/uploads\/sites\/80\/2026\/08\/SEI_GOV-PI-0023195123-Edital.pdf\" target=\"_blank\" rel=\"noreferrer noopener\">EDITAL<\/a><\/p>\n\n\n\n<p><a href=\"https:\/\/portal.pi.gov.br\/sada\/wp-content\/uploads\/sites\/80\/2026\/08\/SEI_GOV-PI-0019514528-Minuta-de-Contrato.pdf\" target=\"_blank\" rel=\"noreferrer noopener\">MINUTA DE CONTRATO<\/a><\/p>\n\n\n\n<p><a href=\"https:\/\/portal.pi.gov.br\/sada\/wp-content\/uploads\/sites\/80\/2026\/08\/SEI_GOV-PI-0019512048-Projeto-Basico.pdf\" target=\"_blank\" rel=\"noreferrer noopener\">PROJETO B\u00c1SICO<\/a><\/p>\n\n\n\n<p><a href=\"https:\/\/portal.pi.gov.br\/sada\/wp-content\/uploads\/sites\/80\/2026\/08\/SEI_GOV-PI-0019514644-Anexos-Edital.pdf\" target=\"_blank\" rel=\"noreferrer noopener\">ANEXOS DO EDITAL<\/a><\/p>\n\n\n\n<p><a href=\"https:\/\/portal.pi.gov.br\/sada\/wp-content\/uploads\/sites\/80\/2026\/08\/ORCAMENTO_PAV._EM_AGUA_BRANCA.xlsx\" target=\"_blank\" rel=\"noreferrer noopener\">PLANILHAS OR\u00c7AMENT\u00c1RIAS<\/a><\/p>\n\n\n\n<p><\/p>\n\n\n\n<p class=\"has-text-align-center\"><strong>27\/03\/2026<\/strong><\/p>\n\n\n\n<p><strong>PROCESSO:<\/strong> 00240.001436\/2024-79<\/p>\n\n\n\n<p><strong>OBJETO<\/strong>: Contrata\u00e7\u00e3o de empresa para a execu\u00e7\u00e3o da&nbsp;Obra de<strong>&nbsp;5.550,00 m\u00b2 de Pavimenta\u00e7\u00e3o em Paralelep\u00edpedo<\/strong>, referente \u00e0 zona rural do&nbsp;<strong>munic\u00edpio de MONSENHOR GIL &#8211; PI.<\/strong><\/p>\n\n\n\n<p><a href=\"https:\/\/portal.pi.gov.br\/sada\/wp-content\/uploads\/sites\/80\/2026\/08\/SEI_GOV-PI-0023161496-Edital.pdf\" target=\"_blank\" rel=\"noreferrer noopener\">EDITAL<\/a><\/p>\n\n\n\n<p><a href=\"https:\/\/portal.pi.gov.br\/sada\/wp-content\/uploads\/sites\/80\/2026\/08\/SEI_GOV-PI-0023025706-Termo-de-Referencia.pdf\" target=\"_blank\" rel=\"noreferrer noopener\">TERMO DE REFER\u00caNCIA<\/a><\/p>\n\n\n\n<p><a href=\"https:\/\/portal.pi.gov.br\/sada\/wp-content\/uploads\/sites\/80\/2026\/08\/SEI_GOV-PI-0023032513-Minuta-de-Contrato.pdf\" target=\"_blank\" rel=\"noreferrer noopener\">MINUTA DE CONTRATO<\/a><\/p>\n\n\n\n<p><a href=\"https:\/\/portal.pi.gov.br\/sada\/wp-content\/uploads\/sites\/80\/2026\/08\/SEI_GOV-PI-0023033048-Anexos-Edital.pdf\" target=\"_blank\" rel=\"noreferrer noopener\">ANEXOS DO EDITAL<\/a><\/p>\n\n\n\n<p><a href=\"https:\/\/portal.pi.gov.br\/sada\/wp-content\/uploads\/sites\/80\/2026\/08\/Anexo_PROJETO_BASICO-1.pdf\" target=\"_blank\" rel=\"noreferrer noopener\">PROJETO B\u00c1SICO<\/a><\/p>\n\n\n\n<p><a href=\"https:\/\/portal.pi.gov.br\/sada\/wp-content\/uploads\/sites\/80\/2026\/08\/Anexo_ORCAMENTO___COM_DESONERACAO.xlsx\" target=\"_blank\" rel=\"noreferrer noopener\">PLANILHA OR\u00c7AMENT\u00c1RIA<\/a><\/p>\n\n\n\n<p><\/p>\n\n\n\n<p class=\"has-text-align-center\"><strong>25\/03\/2026<\/strong><\/p>\n\n\n\n<p><strong>PROCESSO:<\/strong> 00240.000484\/2026-10<\/p>\n\n\n\n<p><strong>OBJETO<\/strong>: Contrata\u00e7\u00e3o de empresa para a execu\u00e7\u00e3o da&nbsp;Obra de<strong>&nbsp;7.602,00 m\u00b2 Pavimenta\u00e7\u00e3o em Paralelep\u00edpedo<\/strong>, referente \u00e0 zona rural do&nbsp;<strong>munic\u00edpio de An\u00edsio de Abreu &#8211; PI.<\/strong><\/p>\n\n\n\n<p><a href=\"https:\/\/portal.pi.gov.br\/sada\/wp-content\/uploads\/sites\/80\/2026\/08\/SEI_GOV-PI-0023144859-Edital.pdf\" target=\"_blank\" rel=\"noreferrer noopener\">EDITAL<\/a><\/p>\n\n\n\n<p><a href=\"https:\/\/portal.pi.gov.br\/sada\/wp-content\/uploads\/sites\/80\/2026\/08\/SEI_GOV-PI-0023086544-Termo-de-Referencia.pdf\" target=\"_blank\" rel=\"noreferrer noopener\">TEMRO DE REFER\u00caNCIA<\/a><\/p>\n\n\n\n<p><a href=\"https:\/\/portal.pi.gov.br\/sada\/wp-content\/uploads\/sites\/80\/2026\/08\/SEI_GOV-PI-0023090339-Minuta-de-Contrato.pdf\" target=\"_blank\" rel=\"noreferrer noopener\">MINUTA DE CONTRATO<\/a><\/p>\n\n\n\n<p><a href=\"https:\/\/portal.pi.gov.br\/sada\/wp-content\/uploads\/sites\/80\/2026\/08\/SEI_GOV-PI-0023090532-Anexos-Edital.pdf\" target=\"_blank\" rel=\"noreferrer noopener\">ANEXOS DO EDITAL<\/a><\/p>\n\n\n\n<p><a href=\"https:\/\/portal.pi.gov.br\/sada\/wp-content\/uploads\/sites\/80\/2026\/08\/PROJETO_BASICO-3.pdf\" target=\"_blank\" rel=\"noreferrer noopener\">PROJETO B\u00c1SICO<\/a><\/p>\n\n\n\n<p><a href=\"https:\/\/portal.pi.gov.br\/sada\/wp-content\/uploads\/sites\/80\/2026\/08\/ORCAMENTO_CALCAMENTO_ANISIO_DE_ABREU___DESONERADO.xls\" target=\"_blank\" rel=\"noreferrer noopener\">PLANILHA OR\u00c7AMENT\u00c1RIA<\/a><\/p>\n\n\n\n<p><\/p>\n\n\n\n<p><\/p>\n\n\n\n<p class=\"has-text-align-center\"><strong>25\/03\/2026<\/strong><\/p>\n\n\n\n<p><strong>PROCESSO:<\/strong> 00240.003425\/2025-12<\/p>\n\n\n\n<p><strong>OBJETO<\/strong>: Contrata\u00e7\u00e3o de empresa para a execu\u00e7\u00e3o da&nbsp;Obra de<strong>&nbsp;3.355,20 m\u00b2 Pavimenta\u00e7\u00e3o em Paralelep\u00edpedo<\/strong>, referente \u00e0 zona rural do&nbsp;<strong>munic\u00edpio de An\u00edsio de Abreu &#8211; PI.<\/strong><\/p>\n\n\n\n<p><a href=\"https:\/\/portal.pi.gov.br\/sada\/wp-content\/uploads\/sites\/80\/2026\/08\/SEI_GOV-PI-0023144127-Edital.pdf\" target=\"_blank\" rel=\"noreferrer noopener\">EDITAL<\/a><\/p>\n\n\n\n<p><a href=\"https:\/\/portal.pi.gov.br\/sada\/wp-content\/uploads\/sites\/80\/2026\/08\/SEI_GOV-PI-0023024786-Termo-de-Referencia.pdf\" target=\"_blank\" rel=\"noreferrer noopener\">TERMO DE REFER\u00caNCIA<\/a><\/p>\n\n\n\n<p><a href=\"https:\/\/portal.pi.gov.br\/sada\/wp-content\/uploads\/sites\/80\/2026\/08\/SEI_GOV-PI-0023024886-Minuta-de-Contrato.pdf\" target=\"_blank\" rel=\"noreferrer noopener\">MINUTA DE CONTRATO<\/a><\/p>\n\n\n\n<p><a href=\"https:\/\/portal.pi.gov.br\/sada\/wp-content\/uploads\/sites\/80\/2026\/08\/SEI_GOV-PI-0023024904-Edital.pdf\" target=\"_blank\" rel=\"noreferrer noopener\">ANEXOS DO EDITAL<\/a><\/p>\n\n\n\n<p><a href=\"https:\/\/portal.pi.gov.br\/sada\/wp-content\/uploads\/sites\/80\/2026\/08\/Anexo_PROJETO_BASICO.pdf\" target=\"_blank\" rel=\"noreferrer noopener\">PROJETO B\u00c1SICO<\/a><\/p>\n\n\n\n<p><a href=\"https:\/\/portal.pi.gov.br\/sada\/wp-content\/uploads\/sites\/80\/2026\/08\/ORCAMENTO_CALCAMENTO_ANISIO_DE_ABREU___DESONERADO.xlsx\" target=\"_blank\" rel=\"noreferrer noopener\">PLANILHAS OR\u00c7AMENT\u00c1RIAS<\/a><\/p>\n\n\n\n<p><\/p>\n\n\n\n<p><\/p>\n\n\n\n<p><\/p>\n\n\n\n<p><\/p>\n\n\n\n<p class=\"has-text-align-center\"><strong>04\/03\/2026<\/strong><\/p>\n\n\n\n<p><strong>PROCESSO:<\/strong> 00240.001923\/2025-12<\/p>\n\n\n\n<p><strong>OBJETO<\/strong>: Contrata\u00e7\u00e3o de empresa para a execu\u00e7\u00e3o da&nbsp;Obra de<strong>&nbsp;3.675,00 m\u00b2 de Pavimenta\u00e7\u00e3o em Paralelep\u00edpedo<\/strong>, referente \u00e0 zona rural do&nbsp;<strong>munic\u00edpio de PAJEU DO PIAU\u00cd &#8211; PI.<\/strong><\/p>\n\n\n\n<p><a href=\"https:\/\/portal.pi.gov.br\/sada\/wp-content\/uploads\/sites\/80\/2026\/08\/SEI_GOV-PI-0022735658-Edital.pdf\" target=\"_blank\" rel=\"noreferrer noopener\">EDITAL<\/a><\/p>\n\n\n\n<p><a href=\"https:\/\/portal.pi.gov.br\/sada\/wp-content\/uploads\/sites\/80\/2026\/08\/SEI_GOV-PI-0022731477-Termo-de-Referencia.pdf\" target=\"_blank\" rel=\"noreferrer noopener\">TERMO DE REFER\u00caNCIA<\/a><\/p>\n\n\n\n<p><a href=\"https:\/\/portal.pi.gov.br\/sada\/wp-content\/uploads\/sites\/80\/2026\/08\/SEI_GOV-PI-0022736261-Minuta-de-Contrato.pdf\" target=\"_blank\" rel=\"noreferrer noopener\">MINUTA DE CONTRATO<\/a><\/p>\n\n\n\n<p><a href=\"https:\/\/portal.pi.gov.br\/sada\/wp-content\/uploads\/sites\/80\/2026\/08\/SEI_0022736551_Edital_ANEXOS.pdf\" target=\"_blank\" rel=\"noreferrer noopener\">ANEXOS DO EDITAL<\/a><\/p>\n\n\n\n<p><a href=\"https:\/\/portal.pi.gov.br\/sada\/wp-content\/uploads\/sites\/80\/2026\/08\/PROJETO_BASICO-2.pdf\" target=\"_blank\" rel=\"noreferrer noopener\">PROJETO B\u00c1SICO<\/a><\/p>\n\n\n\n<p><a href=\"https:\/\/portal.pi.gov.br\/sada\/wp-content\/uploads\/sites\/80\/2026\/08\/ORCAMENTO_PAV._PAJEU_DO_PIAUI___Copia.xlsx\" target=\"_blank\" rel=\"noreferrer noopener\">PLANILHA OR\u00c7AMENT\u00c1RIA<\/a><\/p>\n\n\n\n<p><\/p>\n\n\n\n<p><\/p>\n\n\n\n<p><\/p>\n\n\n\n<p class=\"has-text-align-center\"><strong>27\/02\/2026<\/strong><\/p>\n\n\n\n<p><strong>PROCESSO:<\/strong> 00240.002281\/2025-79<\/p>\n\n\n\n<p><strong>OBJETO<\/strong>: Contrata\u00e7\u00e3o de empresa para a execu\u00e7\u00e3o de&nbsp;<strong>8.010,76 m\u00b2 de pavimenta\u00e7\u00e3o em paralelep\u00edpedo<\/strong>, na zona rural<strong>&nbsp;do munic\u00edpio de LAGOA DE S\u00c3O FRANCISCO &#8211; PI.<\/strong><\/p>\n\n\n\n<p><a href=\"https:\/\/portal.pi.gov.br\/sada\/wp-content\/uploads\/sites\/80\/2026\/08\/SEI_GOV-PI-0022617987-Edital.pdf\" target=\"_blank\" rel=\"noreferrer noopener\">EDITAL<\/a><\/p>\n\n\n\n<p><a href=\"https:\/\/portal.pi.gov.br\/sada\/wp-content\/uploads\/sites\/80\/2026\/08\/SEI_GOV-PI-0022617941-Termo-de-Referencia.pdf\" target=\"_blank\" rel=\"noreferrer noopener\">TERMO DE REFER\u00caNCIA<\/a><\/p>\n\n\n\n<p><a href=\"https:\/\/portal.pi.gov.br\/sada\/wp-content\/uploads\/sites\/80\/2026\/08\/SEI_GOV-PI-0022618018-Anexos-Edital.pdf\" target=\"_blank\" rel=\"noreferrer noopener\">ANEXOS DO EDITAL<\/a><\/p>\n\n\n\n<p><a href=\"https:\/\/portal.pi.gov.br\/sada\/wp-content\/uploads\/sites\/80\/2026\/08\/SEI_GOV-PI-0020693245-Minuta-de-Contrato-1.pdf\" target=\"_blank\" rel=\"noreferrer noopener\">MINUTA DE CONTRATO<\/a><\/p>\n\n\n\n<p><a href=\"https:\/\/portal.pi.gov.br\/sada\/wp-content\/uploads\/sites\/80\/2026\/08\/LAGOA_DE_SAO_FRANCISCO___ORCAMENTO_CALCAMENTO.xls\" target=\"_blank\" rel=\"noreferrer noopener\">PLANILHA OR\u00c7AMENT\u00c1RIA<\/a><\/p>\n\n\n\n<p><\/p>\n\n\n\n<p><\/p>\n\n\n\n<p class=\"has-text-align-center\"><strong>11\/04\/2026<\/strong><\/p>\n\n\n\n<p><strong>PROCESSO:<\/strong> 00240.001722\/2025-15<\/p>\n\n\n\n<p><strong>OBJETO<\/strong>: Contrata\u00e7\u00e3o de empresa para a execu\u00e7\u00e3o da&nbsp;Obra de<strong>&nbsp;12.999,00 m\u00b2 Pavimenta\u00e7\u00e3o em Paralelep\u00edpedo<\/strong>, referente \u00e0 zona urbana e rural do&nbsp;<strong>munic\u00edpio de JOS\u00c9 DE FREITAS &#8211; PI.<\/strong><\/p>\n\n\n\n<p><a href=\"https:\/\/portal.pi.gov.br\/sada\/wp-content\/uploads\/sites\/80\/2026\/08\/SEI_GOV-PI-0023087428-Edital.pdf\" target=\"_blank\" rel=\"noreferrer noopener\">EDITAL<\/a><\/p>\n\n\n\n<p><a href=\"https:\/\/portal.pi.gov.br\/sada\/wp-content\/uploads\/sites\/80\/2026\/08\/SEI_GOV-PI-0022793859-Termo-de-Referencia.pdf\" target=\"_blank\" rel=\"noreferrer noopener\">TERMO DE REFERENCIA<\/a><\/p>\n\n\n\n<p><a href=\"https:\/\/portal.pi.gov.br\/sada\/wp-content\/uploads\/sites\/80\/2026\/08\/SEI_GOV-PI-0022795385-Minuta-de-Contrato.pdf\" target=\"_blank\" rel=\"noreferrer noopener\">MINUTA DE CONTRATO<\/a><\/p>\n\n\n\n<p><a href=\"https:\/\/portal.pi.gov.br\/sada\/wp-content\/uploads\/sites\/80\/2026\/08\/SEI_GOV-PI-0022795385-Minuta-de-Contrato.pdf\" target=\"_blank\" rel=\"noreferrer noopener\">ANEXOS DO EDITAL<\/a><\/p>\n\n\n\n<p><a href=\"https:\/\/portal.pi.gov.br\/sada\/wp-content\/uploads\/sites\/80\/2026\/08\/ORCAMENTO_RETIFICADO__excel_.xlsx\" target=\"_blank\" rel=\"noreferrer noopener\">PLANILHA OR\u00c7AMENT\u00c1RIA<\/a><\/p>\n\n\n\n<p><\/p>\n\n\n\n<p class=\"has-text-align-center\"><strong>13\/02\/2026<\/strong><\/p>\n\n\n\n<p><strong>PROCESSO:<\/strong> 00240.002850\/2024-03<\/p>\n\n\n\n<p><strong>OBJETO<\/strong>: Contrata\u00e7\u00e3o de empresa para a execu\u00e7\u00e3o da&nbsp;Obra de<strong>&nbsp;6.330,00 m\u00b2 de Pavimenta\u00e7\u00e3o em Paralelep\u00edpedo<\/strong>, referente \u00e0 zona rural do&nbsp;<strong>munic\u00edpio de ALTOS &#8211; PI.<\/strong><\/p>\n\n\n\n<p><a href=\"https:\/\/portal.pi.gov.br\/sada\/wp-content\/uploads\/sites\/80\/2026\/08\/SEI_GOV-PI-0022405086-Edital.pdf\" target=\"_blank\" rel=\"noreferrer noopener\">EDITAL<\/a><\/p>\n\n\n\n<p><a href=\"https:\/\/portal.pi.gov.br\/sada\/wp-content\/uploads\/sites\/80\/2026\/08\/SEI_GOV-PI-0022405051-Termo-de-Referencia.pdf\" target=\"_blank\" rel=\"noreferrer noopener\">TERMO DE REFERENCIA<\/a><\/p>\n\n\n\n<p><a href=\"https:\/\/portal.pi.gov.br\/sada\/wp-content\/uploads\/sites\/80\/2026\/08\/SEI_GOV-PI-0022405115-Minuta-de-Contrato.pdf\" target=\"_blank\" rel=\"noreferrer noopener\">MINUTA DE CONTRATO<\/a><\/p>\n\n\n\n<p><a href=\"https:\/\/portal.pi.gov.br\/sada\/wp-content\/uploads\/sites\/80\/2026\/08\/SEI_GOV-PI-0022405115-Minuta-de-Contrato.pdf\" target=\"_blank\" rel=\"noreferrer noopener\">ANEXOS DO EDITAL<\/a><\/p>\n\n\n\n<p><a href=\"https:\/\/portal.pi.gov.br\/sada\/wp-content\/uploads\/sites\/80\/2026\/08\/ORA_u2021AMENTO_ALTOS_COMUNIDADE_OLHO_D_A_GUA__GA_VEA_E_ZUNDA_u0192O___SEM_DESONERAA_u2021A_u0192O.xls\" target=\"_blank\" rel=\"noreferrer noopener\">PLANILHA OR\u00c7AMENT\u00c1RIA<\/a><\/p>\n\n\n\n<p><\/p>\n\n\n\n<p class=\"has-text-align-center\"><strong>10\/02\/2026<\/strong><\/p>\n\n\n\n<p><strong>PROCESSO:<\/strong> 00240.001293\/2025-86<\/p>\n\n\n\n<p><strong>OBJETO<\/strong>: Contrata\u00e7\u00e3o de empresa para a execu\u00e7\u00e3o de&nbsp;<strong>2.253,60 m\u00b2 Pavimenta\u00e7\u00e3o em Paralelep\u00edpedo<\/strong>, referente \u00e0 zona urbana e rural do&nbsp;<strong>munic\u00edpio de ANIS\u00cdO DE ABREU &#8211; PI.<\/strong><\/p>\n\n\n\n<p><a href=\"https:\/\/portal.pi.gov.br\/sada\/wp-content\/uploads\/sites\/80\/2026\/08\/SEI_GOV-PI-0022348638-Edital.pdf\" target=\"_blank\" rel=\"noreferrer noopener\">EDITAL<\/a><\/p>\n\n\n\n<p><a href=\"https:\/\/portal.pi.gov.br\/sada\/wp-content\/uploads\/sites\/80\/2026\/08\/SEI_GOV-PI-0022341040-Termo-de-Referencia.pdf\" target=\"_blank\" rel=\"noreferrer noopener\">TERMO DE REFERENCIA<\/a><\/p>\n\n\n\n<p><a href=\"https:\/\/portal.pi.gov.br\/sada\/wp-content\/uploads\/sites\/80\/2026\/08\/SEI_GOV-PI-0022341040-Termo-de-Referencia.pdf\" target=\"_blank\" rel=\"noreferrer noopener\">MINUTA DE CONTRATO<\/a><\/p>\n\n\n\n<p><a href=\"https:\/\/portal.pi.gov.br\/sada\/wp-content\/uploads\/sites\/80\/2026\/08\/SEI_GOV-PI-0022350517-Anexos-Edital.pdf\" target=\"_blank\" rel=\"noreferrer noopener\">ANEXOS DO EDITAL<\/a><\/p>\n\n\n\n<p><a href=\"https:\/\/portal.pi.gov.br\/sada\/wp-content\/uploads\/sites\/80\/2026\/08\/ORA_u2021AMENTO_CALA_u2021AMENTO_ANA_SIO_DE_ABREU___NA_u0192O_DESONERADO.xlsx\" target=\"_blank\" rel=\"noreferrer noopener\">PLANILHA OR\u00c7AMENT\u00c1RIA<\/a><\/p>\n\n\n\n<p><\/p>\n\n\n\n<p><\/p>\n\n\n\n<p><\/p>\n\n\n\n<p><\/p>\n\n\n\n<p><\/p>\n\n\n\n<p><\/p>\n\n\n\n<p><\/p>\n\n\n\n<p class=\"has-text-align-center\"><strong>05\/02\/2026<\/strong><\/p>\n\n\n\n<p><strong>PROCESSO:<\/strong> 00240.001178\/2024-21<\/p>\n\n\n\n<p><strong>OBJETO<\/strong>: Contrata\u00e7\u00e3o de empresa para a execu\u00e7\u00e3o de&nbsp;<strong>3.960,00 m\u00b2 Pavimenta\u00e7\u00e3o em Paralelep\u00edpedo<\/strong>, referente \u00e0 zona urbana e rural do&nbsp;<strong>munic\u00edpio de TERESINA &#8211; PI.<\/strong><\/p>\n\n\n\n<p><a href=\"https:\/\/portal.pi.gov.br\/sada\/wp-content\/uploads\/sites\/80\/2026\/08\/SEI_GOV-PI-0022272450-Edital.pdf\" target=\"_blank\" rel=\"noreferrer noopener\">EDITAL<\/a><\/p>\n\n\n\n<p><a href=\"https:\/\/portal.pi.gov.br\/sada\/wp-content\/uploads\/sites\/80\/2026\/08\/SEI_GOV-PI-0022269190-Termo-de-Referencia.pdf\" target=\"_blank\" rel=\"noreferrer noopener\">TERMO DE REFER\u00caNCIA<\/a><\/p>\n\n\n\n<p><a href=\"https:\/\/portal.pi.gov.br\/sada\/wp-content\/uploads\/sites\/80\/2026\/08\/SEI_GOV-PI-0022289205-Minuta-de-Contrato.pdf\" target=\"_blank\" rel=\"noreferrer noopener\">MINUTA DE CONTRATO<\/a><\/p>\n\n\n\n<p><a href=\"https:\/\/portal.pi.gov.br\/sada\/wp-content\/uploads\/sites\/80\/2026\/08\/SEI_GOV-PI-0022289436-Anexos-Edital.pdf\" target=\"_blank\" rel=\"noreferrer noopener\">ANEXOS DO EDITAL<\/a><\/p>\n\n\n\n<p><a href=\"https:\/\/portal.pi.gov.br\/sada\/wp-content\/uploads\/sites\/80\/2026\/08\/PROJETO_BA_SICO___TERESINA.pdf\" target=\"_blank\" rel=\"noreferrer noopener\">PROJETO B\u00c1SICO<\/a><\/p>\n\n\n\n<p><a href=\"https:\/\/portal.pi.gov.br\/sada\/wp-content\/uploads\/sites\/80\/2026\/08\/ORCAMENTO___Copia.xlsx\" target=\"_blank\" rel=\"noreferrer noopener\">PLANILHA OR\u00c7AMENT\u00c1RIA<\/a><\/p>\n\n\n\n<p><\/p>\n\n\n\n<p><\/p>\n\n\n\n<p class=\"has-text-align-center\"><strong>20\/02\/2026<\/strong><\/p>\n\n\n\n<p><strong>PROCESSO:<\/strong> 000240.001645\/2025-01<\/p>\n\n\n\n<p><strong>OBJETO<\/strong>: Contrata\u00e7\u00e3o de empresa para a execu\u00e7\u00e3o de&nbsp;obra de implanta\u00e7\u00e3o de 3 (tr\u00eas) Sistemas Simplificados de Abastecimento de \u00c1gua no munic\u00edpio de Morro cabe\u00e7a no tempo &#8211; Pi<strong>.<\/strong><\/p>\n\n\n\n<p><a href=\"https:\/\/portal.pi.gov.br\/sada\/wp-content\/uploads\/sites\/80\/2026\/08\/SEI_GOV-PI-0022488064-Edital.pdf\" target=\"_blank\" rel=\"noreferrer noopener\">EDITAL<\/a><\/p>\n\n\n\n<p><a href=\"https:\/\/portal.pi.gov.br\/sada\/wp-content\/uploads\/sites\/80\/2026\/08\/SEI_GOV-PI-0022486730-Projeto-Basico.pdf\" target=\"_blank\" rel=\"noreferrer noopener\">PROJETO B\u00c1SICO<\/a><\/p>\n\n\n\n<p><a href=\"https:\/\/portal.pi.gov.br\/sada\/wp-content\/uploads\/sites\/80\/2026\/08\/SEI_GOV-PI-0022488736-Minuta-de-Contrato.pdf\" target=\"_blank\" rel=\"noreferrer noopener\">MINUTA DE CONTRATO<\/a><\/p>\n\n\n\n<p><a href=\"https:\/\/portal.pi.gov.br\/sada\/wp-content\/uploads\/sites\/80\/2026\/08\/ORCAMENTO_SEM_DESONERACAO-1.xlsx\" target=\"_blank\" rel=\"noreferrer noopener\">PLANILHA OR\u00c7AMENT\u00c1RIA<\/a><\/p>\n\n\n\n<p><\/p>\n\n\n\n<p><\/p>\n\n\n\n<p class=\"has-text-align-center\"><strong>13\/01\/2026<\/strong><\/p>\n\n\n\n<p><strong>PROCESSO:<\/strong> 00240.002839\/2025-16<\/p>\n\n\n\n<p><strong>OBJETO<\/strong>: Contrata\u00e7\u00e3o de empresa para a execu\u00e7\u00e3o de&nbsp;<strong>9.798,00 m\u00b2 Pavimenta\u00e7\u00e3o em Paralelep\u00edpedo<\/strong>, referente \u00e0 zona urbana e rural do&nbsp;<strong>munic\u00edpio de AN\u00cdSIO DE ABREU &#8211; PI.<\/strong><\/p>\n\n\n\n<p><a href=\"https:\/\/portal.pi.gov.br\/sada\/wp-content\/uploads\/sites\/80\/2026\/08\/SEI_GOV-PI-0021884044-Edital.pdf\" target=\"_blank\" rel=\"noreferrer noopener\">EDITAL<\/a><\/p>\n\n\n\n<p><a href=\"https:\/\/portal.pi.gov.br\/sada\/wp-content\/uploads\/sites\/80\/2026\/08\/SEI_GOV-PI-0021883960-Termo-de-Referencia.pdf\" target=\"_blank\" rel=\"noreferrer noopener\">TERMO DE REFERENCIA<\/a><\/p>\n\n\n\n<p><a href=\"https:\/\/portal.pi.gov.br\/sada\/wp-content\/uploads\/sites\/80\/2026\/08\/SEI_GOV-PI-0021884068-Minuta-de-Contrato.pdf\" target=\"_blank\" rel=\"noreferrer noopener\">MINUTA DE CONTRATO<\/a><\/p>\n\n\n\n<p><a href=\"https:\/\/portal.pi.gov.br\/sada\/wp-content\/uploads\/sites\/80\/2026\/08\/SEI_GOV-PI-0021884103-Anexos-Edital.pdf\" target=\"_blank\" rel=\"noreferrer noopener\">ANEXOS DO EDITAL<\/a><\/p>\n\n\n\n<p><a href=\"https:\/\/portal.pi.gov.br\/sada\/wp-content\/uploads\/sites\/80\/2026\/08\/ORCAMENTO_CALCAMENTO_ANISIO_DE_ABREU___COM_DESONERACAO.xlsx\" target=\"_blank\" rel=\"noreferrer noopener\">PLANILHA OR\u00c7AMENT\u00c1RIA<\/a><\/p>\n\n\n\n<p><a href=\"https:\/\/portal.pi.gov.br\/sada\/wp-content\/uploads\/sites\/80\/2026\/08\/PROJETO_BASICO-1.pdf\" target=\"_blank\" rel=\"noreferrer noopener\">PROJETO B\u00c1SICO<\/a><\/p>\n\n\n\n<p><\/p>\n\n\n\n<p><\/p>\n\n\n\n<p><\/p>\n\n\n\n<p class=\"has-text-align-center\"><strong>09\/01\/2026<\/strong><\/p>\n\n\n\n<p><strong>PROCESSO:<\/strong> 00240.002662\/2024-77<\/p>\n\n\n\n<p><strong>OBJETO<\/strong>: Obra de Implanta\u00e7\u00e3o de 6 (seis) sistemas de Abastecimento de \u00e1gua em comunidades rurais nos munic\u00edpios de Parnagu\u00e1 e An\u00edsio de Abreu.<\/p>\n\n\n\n<p><a href=\"https:\/\/portal.pi.gov.br\/sada\/wp-content\/uploads\/sites\/80\/2026\/08\/SEI_GOV-PI-0021877326-Edital.pdf\" target=\"_blank\" rel=\"noreferrer noopener\">Edital<\/a><\/p>\n\n\n\n<p><a href=\"https:\/\/portal.pi.gov.br\/sada\/wp-content\/uploads\/sites\/80\/2026\/08\/SEI_GOV-PI-0020913420-Termo-de-Referencia.pdf\" target=\"_blank\" rel=\"noreferrer noopener\">Termo de Refer\u00eancia<\/a><\/p>\n\n\n\n<p><a href=\"https:\/\/portal.pi.gov.br\/sada\/wp-content\/uploads\/sites\/80\/2026\/08\/SEI_GOV-PI-0021877340-Minuta-de-Contrato.pdf\" target=\"_blank\" rel=\"noreferrer noopener\">minuta de contrato<\/a><\/p>\n\n\n\n<p><a href=\"https:\/\/portal.pi.gov.br\/sada\/wp-content\/uploads\/sites\/80\/2026\/08\/ORCAMENTO_SEM_DESONERACAO.xlsx\" target=\"_blank\" rel=\"noreferrer noopener\">PLANILHA OR\u00c7AMENT\u00c1RIA<\/a><\/p>\n\n\n\n<p><\/p>\n\n\n\n<p class=\"has-text-align-center\"><strong>25\/02\/2026<\/strong><\/p>\n\n\n\n<p class=\"has-text-align-center\"><a rel=\"noreferrer noopener\" href=\"https:\/\/portal.pi.gov.br\/sada\/wp-content\/uploads\/sites\/80\/2026\/03\/Scan-24.pdf\" target=\"_blank\"><strong><span style=\"color: #f80808\" class=\"stk-highlight\">AVISO DE CONVOCA\u00c7\u00c3O DE INTERESSADOS &#8211; CONTRATA\u00c7\u00c3O DIRETA<\/span><\/strong><\/a><\/p>\n\n\n\n<p><\/p>\n\n\n\n<p><strong>PROCESSO:<\/strong> 00240.000498\/2026-25<\/p>\n\n\n\n<p><strong>OBJETO<\/strong>: contrata\u00e7\u00e3o de empresa para o fornecimento de apoio log\u00edstico visando \u00e0 capacita\u00e7\u00e3o da equipe t\u00e9cnica do projeto com o tema&nbsp;<strong>\u201cBEM VIVER SEMI\u00c1RIDO\u201d<\/strong><\/p>\n\n\n\n<p><\/p>\n\n\n\n<p class=\"has-text-align-center\"><strong>19\/11\/2025<\/strong><\/p>\n\n\n\n<p class=\"has-text-align-center\"><a href=\"https:\/\/portal.pi.gov.br\/sada\/wp-content\/uploads\/sites\/80\/2025\/11\/SEI_0021250453_Aviso_23.pdf\" target=\"_blank\" rel=\"noreferrer noopener\"><strong><span style=\"color: #fb0707\" class=\"stk-highlight\">AVISO DE CONVOCA\u00c7\u00c3O DE INTERESSADO &#8211; CONTRATA\u00c7\u00c3O DIRETA<\/span><\/strong><\/a><\/p>\n\n\n\n<p><\/p>\n\n\n\n<p><strong>PROCESSO:<\/strong> 00010.004601\/2025-39<\/p>\n\n\n\n<p><strong>OBJETO<\/strong>: Reforma da sede da Associa\u00e7\u00e3o de Desenvolvimento Comunit\u00e1rio dos Agricultores Familiares do Projeto Lagoa do Campo Largo \u2013 ACAMP, no munic\u00edpio de Porto-PI<\/p>\n\n\n\n<hr class=\"wp-block-separator has-alpha-channel-opacity\" \/>\n\n\n\n<p class=\"has-text-align-center\"><a href=\"https:\/\/portal.pi.gov.br\/sada\/wp-content\/uploads\/sites\/80\/2025\/11\/SEI_0021253151_Aviso_25.pdf\" target=\"_blank\" rel=\"noreferrer noopener\"><strong><span style=\"color: #f60808\" class=\"stk-highlight\">AVISO DE CONVOCA\u00c7\u00c3O DE INTERESSADOS<\/span><\/strong><\/a><\/p>\n\n\n\n<p><\/p>\n\n\n\n<p><strong>PROCESSO:<\/strong> 00240.001905\/2025-31<\/p>\n\n\n\n<p><strong>OBJETO<\/strong>: INSTALA\u00c7\u00c3O DO SISTEMA DE ENERGIA SOLAR FOTOVOLTAICO PARA O COMPLEXO NOVA&nbsp;CEASA.<\/p>\n\n\n\n<p><\/p>\n\n\n\n<p class=\"has-text-align-center\"><strong>12\/11\/2025<\/strong><\/p>\n\n\n\n<p><\/p>\n\n\n\n<p class=\"has-text-align-center\"><strong><span style=\"color: #f30b0b\" class=\"stk-highlight\">AVISO DE CONVOCA\u00c7\u00c3O DE INTERESSADO &#8211; CONTRATA\u00c7\u00c3O DIRETA<\/span><\/strong><\/p>\n\n\n\n<p><strong>PROCESSO:<\/strong> 00240.000868\/2025-43<\/p>\n\n\n\n<p><strong>OBJETO<\/strong>: MODERNIZA\u00c7\u00c3O DO BANCO DE ALIMENTOS DA NOVA CEASA-PI<\/p>\n\n\n\n<p><\/p>\n\n\n\n<p class=\"has-text-align-center\"><a href=\"https:\/\/portal.pi.gov.br\/sada\/wp-content\/uploads\/sites\/80\/2025\/11\/SEI_0020906971_Aviso_20.pdf\" target=\"_blank\" rel=\"noreferrer noopener\">AVISO DE CONVOCA\u00c7\u00c3O<\/a><\/p>\n\n\n\n<p><\/p>\n\n\n\n<p class=\"has-text-align-center\"><strong>11\/11\/2025<\/strong><\/p>\n\n\n\n<p><strong>PROCESSO: <\/strong>00240.000778\/2025-52<\/p>\n\n\n\n<p><strong>OBJETO: &nbsp;<\/strong>Contrata\u00e7\u00e3o de empresa para o&nbsp;obra de&nbsp;execu\u00e7\u00e3o de<strong>&nbsp;6.524,33 m\u00b2<\/strong>&nbsp;em ruas do munic\u00edpio de&nbsp;<strong>REDEN\u00c7\u00c3O DO GURGU\u00c9IA &#8211; PI.<\/strong><\/p>\n\n\n\n<p><a href=\"https:\/\/portal.pi.gov.br\/sada\/wp-content\/uploads\/sites\/80\/2026\/06\/SEI_0021013566_Edital_01___Concorrencia__20_2025.pdf\" target=\"_blank\" rel=\"noreferrer noopener\">EDITAL<\/a><\/p>\n\n\n\n<p><a href=\"https:\/\/portal.pi.gov.br\/sada\/wp-content\/uploads\/sites\/80\/2026\/06\/SEI_0021013503_Projeto_Basico.pdf\" target=\"_blank\" rel=\"noreferrer noopener\">PROJETO B\u00c1SICO<\/a><\/p>\n\n\n\n<p><a href=\"https:\/\/portal.pi.gov.br\/sada\/wp-content\/uploads\/sites\/80\/2026\/06\/SEI_GOV-PI-0021013581-Minuta-de-Contrato.pdf\" target=\"_blank\" rel=\"noreferrer noopener\">MINUTA DE CONTRATO<\/a><\/p>\n\n\n\n<p><a href=\"https:\/\/portal.pi.gov.br\/sada\/wp-content\/uploads\/sites\/80\/2026\/06\/SEI_GOV-PI-0021013608-Anexos-do-Edital.pdf\" target=\"_blank\" rel=\"noreferrer noopener\">ANEXOS DO EDITAL<\/a><\/p>\n\n\n\n<p><a href=\"https:\/\/portal.pi.gov.br\/sada\/wp-content\/uploads\/sites\/80\/2026\/06\/ORCAMENTO_ONERADO_PAVIMENTACAO_EM_PARALELEPIPEDO_NO_MUNICIPIO_DE_REDENCAO_DO_GURGUEIA___PI.xls\" target=\"_blank\" rel=\"noreferrer noopener\">PLANILHA OR\u00c7AMENT\u00c1RIA<\/a><\/p>\n\n\n\n<p><a href=\"https:\/\/portal.pi.gov.br\/sada\/wp-content\/uploads\/sites\/80\/2026\/06\/PROJETO_ENGENHARIA.pdf\" target=\"_blank\" rel=\"noreferrer noopener\">PROJETO ENGENHARIA<\/a><\/p>\n\n\n\n<p class=\"has-text-align-center\"><strong>05\/11\/2025<\/strong><\/p>\n\n\n\n<p><strong>PROCESSO: <\/strong>00240.001525\/2025-04<\/p>\n\n\n\n<p><strong>OBJETO: &nbsp;<\/strong>Contrata\u00e7\u00e3o de empresa para o&nbsp;obra de implanta\u00e7\u00e3o de 5 (cinco) Sistemas Simplificados de Abastecimento de \u00c1gua no munic\u00edpio de Lagoa do Piau\u00ed<strong>.<\/strong><\/p>\n\n\n\n<p><a href=\"https:\/\/portal.pi.gov.br\/sada\/wp-content\/uploads\/sites\/80\/2025\/11\/SEI_0020984001_Edital_01.pdf\" target=\"_blank\" rel=\"noreferrer noopener\">EDITAL<\/a><\/p>\n\n\n\n<p><a href=\"https:\/\/portal.pi.gov.br\/sada\/wp-content\/uploads\/sites\/80\/2025\/11\/SEI_GOV-PI-0020973647-Projeto-Basico.pdf\" target=\"_blank\" rel=\"noreferrer noopener\">PROJETO B\u00c1SICO<\/a><\/p>\n\n\n\n<p><a href=\"https:\/\/portal.pi.gov.br\/sada\/wp-content\/uploads\/sites\/80\/2025\/11\/SEI_GOV-PI-0020977843-Minuta-de-Contrato.pdf\" target=\"_blank\" rel=\"noreferrer noopener\">MINUTA DE CONTRATO<\/a><\/p>\n\n\n\n<p><a href=\"https:\/\/portal.pi.gov.br\/sada\/wp-content\/uploads\/sites\/80\/2025\/11\/SEI_GOV-PI-0020979576-Anexos-do-Edital.pdf\" target=\"_blank\" rel=\"noreferrer noopener\">ANEXOS DO EDITAL<\/a><\/p>\n\n\n\n<p><a href=\"https:\/\/portal.pi.gov.br\/sada\/wp-content\/uploads\/sites\/80\/2025\/11\/PROJETO_EXECUTIVO___LAGOA.pdf\" target=\"_blank\" rel=\"noreferrer noopener\">PROJETOS &#8211; PRANCHA<\/a><\/p>\n\n\n\n<p><a href=\"https:\/\/portal.pi.gov.br\/sada\/wp-content\/uploads\/sites\/80\/2025\/11\/PROJETO_BASICO_DE_ENGENHARIA.pdf\" target=\"_blank\" rel=\"noreferrer noopener\">PROJETO <\/a><\/p>\n\n\n\n<p><a href=\"https:\/\/portal.pi.gov.br\/sada\/wp-content\/uploads\/sites\/80\/2025\/11\/ORCAMENTO_SEM_DESONERACAO___LAGOA_DO_PIAUI.xlsx\" target=\"_blank\" rel=\"noreferrer noopener\">PLANILHAS OR\u00c7AMENT\u00c1RIAS<\/a><\/p>\n\n\n\n<p><\/p>\n\n\n\n<p class=\"has-text-align-center\"><strong>24\/10\/2025<\/strong><\/p>\n\n\n\n<p><strong>PROCESSO: <\/strong>00240.003067\/2024-59<\/p>\n\n\n\n<p><strong>OBJETO: &nbsp;<\/strong>Contrata\u00e7\u00e3o de empresa para o&nbsp;Obra para implanta\u00e7\u00e3o de<strong>&nbsp;4.910,72&nbsp;m\u00b2&nbsp;<\/strong>de pavimenta\u00e7\u00e3o em paralelep\u00edpedo<strong>&nbsp;no munic\u00edpio de UNI\u00c3O- PI.<\/strong><\/p>\n\n\n\n<p><a href=\"https:\/\/portal.pi.gov.br\/sada\/wp-content\/uploads\/sites\/80\/2025\/11\/SEI_GOV-PI-0020567911-Edital.pdf\" target=\"_blank\" rel=\"noreferrer noopener\">EDITAL<\/a><\/p>\n\n\n\n<p><a href=\"https:\/\/portal.pi.gov.br\/sada\/wp-content\/uploads\/sites\/80\/2025\/11\/SEI_GOV-PI-0020567390-Termo-de-Referencia.pdf\" target=\"_blank\" rel=\"noreferrer noopener\">TEMRO DE REFER\u00caNCIA<\/a><\/p>\n\n\n\n<p><a href=\"https:\/\/portal.pi.gov.br\/sada\/wp-content\/uploads\/sites\/80\/2025\/11\/SEI_GOV-PI-0020568141-Minuta-de-Contrato.pdf\" target=\"_blank\" rel=\"noreferrer noopener\">MINUTA DE CONTRATO<\/a><\/p>\n\n\n\n<p><a href=\"https:\/\/portal.pi.gov.br\/sada\/wp-content\/uploads\/sites\/80\/2025\/11\/SEI_GOV-PI-0020568210-Anexos-do-Edital.pdf\" target=\"_blank\" rel=\"noreferrer noopener\">ANEXOS DO EDITAL<\/a><\/p>\n\n\n\n<p><a href=\"https:\/\/portal.pi.gov.br\/sada\/wp-content\/uploads\/sites\/80\/2025\/11\/SEI_GOV-PI-0019261955-Justificativa.pdf\" target=\"_blank\" rel=\"noreferrer noopener\">CADERNO DE JUSTIFICATIVAS T\u00c9CNICA RELEVANTES<\/a><\/p>\n\n\n\n<p><a href=\"https:\/\/portal.pi.gov.br\/sada\/wp-content\/uploads\/sites\/80\/2025\/11\/ORA_u2021AMENTO_CALA_u2021AMENTO_ONERADO-2-1.xls\" target=\"_blank\" rel=\"noreferrer noopener\">PLANILIHAS OR\u00c7AMENT\u00c1RIAS<\/a><\/p>\n\n\n\n<p><a href=\"https:\/\/portal.pi.gov.br\/sada\/wp-content\/uploads\/sites\/80\/2025\/11\/PROJETO_BA_SICO_DE_ENGENHARIA-1.pdf\" target=\"_blank\" rel=\"noreferrer noopener\">PROJETO B\u00c1SICO<\/a><\/p>\n\n\n\n<p><a href=\"https:\/\/portal.pi.gov.br\/sada\/wp-content\/uploads\/sites\/80\/2025\/11\/PROJETO_EXECUTIVO___UNIA_u0192O.pdf\" target=\"_blank\" rel=\"noreferrer noopener\">PROJETOS<\/a><\/p>\n\n\n\n<p><a href=\"https:\/\/portal.pi.gov.br\/sada\/wp-content\/uploads\/sites\/80\/2025\/11\/CURVA_ABC_INSUMOS_E_SERVICOS_UNIAO.pdf\" target=\"_blank\" rel=\"noreferrer noopener\">CURVA ABC<\/a><\/p>\n\n\n\n<p><\/p>\n\n\n\n<p class=\"has-text-align-center\"><strong>24\/10\/2025<\/strong><\/p>\n\n\n\n<p><strong>PROCESSO: <\/strong>00240.003065\/2024-60<\/p>\n\n\n\n<p><strong>OBJETO: &nbsp;<\/strong>Contrata\u00e7\u00e3o de empresa para o&nbsp;Obra para implanta\u00e7\u00e3o de<strong>&nbsp;3.771,63&nbsp;m\u00b2&nbsp;<\/strong>de pavimenta\u00e7\u00e3o em paralelep\u00edpedo<strong>&nbsp;no munic\u00edpio de&nbsp;JATOB\u00c1 DO PIAU\u00cd- PI.<\/strong><\/p>\n\n\n\n<p><a href=\"https:\/\/portal.pi.gov.br\/sada\/wp-content\/uploads\/sites\/80\/2025\/11\/SEI_GOV-PI-0020561488-Edital.pdf\" target=\"_blank\" rel=\"noreferrer noopener\">EDITAL<\/a><\/p>\n\n\n\n<p><a href=\"https:\/\/portal.pi.gov.br\/sada\/wp-content\/uploads\/sites\/80\/2025\/11\/SEI_GOV-PI-0020540600-Termo-de-Referencia.pdf\" target=\"_blank\" rel=\"noreferrer noopener\">TERMO DE REFER\u00caNCIA<\/a><\/p>\n\n\n\n<p><a href=\"https:\/\/portal.pi.gov.br\/sada\/wp-content\/uploads\/sites\/80\/2025\/11\/SEI_GOV-PI-0020562587-Minuta-de-Contrato-1.pdf\" target=\"_blank\" rel=\"noreferrer noopener\">MINUTA DE CONTRATO<\/a><\/p>\n\n\n\n<p><a href=\"https:\/\/portal.pi.gov.br\/sada\/wp-content\/uploads\/sites\/80\/2025\/11\/SEI_GOV-PI-0020562540-Anexos-do-Edital.pdf\" target=\"_blank\" rel=\"noreferrer noopener\">ANEXOS DO EDITAL<\/a><\/p>\n\n\n\n<p><a href=\"https:\/\/portal.pi.gov.br\/sada\/wp-content\/uploads\/sites\/80\/2025\/11\/SEI_GOV-PI-0019086376-Justificativa.pdf\" target=\"_blank\" rel=\"noreferrer noopener\">CADERNO DE JUSTIFICATIVAS T\u00c9CNICA RELEVANTES<\/a><\/p>\n\n\n\n<p><a rel=\"noreferrer noopener\" href=\"https:\/\/portal.pi.gov.br\/sada\/wp-content\/uploads\/sites\/80\/2025\/11\/PROJETO_BA_SICO_DE_ENGENHARIA.pdf\" target=\"_blank\">PROJETO B\u00c1SICO<\/a><\/p>\n\n\n\n<p><a href=\"https:\/\/portal.pi.gov.br\/sada\/wp-content\/uploads\/sites\/80\/2025\/11\/CURVA_ABC_INSUMOS_E_SERVICOS_JATOBA.pdf\" target=\"_blank\" rel=\"noreferrer noopener\">CURVA ABC<\/a><\/p>\n\n\n\n<p><a href=\"https:\/\/portal.pi.gov.br\/sada\/wp-content\/uploads\/sites\/80\/2025\/11\/ORA_u2021AMENTO_CALA_u2021AMENTO_ONERADO-2.xls\" target=\"_blank\" rel=\"noreferrer noopener\">PLANILHAS OR\u00c7AMENT\u00c1RIAS<\/a><\/p>\n\n\n\n\n\n<p class=\"has-text-align-center\"><strong>22\/10\/2025<\/strong><\/p>\n\n\n\n<p><strong>PROCESSO: <\/strong>00240.000421\/2025-74<\/p>\n\n\n\n<p><strong>OBJETO: &nbsp;<\/strong>REGISTRO DE PRE\u00c7OS para fins de subsidiar as futuras contrata\u00e7\u00f5es de empresas para realiza\u00e7\u00e3o do servi\u00e7o de insemina\u00e7\u00e3o artificial em 100.000 bovinos, sem fornecimento de material para a Secretaria de Assist\u00eancia T\u00e9cnica e Defesa Agropecu\u00e1ria<\/p>\n\n\n\n<p><a href=\"https:\/\/portal.pi.gov.br\/sada\/wp-content\/uploads\/sites\/80\/2025\/11\/SEI_GOV-PI-0020859371-Edital.pdf\" target=\"_blank\" rel=\"noreferrer noopener\">EDITAL<\/a><\/p>\n\n\n\n<p><a href=\"https:\/\/portal.pi.gov.br\/sada\/wp-content\/uploads\/sites\/80\/2025\/11\/SEI_GOV-PI-0020739503-Termo-de-Referencia.pdf\" target=\"_blank\" rel=\"noreferrer noopener\">TERMO DE REFERENCIA<\/a><\/p>\n\n\n\n<p><a href=\"https:\/\/portal.pi.gov.br\/sada\/wp-content\/uploads\/sites\/80\/2025\/11\/SEI_GOV-PI-0020139686-Minuta-de-Contrato.pdf\" target=\"_blank\" rel=\"noreferrer noopener\">MINUTA DE CONTRATO<\/a><\/p>\n\n\n\n<p><a rel=\"noreferrer noopener\" href=\"https:\/\/portal.pi.gov.br\/sada\/wp-content\/uploads\/sites\/80\/2025\/11\/SEI_GOV-PI-0020725476-Anexos-Edital.pdf\" target=\"_blank\">ANEXOS DO EDITAL<\/a><\/p>\n\n\n\n<p><\/p>\n\n\n\n<p class=\"has-text-align-center\"><strong>16\/09\/2025<\/strong><\/p>\n\n\n\n<p>PROCESSO:<strong>000240.001682\/2025-10<\/strong><\/p>\n\n\n\n<p>OBJETO: Contrata\u00e7\u00e3o da&nbsp;empresa para o fornecimento de 16 Condicionadores de Ar de 12.000BTUS<\/p>\n\n\n\n<p><\/p>\n\n\n\n<p><\/p>\n\n\n\n<p class=\"has-text-align-center\"><a rel=\"noreferrer noopener\" href=\"https:\/\/portal.pi.gov.br\/sada\/wp-content\/uploads\/sites\/80\/2025\/09\/SEI_GOV-PI-0020222174-Aviso-ar-condicionado-2.pdf\" data-type=\"URL\" data-id=\"https:\/\/portal.pi.gov.br\/sada\/wp-content\/uploads\/sites\/80\/2025\/09\/SEI_GOV-PI-0020222174-Aviso-ar-condicionado-2.pdf\" target=\"_blank\"><strong><span style=\"color: #fc0418\" class=\"stk-highlight\">AVISO DE CONVOCA\u00c7\u00c3O DE INTERESSADO &#8211; CONTRATA\u00c7\u00c3O DIRETA<\/span><\/strong><\/a><\/p>\n\n\n\n<p><\/p>\n\n\n\n<p class=\"has-text-align-center\"><strong>27\/06\/2025<\/strong><\/p>\n\n\n\n<p>PROCESSO:<strong>00240.001219\/2025-60<\/strong><\/p>\n\n\n\n<p>OBJETO: Contrata\u00e7\u00e3o da&nbsp;empresa para o fornecimento de Nitrog\u00eanio Liquido<\/p>\n\n\n\n<p><\/p>\n\n\n\n<p class=\"has-text-align-center\"><a href=\"https:\/\/portal.pi.gov.br\/sada\/wp-content\/uploads\/sites\/80\/2025\/06\/AVISO-CONVOCACAO-DE-INTERESSADOS.-aquisicao-nitrogenio.pdf\" target=\"_blank\" rel=\"noreferrer noopener\">AVISO DE CONVOCA\u00c7\u00c3O DE INTERESSADOS<\/a><\/p>\n\n\n\n<p><\/p>\n\n\n\n<p class=\"has-text-align-center\"><strong>22\/05\/2024<\/strong><\/p>\n\n\n\n<p>PROCESSO:<strong>00240.001156\/2024-61<\/strong><\/p>\n\n\n\n<p>OBJETO: Contrata\u00e7\u00e3o da&nbsp;empresa para a Implanta\u00e7\u00e3o de Sistema de abastecimento de Agua.(1200m e 300m).<\/p>\n\n\n\n<p>Informa\u00e7\u00f5es acerca do objeto no link abaixo:<\/p>\n\n\n\n<p class=\"has-text-align-center\"> <a href=\"https:\/\/portal.pi.gov.br\/sada\/wp-content\/uploads\/sites\/80\/2025\/05\/AVISO-CONVOCACAO-DE-INTERESSADOS.pdf\" target=\"_blank\" rel=\"noreferrer noopener\">AVISO DE CONVOCA\u00c7\u00c3O DE INTERESSADOS<\/a><\/p>\n\n\n\n<p><\/p>\n\n\n\n<p class=\"has-text-align-center\"><strong>08\/04\/2025<\/strong><\/p>\n\n\n\n<p><\/p>\n\n\n\n<p><strong>PROCESSO: 00240.003062\/2024-26<\/strong><\/p>\n\n\n\n<p><strong>OBJETO: &nbsp;Contrata\u00e7\u00e3o&nbsp;de empresa para a&nbsp;obra de&nbsp;implanta\u00e7\u00e3o de&nbsp;5.345,80 m\u00b2&nbsp;de pavimenta\u00e7\u00e3o em paralelep\u00edpedo&nbsp;no munic\u00edpio de COCAL DOS ALVES&nbsp;&#8211; PI<\/strong><\/p>\n\n\n\n<p><a href=\"https:\/\/portal.pi.gov.br\/sada\/wp-content\/uploads\/sites\/80\/2025\/04\/PROJETO_COMPLETO_COCAL_DOS_ALVES.pdf\" target=\"_blank\" rel=\"noreferrer noopener\">PROJETO<\/a><\/p>\n\n\n\n<p><a href=\"https:\/\/portal.pi.gov.br\/sada\/wp-content\/uploads\/sites\/80\/2025\/04\/SEI_GOV-PI-017447718-Edital.pdf\" target=\"_blank\" rel=\"noreferrer noopener\">EDITAL<\/a><\/p>\n\n\n\n<p><a href=\"https:\/\/portal.pi.gov.br\/sada\/wp-content\/uploads\/sites\/80\/2025\/04\/SEI_GOV-PI-017447895-Edital.pdf\" target=\"_blank\" rel=\"noreferrer noopener\">EDITAL ANEXOS<\/a><\/p>\n\n\n\n<p><a href=\"https:\/\/portal.pi.gov.br\/sada\/wp-content\/uploads\/sites\/80\/2025\/04\/SEI_GOV-PI-017447735-Termo-de-Referencia.pdf\" target=\"_blank\" rel=\"noreferrer noopener\">TERMO DE REFERENCIA<\/a><\/p>\n\n\n\n<p><a href=\"https:\/\/portal.pi.gov.br\/sada\/wp-content\/uploads\/sites\/80\/2025\/04\/SEI_GOV-PI-017447850-Minuta-de-Contrato.pdf\" target=\"_blank\" rel=\"noreferrer noopener\">MINUTA DE CONTRATO<\/a><\/p>\n\n\n\n<p><a href=\"https:\/\/portal.pi.gov.br\/sada\/wp-content\/uploads\/sites\/80\/2025\/04\/ORA_u2021AMENTO_CALA_u2021AMENTO__3_.pdf\" target=\"_blank\" rel=\"noreferrer noopener\">PLANILHA IR\u00c7AMENTARIA<\/a><\/p>\n\n\n\n<p><a href=\"https:\/\/portal.pi.gov.br\/sada\/wp-content\/uploads\/sites\/80\/2025\/04\/SEI_GOV-PI-017449812-Aviso-de-Licitacao.pdf\" target=\"_blank\" rel=\"noreferrer noopener\">AVISO DE LICITA\u00c7\u00c3O<\/a><\/p>\n\n\n\n<p><\/p>\n\n\n\n<p><strong>PROCESSO: 00240.003061\/2024-81<\/strong><\/p>\n\n\n\n<p><strong>OBJETO: &nbsp;Contrata\u00e7\u00e3o&nbsp;de empresa para a&nbsp;obra de&nbsp;implanta\u00e7\u00e3o de&nbsp;5.074,00 m\u00b2&nbsp;de pavimenta\u00e7\u00e3o em paralelep\u00edpedo&nbsp;no munic\u00edpio de ITAUEIRA&nbsp;&#8211; PI<\/strong><\/p>\n\n\n\n<p><a href=\"https:\/\/portal.pi.gov.br\/sada\/wp-content\/uploads\/sites\/80\/2025\/04\/PROJETO_COMPLETO_ITAUEIRA.pdf\" target=\"_blank\" rel=\"noreferrer noopener\">PROJETO<\/a><\/p>\n\n\n\n<p><a href=\"https:\/\/portal.pi.gov.br\/sada\/wp-content\/uploads\/sites\/80\/2025\/04\/SEI_GOV-PI-017445162-Edital.pdf\" target=\"_blank\" rel=\"noreferrer noopener\">EDITAL<\/a><\/p>\n\n\n\n<p><a href=\"https:\/\/portal.pi.gov.br\/sada\/wp-content\/uploads\/sites\/80\/2025\/04\/SEI_GOV-PI-017119472-Edital.pdf\" target=\"_blank\" rel=\"noreferrer noopener\">EDITAL ANEXOS<\/a><\/p>\n\n\n\n<p><a href=\"https:\/\/portal.pi.gov.br\/sada\/wp-content\/uploads\/sites\/80\/2025\/04\/SEI_GOV-PI-017106708-Termo-de-Referencia.pdf\" target=\"_blank\" rel=\"noreferrer noopener\">TERMO DE REFERENCIA<\/a><\/p>\n\n\n\n<p><a href=\"https:\/\/portal.pi.gov.br\/sada\/wp-content\/uploads\/sites\/80\/2025\/04\/SEI_GOV-PI-017119432-Minuta-de-Contrato.pdf\" target=\"_blank\" rel=\"noreferrer noopener\">MINUTA DE CONTRATO<\/a><\/p>\n\n\n\n<p><a href=\"https:\/\/portal.pi.gov.br\/sada\/wp-content\/uploads\/sites\/80\/2025\/04\/ORA_u2021AMENTO_CALA_u2021AMENTO.pdf\" target=\"_blank\" rel=\"noreferrer noopener\">PLANILHA OR\u00c7AMENTARIA<\/a><\/p>\n\n\n\n<p><a href=\"https:\/\/portal.pi.gov.br\/sada\/wp-content\/uploads\/sites\/80\/2025\/04\/SEI_GOV-PI-017122124-Aviso-de-Licitacao.pdf\" target=\"_blank\" rel=\"noreferrer noopener\">AVISO DE LICITA\u00c7\u00c3O<\/a><\/p>\n\n\n\n<p><a rel=\"noreferrer noopener\" href=\"https:\/\/portal.pi.gov.br\/sada\/wp-content\/uploads\/sites\/80\/2025\/04\/SEI_GOV-PI-017444600-Errata.pdf\" target=\"_blank\">ER+RATA <\/a><\/p>\n\n\n\n<p><\/p>\n\n\n\n<p class=\"has-text-align-center\"><strong> 08\/04\/2025<\/strong><\/p>\n\n\n\n<p><\/p>\n\n\n\n<p><strong>PROCESSO: 00240.003063\/2024-71<\/strong><\/p>\n\n\n\n<p><strong>OBJETO: &nbsp;Contrata\u00e7\u00e3o&nbsp;de empresa para a&nbsp;obra de&nbsp;implanta\u00e7\u00e3o de&nbsp;7.160,00 m\u00b2&nbsp;de pavimenta\u00e7\u00e3o em paralelep\u00edpedo&nbsp;no munic\u00edpio de ALTOS&nbsp;&#8211; PI<\/strong><\/p>\n\n\n\n<p><a href=\"https:\/\/portal.pi.gov.br\/sada\/wp-content\/uploads\/sites\/80\/2025\/04\/SEI_GOV-PI-017362244-Edital-concorrencia-01.pdf\" target=\"_blank\" rel=\"noreferrer noopener\">EDITAL<\/a><\/p>\n\n\n\n<p><a href=\"https:\/\/portal.pi.gov.br\/sada\/wp-content\/uploads\/sites\/80\/2025\/04\/PROJETO_COMPLETO_ALTOS.pdf\" target=\"_blank\" rel=\"noreferrer noopener\">PROJETO <\/a><\/p>\n\n\n\n<p><a href=\"https:\/\/portal.pi.gov.br\/sada\/wp-content\/uploads\/sites\/80\/2025\/04\/SEI_GOV-PI-016986151-Termo-de-Referencia-conco-01-2025.pdf\" target=\"_blank\" rel=\"noreferrer noopener\">TERMO DE REFERENCIA<\/a><\/p>\n\n\n\n<p><a href=\"https:\/\/portal.pi.gov.br\/sada\/wp-content\/uploads\/sites\/80\/2025\/04\/SEI_GOV-PI-017021530-Edital-anexos-conco-01-2025.pdf\" target=\"_blank\" rel=\"noreferrer noopener\">EDITAL ANEXOS<\/a><\/p>\n\n\n\n<p><a href=\"https:\/\/portal.pi.gov.br\/sada\/wp-content\/uploads\/sites\/80\/2025\/04\/SEI_GOV-PI-017021490-Minuta-de-Contrato-conco-01-2025.pdf\" target=\"_blank\" rel=\"noreferrer noopener\">MINUTA CONTRATO<\/a><\/p>\n\n\n\n<p><a href=\"https:\/\/portal.pi.gov.br\/sada\/wp-content\/uploads\/sites\/80\/2025\/04\/ORA_u2021AMENTO_CALA_u2021AMENTO_ONERADO.pdf\" target=\"_blank\" rel=\"noreferrer noopener\">PLANILHA OR\u00c7AMENTARIA<\/a><\/p>\n\n\n\n<p><a href=\"https:\/\/portal.pi.gov.br\/sada\/wp-content\/uploads\/sites\/80\/2025\/04\/SEI_GOV-PI-017051176-Aviso-de-Licitacao.pdf\" target=\"_blank\" rel=\"noreferrer noopener\">AVISO LICITA\u00c7\u00c3O<\/a><\/p>\n\n\n\n<p><a href=\"https:\/\/portal.pi.gov.br\/sada\/wp-content\/uploads\/sites\/80\/2025\/04\/SEI_GOV-PI-017323219-Errata-conc-01-2025.pdf\" target=\"_blank\" rel=\"noreferrer noopener\">ERRATA <\/a><\/p>\n\n\n\n<p class=\"has-text-align-center\"><strong>27\/01\/2024<\/strong><\/p>\n\n\n\n<p>PROCESSO:<strong>00240.000106\/2024-66<\/strong><\/p>\n\n\n\n<p>OBJETO: Contrata\u00e7\u00e3o de empresa para executar a constru\u00e7\u00e3o de base caixa d&#8217;agua pr\u00e9-moldada na localidade Canto do Sind\u00f4- Barras-PI<\/p>\n\n\n\n<p>Informa\u00e7\u00f5es acerca do objeto no link abaixo: <\/p>\n\n\n\n<p><a rel=\"noreferrer noopener\" href=\"https:\/\/portal.pi.gov.br\/sada\/wp-content\/uploads\/sites\/80\/2025\/01\/SEI_GOV-PI-016318558-Aviso-de-Licitacao.pdf\" target=\"_blank\"><strong>AVISO DE CONVOCA\u00c7\u00c3O DE INTERESSADOS<\/strong><\/a><\/p>\n\n\n\n<p><a rel=\"noreferrer noopener\" href=\"https:\/\/portal.pi.gov.br\/sada\/wp-content\/uploads\/sites\/80\/2025\/01\/PROJETO-BASICO-DE-ENGENHARIA-Canto-do-Sindo.pdf\" target=\"_blank\"><strong>PROJETO B\u00c1SICO<\/strong><\/a><\/p>\n\n\n\n<p><a rel=\"noreferrer noopener\" href=\"https:\/\/portal.pi.gov.br\/sada\/wp-content\/uploads\/sites\/80\/2025\/01\/ORCAMENTO-CANTO-DO-SINDO.pdf\" target=\"_blank\"><strong>OR\u00c7AMENTO<\/strong><\/a><\/p>\n\n\n\n<p class=\"has-text-align-center\"><strong>28\/11\/2024<\/strong><\/p>\n\n\n\n<p><strong>Processo: <\/strong>00240.002144\/2023-72<strong><br>Objeto:<\/strong> Distribui\u00e7\u00e3o de rede de abastecimento de agua em Jatob\u00e1 do Piau\u00ed<\/p>\n\n\n\n<p><a rel=\"noreferrer noopener\" href=\"https:\/\/portal.pi.gov.br\/sada\/wp-content\/uploads\/sites\/80\/2024\/11\/RELATA_u201CRIO_FOTOGRAFICO_JATOBA_.pdf\" target=\"_blank\"><strong>RELATORIO FOTOGR\u00c1FICO<\/strong><\/a><\/p>\n\n\n\n<p><a rel=\"noreferrer noopener\" href=\"https:\/\/portal.pi.gov.br\/sada\/wp-content\/uploads\/sites\/80\/2024\/11\/ORA_u2021AMENTO_DE_REDE_DE_DISTRIBUIA_u2021A_u0192O_DE_A_GUA___SEM_DESONERAA_u2021A_u0192O-1.pdf\" target=\"_blank\"><strong>OR\u00c7AMENTO<\/strong><\/a><\/p>\n\n\n\n<p><a href=\"https:\/\/portal.pi.gov.br\/sada\/wp-content\/uploads\/sites\/80\/2024\/11\/PROJETO_COMPLETO.pdf\"><strong>PROJETO BASICO<\/strong><\/a><\/p>\n\n\n\n<p><a rel=\"noreferrer noopener\" href=\"https:\/\/portal.pi.gov.br\/sada\/wp-content\/uploads\/sites\/80\/2024\/11\/SEI_GOV-PI-015610326-Aviso.pdf\" target=\"_blank\"><strong>AVISO DE CONVOCA\u00c7\u00c3O DE INTERESSADOS<\/strong><\/a><\/p>\n\n\n\n<p><\/p>\n\n\n\n<p class=\"has-text-align-center\"><strong>17\/10\/2024<\/strong><\/p>\n\n\n\n<p><strong>Processo: 00240.001496\/2024-91<br>Objeto:<\/strong> Contrata\u00e7\u00e3o de empresa para o obra de&nbsp;Pavimenta\u00e7\u00e3o em paralelep\u00edpedo&nbsp;de 10.702,00 m\u00b2 de ruas da zona rural&nbsp;no munic\u00edpio de Altos \u2013 PI.<\/p>\n\n\n\n<p><a href=\"https:\/\/portal.pi.gov.br\/sada\/wp-content\/uploads\/sites\/80\/2024\/10\/SEI_GOV-PI-014941602-Projeto-Basico.pdf\" target=\"_blank\" rel=\"noreferrer noopener\"><strong>PROJETO B\u00c1SICO<\/strong><\/a><\/p>\n\n\n\n<p><a href=\"https:\/\/portal.pi.gov.br\/sada\/wp-content\/uploads\/sites\/80\/2024\/10\/SEI_GOV-PI-014951824-Edital.pdf\" target=\"_blank\" rel=\"noreferrer noopener\"><strong>EDITAL<\/strong><\/a><\/p>\n\n\n\n<p><strong><a href=\"https:\/\/portal.pi.gov.br\/sada\/wp-content\/uploads\/sites\/80\/2024\/10\/SEI_GOV-PI-014968149-Edital.pdf\" target=\"_blank\" rel=\"noreferrer noopener\">EDITAL ANEXOS<\/a><\/strong><\/p>\n\n\n\n<p><a href=\"https:\/\/portal.pi.gov.br\/sada\/wp-content\/uploads\/sites\/80\/2024\/10\/SEI_GOV-PI-014968534-Minuta-de-Contrato.pdf\" target=\"_blank\" rel=\"noreferrer noopener\"><strong>MINUTA DE CONTRATO<\/strong><\/a><\/p>\n\n\n\n<p><a href=\"https:\/\/portal.pi.gov.br\/sada\/wp-content\/uploads\/sites\/80\/2024\/10\/SEI_GOV-PI-014983898-Aviso-de-Licitacao.pdf\" target=\"_blank\" rel=\"noreferrer noopener\"><strong>AVISO DE LICITA\u00c7\u00c3O<\/strong><\/a><\/p>\n\n\n\n<p><a href=\"https:\/\/portal.pi.gov.br\/sada\/wp-content\/uploads\/sites\/80\/2024\/10\/AVISO_DE_LICITACAO_N__01___CONCORRENCIA_10_2024.pdf\" target=\"_blank\" rel=\"noreferrer noopener\"><strong>PUBLICA\u00c7\u00c3O AVISO LICITA\u00c7\u00c3O &#8211; DOE<\/strong><\/a><\/p>\n\n\n\n<p><a href=\"https:\/\/portal.pi.gov.br\/sada\/wp-content\/uploads\/sites\/80\/2024\/10\/jornal_17.10.24.pdf\" target=\"_blank\" rel=\"noreferrer noopener\"><strong>PUBLICA\u00c7\u00c3O AVISO DE LICITA\u00c7\u00c3O &#8211; JORNAL<\/strong><\/a><\/p>\n\n\n\n<p><a href=\"https:\/\/portal.pi.gov.br\/sada\/wp-content\/uploads\/sites\/80\/2024\/10\/ORA_u2021AMENTO_ALTOS___SEM_DESONERAA_u2021A_u0192O.xls\" target=\"_blank\" rel=\"noreferrer noopener\"><strong>PLANILHA OR\u00c7AMENTARIA<\/strong><\/a><\/p>\n\n\n\n<p><strong>Processo:00240.002110\/2023-88<br>Objeto:<\/strong> Contrata\u00e7\u00e3o de empresa para&nbsp;execu\u00e7\u00e3o da obra implanta\u00e7\u00e3o e recupera\u00e7\u00e3o de 23,00 Km de Estrada Vicinal&nbsp;no munic\u00edpio de Nova Santa Rita<strong>.<\/strong><\/p>\n\n\n\n<p><a href=\"https:\/\/portal.pi.gov.br\/sada\/wp-content\/uploads\/sites\/80\/2024\/10\/SEI_GOV-PI-014967947-Projeto-Basico-1.pdf\" target=\"_blank\" rel=\"noreferrer noopener\"><strong>PROJETO B\u00c1SICO<\/strong><\/a><\/p>\n\n\n\n<p><a href=\"https:\/\/portal.pi.gov.br\/sada\/wp-content\/uploads\/sites\/80\/2024\/10\/SEI_GOV-PI-014968218-Edital-1-1.pdf\" target=\"_blank\" rel=\"noreferrer noopener\"><strong>EDITAL<\/strong><\/a><\/p>\n\n\n\n<p><a href=\"https:\/\/portal.pi.gov.br\/sada\/wp-content\/uploads\/sites\/80\/2024\/10\/SEI_GOV-PI-014968516-Edital-AN.pdf\"><strong>EDITAL ANEXOS<\/strong><\/a><\/p>\n\n\n\n<p><a href=\"https:\/\/portal.pi.gov.br\/sada\/wp-content\/uploads\/sites\/80\/2024\/10\/SEI_GOV-PI-014968661-Minuta-de-Contrato.pdf\"><strong>MINUTA <\/strong><\/a><a href=\"https:\/\/portal.pi.gov.br\/sada\/wp-content\/uploads\/sites\/80\/2024\/10\/SEI_GOV-PI-014968661-Minuta-de-Contrato.pdf\" target=\"_blank\" rel=\"noreferrer noopener\"><strong>CONTRATO<\/strong><\/a><\/p>\n\n\n\n<p><a href=\"https:\/\/portal.pi.gov.br\/sada\/wp-content\/uploads\/sites\/80\/2024\/10\/SEI_GOV-PI-014971909-Aviso-de-Licitacao.pdf\" target=\"_blank\" rel=\"noreferrer noopener\"><strong>AVISO DE LICITA\u00c7\u00c3O<\/strong><\/a><\/p>\n\n\n\n<p><a href=\"https:\/\/portal.pi.gov.br\/sada\/wp-content\/uploads\/sites\/80\/2024\/10\/AVISO_DE_LICITACAO_N__01___TOMADA_DE_PRECO_18_2024.pdf\" target=\"_blank\" rel=\"noreferrer noopener\"><strong>PUBLICA\u00c7\u00c3O AVISO DE LICITA\u00c7\u00c3O &#8211; DOE<\/strong><\/a><\/p>\n\n\n\n<p><a href=\"https:\/\/portal.pi.gov.br\/sada\/wp-content\/uploads\/sites\/80\/2024\/10\/jornal_16.10.24.pdf\" target=\"_blank\" rel=\"noreferrer noopener\"><strong>PUBLICA\u00c7\u00c3O AVISO DE LICITA\u00c7\u00c3O &#8211; JORNAL<\/strong><\/a><\/p>\n\n\n\n<p><a href=\"https:\/\/portal.pi.gov.br\/sada\/wp-content\/uploads\/sites\/80\/2024\/10\/ORCAMENTO___SEM_DESONERACAO.xlsx\" target=\"_blank\" rel=\"noreferrer noopener\"><strong>PLANILHA OR\u00c7AMENTARIA<\/strong><\/a><\/p>\n\n\n\n<p><\/p>\n\n\n\n<p><strong>Processo:00240.000454\/2024-33<br>Objeto:<\/strong> Contrata\u00e7\u00e3o de empresa para a execu\u00e7\u00e3o de&nbsp;5.000,60&nbsp;m\u00b2 Pavimenta\u00e7\u00e3o em Paralelep\u00edpedo, referente \u00e0s ruas na zona rural do&nbsp;munic\u00edpio de Novo Santo Ant\u00f4nio- PI.<\/p>\n\n\n\n<p><a rel=\"noreferrer noopener\" href=\"https:\/\/portal.pi.gov.br\/sada\/wp-content\/uploads\/sites\/80\/2024\/10\/SEI_GOV-PI-014901422-Projeto-Basico.pdf\" target=\"_blank\"><strong>PROJETO B\u00c1SICO<\/strong><\/a><\/p>\n\n\n\n<p><a rel=\"noreferrer noopener\" href=\"https:\/\/portal.pi.gov.br\/sada\/wp-content\/uploads\/sites\/80\/2024\/10\/SEI_GOV-PI-014906225-Edital.pdf\" target=\"_blank\"><strong>EDITAL<\/strong><\/a><\/p>\n\n\n\n<p><a href=\"https:\/\/portal.pi.gov.br\/sada\/wp-content\/uploads\/sites\/80\/2024\/10\/SEI_GOV-PI-014906225-Edital-1.pdf\" target=\"_blank\" rel=\"noreferrer noopener\"><strong>EDITAL ANEXOS<\/strong><\/a><\/p>\n\n\n\n<p><a href=\"https:\/\/portal.pi.gov.br\/sada\/wp-content\/uploads\/sites\/80\/2024\/10\/SEI_GOV-PI-014906151-Minuta-de-Contrato.pdf\" target=\"_blank\" rel=\"noreferrer noopener\"><strong>MINUTA CONTRATO<\/strong><\/a><\/p>\n\n\n\n<p><a rel=\"noreferrer noopener\" href=\"https:\/\/portal.pi.gov.br\/sada\/wp-content\/uploads\/sites\/80\/2024\/10\/SEI_GOV-PI-014908431-Aviso-de-Licitacao.pdf\" target=\"_blank\"><strong>AVISO LICITA\u00c7\u00c3O<\/strong><\/a><\/p>\n\n\n\n<p><a href=\"https:\/\/portal.pi.gov.br\/sada\/wp-content\/uploads\/sites\/80\/2024\/10\/AVISO_DE_LICITACAO_N__02___CONCORRENCIA_06_2024.pdf\" target=\"_blank\" rel=\"noreferrer noopener\"><strong>PUBLICA\u00c7\u00c3O AVISO DE LICITA\u00c7\u00c3O &#8211; DOE<\/strong><\/a><\/p>\n\n\n\n<p><a href=\"https:\/\/portal.pi.gov.br\/sada\/wp-content\/uploads\/sites\/80\/2024\/10\/jornal_15.10.24.pdf\" target=\"_blank\" rel=\"noreferrer noopener\"><strong>PUBLICA\u00c7\u00c3O AVISO DE LICITA\u00c7\u00c3O- JORNAL <\/strong><\/a><\/p>\n\n\n\n<p><a rel=\"noreferrer noopener\" href=\"https:\/\/portal.pi.gov.br\/sada\/wp-content\/uploads\/sites\/80\/2024\/10\/ORA_u2021AMENTO_NOVO_SANTO_ANTONIO___COM_DESONERAA_u2021A_u0192O.xls\" target=\"_blank\"><strong>PLANILHA OR\u00c7AMENTARIA<\/strong><\/a><\/p>\n\n\n\n<p class=\"has-text-align-center\"><strong>17\/09\/2024<\/strong><\/p>\n\n\n\n<p><strong>PROCESSO:<\/strong> 00240.001836\/2023-01<br><strong>OBJETO:<\/strong> Contrata\u00e7\u00e3o de empresa para a execu\u00e7\u00e3o de&nbsp;5.004&nbsp;m\u00b2 Pavimenta\u00e7\u00e3o em Paralelep\u00edpedo, referente \u00e0s ruas na zona rural&nbsp;do&nbsp;munic\u00edpio de S\u00e3o Jo\u00e3o do Arraial<\/p>\n\n\n\n<p><a rel=\"noreferrer noopener\" href=\"https:\/\/portal.pi.gov.br\/sada\/wp-content\/uploads\/sites\/80\/2024\/09\/SEI_GOV-PI-014327427-Projeto-Basico.pdf\" target=\"_blank\"><strong>PROJETO B\u00c1SICO<\/strong><\/a><\/p>\n\n\n\n<p><a rel=\"noreferrer noopener\" href=\"https:\/\/portal.pi.gov.br\/sada\/wp-content\/uploads\/sites\/80\/2024\/09\/Edital.pdf\" target=\"_blank\"><strong>EDITAL<\/strong><\/a><\/p>\n\n\n\n<p><a href=\"https:\/\/portal.pi.gov.br\/sada\/wp-content\/uploads\/sites\/80\/2024\/09\/SEI_GOV-PI-014330335-Edital.pdf\" target=\"_blank\" rel=\"noreferrer noopener\"><strong>EDITAL ANEXOS<\/strong><\/a><\/p>\n\n\n\n<p><a href=\"https:\/\/portal.pi.gov.br\/sada\/wp-content\/uploads\/sites\/80\/2024\/09\/SEI_GOV-PI-014329882-Minuta-de-Contrato.pdf\" target=\"_blank\" rel=\"noreferrer noopener\"><strong>MINUTA DE CONTRATO<\/strong><\/a><\/p>\n\n\n\n<p><a href=\"https:\/\/portal.pi.gov.br\/sada\/wp-content\/uploads\/sites\/80\/2024\/09\/SEI_GOV-PI-014331471-Aviso-de-Licitacao.pdf\" target=\"_blank\" rel=\"noreferrer noopener\"><strong>AVISO LICITA\u00c7\u00c3O<\/strong><\/a><\/p>\n\n\n\n<p><a href=\"https:\/\/portal.pi.gov.br\/sada\/wp-content\/uploads\/sites\/80\/2024\/09\/AVISO_DE_LICITACAO_N__01___TOMADA_DE_PRECO_17_2024.pdf\" target=\"_blank\" rel=\"noreferrer noopener\"><strong>PUBLICA\u00c7\u00c3O AVISO LICITA\u00c7\u00c3O DOE<\/strong><\/a><\/p>\n\n\n\n<p><a rel=\"noreferrer noopener\" href=\"https:\/\/portal.pi.gov.br\/sada\/wp-content\/uploads\/sites\/80\/2024\/09\/jornal_07.09.24__1___1_.pdf\" target=\"_blank\"><strong>PUBLICA\u00c7\u00c3O AVISO LICITA\u00c7\u00c3O JORNAL<\/strong><\/a><\/p>\n\n\n\n<p><a rel=\"noreferrer noopener\" href=\"https:\/\/portal.pi.gov.br\/sada\/wp-content\/uploads\/sites\/80\/2024\/09\/ORA_u2021AMENTO_SA_u0192O_JOA_u0192O_DO_ARRAIAL___COM_DESONERAA_u2021A_u0192O.xls\" target=\"_blank\"><strong>PLANILHA OR\u00c7AMENT\u00c1RIA<\/strong><\/a><\/p>\n\n\n\n<p><\/p>\n\n\n\n<p><strong>PROCESSSO<\/strong>:00039.000313\/2023-25<br><strong>OBJETO<\/strong>: Contrata\u00e7\u00e3o de empresa para a execu\u00e7\u00e3o da obra de implementa\u00e7\u00e3o de revestimento, na extens\u00e3o de 24km, da PI-115 (Subesta\u00e7\u00e3o Meruoca), na zona rural do munic\u00edpio de Jos\u00e9 de Freitas.<\/p>\n\n\n\n<p><a href=\"https:\/\/portal.pi.gov.br\/sada\/wp-content\/uploads\/sites\/80\/2024\/09\/SEI_GOV-PI-013072283-Projeto-Basico.pdf\" target=\"_blank\" rel=\"noreferrer noopener\"><strong>PROJETO BASICO<\/strong><\/a><\/p>\n\n\n\n<p><a href=\"https:\/\/portal.pi.gov.br\/sada\/wp-content\/uploads\/sites\/80\/2024\/09\/SEI_GOV-PI-014354549-Termo-de-Referencia.pdf\" target=\"_blank\" rel=\"noreferrer noopener\"><strong>TERMO DE REFER\u00caNCIA<\/strong><\/a><\/p>\n\n\n\n<p><a href=\"https:\/\/portal.pi.gov.br\/sada\/wp-content\/uploads\/sites\/80\/2024\/09\/SEI_GOV-PI-014354580-Edital.pdf\" target=\"_blank\" rel=\"noreferrer noopener\"><strong>EDITAL<\/strong><\/a><\/p>\n\n\n\n<p><a rel=\"noreferrer noopener\" href=\"https:\/\/portal.pi.gov.br\/sada\/wp-content\/uploads\/sites\/80\/2024\/09\/SEI_GOV-PI-014354598-Edital-AN.pdf\" target=\"_blank\"><strong>EDITAL ANEXOS<\/strong><\/a><\/p>\n\n\n\n<p><a href=\"https:\/\/portal.pi.gov.br\/sada\/wp-content\/uploads\/sites\/80\/2024\/09\/SEI_GOV-PI-014321523-Aviso-de-Licitacao.pdf\" target=\"_blank\" rel=\"noreferrer noopener\"><strong>AVISO LICITA\u00c7\u00c3O<\/strong><\/a><\/p>\n\n\n\n<p><a rel=\"noreferrer noopener\" href=\"https:\/\/portal.pi.gov.br\/sada\/wp-content\/uploads\/sites\/80\/2024\/09\/jornal_07.09.24__1_.pdf\" target=\"_blank\"><strong>PUBLICA\u00c7\u00c3O AVISO LICITA\u00c7\u00c3O JORNAL<\/strong><\/a><\/p>\n\n\n\n<p><a rel=\"noreferrer noopener\" href=\"https:\/\/portal.pi.gov.br\/sada\/wp-content\/uploads\/sites\/80\/2024\/09\/AVISO_DE_LICITACAO_N__01___CONCORRENCIA_07_2024.pdf\" target=\"_blank\"><strong>PUBLICA\u00c7\u00c3O AVISO LICITA\u00c7\u00c3O DOE<\/strong><\/a><\/p>\n\n\n\n<p><a rel=\"noreferrer noopener\" href=\"https:\/\/portal.pi.gov.br\/sada\/wp-content\/uploads\/sites\/80\/2024\/09\/Comprovante_de_cadastramento_no_COMPRAS.GOV_.pdf\" target=\"_blank\"><strong>PUBLICA\u00c7\u00c3O AVISO LICITA\u00c7\u00c3O COMPRAS GOV<\/strong><\/a><\/p>\n\n\n\n<p><a rel=\"noreferrer noopener\" href=\"https:\/\/portal.pi.gov.br\/sada\/wp-content\/uploads\/sites\/80\/2024\/09\/ORA_u2021AMENTO_SEM_DESONERAA_u2021A_u0192O___ESTRADA_DA_MERUOCA.xlsx\" target=\"_blank\"><strong>PLANILHA OR\u00c7AMENT\u00c1RIA<\/strong><\/a><\/p>\n\n\n\n<p><\/p>\n\n\n\n<p><strong>PROCESSO<\/strong>:00240.002542\/2023-99<br><strong>OBJETO<\/strong>: Contrata\u00e7\u00e3o de empresa para a execu\u00e7\u00e3o da obra &nbsp;Pavimenta\u00e7\u00e3o em paralelep\u00edpedo de 3.978,00&nbsp;m\u00b2 em An\u00edsio de Abreu.<\/p>\n\n\n\n<p><a rel=\"noreferrer noopener\" href=\"https:\/\/portal.pi.gov.br\/sada\/wp-content\/uploads\/sites\/80\/2024\/09\/SEI_GOV-PI-014277483-Projeto-Basico.pdf\" target=\"_blank\"><strong>PROJETO B\u00c1SICO<\/strong><\/a><\/p>\n\n\n\n<p><a href=\"https:\/\/portal.pi.gov.br\/sada\/wp-content\/uploads\/sites\/80\/2024\/09\/SEI_GOV-PI-014276390-Edital.pdf\" target=\"_blank\" rel=\"noreferrer noopener\"><strong>EDITAL<\/strong><\/a><\/p>\n\n\n\n<p><a href=\"https:\/\/portal.pi.gov.br\/sada\/wp-content\/uploads\/sites\/80\/2024\/09\/SEI_GOV-PI-014278611-Edital.pdf\" target=\"_blank\" rel=\"noreferrer noopener\"><strong>EDITAL ANEXOS<\/strong><\/a><\/p>\n\n\n\n<p><a href=\"https:\/\/portal.pi.gov.br\/sada\/wp-content\/uploads\/sites\/80\/2024\/09\/SEI_GOV-PI-014278344-Minuta-de-Contrato.pdf\" target=\"_blank\" rel=\"noreferrer noopener\"><strong>MINUTA DE CONTRATO<\/strong><\/a><\/p>\n\n\n\n<p><a href=\"https:\/\/portal.pi.gov.br\/sada\/wp-content\/uploads\/sites\/80\/2024\/09\/SEI_GOV-PI-014280034-Aviso-de-Licitacao.pdf\" target=\"_blank\" rel=\"noreferrer noopener\"><strong>AVISO DE LICITA\u00c7\u00c3O<\/strong><\/a><\/p>\n\n\n\n<p><a rel=\"noreferrer noopener\" href=\"https:\/\/portal.pi.gov.br\/sada\/wp-content\/uploads\/sites\/80\/2024\/09\/jornal_05.09.24.pdf\" target=\"_blank\"><strong>PUBLICA\u00c7\u00c3O AVISO DE LICITA\u00c7\u00c3O &#8211; JORNAL<\/strong><\/a><\/p>\n\n\n\n<p><a rel=\"noreferrer noopener\" href=\"https:\/\/portal.pi.gov.br\/sada\/wp-content\/uploads\/sites\/80\/2024\/09\/aviso_licitacao_03__tp15_2024-DOE.pdf\" target=\"_blank\"><strong>PUBLICA\u00c7\u00c3O AVISO DE LICITA\u00c7\u00c3O &#8211; DOE<\/strong><\/a><\/p>\n\n\n\n<p><a rel=\"noreferrer noopener\" href=\"https:\/\/portal.pi.gov.br\/sada\/wp-content\/uploads\/sites\/80\/2024\/09\/ORA_u2021AMENTO_COM_DESONERAA_u2021A_u0192O-1.xlsx\" target=\"_blank\"><strong>PLANILHA OR\u00c7AMENTARIA<\/strong><\/a><\/p>\n\n\n\n<p class=\"has-text-align-center\"><strong>01\/07\/2024<\/strong><\/p>\n\n\n\n<p><strong>PROCESSO<\/strong>:00240.001812\/2023-44<\/p>\n\n\n\n<p><strong>OBJETO<\/strong>: Execu\u00e7\u00e3o de Passagem Molhada no munic\u00edpio de Boqueir\u00e3o<\/p>\n\n\n\n<p><a rel=\"noreferrer noopener\" href=\"https:\/\/portal.pi.gov.br\/sada\/wp-content\/uploads\/sites\/80\/2024\/07\/Projeto-Basico-Passagem-Molhada.pdf\" target=\"_blank\"><strong>PROJETO B\u00c1SICO<\/strong><\/a><\/p>\n\n\n\n<p><a rel=\"noreferrer noopener\" href=\"https:\/\/portal.pi.gov.br\/sada\/wp-content\/uploads\/sites\/80\/2024\/07\/Edital-Passagem-Molhada.pdf\" target=\"_blank\"><strong>EDITAL<\/strong><\/a><\/p>\n\n\n\n<p><a rel=\"noreferrer noopener\" href=\"https:\/\/portal.pi.gov.br\/sada\/wp-content\/uploads\/sites\/80\/2024\/07\/Edital-Anexos-Passagem-Molhada.pdf\" target=\"_blank\"><strong>EDITAL ANEXOS<\/strong><\/a><\/p>\n\n\n\n<p><a rel=\"noreferrer noopener\" href=\"https:\/\/portal.pi.gov.br\/sada\/wp-content\/uploads\/sites\/80\/2024\/07\/Minuta-de-Contrato-PASSAGEM.pdf\" target=\"_blank\"><strong>MINUTA DE CONTRATO<\/strong><\/a><\/p>\n\n\n\n<p><a rel=\"noreferrer noopener\" href=\"https:\/\/portal.pi.gov.br\/sada\/wp-content\/uploads\/sites\/80\/2024\/07\/Aviso-de-Licitacao-Passagem-Molhada.pdf\" target=\"_blank\"><strong>AVISO DE LICITA\u00c7\u00c3O<\/strong><\/a><\/p>\n\n\n\n<p><a rel=\"noreferrer noopener\" href=\"https:\/\/portal.pi.gov.br\/sada\/wp-content\/uploads\/sites\/80\/2024\/07\/publicacao_DOE-passagem.pdf\" target=\"_blank\"><strong>PUBLICA\u00c7\u00c3O AVISO DE LICITA\u00c7\u00c3O- DOE<\/strong><\/a><\/p>\n\n\n\n<p><a rel=\"noreferrer noopener\" href=\"https:\/\/portal.pi.gov.br\/sada\/wp-content\/uploads\/sites\/80\/2024\/07\/publicacao_JORNAL-passagem-1.pdf\" target=\"_blank\"><strong>PUBLICA\u00c7\u00c3O AVISO DE LICITA\u00c7\u00c3O &#8211; JORNAL<\/strong><\/a><\/p>\n\n\n\n<p><a rel=\"noreferrer noopener\" href=\"https:\/\/portal.pi.gov.br\/sada\/wp-content\/uploads\/sites\/80\/2024\/07\/ORA_u2021AMENTO_SEM_DESONERAA_u2021A_u0192O___PASSAGEM_MOLHADA___BOQUEIRA_u0192O_DO_PIAUA_-1.xlsx\" target=\"_blank\"><strong>PLANILHA OR\u00c7AMENTARIA<\/strong><\/a><\/p>\n\n\n\n<p><\/p>\n\n\n\n<p><strong>PROCESSO<\/strong>:00240.000922\/2024-70<br><strong>OBJETO<\/strong>: Contrata\u00e7\u00e3o de empresa para a execu\u00e7\u00e3o de 6.523,80 m\u00b2 de pavimenta\u00e7\u00e3o em paralelep\u00edpedo no munic\u00edpio de Capit\u00e3o Gerv\u00e1sio de Oliveira-PI<\/p>\n\n\n\n<p><a rel=\"noreferrer noopener\" href=\"https:\/\/portal.pi.gov.br\/sada\/wp-content\/uploads\/sites\/80\/2024\/07\/Projeto-Basico-capitao.pdf\" target=\"_blank\"><strong>PROJETO B\u00c1SICO<\/strong><\/a><\/p>\n\n\n\n<p><a rel=\"noreferrer noopener\" href=\"https:\/\/portal.pi.gov.br\/sada\/wp-content\/uploads\/sites\/80\/2024\/07\/Edital-capitao.pdf\" target=\"_blank\"><strong>EDITAL<\/strong><\/a><\/p>\n\n\n\n<p><strong><a href=\"https:\/\/portal.pi.gov.br\/sada\/wp-content\/uploads\/sites\/80\/2024\/07\/Edital-anexos-capitao.pdf\" target=\"_blank\" rel=\"noreferrer noopener\">EDITAL ANEXOS<\/a><\/strong><\/p>\n\n\n\n<p><a rel=\"noreferrer noopener\" href=\"https:\/\/portal.pi.gov.br\/sada\/wp-content\/uploads\/sites\/80\/2024\/07\/Minuta-de-Contrato-capitao.pdf\" target=\"_blank\"><strong>MINUTA DE CONTRATO<\/strong><\/a><\/p>\n\n\n\n<p><a rel=\"noreferrer noopener\" href=\"https:\/\/portal.pi.gov.br\/sada\/wp-content\/uploads\/sites\/80\/2024\/07\/Aviso-de-Licitacao-capitao.pdf\" target=\"_blank\"><strong>AVISO DE LICITA\u00c7\u00c3O<\/strong><\/a><\/p>\n\n\n\n<p><a href=\"https:\/\/portal.pi.gov.br\/sada\/wp-content\/uploads\/sites\/80\/2024\/07\/publicacao-doe-capitao.pdf\" target=\"_blank\" rel=\"noreferrer noopener\"><strong>PUBLICA\u00c7\u00c3O AVISO DE LICITA\u00c7\u00c3O &#8211;  DOE<\/strong><\/a><\/p>\n\n\n\n<p><a href=\"https:\/\/portal.pi.gov.br\/sada\/wp-content\/uploads\/sites\/80\/2024\/07\/publicacao-jornal-capitao.pdf\" target=\"_blank\" rel=\"noreferrer noopener\"><strong>PUBLICA\u00c7\u00c3O AVISO DE LICITA\u00c7\u00c3O &#8211; JORNAL<\/strong><\/a><\/p>\n\n\n\n<p><a href=\"https:\/\/portal.pi.gov.br\/sada\/wp-content\/uploads\/sites\/80\/2024\/07\/ORA_u2021AMENTO___SEM_DESONERAA_u2021A_u0192O___CAPITA_u0192O_GERVA_SIO_OLIVEIRA.xls\" target=\"_blank\" rel=\"noreferrer noopener\"><strong>PLANILHA OR\u00c7AMENTARIA<\/strong><\/a><\/p>\n\n\n\n<p class=\"has-text-align-center\"><strong>17\/06\/2024<\/strong><\/p>\n\n\n\n<p><strong>PROCESSO<\/strong>:00240.001871\/2023-12<br><strong>OBJETO<\/strong>: Aquisi\u00e7\u00e3o de 9(nove) ve\u00edculos<\/p>\n\n\n\n<p><a rel=\"noreferrer noopener\" href=\"https:\/\/portal.pi.gov.br\/sada\/wp-content\/uploads\/sites\/80\/2024\/06\/Termo-de-Referencia.pdf\" target=\"_blank\"><strong>TERMO DE REFER\u00caNCIA<\/strong><\/a><\/p>\n\n\n\n<p><a rel=\"noreferrer noopener\" href=\"https:\/\/portal.pi.gov.br\/sada\/wp-content\/uploads\/sites\/80\/2024\/06\/Edital.pdf\" target=\"_blank\"><strong>EDITAL<\/strong><\/a><\/p>\n\n\n\n<p><a rel=\"noreferrer noopener\" href=\"https:\/\/portal.pi.gov.br\/sada\/wp-content\/uploads\/sites\/80\/2024\/06\/Edital-Anexos.pdf\" target=\"_blank\"><strong>EDITAL ANEXOS<\/strong><\/a><\/p>\n\n\n\n<p><a rel=\"noreferrer noopener\" href=\"https:\/\/portal.pi.gov.br\/sada\/wp-content\/uploads\/sites\/80\/2024\/06\/Minuta-de-Contrato.pdf\" target=\"_blank\"><strong>MINUTA DE CONTRATO<\/strong><\/a><\/p>\n\n\n\n<p><a rel=\"noreferrer noopener\" href=\"https:\/\/portal.pi.gov.br\/sada\/wp-content\/uploads\/sites\/80\/2024\/06\/Publicacao-no-DOE.pdf\" target=\"_blank\"><strong>PUBLICA\u00c7\u00c3O DOE<\/strong><\/a><\/p>\n\n\n\n<p><a rel=\"noreferrer noopener\" href=\"https:\/\/portal.pi.gov.br\/sada\/wp-content\/uploads\/sites\/80\/2024\/06\/Publicacao-em-jornal.pdf\" target=\"_blank\"><strong>PUBLICA\u00c7\u00c3O JORNAL DE GRANDE CIRCULA\u00c7\u00c3O<\/strong><\/a><\/p>\n\n\n\n<p><a href=\"https:\/\/portal.pi.gov.br\/sada\/wp-content\/uploads\/sites\/80\/2024\/06\/PUBLICACAO_DOU_AVISO_LICITACAO.pdf\" target=\"_blank\" rel=\"noreferrer noopener\">PUBLICA\u00c7\u00c3O AVISO DE LICITA\u00c7\u00c3O &#8211; DOU<\/a><\/p>\n\n\n\n<p><\/p>\n\n\n\n<p><\/p>\n\n\n\n<p><strong>PROCESSO<\/strong>:00240.002506\/2023-25 <strong>TOMADA DE PRE\u00c7O 013\/2024<\/strong><br><strong>OBJETO<\/strong>: Contrata\u00e7\u00e3o de empresa para a execu\u00e7\u00e3o da obra de pavimenta\u00e7\u00e3o de &nbsp;5.204,70 m\u00b2&nbsp;em paralelep\u00edpedo no munic\u00edpio de Curralinhos.&nbsp;<\/p>\n\n\n\n<p><a rel=\"noreferrer noopener\" href=\"https:\/\/portal.pi.gov.br\/sada\/wp-content\/uploads\/sites\/80\/2024\/06\/Projeto-Basico.pdf\" target=\"_blank\"><strong>PROJETO B\u00c1SICO<\/strong><\/a><\/p>\n\n\n\n<p><a href=\"https:\/\/portal.pi.gov.br\/sada\/wp-content\/uploads\/sites\/80\/2024\/06\/Edital-.pdf\" target=\"_blank\" rel=\"noreferrer noopener\"><strong>EDITAL<\/strong><\/a><\/p>\n\n\n\n<p><a rel=\"noreferrer noopener\" href=\"https:\/\/portal.pi.gov.br\/sada\/wp-content\/uploads\/sites\/80\/2024\/06\/anexosEdital.pdf\" target=\"_blank\"><strong>ANEXOS EDITAL<\/strong><\/a><\/p>\n\n\n\n<p><a rel=\"noreferrer noopener\" href=\"https:\/\/portal.pi.gov.br\/sada\/wp-content\/uploads\/sites\/80\/2024\/06\/Contrato.pdf\" target=\"_blank\"><strong>MINUTA DE CONTRATO<\/strong><\/a><\/p>\n\n\n\n<p><a href=\"https:\/\/portal.pi.gov.br\/sada\/wp-content\/uploads\/sites\/80\/2024\/06\/Aviso-de-Licitacao.pdf\"><strong>AVISO DE <\/strong><\/a><a rel=\"noreferrer noopener\" href=\"https:\/\/portal.pi.gov.br\/sada\/wp-content\/uploads\/sites\/80\/2024\/06\/Aviso-de-Licitacao.pdf\" target=\"_blank\"><strong>LICITA\u00c7\u00c3O<\/strong><\/a><\/p>\n\n\n\n<p><strong><a href=\"https:\/\/portal.pi.gov.br\/sada\/wp-content\/uploads\/sites\/80\/2024\/06\/PIublicacao-DOE.pdf\" target=\"_blank\" rel=\"noreferrer noopener\">PUBLICA\u00c7\u00c3O AVISO DE LICITA\u00c7\u00c3O &#8211; DOE<\/a><\/strong><\/p>\n\n\n\n<p><strong><a href=\"https:\/\/portal.pi.gov.br\/sada\/wp-content\/uploads\/sites\/80\/2024\/06\/jornal.17.06.24.pdf\" target=\"_blank\" rel=\"noreferrer noopener\">PUBLICA\u00c7\u00c3O AVISO DE LICITA\u00c7\u00c3O- JORNAL<\/a><\/strong><a href=\"https:\/\/portal.pi.gov.br\/sada\/wp-content\/uploads\/sites\/80\/2024\/06\/jornal.17.06.24.pdf\"> <\/a><\/p>\n\n\n\n<p><a rel=\"noreferrer noopener\" href=\"https:\/\/portal.pi.gov.br\/sada\/wp-content\/uploads\/sites\/80\/2024\/06\/ORCAMENTO___COM_DESONERACAO-1.xls\" target=\"_blank\"><strong>PLANILHA OR\u00c7AMENT\u00c1RIA<\/strong><\/a><\/p>\n\n\n\n<p class=\"has-text-align-center\"><a rel=\"noreferrer noopener\" href=\"https:\/\/portal.pi.gov.br\/sada\/wp-content\/uploads\/sites\/80\/2024\/05\/Declaracao-1.pdf\" target=\"_blank\"><strong>ENCERRAMENTO DE ENVIO DE PROPOSTA<\/strong><\/a><\/p>\n\n\n\n<p class=\"has-text-align-center\"><strong>31\/05\/2024<\/strong><\/p>\n\n\n\n<p><\/p>\n\n\n\n<p class=\"has-text-align-center\"><strong>22\/05\/2024<\/strong><\/p>\n\n\n\n<p>PROCESSO:<strong>00240.000276\/2024-41<\/strong><\/p>\n\n\n\n<p>OBJETO: Contrata\u00e7\u00e3o de empresa para elabora\u00e7\u00e3o de projeto de pavimenta\u00e7\u00e3o em paralelep\u00edpedo em <strong>Angical- PI<\/strong>.<\/p>\n\n\n\n<p>Informa\u00e7\u00f5es acerca do objeto no link abaixo: <\/p>\n\n\n\n<p class=\"has-text-align-center\"><a href=\"https:\/\/portal.pi.gov.br\/sada\/wp-content\/uploads\/sites\/80\/2024\/05\/aviso-angical.pdf\" target=\"_blank\" rel=\"noreferrer noopener\"><strong>AVISO DE CONVOCA\u00c7\u00c3O DE INTERESSADOS<\/strong><\/a><\/p>\n\n\n\n<p>PROCESSO:<strong>00240.000277\/2024-95<\/strong><\/p>\n\n\n\n<p>OBJETO: Contrata\u00e7\u00e3o de empresa para elabora\u00e7\u00e3o de projeto de pavimenta\u00e7\u00e3o em paralelep\u00edpedo em <strong>Esperantina- PI<\/strong>.<\/p>\n\n\n\n<p class=\"has-text-align-left\"> Informa\u00e7\u00f5es acerca do objeto no link abaixo:<\/p>\n\n\n\n<p class=\"has-text-align-center\"> <a rel=\"noreferrer noopener\" href=\"https:\/\/portal.pi.gov.br\/sada\/wp-content\/uploads\/sites\/80\/2024\/05\/aviso-esperantina.pdf\" target=\"_blank\"><strong>AVISO DE CONVOCA\u00c7\u00c3O DE INTERESSADOS<\/strong><\/a><\/p>\n\n\n\n<p>PROCESSO:<strong>00240.000281\/2024-53<\/strong><\/p>\n\n\n\n<p>OBJETO: Contrata\u00e7\u00e3o de empresa para elabora\u00e7\u00e3o de projeto de pavimenta\u00e7\u00e3o em paralelep\u00edpedo em <strong>Batalha- PI<\/strong>.<\/p>\n\n\n\n<p>Informa\u00e7\u00f5es acerca do objeto no link abaixo: <\/p>\n\n\n\n<p class=\"has-text-align-center\"><a rel=\"noreferrer noopener\" href=\"https:\/\/portal.pi.gov.br\/sada\/wp-content\/uploads\/sites\/80\/2024\/05\/aviso-batalha.pdf\" target=\"_blank\"><strong>AVISO DE CONVOCA\u00c7\u00c3O DE INTERESSADOS<\/strong><\/a><\/p>\n\n\n\n<p><\/p>\n\n\n\n<p class=\"has-text-align-center\"><strong>16\/05\/2024<\/strong><\/p>\n\n\n\n<p class=\"has-text-align-center\"><strong> <a href=\"https:\/\/portal.pi.gov.br\/sada\/wp-content\/uploads\/sites\/80\/2024\/05\/Declaracao.pdf\" target=\"_blank\" rel=\"noreferrer noopener\">ENCERRAMENTO DE ENVIO DE PROPOSTA<\/a><\/strong><\/p>\n\n\n\n<p class=\"has-text-align-center\"><strong><span style=\"color: #131313\" class=\"stk-highlight\">14\/05\/2024<\/span><\/strong><\/p>\n\n\n\n<p class=\"has-text-align-center\"><strong> <a href=\"https:\/\/portal.pi.gov.br\/sada\/wp-content\/uploads\/sites\/80\/2024\/05\/SEI_GOV-PI-012496250-Modelo-Declaracao.pdf\" target=\"_blank\" rel=\"noreferrer noopener\">ENCERRAMENTO DE ENVIO DE PROPOSTA<\/a><\/strong><\/p>\n\n\n\n<p class=\"has-text-align-center\"><strong><span style=\"color: #222222;background-color: #f29449\" class=\"stk-highlight\">08\/05\/2024<\/span><\/strong><\/p>\n\n\n\n<p><strong>PROCESSO:00240.000274\/2024-51<\/strong><\/p>\n\n\n\n<p><strong>OBJETO: <\/strong>Contrata\u00e7\u00e3o de empresa para elabora\u00e7\u00e3o de projeto de pavimenta\u00e7\u00e3o em paralelep\u00edpedo em<strong> Uni\u00e3o- PI.<\/strong><\/p>\n\n\n\n<p><em>Informa\u00e7\u00f5es acerca do objeto no link abaixo:<\/em>  <\/p>\n\n\n\n<p class=\"has-text-align-center\"><a rel=\"noreferrer noopener\" href=\"https:\/\/portal.pi.gov.br\/sada\/wp-content\/uploads\/sites\/80\/2024\/05\/UNIAO_.pdf\" target=\"_blank\"><strong>AVISO DE CONVOCA\u00c7\u00c3O DE INTERESSADOS<\/strong><\/a><\/p>\n\n\n\n<p class=\"has-text-align-center\"><\/p>\n\n\n\n<p><strong>PROCESSO:00240.000280\/2024-17<\/strong><\/p>\n\n\n\n<p><strong>OBJETO: <\/strong>Contrata\u00e7\u00e3o de empresa para elabora\u00e7\u00e3o de projeto de pavimenta\u00e7\u00e3o em paralelep\u00edpedo em <strong>Lagoa de S\u00e3o Francisco- PI<\/strong>.<\/p>\n\n\n\n<p><em>Informa\u00e7\u00f5es acerca do objeto no link abaixo:<\/em><\/p>\n\n\n\n<p class=\"has-text-align-center\"><a rel=\"noreferrer noopener\" href=\"https:\/\/portal.pi.gov.br\/sada\/wp-content\/uploads\/sites\/80\/2024\/05\/LAGOA-DE-SAO-FRANCISCO-1.pdf\" target=\"_blank\"><strong>AVISO DE CONVOCA\u00c7\u00c3O DE INTERESSADOS<\/strong><\/a><\/p>\n\n\n\n<p class=\"has-text-align-center\"><\/p>\n\n\n\n<p><strong>PROCESSO:00240.000279\/2024-84<\/strong><\/p>\n\n\n\n<p><strong>OBJETO: <\/strong>Contrata\u00e7\u00e3o de empresa para elabora\u00e7\u00e3o de projeto de pavimenta\u00e7\u00e3o em paralelep\u00edpedo em <strong>Prata do Piau\u00ed<\/strong>.<\/p>\n\n\n\n<p><em>Informa\u00e7\u00f5es acerca do objeto no link abaixo:<\/em> <\/p>\n\n\n\n<p class=\"has-text-align-center\"><a rel=\"noreferrer noopener\" href=\"https:\/\/portal.pi.gov.br\/sada\/wp-content\/uploads\/sites\/80\/2024\/05\/PRATA-1.pdf\" target=\"_blank\"><strong>AVISO DE CONVOCA\u00c7\u00c3O DE INTERESSADOS<\/strong><\/a><\/p>\n\n\n\n<p class=\"has-text-align-center\"><\/p>\n\n\n\n<p><strong>PROCESSO:00240.000273\/2024-15<\/strong><\/p>\n\n\n\n<p><strong>OBJETO: <\/strong>Contrata\u00e7\u00e3o de empresa para elabora\u00e7\u00e3o de projeto de pavimenta\u00e7\u00e3o em paralelep\u00edpedo em <strong>Jatob\u00e1- PI<\/strong>.<\/p>\n\n\n\n<p><em>Informa\u00e7\u00f5es acerca do objeto no link abaixo:<\/em> <\/p>\n\n\n\n<p class=\"has-text-align-center\"><a rel=\"noreferrer noopener\" href=\"https:\/\/portal.pi.gov.br\/sada\/wp-content\/uploads\/sites\/80\/2024\/05\/JATOBA-1.pdf\" target=\"_blank\"><strong>AVISO DE CONVOCA\u00c7\u00c3O DE INTERESSADOS<\/strong><\/a><\/p>\n\n\n\n<p class=\"has-text-align-center\"><\/p>\n\n\n\n<p class=\"has-text-align-center\"><strong><mark style=\"background-color:#fcb900\" class=\"has-inline-color has-black-color\">03\/05\/2024<\/mark><\/strong><\/p>\n\n\n\n<p><strong>PROCESSO:00240.000246\/2024-34<\/strong><\/p>\n\n\n\n<p><strong>OBJETO: <\/strong>Contrata\u00e7\u00e3o de empresa para elabora\u00e7\u00e3o de projeto de pavimenta\u00e7\u00e3o em paralelep\u00edpedo em <strong>Cocal dos Alves- PI<\/strong>.<\/p>\n\n\n\n<p><em>Informa\u00e7\u00f5es acerca do objeto no link abaixo:<\/em><\/p>\n\n\n\n<p class=\"has-text-align-center\"><a rel=\"noreferrer noopener\" href=\"https:\/\/portal.pi.gov.br\/sada\/wp-content\/uploads\/sites\/80\/2024\/05\/COCAL-DOS-ALVES_.pdf\" target=\"_blank\"><strong>AVISO DE CONVOCA\u00c7\u00c3O DE INTERESSADOS<\/strong><\/a><\/p>\n\n\n\n<p class=\"has-text-align-center\"><\/p>\n\n\n\n<p><strong>PROCESSO:<\/strong> <strong>00240.000256\/2024-70<\/strong><\/p>\n\n\n\n<p><strong>OBJETO: <\/strong>Contrata\u00e7\u00e3o de empresa para elabora\u00e7\u00e3o de projeto de pavimenta\u00e7\u00e3o em paralelep\u00edpedo em <strong>Jos\u00e9 de Freitas- PI.<\/strong><\/p>\n\n\n\n<p><em>Informa\u00e7\u00f5es acerca do objeto no link abaixo:<\/em><\/p>\n\n\n\n<p class=\"has-text-align-center\"><a rel=\"noreferrer noopener\" href=\"https:\/\/portal.pi.gov.br\/sada\/wp-content\/uploads\/sites\/80\/2024\/05\/JOSE-DE-FREITAS.pdf\" target=\"_blank\"><strong>AVISO DE CONVOCA\u00c7\u00c3O DE INTERESSADOS<\/strong><\/a><\/p>\n\n\n\n<p class=\"has-text-align-center\"><\/p>\n\n\n\n<p><strong>PROCESSO:<\/strong> <strong>00240.000258\/2024-69<\/strong><\/p>\n\n\n\n<p><strong>OBJETO: <\/strong>Contrata\u00e7\u00e3o de empresa para elabora\u00e7\u00e3o de projeto de pavimenta\u00e7\u00e3o em paralelep\u00edpedo em <strong>Capit\u00e3o de Campos- PI<\/strong>.<\/p>\n\n\n\n<p><em>Informa\u00e7\u00f5es acerca do objeto no link abaixo:<\/em> <\/p>\n\n\n\n<p class=\"has-text-align-center\"><a rel=\"noreferrer noopener\" href=\"https:\/\/portal.pi.gov.br\/sada\/wp-content\/uploads\/sites\/80\/2024\/05\/CAPITAO-DE-CAMPOS.pdf\" target=\"_blank\"><strong>AVISO DE CONVOCA\u00c7\u00c3O DE INTERESSADOS<\/strong><\/a><\/p>\n\n\n\n<p class=\"has-text-align-center\"><\/p>\n\n\n\n<p><strong>PROCESSO:<\/strong> <strong>00240.000212\/2024-40<\/strong><\/p>\n\n\n\n<p><strong>OBJETO: <\/strong>Contrata\u00e7\u00e3o de empresa para elabora\u00e7\u00e3o de projeto de pavimenta\u00e7\u00e3o em paralelep\u00edpedo em <strong>Flores- PI<\/strong>.<\/p>\n\n\n\n<p><em>Informa\u00e7\u00f5es acerca do objeto no link abaixo:<\/em><\/p>\n\n\n\n<p class=\"has-text-align-center\"> <a rel=\"noreferrer noopener\" href=\"https:\/\/portal.pi.gov.br\/sada\/wp-content\/uploads\/sites\/80\/2024\/05\/FLORES-DO-PIAUI.pdf\" target=\"_blank\"><strong>AVISO DE CONVOCA\u00c7\u00d5 DE INTERESSADOS<\/strong><\/a><\/p>\n\n\n\n<p><\/p>\n\n\n\n<p><strong>PROCESSO: 00240.000251\/2024-47<\/strong><\/p>\n\n\n\n<p><strong>OBJETO: <\/strong>Contrata\u00e7\u00e3o de empresa para elabora\u00e7\u00e3o de projeto de pavimenta\u00e7\u00e3o em paralelep\u00edpedo em <strong>Altos &#8211; PI<\/strong>.<\/p>\n\n\n\n<p><em>Informa\u00e7\u00f5es acerca do objeto no link abaixo:<\/em> <\/p>\n\n\n\n<p class=\"has-text-align-center\"><a rel=\"noreferrer noopener\" href=\"https:\/\/portal.pi.gov.br\/sada\/wp-content\/uploads\/sites\/80\/2024\/05\/ALTOS.pdf\" target=\"_blank\"><strong>AVISO DE CONVOCA\u00c7\u00c3O DE INTERESSADOS<\/strong><\/a><\/p>\n\n\n\n<p class=\"has-text-align-center\"><\/p>\n\n\n\n<div class=\"wp-block-group is-layout-constrained\"><div class=\"wp-block-group__inner-container\">\n<p class=\"has-text-align-center\"><strong><mark class=\"has-inline-color has-black-color\">18\/04\/2024<\/mark><\/strong><\/p>\n<\/div><\/div>\n\n\n\n<p><strong>PROCESSO: 00240.000213\/2024-94<\/strong><\/p>\n\n\n\n<p><strong>OBJETO: <\/strong>Contrata\u00e7\u00e3o de empresa para elabora\u00e7\u00e3o de projeto de pavimenta\u00e7\u00e3o em paralelep\u00edpedo em Itaueira &#8211; PI.<\/p>\n\n\n\n<p><em>Informa\u00e7\u00f5es acerca do objeto no link abaixo:<\/em><\/p>\n\n\n\n<p class=\"has-text-align-center\"><a rel=\"noreferrer noopener\" href=\"https:\/\/portal.pi.gov.br\/sada\/wp-content\/uploads\/sites\/80\/2024\/04\/ITAUEIRA_compressed.pdf\" target=\"_blank\"><strong>AVISO DE CONVOCA\u00c7\u00c3O DE INTERESSADOS.<\/strong><\/a><\/p>\n\n\n\n<p class=\"has-text-align-center\"><\/p>\n\n\n\n<p><strong>PROCESSO: 00240.000259\/2024-11<\/strong><\/p>\n\n\n\n<p><strong>OBJETO: <\/strong>Contrata\u00e7\u00e3o de empresa para elabora\u00e7\u00e3o de projeto de pavimenta\u00e7\u00e3o em paralelep\u00edpedo em S\u00e3o Jos\u00e9 do Divino&nbsp;&#8211; PI.<\/p>\n\n\n\n<p><em>Informa\u00e7\u00f5es acerca do objeto no link abaixo:<\/em><\/p>\n\n\n\n<p class=\"has-text-align-center\"><a href=\"https:\/\/portal.pi.gov.br\/sada\/wp-content\/uploads\/sites\/80\/2024\/04\/SAO-JOSE-DO-DIVINO-2.pdf\" target=\"_blank\" rel=\"noreferrer noopener\"><strong>AVISO DE CONVOCA\u00c7\u00c3O DE INTERESSADOS.<\/strong><\/a><\/p>\n\n\n\n<p class=\"has-text-align-center\"><\/p>\n\n\n\n<p><strong>PROCESSO: 00240.000259\/2024-11<\/strong><\/p>\n\n\n\n<p><strong>OBJETO: <\/strong>Contrata\u00e7\u00e3o de empresa para elabora\u00e7\u00e3o de projeto de pavimenta\u00e7\u00e3o em paralelep\u00edpedo em Sigefredo Pacheco&nbsp;&#8211; PI.<\/p>\n\n\n\n<p><em>Informa\u00e7\u00f5es acerca do objeto no link abaixo:<\/em><\/p>\n\n\n\n<p class=\"has-text-align-center\"><a href=\"https:\/\/portal.pi.gov.br\/sada\/wp-content\/uploads\/sites\/80\/2024\/04\/SIGEFREDO-2.pdf\" target=\"_blank\" rel=\"noreferrer noopener\"><strong>AVISO DE CONVOCA\u00c7\u00c3O DE INTERESSADOS.<\/strong><\/a><\/p>\n\n\n\n<p class=\"has-text-align-center\"><\/p>\n\n\n\n<div class=\"wp-block-group is-layout-constrained\"><div class=\"wp-block-group__inner-container\">\n<p class=\"has-text-align-center\"><strong>27\/03\/2024<\/strong><\/p>\n\n\n\n<p><strong>PROCESSO: 00240.001810\/2023-55<\/strong><\/p>\n\n\n\n<p><strong>TOMADA DE PRE\u00c7O 09\/2024 &#8211; OBJETO<\/strong>: Contrata\u00e7\u00e3o de empresa para a execu\u00e7\u00e3o da obra para pavimenta\u00e7\u00e3o de 6.466,86 m\u00b2 em paralelep\u00edpedo no munic\u00edpio de Boqueir\u00e3o do Piau\u00ed<\/p>\n\n\n\n<p><em><sub><strong>Relan\u00e7amento.<\/strong><\/sub><\/em><\/p>\n\n\n\n<p><a rel=\"noreferrer noopener\" href=\"https:\/\/portal.pi.gov.br\/sada\/wp-content\/uploads\/sites\/80\/2024\/03\/SEI_GOV-PI-011414725-Projeto-Basico.pdf\" target=\"_blank\"><strong>PROJETO B\u00c1SICO<\/strong><\/a><\/p>\n\n\n\n<p><a rel=\"noreferrer noopener\" href=\"https:\/\/portal.pi.gov.br\/sada\/wp-content\/uploads\/sites\/80\/2024\/03\/SEI_GOV-PI-011785793-Edital_RETIFICADO.pdf\" target=\"_blank\"><strong>EDITAL 02 &#8211; RETIFICADO &#8211; TP 09\/2024<\/strong><\/a><\/p>\n\n\n\n<p><a rel=\"noreferrer noopener\" href=\"https:\/\/portal.pi.gov.br\/sada\/wp-content\/uploads\/sites\/80\/2024\/03\/SEI_GOV-PI-011423769-Minuta-de-Contrato.pdf\" target=\"_blank\"><strong>MINUTA DE CONTRATO<\/strong><\/a><\/p>\n\n\n\n<p><a rel=\"noreferrer noopener\" href=\"https:\/\/portal.pi.gov.br\/sada\/wp-content\/uploads\/sites\/80\/2024\/03\/SEI_GOV-PI-011424452-Declaracao.pdf\" target=\"_blank\"><strong>ANEXOS DO EDITAL<\/strong><\/a><\/p>\n\n\n\n<p><a rel=\"noreferrer noopener\" href=\"https:\/\/portal.pi.gov.br\/sada\/wp-content\/uploads\/sites\/80\/2024\/03\/PUBLICACAO-DOE-AVISO-DE-LICITACAO-02-TP_09_2024.pdf\" target=\"_blank\"><strong>AVISO DE LICITA\u00c7\u00c3O 02 &#8211; TP 09\/2024 &#8211; PUBLICA\u00c7\u00c3O DOE<\/strong><\/a><\/p>\n\n\n\n<p><a rel=\"noreferrer noopener\" href=\"https:\/\/portal.pi.gov.br\/sada\/wp-content\/uploads\/sites\/80\/2024\/03\/AVISO-DE-LICITACAO-2_jornal_26.03.24-524_ter3.pdf\" target=\"_blank\"><strong>AVISO DELICITA\u00c7\u00c3O 02 &#8211; TP 09\/2024 &#8211; PUBLICA\u00c7\u00c3O JORNAL<\/strong><\/a><\/p>\n\n\n\n<p><a rel=\"noreferrer noopener\" href=\"https:\/\/portal.pi.gov.br\/sada\/wp-content\/uploads\/sites\/80\/2024\/03\/ORCAMENTO.xlsx\" target=\"_blank\"><strong>OR\u00c7AMENTO<\/strong><\/a><\/p>\n\n\n\n<p class=\"has-text-align-center\"><strong>21\/03\/2024<\/strong><\/p>\n<\/div><\/div>\n\n\n\n<p><strong>PROCESSO: 00240.001810\/2023-55<\/strong><\/p>\n\n\n\n<p><strong>TOMADA DE PRE\u00c7O 12\/2024 &#8211; OBJETO<\/strong>: Contrata\u00e7\u00e3o de empresa para&nbsp;execu\u00e7\u00e3o da obra implanta\u00e7\u00e3o e recupera\u00e7\u00e3o de 12,10 Km de Estrada Vicinal&nbsp;no munic\u00edpio de Passagem Franca. No trecho que fica entre o Povoado P\u00e9 da Serra at\u00e9 o povoado Caridade.<\/p>\n\n\n\n<p><a rel=\"noreferrer noopener\" href=\"https:\/\/portal.pi.gov.br\/sada\/wp-content\/uploads\/sites\/80\/2024\/03\/SEI_GOV-PI-011621616-Projeto-Basico.pdf\" target=\"_blank\"><strong>PROJETO B\u00c1SICO<\/strong><\/a><\/p>\n\n\n\n<p><a rel=\"noreferrer noopener\" href=\"https:\/\/portal.pi.gov.br\/sada\/wp-content\/uploads\/sites\/80\/2024\/03\/SEI_GOV-PI-011621636-Edital.pdf\" target=\"_blank\"><strong>EDITAL<\/strong><\/a><\/p>\n\n\n\n<p><a href=\"https:\/\/portal.pi.gov.br\/sada\/wp-content\/uploads\/sites\/80\/2024\/03\/SEI_GOV-PI-011621721-Minuta-de-Contrato.pdf\" target=\"_blank\" rel=\"noreferrer noopener\"><strong>MINUTA DE CONTRATO<\/strong><\/a><\/p>\n\n\n\n<p><a rel=\"noreferrer noopener\" href=\"https:\/\/portal.pi.gov.br\/sada\/wp-content\/uploads\/sites\/80\/2024\/03\/SEI_GOV-PI-011625320-Declaracao.pdf\" target=\"_blank\"><strong>ANEXOS DO EDITAL<\/strong><\/a><\/p>\n\n\n\n<p><a rel=\"noreferrer noopener\" href=\"https:\/\/portal.pi.gov.br\/sada\/wp-content\/uploads\/sites\/80\/2024\/03\/Publicacao_DOEPI_57_2024_12_2024.pdf\" target=\"_blank\"><strong>PUBLICA\u00c7\u00c3O DO AVISO DE LICITA\u00c7\u00c3O DOE<\/strong><\/a><\/p>\n\n\n\n<p><a rel=\"noreferrer noopener\" href=\"https:\/\/portal.pi.gov.br\/sada\/wp-content\/uploads\/sites\/80\/2024\/03\/jornal_21.03.24-492_ter2.pdf\" target=\"_blank\"><strong>PUBLICA\u00c7\u00c3O DE AVISO DE LICITA\u00c7\u00c3O EM JORNAL<\/strong><\/a><\/p>\n\n\n\n<p><a rel=\"noreferrer noopener\" href=\"https:\/\/portal.pi.gov.br\/sada\/wp-content\/uploads\/sites\/80\/2024\/03\/ORCAMENTO.xlsx\" target=\"_blank\"><strong>OR\u00c7AMENTO<\/strong><\/a><\/p>\n\n\n\n<p><\/p>\n\n\n\n<p><strong>PROCESSO: 00240.001810\/2023-55<\/strong><\/p>\n\n\n\n<p><strong>TOMADA DE PRE\u00c7O 10\/2024 &#8211; OBJETO<\/strong>: Contrata\u00e7\u00e3o de empresa para a execu\u00e7\u00e3o da obra de pavimenta\u00e7\u00e3o de &nbsp;6.466,86 m\u00b2&nbsp;em paralelep\u00edpedo no munic\u00edpio de Boqueir\u00e3o do Piau\u00ed.&nbsp;<\/p>\n\n\n\n<p><a rel=\"noreferrer noopener\" href=\"https:\/\/portal.pi.gov.br\/sada\/wp-content\/uploads\/sites\/80\/2024\/03\/SEI_GOV-PI-011414725-Projeto-Basico-1.pdf\" target=\"_blank\"><strong>PROJETO B\u00c1SICO<\/strong><\/a><\/p>\n\n\n\n<p><a rel=\"noreferrer noopener\" href=\"https:\/\/portal.pi.gov.br\/sada\/wp-content\/uploads\/sites\/80\/2024\/03\/SEI_GOV-PI-011423415-Edital-1.pdf\" target=\"_blank\"><strong>EDITAL<\/strong><\/a><\/p>\n\n\n\n<p><a rel=\"noreferrer noopener\" href=\"https:\/\/portal.pi.gov.br\/sada\/wp-content\/uploads\/sites\/80\/2024\/03\/SEI_GOV-PI-011423769-Minuta-de-Contrato-1.pdf\" target=\"_blank\"><strong>MINUTA DE CONTRATO<\/strong><\/a><\/p>\n\n\n\n<p><a rel=\"noreferrer noopener\" href=\"https:\/\/portal.pi.gov.br\/sada\/wp-content\/uploads\/sites\/80\/2024\/03\/SEI_GOV-PI-011424452-Declaracao-1.pdf\" target=\"_blank\"><strong>ANEXOS DO EDITAL<\/strong><\/a><\/p>\n\n\n\n<p><a rel=\"noreferrer noopener\" href=\"https:\/\/portal.pi.gov.br\/sada\/wp-content\/uploads\/sites\/80\/2024\/03\/Aviso-de-licitacao-publicacao-DOE-2.pdf\" target=\"_blank\"><strong>PUBLICA\u00c7\u00c3O DO AVISO DE LICITA\u00c7\u00c3O NO DOE<\/strong><\/a><\/p>\n\n\n\n<p><a rel=\"noreferrer noopener\" href=\"https:\/\/portal.pi.gov.br\/sada\/wp-content\/uploads\/sites\/80\/2024\/03\/jornal_08.03.24-382_ter3-1.pdf\" target=\"_blank\"><strong>PUBLICA\u00c7\u00c3O DO AVISO DE LICITA\u00c7\u00c3O EM JORNAL<\/strong><\/a><\/p>\n\n\n\n<p><a rel=\"noreferrer noopener\" href=\"https:\/\/portal.pi.gov.br\/sada\/wp-content\/uploads\/sites\/80\/2024\/03\/ORCAMENTO_BOQUEIRAO-1.xlsx\" target=\"_blank\"><strong>PLANILHA OR\u00c7AMENT\u00c1RIA<\/strong><\/a><\/p>\n\n\n\n<div class=\"wp-block-group is-layout-constrained\"><div class=\"wp-block-group__inner-container\">\n<p class=\"has-text-align-center\"><strong>08\/03\/2024<\/strong><\/p>\n\n\n\n<p><strong>PROCESSO: 00240.001810\/2023-55<\/strong><\/p>\n\n\n\n<p><strong>TOMADA DE PRE\u00c7O 09\/2024 &#8211; OBJETO<\/strong>: Contrata\u00e7\u00e3o de empresa para a execu\u00e7\u00e3o da obra para pavimenta\u00e7\u00e3o de 6.466,86 m\u00b2 em paralelep\u00edpedo no munic\u00edpio de Boqueir\u00e3o do Piau\u00ed<\/p>\n\n\n\n<p><a rel=\"noreferrer noopener\" href=\"https:\/\/portal.pi.gov.br\/sada\/wp-content\/uploads\/sites\/80\/2024\/03\/SEI_GOV-PI-011414725-Projeto-Basico.pdf\" target=\"_blank\"><strong>PROJETO B\u00c1SICO<\/strong><\/a><\/p>\n\n\n\n<p><a href=\"https:\/\/portal.pi.gov.br\/sada\/wp-content\/uploads\/sites\/80\/2024\/03\/SEI_GOV-PI-011423415-Edital.pdf\" target=\"_blank\" rel=\"noreferrer noopener\"><strong>EDITAL<\/strong><\/a><\/p>\n\n\n\n<p><a rel=\"noreferrer noopener\" href=\"https:\/\/portal.pi.gov.br\/sada\/wp-content\/uploads\/sites\/80\/2024\/03\/SEI_GOV-PI-011423769-Minuta-de-Contrato.pdf\" target=\"_blank\"><strong>MINUTA DE CONTRATO<\/strong><\/a><\/p>\n\n\n\n<p><a rel=\"noreferrer noopener\" href=\"https:\/\/portal.pi.gov.br\/sada\/wp-content\/uploads\/sites\/80\/2024\/03\/SEI_GOV-PI-011424452-Declaracao.pdf\" target=\"_blank\"><strong>ANEXOS DO EDITAL<\/strong><\/a><\/p>\n\n\n\n<p><a rel=\"noreferrer noopener\" href=\"https:\/\/portal.pi.gov.br\/sada\/wp-content\/uploads\/sites\/80\/2024\/03\/Aviso-de-licitacao-publicacao-DOE.pdf\" target=\"_blank\"><strong>PUBLICA\u00c7\u00c3O AVISO DE LICITA\u00c7\u00c3O NO DOE<\/strong><\/a><\/p>\n\n\n\n<p><a rel=\"noreferrer noopener\" href=\"https:\/\/portal.pi.gov.br\/sada\/wp-content\/uploads\/sites\/80\/2024\/03\/jornal_08.03.24-382_ter3.pdf\" target=\"_blank\"><strong>PUBLICA\u00c7\u00c3O DE AVISO DE LICITA\u00c7\u00c3O JORNAL<\/strong><\/a><\/p>\n\n\n\n<p><a rel=\"noreferrer noopener\" href=\"https:\/\/portal.pi.gov.br\/sada\/wp-content\/uploads\/sites\/80\/2024\/03\/ORCAMENTO_BOQUEIRAO.xlsx\" target=\"_blank\"><strong>PLANILHAS DE OR\u00c7AMENTO<\/strong><\/a><\/p>\n\n\n\n<div class=\"wp-block-stackable-divider stk-block-divider stk-block stk-deb0aad\" data-block-id=\"deb0aad\"><hr class=\"stk-block-divider__hr\" \/><\/div>\n\n\n\n<p><strong>PROCESSO: 00240.002319\/2023-41<\/strong><\/p>\n\n\n\n<p><strong>TOMADA DE PRE\u00c7O 09\/2024 &#8211; OBJETO<\/strong>: Contrata\u00e7\u00e3o de empresa para a realiza\u00e7\u00e3o da obra de pavimenta\u00e7\u00e3o em paralelep\u00edpedo de 10.980,00 m\u00b2 em paralelep\u00edpedo na Avenida Jos\u00e9 Luz no Munic\u00edpio de Palmeira do Piau\u00ed<\/p>\n\n\n\n<p><a rel=\"noreferrer noopener\" href=\"https:\/\/portal.pi.gov.br\/sada\/wp-content\/uploads\/sites\/80\/2024\/03\/SEI_GOV-PI-011037708-Projeto-Basico-1.pdf\" target=\"_blank\"><strong>PROJETO B\u00c1SICO<\/strong><\/a><\/p>\n\n\n\n<p><a rel=\"noreferrer noopener\" href=\"https:\/\/portal.pi.gov.br\/sada\/wp-content\/uploads\/sites\/80\/2024\/03\/SEI_GOV-PI-011037776-Edital-1.pdf\" target=\"_blank\"><strong>EDITAL<\/strong><\/a><\/p>\n\n\n\n<p><a rel=\"noreferrer noopener\" href=\"https:\/\/portal.pi.gov.br\/sada\/wp-content\/uploads\/sites\/80\/2024\/03\/SEI_GOV-PI-011037947-Minuta-de-Contrato-1.pdf\" target=\"_blank\"><strong>MINUTA DE CONTRATO<\/strong><\/a><\/p>\n\n\n\n<p><a rel=\"noreferrer noopener\" href=\"https:\/\/portal.pi.gov.br\/sada\/wp-content\/uploads\/sites\/80\/2024\/03\/SEI_GOV-PI-011038183-Declaracao-1.pdf\" target=\"_blank\"><strong>ANEXOS DO EDITAL<\/strong><\/a><\/p>\n\n\n\n<p><a rel=\"noreferrer noopener\" href=\"https:\/\/portal.pi.gov.br\/sada\/wp-content\/uploads\/sites\/80\/2024\/03\/Publicacao-DOE_aviso-de-licitacao-1.pdf\" target=\"_blank\"><strong>AVISO DE LICITA\u00c7\u00c3O PUBLICADO DOE<\/strong><\/a><\/p>\n\n\n\n<p><a rel=\"noreferrer noopener\" href=\"https:\/\/portal.pi.gov.br\/sada\/wp-content\/uploads\/sites\/80\/2024\/03\/jornal_29.02.24-296_pag5-1.pdf\" target=\"_blank\"><strong>AVISO DE LICITA\u00c7\u00c3O PUBLICA\u00c7\u00c3O JORNAL<\/strong><\/a><\/p>\n\n\n\n<p><a rel=\"noreferrer noopener\" href=\"https:\/\/portal.pi.gov.br\/sada\/wp-content\/uploads\/sites\/80\/2024\/03\/ORCAMENTO___SEM_DESONERACAO.xlsx\" target=\"_blank\"><strong>PLANILHAS DE OR\u00c7AMENTO<\/strong><\/a><\/p>\n\n\n\n<div class=\"wp-block-stackable-divider stk-block-divider stk-block stk-1329cb9\" data-block-id=\"1329cb9\"><hr class=\"stk-block-divider__hr\" \/><\/div>\n\n\n\n<p><strong>PROCESSO:00240.002040\/2023-68<\/strong><\/p>\n\n\n\n<p><strong>TOMADA DE PRE\u00c7O 08\/2024 &#8211; OBJETO<\/strong>: Contrata\u00e7\u00e3o de empresa para a realiza\u00e7\u00e3o da obra de recupera\u00e7\u00e3o de 30,60 km de estrada vicinais no Munic\u00edpio de Reden\u00e7\u00e3o do Gurgu\u00e9ia (PI)<\/p>\n\n\n\n<p><a rel=\"noreferrer noopener\" href=\"https:\/\/portal.pi.gov.br\/sada\/wp-content\/uploads\/sites\/80\/2024\/03\/SEI_GOV-PI-011037708-Projeto-Basico.pdf\" target=\"_blank\"><strong>PROJETO B\u00c1SICO<\/strong><\/a><\/p>\n\n\n\n<p><a href=\"https:\/\/portal.pi.gov.br\/sada\/wp-content\/uploads\/sites\/80\/2024\/03\/SEI_GOV-PI-011037776-Edital.pdf\" target=\"_blank\" rel=\"noreferrer noopener\"><strong>EDITAL<\/strong><\/a><\/p>\n\n\n\n<p><a rel=\"noreferrer noopener\" href=\"https:\/\/portal.pi.gov.br\/sada\/wp-content\/uploads\/sites\/80\/2024\/03\/SEI_GOV-PI-011037947-Minuta-de-Contrato.pdf\" target=\"_blank\"><strong>MINUTA DE CONTRATO<\/strong><\/a><\/p>\n\n\n\n<p><a rel=\"noreferrer noopener\" href=\"https:\/\/portal.pi.gov.br\/sada\/wp-content\/uploads\/sites\/80\/2024\/03\/SEI_GOV-PI-011038183-Declaracao.pdf\" target=\"_blank\"><strong>ANEXO DO EDITAL<\/strong><\/a><\/p>\n\n\n\n<p><a rel=\"noreferrer noopener\" href=\"https:\/\/portal.pi.gov.br\/sada\/wp-content\/uploads\/sites\/80\/2024\/03\/SEI_GOV-PI-011264697-Aviso-de-Licitacao.pdf\" target=\"_blank\"><strong>AVISO DE LICITA\u00c7\u00c3O<\/strong><\/a><\/p>\n\n\n\n<p><a rel=\"noreferrer noopener\" href=\"https:\/\/portal.pi.gov.br\/sada\/wp-content\/uploads\/sites\/80\/2024\/03\/Publicacao-DOE_aviso-de-licitacao.pdf\" target=\"_blank\"><strong>PUBLICA\u00c7\u00c3O AVISO DE LICITA\u00c7\u00c3O DOE<\/strong><\/a><\/p>\n\n\n\n<p><a rel=\"noreferrer noopener\" href=\"https:\/\/portal.pi.gov.br\/sada\/wp-content\/uploads\/sites\/80\/2024\/03\/jornal_29.02.24-296_pag5.pdf\" target=\"_blank\"><strong>PUBLICA\u00c7\u00c3O AVISO EM JORNAL<\/strong><\/a><\/p>\n\n\n\n<p><a rel=\"noreferrer noopener\" href=\"https:\/\/portal.pi.gov.br\/sada\/wp-content\/uploads\/sites\/80\/2024\/03\/ORCAMENTO___SEM_DESONERACAO-1.xlsx\" target=\"_blank\"><strong>PLANILHAS DE OR\u00c7AMENTO<\/strong><\/a><\/p>\n\n\n\n<div class=\"wp-block-stackable-divider stk-block-divider stk-block stk-9cae352\" data-block-id=\"9cae352\"><style>.stk-9cae352{margin-bottom:0px !important}<\/style><hr class=\"stk-block-divider__hr\" \/><\/div>\n\n\n\n<div class=\"wp-block-stackable-divider stk-block-divider has-text-align-center stk-block stk-b2e7d96\" data-block-id=\"b2e7d96\"><style>.stk-b2e7d96{margin-bottom:27px !important}<\/style><hr class=\"stk-block-divider__hr\" \/><\/div>\n\n\n\n<p class=\"has-text-align-center\"><strong>28\/02\/2024<\/strong><\/p>\n\n\n\n<p><strong>TOMADA DE PRE\u00c7O 07\/2024 &#8211; OBJETO<\/strong>: Contrata\u00e7\u00e3o de empresa para a realiza\u00e7\u00e3o do servi\u00e7o comum de engenharia para Recupera\u00e7\u00e3o de23,00 km Estrada Vicinal na zona rural do munic\u00edpio de S\u00e3o Miguel do Fidalgo-PI, conforme as condi\u00e7\u00f5es e especifica\u00e7\u00f5es previstas.<\/p>\n\n\n\n<p><a rel=\"noreferrer noopener\" href=\"https:\/\/portal.pi.gov.br\/sada\/wp-content\/uploads\/sites\/80\/2024\/02\/SEI_GOV-PI-011258363-Projeto-Basico-1.pdf\" target=\"_blank\"><strong>PROJETO B\u00c1SICO<\/strong><\/a><\/p>\n\n\n\n<p><a rel=\"noreferrer noopener\" href=\"https:\/\/portal.pi.gov.br\/sada\/wp-content\/uploads\/sites\/80\/2024\/02\/SEI_GOV-PI-011258827-Edital.pdf\" target=\"_blank\"><strong>EDITAL<\/strong><\/a><\/p>\n\n\n\n<p><a rel=\"noreferrer noopener\" href=\"https:\/\/portal.pi.gov.br\/sada\/wp-content\/uploads\/sites\/80\/2024\/02\/SEI_GOV-PI-011221160-Minuta-de-Contrato.pdf\" target=\"_blank\"><strong>MINUTA DE CONTRATO<\/strong><\/a><\/p>\n\n\n\n<p><a rel=\"noreferrer noopener\" href=\"https:\/\/portal.pi.gov.br\/sada\/wp-content\/uploads\/sites\/80\/2024\/02\/SEI_GOV-PI-011258424-Declaracao-1.pdf\" target=\"_blank\"><strong>ANEXOS DO EDITAL<\/strong><\/a><\/p>\n\n\n\n<p><a rel=\"noreferrer noopener\" href=\"https:\/\/portal.pi.gov.br\/sada\/wp-content\/uploads\/sites\/80\/2024\/02\/SEI_GOV-PI-011221224-Aviso-de-Licitacao.pdf\" target=\"_blank\"><strong>AVISO DE LICITA\u00c7\u00c3O<\/strong><\/a><\/p>\n\n\n\n<p><a rel=\"noreferrer noopener\" href=\"https:\/\/portal.pi.gov.br\/sada\/wp-content\/uploads\/sites\/80\/2024\/02\/Publicacao-DOE_aviso_sao_miguel__2_.pdf\" target=\"_blank\"><strong>PUBLICA\u00c7\u00c3O DO AVISO DE LICITA\u00c7\u00c3O &#8211; DOE<\/strong><\/a><\/p>\n\n\n\n<p><a rel=\"noreferrer noopener\" href=\"https:\/\/portal.pi.gov.br\/sada\/wp-content\/uploads\/sites\/80\/2024\/02\/PUBLICACAO-JORNAL.pdf\" target=\"_blank\"><strong>PUBLICA\u00c7\u00c3O DO AVISO DE LICITA\u00c7\u00c3O &#8211; JORNAL<\/strong><\/a><\/p>\n\n\n\n<p><a rel=\"noreferrer noopener\" href=\"https:\/\/portal.pi.gov.br\/sada\/wp-content\/uploads\/sites\/80\/2024\/02\/PLANILHA-DE-ORCAMENTO-1.xlsx\" target=\"_blank\"><strong>PLANILHA DE OR\u00c7AMENTO<\/strong><\/a><\/p>\n\n\n\n<div class=\"wp-block-stackable-divider stk-block-divider stk-block stk-d39ff79\" data-block-id=\"d39ff79\"><hr class=\"stk-block-divider__hr\" \/><\/div>\n\n\n\n<p><strong>TOMADA DE PRE\u00c7O 06\/2024 &#8211; OBJETO<\/strong>:  Contrata\u00e7\u00e3o de empresa para a realiza\u00e7\u00e3o da obra de pavimenta\u00e7\u00e3o de 4.128,00 m\u00b2 em paralelep\u00edpedo no Munic\u00edpio de Palmeira do Piau\u00ed, nos trechos RUA RAIMUNDO BORGES TRECHO 01 de 495,00 m\u00b2, RUA RAIMUNDO BORGES TRECHO 02 com 917,00 e RUA SIM\u00c3O BORGES 2.716,00 m\u00b2<\/p>\n\n\n\n<p><a rel=\"noreferrer noopener\" href=\"https:\/\/portal.pi.gov.br\/sada\/wp-content\/uploads\/sites\/80\/2024\/02\/SEI_GOV-PI-010960271-Projeto-Basico.pdf\" target=\"_blank\"><strong>PROJETO B\u00c1SICO<\/strong><\/a><\/p>\n\n\n\n<p><a rel=\"noreferrer noopener\" href=\"https:\/\/portal.pi.gov.br\/sada\/wp-content\/uploads\/sites\/80\/2024\/02\/SEI_GOV-PI-010972691-Edital.pdf\" target=\"_blank\"><strong>EDITAL<\/strong><\/a><\/p>\n\n\n\n<p><a rel=\"noreferrer noopener\" href=\"https:\/\/portal.pi.gov.br\/sada\/wp-content\/uploads\/sites\/80\/2024\/02\/SEI_GOV-PI-010975102-Minuta-de-Contrato.pdf\" target=\"_blank\"><strong>MINUTA DE CONTRATO<\/strong><\/a><\/p>\n\n\n\n<p><a rel=\"noreferrer noopener\" href=\"https:\/\/portal.pi.gov.br\/sada\/wp-content\/uploads\/sites\/80\/2024\/02\/SEI_GOV-PI-010973464-Declaracao.pdf\" target=\"_blank\"><strong>ANEXOS DO EDITAL<\/strong><\/a><\/p>\n\n\n\n<p><a rel=\"noreferrer noopener\" href=\"https:\/\/portal.pi.gov.br\/sada\/wp-content\/uploads\/sites\/80\/2024\/02\/SEI_GOV-PI-011217818-Aviso-de-Licitacao.pdf\" target=\"_blank\"><strong>AVISO DE LICITA\u00c7\u00c3O<\/strong><\/a><\/p>\n\n\n\n<p><a rel=\"noreferrer noopener\" href=\"https:\/\/portal.pi.gov.br\/sada\/wp-content\/uploads\/sites\/80\/2024\/02\/Publicacao-DOE-Aviso_PALMEIRA_DO_PIAUI.pdf\" target=\"_blank\"><strong>PUBLICA\u00c7\u00c3O DO  AVISO DE LICITA\u00c7\u00c3O &#8211; DOE<\/strong><\/a><\/p>\n\n\n\n<p><a rel=\"noreferrer noopener\" href=\"https:\/\/portal.pi.gov.br\/sada\/wp-content\/uploads\/sites\/80\/2024\/02\/PUBLICACAO-NO-JORNAL.pdf\" target=\"_blank\"><strong>PUBLICA\u00c7\u00c3O DO AVISO DE LICITA\u00c7\u00c3O &#8211; JORNAL<\/strong><\/a><\/p>\n\n\n\n<div class=\"wp-block-file\"><a id=\"wp-block-file--media-51e775f2-5076-4ca4-92df-22a4339e6f86\" href=\"https:\/\/portal.pi.gov.br\/sada\/wp-content\/uploads\/sites\/80\/2024\/02\/PLANILHA-DE-ORCAMENTO.xlsx\"><strong>PLANILHA-DE-ORCAMENTO<\/strong><\/a><a href=\"https:\/\/portal.pi.gov.br\/sada\/wp-content\/uploads\/sites\/80\/2024\/02\/PLANILHA-DE-ORCAMENTO.xlsx\" class=\"wp-block-file__button wp-element-button\" download aria-describedby=\"wp-block-file--media-51e775f2-5076-4ca4-92df-22a4339e6f86\">Baixar<\/a><\/div>\n\n\n\n<div class=\"wp-block-stackable-divider stk-block-divider stk-block stk-a1e0002\" data-block-id=\"a1e0002\"><style>.stk-a1e0002{margin-bottom:13px !important}<\/style><hr class=\"stk-block-divider__hr\" \/><\/div>\n\n\n\n<div class=\"wp-block-group is-layout-constrained\"><div class=\"wp-block-group__inner-container\">\n<p><strong>TOMADA DE PRE\u00c7O 05\/2024 &#8211; OBJETO:<\/strong> Contrata\u00e7\u00e3o de empresa para a execu\u00e7\u00e3o da obra de implanta\u00e7\u00e3o e recupera\u00e7\u00e3o de 14,66 Km de Estrada Vicinal na zona rural de S\u00c3O PEDRO DO PIAU\u00cd. Referente aos trechos: Trecho 01: Lagoa Seca \u00e0 Torres, Trecho 2: Povoado Madri at\u00e9 a casa do Bombo; Trecho 3: Gruvira ao Brejo.<\/p>\n\n\n\n<p><a rel=\"noreferrer noopener\" href=\"https:\/\/portal.pi.gov.br\/sada\/wp-content\/uploads\/sites\/80\/2024\/02\/SEI_GOV-PI-011150594-Projeto-Basico.pdf\" target=\"_blank\"><strong>PROJETO B\u00c1SICO<\/strong><\/a><\/p>\n\n\n\n<p><a rel=\"noreferrer noopener\" href=\"https:\/\/portal.pi.gov.br\/sada\/wp-content\/uploads\/sites\/80\/2024\/02\/SEI_GOV-PI-011150769-Edital.pdf\" target=\"_blank\"><strong>EDITAL<\/strong><\/a><\/p>\n\n\n\n<p><a rel=\"noreferrer noopener\" href=\"https:\/\/portal.pi.gov.br\/sada\/wp-content\/uploads\/sites\/80\/2024\/02\/SEI_GOV-PI-011151161-Declaracao.pdf\" target=\"_blank\"><strong>ANEXOS DO EDITAL<\/strong><\/a><\/p>\n\n\n\n<p><a rel=\"noreferrer noopener\" href=\"https:\/\/portal.pi.gov.br\/sada\/wp-content\/uploads\/sites\/80\/2024\/02\/SEI_GOV-PI-011151184-Minuta-de-Contrato.pdf\" target=\"_blank\"><strong>MINUTA DE CONTRATO<\/strong><\/a><\/p>\n\n\n\n<p><a rel=\"noreferrer noopener\" href=\"https:\/\/portal.pi.gov.br\/sada\/wp-content\/uploads\/sites\/80\/2024\/02\/DOEPI_34_2024_TOMADA_DE_PRECO_05_2024.pdf\" target=\"_blank\"><strong>AVISO DE LICITA\u00c7\u00c3O &#8211; PUBLICA\u00c7\u00c3O DOE<\/strong><\/a><\/p>\n\n\n\n<p><a rel=\"noreferrer noopener\" href=\"https:\/\/portal.pi.gov.br\/sada\/wp-content\/uploads\/sites\/80\/2024\/02\/jornal_19.02.24_247_pag5.pdf\" target=\"_blank\"><strong>PUBLICA\u00c7\u00c3O DO AVISO DE LICITA\u00c7\u00c3O &#8211; JORNAL <\/strong><\/a><\/p>\n\n\n\n<p><a rel=\"noreferrer noopener\" href=\"https:\/\/portal.pi.gov.br\/sada\/wp-content\/uploads\/sites\/80\/2024\/02\/SEI_GOV-PI-011151503-Aviso-de-Licitacao.pdf\" target=\"_blank\"><strong>AVISO DE LICITA\u00c7\u00c3O<\/strong><\/a><\/p>\n\n\n\n<div class=\"wp-block-file\"><a id=\"wp-block-file--media-9f33d753-961e-402b-9ddb-a29db06d3e51\" href=\"https:\/\/portal.pi.gov.br\/sada\/wp-content\/uploads\/sites\/80\/2024\/02\/PLANILHAS-DE-ORCAMENTO-1.xlsx\"><strong>PLANILHAS-DE-ORCAMENTO-1<\/strong><\/a><a href=\"https:\/\/portal.pi.gov.br\/sada\/wp-content\/uploads\/sites\/80\/2024\/02\/PLANILHAS-DE-ORCAMENTO-1.xlsx\" class=\"wp-block-file__button wp-element-button\" download aria-describedby=\"wp-block-file--media-9f33d753-961e-402b-9ddb-a29db06d3e51\">Baixar<\/a><\/div>\n\n\n\n<div class=\"wp-block-stackable-divider stk-block-divider has-text-align-center stk-block stk-561cf3c\" data-block-id=\"561cf3c\"><style>.stk-561cf3c{margin-bottom:15px !important}<\/style><hr class=\"stk-block-divider__hr\" \/><\/div>\n\n\n\n<div class=\"wp-block-stackable-divider stk-block-divider stk-block stk-ec1c596\" data-block-id=\"ec1c596\"><hr class=\"stk-block-divider__hr\" \/><\/div>\n<\/div><\/div>\n<\/div><\/div>\n\n\n\n<p class=\"has-text-align-center\"><strong>27\/02\/2024<\/strong><\/p>\n\n\n\n<p><strong>TOMADA DE PRE\u00c7O 04\/2024 &#8211; OBJETO: <\/strong><\/p>\n\n\n\n<p>Contrata\u00e7\u00e3o de empresa para a realiza\u00e7\u00e3o do servi\u00e7o comum de engenharia<br>para Recupera\u00e7\u00e3o de32,41 km Estrada Vicinal na zona rural do munic\u00edpio de Angical-PI, trechos da BR 343 at\u00e9 o Assentamento Mucambo, Cruz das Almas at\u00e9 o Recanto, Angical at\u00e9 Riach\u00e3o e de extrema com Amarante at\u00e9 o Povoado Recreio.<\/p>\n\n\n\n<p><strong><a rel=\"noreferrer noopener\" href=\"https:\/\/portal.pi.gov.br\/sada\/wp-content\/uploads\/sites\/80\/2024\/02\/SEI_GOV-PI-011199826-Aviso-de-Licitacao-2.pdf\" target=\"_blank\">AVISO DE LICITA\u00c7\u00c3O <\/a><\/strong><\/p>\n\n\n\n<p><a href=\"https:\/\/portal.pi.gov.br\/sada\/wp-content\/uploads\/sites\/80\/2024\/02\/SEI_GOV-PI-011197011-Projeto-Basico-1.pdf\" target=\"_blank\" rel=\"noreferrer noopener\"><strong>PROJETO B\u00c1SICO<\/strong><\/a><\/p>\n\n\n\n<p><a rel=\"noreferrer noopener\" href=\"https:\/\/portal.pi.gov.br\/sada\/wp-content\/uploads\/sites\/80\/2024\/02\/SEI_GOV-PI-011197036-Edital.pdf\" target=\"_blank\"><strong>EDITAL<\/strong><\/a><\/p>\n\n\n\n<p><a rel=\"noreferrer noopener\" href=\"https:\/\/portal.pi.gov.br\/sada\/wp-content\/uploads\/sites\/80\/2024\/02\/SEI_GOV-PI-011197073-Minuta-de-Contrato-1.pdf\" target=\"_blank\"><strong>MINUTA DE CONTRATO<\/strong><\/a><\/p>\n\n\n\n<p><a href=\"https:\/\/portal.pi.gov.br\/sada\/wp-content\/uploads\/sites\/80\/2024\/02\/SEI_GOV-PI-011199504-Declaracao.pdf\" target=\"_blank\" rel=\"noreferrer noopener\"><strong>ANEXOS DO EDITAL<\/strong><\/a><\/p>\n\n\n\n<p><a rel=\"noreferrer noopener\" href=\"https:\/\/portal.pi.gov.br\/sada\/wp-content\/uploads\/sites\/80\/2024\/02\/Publicacao-DOE-Aviso.pdf\" target=\"_blank\"><strong>PUBLICA\u00c7\u00c3O NO DOE<\/strong><\/a><\/p>\n\n\n\n<p><a rel=\"noreferrer noopener\" href=\"https:\/\/portal.pi.gov.br\/sada\/wp-content\/uploads\/sites\/80\/2024\/02\/Publicacao_jornal_22.02.24-264_ter2.pdf\" target=\"_blank\"><strong>PUBLICA\u00c7\u00c3O JORNAL DE GRANDE CIRCULA\u00c7\u00c3O<\/strong><\/a><\/p>\n\n\n\n<div class=\"wp-block-file\"><a id=\"wp-block-file--media-b634c5d1-5823-48d4-bcc1-4d345fa1321a\" href=\"https:\/\/portal.pi.gov.br\/sada\/wp-content\/uploads\/sites\/80\/2024\/02\/PLANILHAS-DE-ORCAMENTO.xlsx\">PLANILHAS-DE-ORCAMENTO<\/a><a href=\"https:\/\/portal.pi.gov.br\/sada\/wp-content\/uploads\/sites\/80\/2024\/02\/PLANILHAS-DE-ORCAMENTO.xlsx\" class=\"wp-block-file__button wp-element-button\" download aria-describedby=\"wp-block-file--media-b634c5d1-5823-48d4-bcc1-4d345fa1321a\">Baixar<\/a><\/div>\n","protected":false},"excerpt":{"rendered":"<p>19\/08\/2026 AVISO DE CONVOCA\u00c7\u00c3O DE INTERESSADOS PROCESSO: 00240.003702\/2025-89 OBJETO: Aquisi\u00e7\u00e3o de 09 (nove)\u00a0Notebook. PRAZO DA CONVOCA\u00c7\u00c3O: DE 19\/08\/2026 AT\u00c9 25\/08\/2026 12\/08\/2026 PROCESSO: 00240.001206\/2026-71 OBJETO: Contrata\u00e7\u00e3o de empresa para a execu\u00e7\u00e3o [&hellip;]<\/p>\n","protected":false},"author":1,"featured_media":0,"parent":0,"menu_order":0,"comment_status":"closed","ping_status":"closed","template":"template-fullwidth.php","meta":[],"featured_image_urls":{"full":"","thumbnail":"","medium":"","medium_large":"","large":"","sgg-420":"","sgg-540":"","sgg-780":"","1536x1536":"","2048x2048":"","homepage-slider":"","homepage-slider-small":"","page-top":"","page-small":"","loop-main":"","thumb-gallery-widget":""},"post_excerpt_stackable":"<p>19\/08\/2026 AVISO DE CONVOCA\u00c7\u00c3O DE INTERESSADOS PROCESSO: 00240.003702\/2025-89 OBJETO: Aquisi\u00e7\u00e3o de 09 (nove)\u00a0Notebook. PRAZO DA CONVOCA\u00c7\u00c3O: DE 19\/08\/2026 AT\u00c9 25\/08\/2026 12\/08\/2026 PROCESSO: 00240.001206\/2026-71 OBJETO: Contrata\u00e7\u00e3o de empresa para a execu\u00e7\u00e3o da\u00a0OBRA de\u00a04.894,20 m\u00b2 Pavimenta\u00e7\u00e3o em Paralelep\u00edpedo, referente \u00e0\u00a0zona rural do\u00a0munic\u00edpio de AN\u00cdSIO DE ABREU &#8211; PI. EDITAL TERMO DE REFER\u00caNCIA MINUTA DE CONTRATO CADERNO DE JUSTIFICATIVAS ANEXOS DO EDITAL PROJETO B\u00c1SICO 11\/08\/2026 PROCESSO: 00240.002382\/2025-40 OBJETO: Contrata\u00e7\u00e3o de empresa para a execu\u00e7\u00e3o da obra de&nbsp;constru\u00e7\u00e3o de&nbsp;1 CAMPO DE FUTEBOL no munic\u00edpio de&nbsp;CURRALINHO- PI. EDITAL PROJETO B\u00c1SICO TERMO DE REFER\u00caNCIA MINUTA DE CONTRATO PLANILHA OR\u00c7AMENT\u00c1RIA 07\/08\/2026 PROCESSO: 00240.001208\/2026-61 OBJETO: Contrata\u00e7\u00e3o de empresa&hellip;<\/p>\n","category_list":"","author_info":{"name":"admin","url":"https:\/\/portal.pi.gov.br\/sada\/author\/admin\/"},"comments_num":"0 coment\u00e1rio","featured_image_urls_v2":{"full":"","thumbnail":"","medium":"","medium_large":"","large":"","sgg-420":"","sgg-540":"","sgg-780":"","1536x1536":"","2048x2048":"","homepage-slider":"","homepage-slider-small":"","page-top":"","page-small":"","loop-main":"","thumb-gallery-widget":""},"post_excerpt_stackable_v2":"<p>19\/08\/2026 AVISO DE CONVOCA\u00c7\u00c3O DE INTERESSADOS PROCESSO: 00240.003702\/2025-89 OBJETO: Aquisi\u00e7\u00e3o de 09 (nove)\u00a0Notebook. PRAZO DA CONVOCA\u00c7\u00c3O: DE 19\/08\/2026 AT\u00c9 25\/08\/2026 12\/08\/2026 PROCESSO: 00240.001206\/2026-71 OBJETO: Contrata\u00e7\u00e3o de empresa para a execu\u00e7\u00e3o da\u00a0OBRA de\u00a04.894,20 m\u00b2 Pavimenta\u00e7\u00e3o em Paralelep\u00edpedo, referente \u00e0\u00a0zona rural do\u00a0munic\u00edpio de AN\u00cdSIO DE ABREU &#8211; PI. EDITAL TERMO DE REFER\u00caNCIA MINUTA DE CONTRATO CADERNO DE JUSTIFICATIVAS ANEXOS DO EDITAL PROJETO B\u00c1SICO 11\/08\/2026 PROCESSO: 00240.002382\/2025-40 OBJETO: Contrata\u00e7\u00e3o de empresa para a execu\u00e7\u00e3o da obra de&nbsp;constru\u00e7\u00e3o de&nbsp;1 CAMPO DE FUTEBOL no munic\u00edpio de&nbsp;CURRALINHO- PI. EDITAL PROJETO B\u00c1SICO TERMO DE REFER\u00caNCIA MINUTA DE CONTRATO PLANILHA OR\u00c7AMENT\u00c1RIA 07\/08\/2026 PROCESSO: 00240.001208\/2026-61 OBJETO: Contrata\u00e7\u00e3o de empresa&hellip;<\/p>\n","category_list_v2":"","author_info_v2":{"name":"admin","url":"https:\/\/portal.pi.gov.br\/sada\/author\/admin\/"},"comments_num_v2":"0 coment\u00e1rio","_links":{"self":[{"href":"https:\/\/portal.pi.gov.br\/sada\/wp-json\/wp\/v2\/pages\/953"}],"collection":[{"href":"https:\/\/portal.pi.gov.br\/sada\/wp-json\/wp\/v2\/pages"}],"about":[{"href":"https:\/\/portal.pi.gov.br\/sada\/wp-json\/wp\/v2\/types\/page"}],"author":[{"embeddable":true,"href":"https:\/\/portal.pi.gov.br\/sada\/wp-json\/wp\/v2\/users\/1"}],"replies":[{"embeddable":true,"href":"https:\/\/portal.pi.gov.br\/sada\/wp-json\/wp\/v2\/comments?post=953"}],"version-history":[{"count":150,"href":"https:\/\/portal.pi.gov.br\/sada\/wp-json\/wp\/v2\/pages\/953\/revisions"}],"predecessor-version":[{"id":3888,"href":"https:\/\/portal.pi.gov.br\/sada\/wp-json\/wp\/v2\/pages\/953\/revisions\/3888"}],"wp:attachment":[{"href":"https:\/\/portal.pi.gov.br\/sada\/wp-json\/wp\/v2\/media?parent=953"}],"curies":[{"name":"wp","href":"https:\/\/api.w.org\/{rel}","templated":true}]}}