{"id":939,"date":"2023-08-04T12:05:32","date_gmt":"2023-08-04T15:05:32","guid":{"rendered":"https:\/\/portal.pi.gov.br\/seres\/?page_id=939"},"modified":"2023-09-22T10:13:16","modified_gmt":"2023-09-22T13:13:16","slug":"conselhos","status":"publish","type":"page","link":"https:\/\/portal.pi.gov.br\/seres\/conselhos\/","title":{"rendered":"Conselhos"},"content":{"rendered":"\n<p>Os conselhos s\u00e3o&nbsp;inst\u00e2ncias compostas por representantes do poder p\u00fablico e da sociedade civil, que pode estar agrupada em diferentes segmentos, tendo como finalidade incidir de alguma forma nas&nbsp;pol\u00edticas p\u00fablicas&nbsp;de determinado tema. <\/p>\n\n\n\n<p><\/p>\n\n\n\n<p>Confira na lista  abaixo os 22 Conselhos Estaduais de Pol\u00edticas P\u00fablicas.<\/p>\n\n\n\n<p><\/p>\n\n\n\n<p><strong>Conselho de Acompanhamento e Controle Social do Fundo de Manuten\u00e7\u00e3o e Desenvolvimento da Educa\u00e7\u00e3o B\u00e1sica e de Valoriza\u00e7\u00e3o dos Profissionais da Educa\u00e7\u00e3o (CACS \/ FUNDEB)<\/strong><\/p>\n\n\n\n<p><em>Presidente: Gildo Neves Barros &#8211; Vice-presidente: Ranilson Gon\u00e7alves de Souza &#8211; Contato: <\/em>fundebcacs@yahoo.com.br <\/p>\n\n\n\n<p><a href=\"https:\/\/drive.google.com\/file\/d\/1GNtjfaQtWtsjye428kDsUYNLv_UAmGAn\/view?usp=sharing\" data-type=\"URL\" data-id=\"https:\/\/drive.google.com\/file\/d\/1GNtjfaQtWtsjye428kDsUYNLv_UAmGAn\/view?usp=sharing\">Mesa Diretora do (CASC \/FUNDEB) <\/a><\/p>\n\n\n\n<p>&#8211;<\/p>\n\n\n\n<p><strong>Conselho Estadual de Sa\u00fade (CES-PI)<\/strong><\/p>\n\n\n\n<p><em>Presidente:<\/em>  Ant\u00f4nio Alves Pitombeira Neto<em><em> &#8211; Vice-presidente:<\/em><\/em> <em>Maria Elizabeth Queiroz Fernandes<\/em>&#8211; <em>Contato: cespi@saude.pi.gov.br<\/em><\/p>\n\n\n\n<p><a href=\"https:\/\/drive.google.com\/file\/d\/1QXWSOIVpiiZbMjVdEOh5SOpJh-XXM5ad\/view?usp=sharing\" data-type=\"URL\" data-id=\"https:\/\/drive.google.com\/file\/d\/1QXWSOIVpiiZbMjVdEOh5SOpJh-XXM5ad\/view?usp=sharing\">Mesa Diretora Do Conselho Estadual de Sa\u00fade<\/a><\/p>\n\n\n\n<p><a href=\"https:\/\/drive.google.com\/file\/d\/1fwqSmjYXgD1gErEkth9PlDsmiQshafQp\/view?usp=sharing\" data-type=\"URL\" data-id=\"https:\/\/drive.google.com\/file\/d\/1fwqSmjYXgD1gErEkth9PlDsmiQshafQp\/view?usp=sharing\">Informa\u00e7\u00f5es do Conselho Estadual de Sa\u00fade <\/a><\/p>\n\n\n\n<p>&#8211;<\/p>\n\n\n\n<p><strong>Conselho Estadual de Cultura (CEC)<\/strong><\/p>\n\n\n\n<p><em> Presidente: Nelson Nery Costa  &#8211; Vice-presidente: Jos\u00e9 Itamar Guimar\u00e3es Silva<\/em> &#8211; Contato: conselhodeculturapiaui@gmail.com<\/p>\n\n\n\n<p><a href=\"https:\/\/drive.google.com\/file\/d\/1k3elScwyXhFVug0trpJfH9ZPNvy2-pN_\/view?usp=sharing\" data-type=\"URL\" data-id=\"https:\/\/drive.google.com\/file\/d\/1k3elScwyXhFVug0trpJfH9ZPNvy2-pN_\/view?usp=sharing\">Mesa Diretora do Conselho Estadual de Cultura<\/a> <\/p>\n\n\n\n<p>&#8211;<\/p>\n\n\n\n<p><strong>Conselho Estadual de Pol\u00edticas P\u00fablicas Sobre Drogas (CEPD)<\/strong><\/p>\n\n\n\n<p><em>Presidente: :Eneida Maria Medeiros Lustosa -Vice-presidente: Danielle Maria da Costa M. Sampaio -Contato: ceppsd-pi@hotmail.com<\/em><\/p>\n\n\n\n<p><a href=\"https:\/\/drive.google.com\/file\/d\/1xxcLuhd2KlnH4RSd5K3hO5jyRv9w2P7n\/view?usp=sharing\" data-type=\"URL\" data-id=\"https:\/\/drive.google.com\/file\/d\/1xxcLuhd2KlnH4RSd5K3hO5jyRv9w2P7n\/view?usp=sharing\">Mesa Diretora do Conselho Estadual de Pol\u00edticas P\u00fablicas Sobre Drogas <\/a><\/p>\n\n\n\n<p>&#8211;<\/p>\n\n\n\n<p><strong>Conselho Estadual dos Direitos da Juventude (CEDJUV-PI)<\/strong><\/p>\n\n\n\n<p><em>Presidente: Gil Ferreira da Silva Neto&nbsp; &#8211; Vice-presidente: Ant\u00f4nia Regina da Silva \u2013 Contato: cedjuvpi@gmail.com<\/em><\/p>\n\n\n\n<p><a href=\"\/\/drive.google.com\/file\/d\/10BoRd1hJNSRKMIetP7jBA6rNz_dILMsk\/view?usp=sharingi@gmail.com\" data-type=\"URL\" data-id=\"Presidente: Gil Ferreira da Silva Neto  -Vice-presidente: Ant\u00f4nia Regina da Silva \u2013 Contato: cedjuvphttps:\/\/drive.google.com\/file\/d\/10BoRd1hJNSRKMIetP7jBA6rNz_dILMsk\/view?usp=sharingi@gmail.com\">Mesa Diretora do Conselho de Juventude <\/a><\/p>\n\n\n\n<p>&#8211;<\/p>\n\n\n\n<p><strong>Conselho Estadual da Assist\u00eancia Social (CEAS)<\/strong><\/p>\n\n\n\n<p><em>Presidente: Stephanie Maria Pereira Santos &#8211; Vice\u2013 presidente: Luciana Evangelista Fernandes Franco &#8211; Contato ceas.conselho@gmail.com<\/em><\/p>\n\n\n\n<p><a href=\"https:\/\/drive.google.com\/file\/d\/1lOiRBqApm7QE8fL39riGvsNGIr7KRfvg\/view?usp=sharing\" data-type=\"URL\" data-id=\"https:\/\/drive.google.com\/file\/d\/1lOiRBqApm7QE8fL39riGvsNGIr7KRfvg\/view?usp=sharing\">Mesa Diretora do Conselho de Assist\u00eancia Social <\/a><\/p>\n\n\n\n<p>&#8211;<\/p>\n\n\n\n<p><strong>Conselho de Alimenta\u00e7\u00e3o Escolar <\/strong><\/p>\n\n\n\n<p><em>Presidente: Gildo Neves Barros &#8211; Contato: caepiaui2012@homail.com &#8211; Telefones: 3216-3389 \/ 3216-3204<\/em><\/p>\n\n\n\n<p><a href=\"3216-3389 \/ 3216-3204\" data-type=\"URL\" data-id=\"Presidente: Gildo Neves Barros - Contato: caepiaui2012@homail.com - Telefones: 3216-3389 \/ 3216-3204\">Mesa Diretora do Conselho de Alimenta\u00e7\u00e3o Escolar<\/a> <\/p>\n\n\n\n<p>&#8211;<\/p>\n\n\n\n<p><strong>Conselho Estadual de Defesa dos Direitos da Pessoa com Defici\u00eancia (CONEDE)<\/strong><\/p>\n\n\n\n<p>Presidente: Mauro Eduardo Cardoso e Silva Vice-presidente: Maria Helena de Oliveira Lima &nbsp;&#8211; Contato: conedepiaui@gmail.com<\/p>\n\n\n\n<p><a href=\"https:\/\/drive.google.com\/file\/d\/1e5qBJVWOkNcBEddIW4S5aWjez-50bara\/view?usp=sharing\" data-type=\"URL\" data-id=\"https:\/\/drive.google.com\/file\/d\/1e5qBJVWOkNcBEddIW4S5aWjez-50bara\/view?usp=sharing\">Messa Diretora do<em> Conselho Estadual de Defesa dos Direitos da Pessoa com Defici\u00eancia<\/em><\/a><\/p>\n\n\n\n<p>&#8211;<\/p>\n\n\n\n<p><strong>Conselho Estadual de Educa\u00e7\u00e3o <\/strong><\/p>\n\n\n\n<p>&nbsp;Presidente: Carlos Alberto Pereira da Silva &#8211; Vice-presidente: Viviane Fernandes Faria- Contato: secretario@ceepi.pro.br <\/p>\n\n\n\n<p><a href=\"https:\/\/drive.google.com\/file\/d\/1PwHnCaH0v6hD8U5F-O2TLpbFByoYg75W\/view?usp=sharing\" data-type=\"URL\" data-id=\"https:\/\/drive.google.com\/file\/d\/1PwHnCaH0v6hD8U5F-O2TLpbFByoYg75W\/view?usp=sharing\">Mesa Diretora do Conselho de Educa\u00e7\u00e3o<\/a><\/p>\n\n\n\n<p>&#8211;<\/p>\n\n\n\n<p><strong>Conselho Estadual da Pessoa Idosa<\/strong><\/p>\n\n\n\n<p>Presidente: Sarah Vieira Miranda &#8211; Vice-presidente: Luzia Raquel Gomes da Silva Melo<\/p>\n\n\n\n<p>cedipi.cedipi@gmail.com<\/p>\n\n\n\n<p><a href=\"https:\/\/drive.google.com\/file\/d\/1S01ZrRJx2ObiNlJSJLOngwtslYW2i-7z\/view?usp=sharing\" data-type=\"URL\" data-id=\"https:\/\/drive.google.com\/file\/d\/1S01ZrRJx2ObiNlJSJLOngwtslYW2i-7z\/view?usp=sharing\">Mesa Diretora do Conselho da Pessoa Idosa <\/a><\/p>\n\n\n\n<p>&#8211;<\/p>\n\n\n\n<p><strong>Conselho Estadual Penitenci\u00e1rio (EP)<\/strong><\/p>\n\n\n\n<p>Presidente: Jos\u00e9 R\u00f4mulo Pl\u00e1cido Sales -Vice-presidente:  Fernando Andrade Sousa &#8211; Contato: cpepi2011@hotmail.com <\/p>\n\n\n\n<p><a href=\"https:\/\/drive.google.com\/file\/d\/1UsR0AU-LTuyqz5PtHUpto_1cBpgxN9aB\/view?usp=sharing\" data-type=\"URL\" data-id=\"https:\/\/drive.google.com\/file\/d\/1UsR0AU-LTuyqz5PtHUpto_1cBpgxN9aB\/view?usp=sharing\">Mesa Diretora do Conselho Penitenci\u00e1rio <\/a><\/p>\n\n\n\n<p>&#8211;<\/p>\n\n\n\n<p><strong>Conselho Estadual de Seguran\u00e7a Alimentar (CONSEA-PI)<\/strong> <\/p>\n\n\n\n<p>Presidente: Norma Sueli Marques da Costa Alberto &#8211;  Vice-presidente: M\u00e1rcia Mendes Santos Ara\u00fajo- Contato: conseapiaui@gmail.com<\/p>\n\n\n\n<p><a href=\"https:\/\/drive.google.com\/file\/d\/1M55TGoaNhdrjmYYWVHdsFjpJssJtqP8q\/view?usp=sharing\">Mesa Diretora do CONSEA-PI<\/a><\/p>\n\n\n\n<p>&#8211;<\/p>\n\n\n\n<p><strong>Conselho Estadual de Seguran\u00e7a P\u00fablica (CONESPI)<\/strong><\/p>\n\n\n\n<p><strong>Conselho Estadual de Defesa dos Direitos da Mulher<\/strong><\/p>\n\n\n\n<p><strong>Conselho Estadual de Desenvolvimento Urbano (CEDUR)<\/strong><\/p>\n\n\n\n<p><strong>Conselho Estadual dos Direitos da Popula\u00e7\u00e3o (LGBTQIAPN+)<\/strong><\/p>\n\n\n\n<p><strong>Conselho Estadual do Direito da Crian\u00e7a e Adolescente (CEDCA)<\/strong><\/p>\n\n\n\n<p><strong>Conselho Estadual de Promo\u00e7\u00e3o \u00e0 Igualdade Racial (CEPIR)<\/strong><\/p>\n\n\n\n<p><strong>Conselho Estadual de Meio Ambiente;<\/strong><\/p>\n\n\n\n<p><strong>Conselho estadual do IASPI<\/strong><strong> (Instituto da Assist\u00eancia \u00e0 Sa\u00fade dos Servidores P\u00fablicos do Estado) PLANTA <\/strong><\/p>\n\n\n\n<p>23<strong>Conselho Estadual de Combate \u00e0 Pobreza (CONFECOP)<\/strong><\/p>\n\n\n\n<p><strong>Conselho Estadual Direitos Humanos<\/strong><\/p>\n\n\n\n<p><\/p>\n\n\n\n<p><strong> <\/strong><\/p>\n","protected":false},"excerpt":{"rendered":"<p>Os conselhos s\u00e3o&nbsp;inst\u00e2ncias compostas por representantes do poder p\u00fablico e da sociedade civil, que pode estar agrupada em diferentes segmentos, tendo como finalidade incidir de alguma forma nas&nbsp;pol\u00edticas p\u00fablicas&nbsp;de determinado [&hellip;]<\/p>\n","protected":false},"author":1,"featured_media":0,"parent":0,"menu_order":0,"comment_status":"closed","ping_status":"closed","template":"template-fullwidth.php","meta":[],"featured_image_urls":{"full":"","thumbnail":"","medium":"","medium_large":"","large":"","sgg-420":"","sgg-540":"","sgg-780":"","1536x1536":"","2048x2048":"","homepage-slider":"","homepage-slider-small":"","page-top":"","page-small":"","loop-main":"","thumb-gallery-widget":""},"post_excerpt_stackable":"<p>Os conselhos s\u00e3o&nbsp;inst\u00e2ncias compostas por representantes do poder p\u00fablico e da sociedade civil, que pode estar agrupada em diferentes segmentos, tendo como finalidade incidir de alguma forma nas&nbsp;pol\u00edticas p\u00fablicas&nbsp;de determinado tema. Confira na lista abaixo os 22 Conselhos Estaduais de Pol\u00edticas P\u00fablicas. Conselho de Acompanhamento e Controle Social do Fundo de Manuten\u00e7\u00e3o e Desenvolvimento da Educa\u00e7\u00e3o B\u00e1sica e de Valoriza\u00e7\u00e3o dos Profissionais da Educa\u00e7\u00e3o (CACS \/ FUNDEB) Presidente: Gildo Neves Barros &#8211; Vice-presidente: Ranilson Gon\u00e7alves de Souza &#8211; Contato: fundebcacs@yahoo.com.br Mesa Diretora do (CASC \/FUNDEB) &#8211; Conselho Estadual de Sa\u00fade (CES-PI) Presidente: Ant\u00f4nio Alves Pitombeira Neto &#8211; Vice-presidente: Maria Elizabeth&hellip;<\/p>\n","category_list":"","author_info":{"name":"admin","url":"https:\/\/portal.pi.gov.br\/seres\/author\/admin\/"},"comments_num":"0 coment\u00e1rio","featured_image_urls_v2":{"full":"","thumbnail":"","medium":"","medium_large":"","large":"","sgg-420":"","sgg-540":"","sgg-780":"","1536x1536":"","2048x2048":"","homepage-slider":"","homepage-slider-small":"","page-top":"","page-small":"","loop-main":"","thumb-gallery-widget":""},"post_excerpt_stackable_v2":"<p>Os conselhos s\u00e3o&nbsp;inst\u00e2ncias compostas por representantes do poder p\u00fablico e da sociedade civil, que pode estar agrupada em diferentes segmentos, tendo como finalidade incidir de alguma forma nas&nbsp;pol\u00edticas p\u00fablicas&nbsp;de determinado tema. Confira na lista abaixo os 22 Conselhos Estaduais de Pol\u00edticas P\u00fablicas. Conselho de Acompanhamento e Controle Social do Fundo de Manuten\u00e7\u00e3o e Desenvolvimento da Educa\u00e7\u00e3o B\u00e1sica e de Valoriza\u00e7\u00e3o dos Profissionais da Educa\u00e7\u00e3o (CACS \/ FUNDEB) Presidente: Gildo Neves Barros &#8211; Vice-presidente: Ranilson Gon\u00e7alves de Souza &#8211; Contato: fundebcacs@yahoo.com.br Mesa Diretora do (CASC \/FUNDEB) &#8211; Conselho Estadual de Sa\u00fade (CES-PI) Presidente: Ant\u00f4nio Alves Pitombeira Neto &#8211; Vice-presidente: Maria Elizabeth&hellip;<\/p>\n","category_list_v2":"","author_info_v2":{"name":"admin","url":"https:\/\/portal.pi.gov.br\/seres\/author\/admin\/"},"comments_num_v2":"0 coment\u00e1rio","_links":{"self":[{"href":"https:\/\/portal.pi.gov.br\/seres\/wp-json\/wp\/v2\/pages\/939"}],"collection":[{"href":"https:\/\/portal.pi.gov.br\/seres\/wp-json\/wp\/v2\/pages"}],"about":[{"href":"https:\/\/portal.pi.gov.br\/seres\/wp-json\/wp\/v2\/types\/page"}],"author":[{"embeddable":true,"href":"https:\/\/portal.pi.gov.br\/seres\/wp-json\/wp\/v2\/users\/1"}],"replies":[{"embeddable":true,"href":"https:\/\/portal.pi.gov.br\/seres\/wp-json\/wp\/v2\/comments?post=939"}],"version-history":[{"count":79,"href":"https:\/\/portal.pi.gov.br\/seres\/wp-json\/wp\/v2\/pages\/939\/revisions"}],"predecessor-version":[{"id":1394,"href":"https:\/\/portal.pi.gov.br\/seres\/wp-json\/wp\/v2\/pages\/939\/revisions\/1394"}],"wp:attachment":[{"href":"https:\/\/portal.pi.gov.br\/seres\/wp-json\/wp\/v2\/media?parent=939"}],"curies":[{"name":"wp","href":"https:\/\/api.w.org\/{rel}","templated":true}]}}